{"id":22453,"date":"2025-03-05T10:32:32","date_gmt":"2025-03-05T09:32:32","guid":{"rendered":"https:\/\/www.rasc.es\/blogacademia\/?page_id=22453"},"modified":"2025-10-18T10:23:26","modified_gmt":"2025-10-18T08:23:26","slug":"vida","status":"publish","type":"page","link":"https:\/\/www.rasc.es\/blogacademia\/?page_id=22453","title":{"rendered":"Vida"},"content":{"rendered":"\t\t<div data-elementor-type=\"wp-page\" data-elementor-id=\"22453\" class=\"elementor elementor-22453\" data-elementor-post-type=\"page\">\n\t\t\t\t<div class=\"elementor-element elementor-element-f22a2f7 e-flex e-con-boxed e-con e-parent\" data-id=\"f22a2f7\" data-element_type=\"container\">\n\t\t\t\t\t<div class=\"e-con-inner\">\n\t\t\t\t<div class=\"elementor-element elementor-element-ee4f7a9 elementor--h-position-center elementor--v-position-middle elementor-arrows-position-inside elementor-pagination-position-inside elementor-widget elementor-widget-slides\" data-id=\"ee4f7a9\" data-element_type=\"widget\" data-settings=\"{&quot;navigation&quot;:&quot;both&quot;,&quot;autoplay&quot;:&quot;yes&quot;,&quot;pause_on_hover&quot;:&quot;yes&quot;,&quot;pause_on_interaction&quot;:&quot;yes&quot;,&quot;autoplay_speed&quot;:5000,&quot;infinite&quot;:&quot;yes&quot;,&quot;transition&quot;:&quot;slide&quot;,&quot;transition_speed&quot;:500}\" data-widget_type=\"slides.default\">\n\t\t\t\t<div class=\"elementor-widget-container\">\n\t\t\t\t\t\t\t\t\t<div class=\"elementor-swiper\">\n\t\t\t\t\t<div class=\"elementor-slides-wrapper elementor-main-swiper swiper\" role=\"region\" aria-roledescription=\"carousel\" aria-label=\"Diapositivas\" dir=\"ltr\" data-animation=\"fadeInUp\">\n\t\t\t\t<div class=\"swiper-wrapper elementor-slides\">\n\t\t\t\t\t\t\t\t\t\t<div class=\"elementor-repeater-item-572eb10 swiper-slide\" role=\"group\" aria-roledescription=\"slide\"><div class=\"swiper-slide-bg\" role=\"img\" aria-label=\"vida_544\"><\/div><div class=\"swiper-slide-inner\" ><div class=\"swiper-slide-contents\"><div class=\"elementor-slide-heading\">Vida<\/div><\/div><\/div><\/div>\t\t\t\t<\/div>\n\t\t\t\t\t\t\t<\/div>\n\t\t\t\t<\/div>\n\t\t\t\t\t\t\t\t<\/div>\n\t\t\t\t<\/div>\n\t\t\t\t\t<\/div>\n\t\t\t\t<\/div>\n\t\t<div class=\"elementor-element elementor-element-ec1320d e-flex e-con-boxed e-con e-parent\" data-id=\"ec1320d\" data-element_type=\"container\">\n\t\t\t\t\t<div class=\"e-con-inner\">\n\t\t\t\t<div class=\"elementor-element elementor-element-afce390 elementor-widget elementor-widget-text-editor\" data-id=\"afce390\" data-element_type=\"widget\" data-widget_type=\"text-editor.default\">\n\t\t\t\t<div class=\"elementor-widget-container\">\n\t\t\t\t\t\t\t\t\t<p>Dijo Carl Sagan que somos polvo de estrellas, pues elementos esenciales necesarios para la vida, tal y como la conocemos en la Tierra, fueron creados en las colosales explosiones de las supernovas \u2013polvo de estrellas, mas polvo enamorado como nos describi\u00f3 Quevedo-. La <strong>vida<\/strong>, ese prodigio cuyo origen todav\u00eda la ciencia no ha sido capaz de explicar, ser\u00e1 el objeto de esta Secci\u00f3n. Ofreceremos una visi\u00f3n cient\u00edfica de la vida, con m\u00faltiples facetas de an\u00e1lisis, y que ir\u00e1 de lo diminuto a lo descomunal. Desde el ADN, una mol\u00e9cula de aparente sencillez conceptual que encierra el secreto de la vida y su incre\u00edble complejidad, hasta el colosal muestrario de seres vivos que pueblan o han poblado este planeta, y que la evoluci\u00f3n ha ido paciente pero inexorable y azarosamente generando a lo largo de miles de millones de a\u00f1os. Sin olvidarnos de los retos que el conocimiento gen\u00e9tico permite, tan esperanzadores como, a veces, inquietantes, y tampoco de una de las m\u00e1s fascinantes cuestiones que tiene planteada la humanidad: \u00bfestamos solos en el cosmos?<\/p>\t\t\t\t\t\t\t\t<\/div>\n\t\t\t\t<\/div>\n\t\t\t\t\t<\/div>\n\t\t\t\t<\/div>\n\t\t<div class=\"elementor-element elementor-element-15582a6 e-flex e-con-boxed e-con e-parent\" data-id=\"15582a6\" data-element_type=\"container\">\n\t\t\t\t\t<div class=\"e-con-inner\">\n\t\t<div class=\"elementor-element elementor-element-bbac423 e-con-full e-flex e-con e-child\" data-id=\"bbac423\" data-element_type=\"container\">\n\t\t\t\t<div class=\"elementor-element elementor-element-6d5a175 elementor-grid-1 elementor-posts--thumbnail-left elementor-hidden-tablet elementor-hidden-mobile elementor-grid-tablet-2 elementor-grid-mobile-1 elementor-widget elementor-widget-posts\" data-id=\"6d5a175\" data-element_type=\"widget\" data-settings=\"{&quot;classic_columns&quot;:&quot;1&quot;,&quot;pagination_type&quot;:&quot;load_more_infinite_scroll&quot;,&quot;classic_columns_tablet&quot;:&quot;2&quot;,&quot;classic_columns_mobile&quot;:&quot;1&quot;,&quot;classic_row_gap&quot;:{&quot;unit&quot;:&quot;px&quot;,&quot;size&quot;:35,&quot;sizes&quot;:[]},&quot;classic_row_gap_tablet&quot;:{&quot;unit&quot;:&quot;px&quot;,&quot;size&quot;:&quot;&quot;,&quot;sizes&quot;:[]},&quot;classic_row_gap_mobile&quot;:{&quot;unit&quot;:&quot;px&quot;,&quot;size&quot;:&quot;&quot;,&quot;sizes&quot;:[]},&quot;load_more_spinner&quot;:{&quot;value&quot;:&quot;fas fa-spinner&quot;,&quot;library&quot;:&quot;fa-solid&quot;}}\" data-widget_type=\"posts.classic\">\n\t\t\t\t<div class=\"elementor-widget-container\">\n\t\t\t\t\t\t\t<div class=\"elementor-posts-container elementor-posts elementor-posts--skin-classic elementor-grid\" role=\"list\">\n\t\t\t\t<article class=\"elementor-post elementor-grid-item post-24923 post type-post status-publish format-standard has-post-thumbnail hentry category-vida\" role=\"listitem\">\n\t\t\t\t<a class=\"elementor-post__thumbnail__link\" href=\"https:\/\/www.rasc.es\/blogacademia\/?p=24923\" tabindex=\"-1\" >\n\t\t\t<div class=\"elementor-post__thumbnail\"><img fetchpriority=\"high\" decoding=\"async\" width=\"960\" height=\"644\" src=\"https:\/\/www.rasc.es\/blogacademia\/wp-content\/uploads\/2026\/03\/Ivana_Kobilca_-_Kofetarica.jpg\" class=\"attachment-full size-full wp-image-24931\" alt=\"\" srcset=\"https:\/\/www.rasc.es\/blogacademia\/wp-content\/uploads\/2026\/03\/Ivana_Kobilca_-_Kofetarica.jpg 960w, https:\/\/www.rasc.es\/blogacademia\/wp-content\/uploads\/2026\/03\/Ivana_Kobilca_-_Kofetarica-300x201.jpg 300w, https:\/\/www.rasc.es\/blogacademia\/wp-content\/uploads\/2026\/03\/Ivana_Kobilca_-_Kofetarica-768x515.jpg 768w\" sizes=\"(max-width: 960px) 100vw, 960px\" \/><\/div>\n\t\t<\/a>\n\t\t\t\t<div class=\"elementor-post__text\">\n\t\t\t\t<h3 class=\"elementor-post__title\">\n\t\t\t<a href=\"https:\/\/www.rasc.es\/blogacademia\/?p=24923\" >\n\t\t\t\tEl caf\u00e9 (y II)\t\t\t<\/a>\n\t\t<\/h3>\n\t\t\t\t<div class=\"elementor-post__meta-data\">\n\t\t\t\t\t<span class=\"elementor-post-author\">\n\t\t\tBenito Vald\u00e9s\t\t<\/span>\n\t\t\t\t<span class=\"elementor-post-date\">\n\t\t\t25 marzo, 2026\t\t<\/span>\n\t\t\t\t<span class=\"elementor-post-avatar\">\n\t\t\tNo hay comentarios\t\t<\/span>\n\t\t\t\t<\/div>\n\t\t\t\t<div class=\"elementor-post__excerpt\">\n\t\t\t<p>Difusi\u00f3n del uso del caf\u00e9 \u00a0\u00a0\u00a0\u00a0\u00a0\u00a0\u00a0\u00a0\u00a0\u00a0\u00a0 Como se indic\u00f3 en la anterior entrada (El caf\u00e9 (I)), el cafeto, Coffea arabica, es nativo de los bosques<\/p>\n\t\t<\/div>\n\t\t\n\t\t<a class=\"elementor-post__read-more\" href=\"https:\/\/www.rasc.es\/blogacademia\/?p=24923\" aria-label=\"M\u00e1s informaci\u00f3n sobre El caf\u00e9 (y II)\" tabindex=\"-1\" >\n\t\t\tLeer m\u00e1s \u00bb\t\t<\/a>\n\n\t\t\t\t<\/div>\n\t\t\t\t<\/article>\n\t\t\t\t<article class=\"elementor-post elementor-grid-item post-24913 post type-post status-publish format-standard has-post-thumbnail hentry category-vida\" role=\"listitem\">\n\t\t\t\t<a class=\"elementor-post__thumbnail__link\" href=\"https:\/\/www.rasc.es\/blogacademia\/?p=24913\" tabindex=\"-1\" >\n\t\t\t<div class=\"elementor-post__thumbnail\"><img decoding=\"async\" width=\"600\" height=\"400\" src=\"https:\/\/www.rasc.es\/blogacademia\/wp-content\/uploads\/2026\/03\/cafetales.jpg\" class=\"attachment-full size-full wp-image-24921\" alt=\"\" srcset=\"https:\/\/www.rasc.es\/blogacademia\/wp-content\/uploads\/2026\/03\/cafetales.jpg 600w, https:\/\/www.rasc.es\/blogacademia\/wp-content\/uploads\/2026\/03\/cafetales-300x200.jpg 300w\" sizes=\"(max-width: 600px) 100vw, 600px\" \/><\/div>\n\t\t<\/a>\n\t\t\t\t<div class=\"elementor-post__text\">\n\t\t\t\t<h3 class=\"elementor-post__title\">\n\t\t\t<a href=\"https:\/\/www.rasc.es\/blogacademia\/?p=24913\" >\n\t\t\t\tEl caf\u00e9 (I)\t\t\t<\/a>\n\t\t<\/h3>\n\t\t\t\t<div class=\"elementor-post__meta-data\">\n\t\t\t\t\t<span class=\"elementor-post-author\">\n\t\t\tBenito Vald\u00e9s\t\t<\/span>\n\t\t\t\t<span class=\"elementor-post-date\">\n\t\t\t19 marzo, 2026\t\t<\/span>\n\t\t\t\t<span class=\"elementor-post-avatar\">\n\t\t\tNo hay comentarios\t\t<\/span>\n\t\t\t\t<\/div>\n\t\t\t\t<div class=\"elementor-post__excerpt\">\n\t\t\t<p>\u00a0\u00a0\u00a0\u00a0\u00a0\u00a0\u00a0\u00a0\u00a0\u00a0\u00a0 El caf\u00e9 que habitualmente utilizamos se obtiene a partir de las semillas de una planta de la familia Rubi\u00e1ceas, que pertenece al g\u00e9nero Coffea<\/p>\n\t\t<\/div>\n\t\t\n\t\t<a class=\"elementor-post__read-more\" href=\"https:\/\/www.rasc.es\/blogacademia\/?p=24913\" aria-label=\"M\u00e1s informaci\u00f3n sobre El caf\u00e9 (I)\" tabindex=\"-1\" >\n\t\t\tLeer m\u00e1s \u00bb\t\t<\/a>\n\n\t\t\t\t<\/div>\n\t\t\t\t<\/article>\n\t\t\t\t<article class=\"elementor-post elementor-grid-item post-24687 post type-post status-publish format-standard has-post-thumbnail hentry category-vida\" role=\"listitem\">\n\t\t\t\t<a class=\"elementor-post__thumbnail__link\" href=\"https:\/\/www.rasc.es\/blogacademia\/?p=24687\" tabindex=\"-1\" >\n\t\t\t<div class=\"elementor-post__thumbnail\"><img decoding=\"async\" width=\"1231\" height=\"821\" src=\"https:\/\/www.rasc.es\/blogacademia\/wp-content\/uploads\/2026\/02\/DPML.jpg\" class=\"attachment-full size-full wp-image-24695\" alt=\"\" srcset=\"https:\/\/www.rasc.es\/blogacademia\/wp-content\/uploads\/2026\/02\/DPML.jpg 1231w, https:\/\/www.rasc.es\/blogacademia\/wp-content\/uploads\/2026\/02\/DPML-300x200.jpg 300w, https:\/\/www.rasc.es\/blogacademia\/wp-content\/uploads\/2026\/02\/DPML-1024x683.jpg 1024w, https:\/\/www.rasc.es\/blogacademia\/wp-content\/uploads\/2026\/02\/DPML-768x512.jpg 768w\" sizes=\"(max-width: 1231px) 100vw, 1231px\" \/><\/div>\n\t\t<\/a>\n\t\t\t\t<div class=\"elementor-post__text\">\n\t\t\t\t<h3 class=\"elementor-post__title\">\n\t\t\t<a href=\"https:\/\/www.rasc.es\/blogacademia\/?p=24687\" >\n\t\t\t\tLas redes de polinizadores del Parque de Mar\u00eda Luisa\t\t\t<\/a>\n\t\t<\/h3>\n\t\t\t\t<div class=\"elementor-post__meta-data\">\n\t\t\t\t\t<span class=\"elementor-post-author\">\n\t\t\tM. Vil\u00e0, R. Mor\u00f3n-L\u00f3pez, L. Matas-Granados y A. Trillo\t\t<\/span>\n\t\t\t\t<span class=\"elementor-post-date\">\n\t\t\t17 febrero, 2026\t\t<\/span>\n\t\t\t\t<span class=\"elementor-post-avatar\">\n\t\t\tNo hay comentarios\t\t<\/span>\n\t\t\t\t<\/div>\n\t\t\t\t<div class=\"elementor-post__excerpt\">\n\t\t\t<p>El Parque de Mar\u00eda Luisa, inaugurado en el a\u00f1o 1914, fue el primer parque urbano que se dise\u00f1\u00f3 en Sevilla. Situado en el centro de<\/p>\n\t\t<\/div>\n\t\t\n\t\t<a class=\"elementor-post__read-more\" href=\"https:\/\/www.rasc.es\/blogacademia\/?p=24687\" aria-label=\"M\u00e1s informaci\u00f3n sobre Las redes de polinizadores del Parque de Mar\u00eda Luisa\" tabindex=\"-1\" >\n\t\t\tLeer m\u00e1s \u00bb\t\t<\/a>\n\n\t\t\t\t<\/div>\n\t\t\t\t<\/article>\n\t\t\t\t<article class=\"elementor-post elementor-grid-item post-24571 post type-post status-publish format-standard has-post-thumbnail hentry category-vida\" role=\"listitem\">\n\t\t\t\t<a class=\"elementor-post__thumbnail__link\" href=\"https:\/\/www.rasc.es\/blogacademia\/?p=24571\" tabindex=\"-1\" >\n\t\t\t<div class=\"elementor-post__thumbnail\"><img loading=\"lazy\" decoding=\"async\" width=\"1600\" height=\"1073\" src=\"https:\/\/www.rasc.es\/blogacademia\/wp-content\/uploads\/2026\/01\/Enrique-Cerda-2012.jpg\" class=\"attachment-full size-full wp-image-24585\" alt=\"\" srcset=\"https:\/\/www.rasc.es\/blogacademia\/wp-content\/uploads\/2026\/01\/Enrique-Cerda-2012.jpg 1600w, https:\/\/www.rasc.es\/blogacademia\/wp-content\/uploads\/2026\/01\/Enrique-Cerda-2012-300x201.jpg 300w, https:\/\/www.rasc.es\/blogacademia\/wp-content\/uploads\/2026\/01\/Enrique-Cerda-2012-1024x687.jpg 1024w, https:\/\/www.rasc.es\/blogacademia\/wp-content\/uploads\/2026\/01\/Enrique-Cerda-2012-768x515.jpg 768w, https:\/\/www.rasc.es\/blogacademia\/wp-content\/uploads\/2026\/01\/Enrique-Cerda-2012-1536x1030.jpg 1536w\" sizes=\"(max-width: 1600px) 100vw, 1600px\" \/><\/div>\n\t\t<\/a>\n\t\t\t\t<div class=\"elementor-post__text\">\n\t\t\t\t<h3 class=\"elementor-post__title\">\n\t\t\t<a href=\"https:\/\/www.rasc.es\/blogacademia\/?p=24571\" >\n\t\t\t\tEnrique Cerd\u00e1: In Memorian\t\t\t<\/a>\n\t\t<\/h3>\n\t\t\t\t<div class=\"elementor-post__meta-data\">\n\t\t\t\t\t<span class=\"elementor-post-author\">\n\t\t\tMiguel \u00c1ngel De la Rosa\t\t<\/span>\n\t\t\t\t<span class=\"elementor-post-date\">\n\t\t\t13 enero, 2026\t\t<\/span>\n\t\t\t\t<span class=\"elementor-post-avatar\">\n\t\t\tNo hay comentarios\t\t<\/span>\n\t\t\t\t<\/div>\n\t\t\t\t<div class=\"elementor-post__excerpt\">\n\t\t\t<p>(Esta entrada se public\u00f3 en el Diario de Sevilla el 2 de enero de 2026) El 27 de diciembre, casi vencido el a\u00f1o, nos dej\u00f3<\/p>\n\t\t<\/div>\n\t\t\n\t\t<a class=\"elementor-post__read-more\" href=\"https:\/\/www.rasc.es\/blogacademia\/?p=24571\" aria-label=\"M\u00e1s informaci\u00f3n sobre Enrique Cerd\u00e1: In Memorian\" tabindex=\"-1\" >\n\t\t\tLeer m\u00e1s \u00bb\t\t<\/a>\n\n\t\t\t\t<\/div>\n\t\t\t\t<\/article>\n\t\t\t\t<article class=\"elementor-post elementor-grid-item post-24311 post type-post status-publish format-standard has-post-thumbnail hentry category-vida\" role=\"listitem\">\n\t\t\t\t<a class=\"elementor-post__thumbnail__link\" href=\"https:\/\/www.rasc.es\/blogacademia\/?p=24311\" tabindex=\"-1\" >\n\t\t\t<div class=\"elementor-post__thumbnail\"><img loading=\"lazy\" decoding=\"async\" width=\"892\" height=\"669\" src=\"https:\/\/www.rasc.es\/blogacademia\/wp-content\/uploads\/2025\/10\/Santa_Isabel_de_Hungria_curando_tinosos.jpg\" class=\"attachment-full size-full wp-image-24318\" alt=\"\" srcset=\"https:\/\/www.rasc.es\/blogacademia\/wp-content\/uploads\/2025\/10\/Santa_Isabel_de_Hungria_curando_tinosos.jpg 892w, https:\/\/www.rasc.es\/blogacademia\/wp-content\/uploads\/2025\/10\/Santa_Isabel_de_Hungria_curando_tinosos-300x225.jpg 300w, https:\/\/www.rasc.es\/blogacademia\/wp-content\/uploads\/2025\/10\/Santa_Isabel_de_Hungria_curando_tinosos-768x576.jpg 768w, https:\/\/www.rasc.es\/blogacademia\/wp-content\/uploads\/2025\/10\/Santa_Isabel_de_Hungria_curando_tinosos-640x480.jpg 640w\" sizes=\"(max-width: 892px) 100vw, 892px\" \/><\/div>\n\t\t<\/a>\n\t\t\t\t<div class=\"elementor-post__text\">\n\t\t\t\t<h3 class=\"elementor-post__title\">\n\t\t\t<a href=\"https:\/\/www.rasc.es\/blogacademia\/?p=24311\" >\n\t\t\t\tTi\u00f1as y micosis\t\t\t<\/a>\n\t\t<\/h3>\n\t\t\t\t<div class=\"elementor-post__meta-data\">\n\t\t\t\t\t<span class=\"elementor-post-author\">\n\t\t\tBenito Vald\u00e9s\t\t<\/span>\n\t\t\t\t<span class=\"elementor-post-date\">\n\t\t\t25 noviembre, 2025\t\t<\/span>\n\t\t\t\t<span class=\"elementor-post-avatar\">\n\t\t\tNo hay comentarios\t\t<\/span>\n\t\t\t\t<\/div>\n\t\t\t\t<div class=\"elementor-post__excerpt\">\n\t\t\t<p>\u00a0\u00a0\u00a0\u00a0\u00a0\u00a0\u00a0\u00a0\u00a0\u00a0\u00a0 Una creencia muy extendida es que en los pa\u00edses civilizados las ti\u00f1as son enfermedades que han quedado en el pasado y que afectan solamente<\/p>\n\t\t<\/div>\n\t\t\n\t\t<a class=\"elementor-post__read-more\" href=\"https:\/\/www.rasc.es\/blogacademia\/?p=24311\" aria-label=\"M\u00e1s informaci\u00f3n sobre Ti\u00f1as y micosis\" tabindex=\"-1\" >\n\t\t\tLeer m\u00e1s \u00bb\t\t<\/a>\n\n\t\t\t\t<\/div>\n\t\t\t\t<\/article>\n\t\t\t\t<article class=\"elementor-post elementor-grid-item post-24341 post type-post status-publish format-standard has-post-thumbnail hentry category-vida\" role=\"listitem\">\n\t\t\t\t<a class=\"elementor-post__thumbnail__link\" href=\"https:\/\/www.rasc.es\/blogacademia\/?p=24341\" tabindex=\"-1\" >\n\t\t\t<div class=\"elementor-post__thumbnail\"><img loading=\"lazy\" decoding=\"async\" width=\"2560\" height=\"1707\" src=\"https:\/\/www.rasc.es\/blogacademia\/wp-content\/uploads\/2025\/10\/Figura-18-scaled.jpg\" class=\"attachment-full size-full wp-image-24364\" alt=\"\" srcset=\"https:\/\/www.rasc.es\/blogacademia\/wp-content\/uploads\/2025\/10\/Figura-18-scaled.jpg 2560w, https:\/\/www.rasc.es\/blogacademia\/wp-content\/uploads\/2025\/10\/Figura-18-300x200.jpg 300w, https:\/\/www.rasc.es\/blogacademia\/wp-content\/uploads\/2025\/10\/Figura-18-1024x683.jpg 1024w, https:\/\/www.rasc.es\/blogacademia\/wp-content\/uploads\/2025\/10\/Figura-18-768x512.jpg 768w, https:\/\/www.rasc.es\/blogacademia\/wp-content\/uploads\/2025\/10\/Figura-18-1536x1024.jpg 1536w, https:\/\/www.rasc.es\/blogacademia\/wp-content\/uploads\/2025\/10\/Figura-18-2048x1365.jpg 2048w\" sizes=\"(max-width: 2560px) 100vw, 2560px\" \/><\/div>\n\t\t<\/a>\n\t\t\t\t<div class=\"elementor-post__text\">\n\t\t\t\t<h3 class=\"elementor-post__title\">\n\t\t\t<a href=\"https:\/\/www.rasc.es\/blogacademia\/?p=24341\" >\n\t\t\t\tFrancisco Garc\u00eda Novo, un gran investigador y un gran maestro\t\t\t<\/a>\n\t\t<\/h3>\n\t\t\t\t<div class=\"elementor-post__meta-data\">\n\t\t\t\t\t<span class=\"elementor-post-author\">\n\t\t\tMari Cruz D\u00edaz Antunes-Barradas\t\t<\/span>\n\t\t\t\t<span class=\"elementor-post-date\">\n\t\t\t29 octubre, 2025\t\t<\/span>\n\t\t\t\t<span class=\"elementor-post-avatar\">\n\t\t\t1 comentario\t\t<\/span>\n\t\t\t\t<\/div>\n\t\t\t\t<div class=\"elementor-post__excerpt\">\n\t\t\t<p>El profesor Garc\u00eda Novo (1943-2025), Fuco para sus amigos y compa\u00f1eros, fue un gran maestro e investigador nato e interdisciplinar de la naturaleza y los<\/p>\n\t\t<\/div>\n\t\t\n\t\t<a class=\"elementor-post__read-more\" href=\"https:\/\/www.rasc.es\/blogacademia\/?p=24341\" aria-label=\"M\u00e1s informaci\u00f3n sobre Francisco Garc\u00eda Novo, un gran investigador y un gran maestro\" tabindex=\"-1\" >\n\t\t\tLeer m\u00e1s \u00bb\t\t<\/a>\n\n\t\t\t\t<\/div>\n\t\t\t\t<\/article>\n\t\t\t\t<article class=\"elementor-post elementor-grid-item post-23980 post type-post status-publish format-standard has-post-thumbnail hentry category-vida\" role=\"listitem\">\n\t\t\t\t<a class=\"elementor-post__thumbnail__link\" href=\"https:\/\/www.rasc.es\/blogacademia\/?p=23980\" tabindex=\"-1\" >\n\t\t\t<div class=\"elementor-post__thumbnail\"><img loading=\"lazy\" decoding=\"async\" width=\"800\" height=\"533\" src=\"https:\/\/www.rasc.es\/blogacademia\/wp-content\/uploads\/2025\/07\/curruca.jpg\" class=\"attachment-full size-full wp-image-23982\" alt=\"\" srcset=\"https:\/\/www.rasc.es\/blogacademia\/wp-content\/uploads\/2025\/07\/curruca.jpg 800w, https:\/\/www.rasc.es\/blogacademia\/wp-content\/uploads\/2025\/07\/curruca-300x200.jpg 300w, https:\/\/www.rasc.es\/blogacademia\/wp-content\/uploads\/2025\/07\/curruca-768x512.jpg 768w\" sizes=\"(max-width: 800px) 100vw, 800px\" \/><\/div>\n\t\t<\/a>\n\t\t\t\t<div class=\"elementor-post__text\">\n\t\t\t\t<h3 class=\"elementor-post__title\">\n\t\t\t<a href=\"https:\/\/www.rasc.es\/blogacademia\/?p=23980\" >\n\t\t\t\tPolinizaci\u00f3n por p\u00e1jaros en la Regi\u00f3n Mediterr\u00e1nea\t\t\t<\/a>\n\t\t<\/h3>\n\t\t\t\t<div class=\"elementor-post__meta-data\">\n\t\t\t\t\t<span class=\"elementor-post-author\">\n\t\t\tBenito Vald\u00e9s\t\t<\/span>\n\t\t\t\t<span class=\"elementor-post-date\">\n\t\t\t16 septiembre, 2025\t\t<\/span>\n\t\t\t\t<span class=\"elementor-post-avatar\">\n\t\t\tNo hay comentarios\t\t<\/span>\n\t\t\t\t<\/div>\n\t\t\t\t<div class=\"elementor-post__excerpt\">\n\t\t\t<p>Cuando pensamos en la polinizaci\u00f3n por p\u00e1jaros, la primera visi\u00f3n que nos viene a la mente es la actividad de los colibr\u00edes americanos (Troqu\u00edlidos), que<\/p>\n\t\t<\/div>\n\t\t\n\t\t<a class=\"elementor-post__read-more\" href=\"https:\/\/www.rasc.es\/blogacademia\/?p=23980\" aria-label=\"M\u00e1s informaci\u00f3n sobre Polinizaci\u00f3n por p\u00e1jaros en la Regi\u00f3n Mediterr\u00e1nea\" tabindex=\"-1\" >\n\t\t\tLeer m\u00e1s \u00bb\t\t<\/a>\n\n\t\t\t\t<\/div>\n\t\t\t\t<\/article>\n\t\t\t\t<article class=\"elementor-post elementor-grid-item post-23892 post type-post status-publish format-standard has-post-thumbnail hentry category-vida\" role=\"listitem\">\n\t\t\t\t<a class=\"elementor-post__thumbnail__link\" href=\"https:\/\/www.rasc.es\/blogacademia\/?p=23892\" tabindex=\"-1\" >\n\t\t\t<div class=\"elementor-post__thumbnail\"><img loading=\"lazy\" decoding=\"async\" width=\"1688\" height=\"1125\" src=\"https:\/\/www.rasc.es\/blogacademia\/wp-content\/uploads\/2025\/06\/olivar.jpg\" class=\"attachment-full size-full wp-image-23893\" alt=\"\" srcset=\"https:\/\/www.rasc.es\/blogacademia\/wp-content\/uploads\/2025\/06\/olivar.jpg 1688w, https:\/\/www.rasc.es\/blogacademia\/wp-content\/uploads\/2025\/06\/olivar-300x200.jpg 300w, https:\/\/www.rasc.es\/blogacademia\/wp-content\/uploads\/2025\/06\/olivar-1024x682.jpg 1024w, https:\/\/www.rasc.es\/blogacademia\/wp-content\/uploads\/2025\/06\/olivar-768x512.jpg 768w, https:\/\/www.rasc.es\/blogacademia\/wp-content\/uploads\/2025\/06\/olivar-1536x1024.jpg 1536w\" sizes=\"(max-width: 1688px) 100vw, 1688px\" \/><\/div>\n\t\t<\/a>\n\t\t\t\t<div class=\"elementor-post__text\">\n\t\t\t\t<h3 class=\"elementor-post__title\">\n\t\t\t<a href=\"https:\/\/www.rasc.es\/blogacademia\/?p=23892\" >\n\t\t\t\tEl olivo y los fenicios\t\t\t<\/a>\n\t\t<\/h3>\n\t\t\t\t<div class=\"elementor-post__meta-data\">\n\t\t\t\t\t<span class=\"elementor-post-author\">\n\t\t\tBenito Vald\u00e9s\t\t<\/span>\n\t\t\t\t<span class=\"elementor-post-date\">\n\t\t\t1 julio, 2025\t\t<\/span>\n\t\t\t\t<span class=\"elementor-post-avatar\">\n\t\t\tNo hay comentarios\t\t<\/span>\n\t\t\t\t<\/div>\n\t\t\t\t<div class=\"elementor-post__excerpt\">\n\t\t\t<p>El olivo (Olea europaea L. var. europaea) fue introducido en cultivo en Oriente Pr\u00f3ximo (Siria y Palestina) hacia 4.000-3.500 a. C., por selecci\u00f3n emp\u00edrica de<\/p>\n\t\t<\/div>\n\t\t\n\t\t<a class=\"elementor-post__read-more\" href=\"https:\/\/www.rasc.es\/blogacademia\/?p=23892\" aria-label=\"M\u00e1s informaci\u00f3n sobre El olivo y los fenicios\" tabindex=\"-1\" >\n\t\t\tLeer m\u00e1s \u00bb\t\t<\/a>\n\n\t\t\t\t<\/div>\n\t\t\t\t<\/article>\n\t\t\t\t<article class=\"elementor-post elementor-grid-item post-23752 post type-post status-publish format-standard has-post-thumbnail hentry category-vida\" role=\"listitem\">\n\t\t\t\t<a class=\"elementor-post__thumbnail__link\" href=\"https:\/\/www.rasc.es\/blogacademia\/?p=23752\" tabindex=\"-1\" >\n\t\t\t<div class=\"elementor-post__thumbnail\"><img loading=\"lazy\" decoding=\"async\" width=\"818\" height=\"506\" src=\"https:\/\/www.rasc.es\/blogacademia\/wp-content\/uploads\/2025\/05\/suelo3.jpg\" class=\"attachment-full size-full wp-image-23757\" alt=\"\" srcset=\"https:\/\/www.rasc.es\/blogacademia\/wp-content\/uploads\/2025\/05\/suelo3.jpg 818w, https:\/\/www.rasc.es\/blogacademia\/wp-content\/uploads\/2025\/05\/suelo3-300x186.jpg 300w, https:\/\/www.rasc.es\/blogacademia\/wp-content\/uploads\/2025\/05\/suelo3-768x475.jpg 768w\" sizes=\"(max-width: 818px) 100vw, 818px\" \/><\/div>\n\t\t<\/a>\n\t\t\t\t<div class=\"elementor-post__text\">\n\t\t\t\t<h3 class=\"elementor-post__title\">\n\t\t\t<a href=\"https:\/\/www.rasc.es\/blogacademia\/?p=23752\" >\n\t\t\t\tSuelos sanos: Un recurso no renovable que debemos conservar\t\t\t<\/a>\n\t\t<\/h3>\n\t\t\t\t<div class=\"elementor-post__meta-data\">\n\t\t\t\t\t<span class=\"elementor-post-author\">\n\t\t\tManuel Delgado Baquerizo\t\t<\/span>\n\t\t\t\t<span class=\"elementor-post-date\">\n\t\t\t3 junio, 2025\t\t<\/span>\n\t\t\t\t<span class=\"elementor-post-avatar\">\n\t\t\tNo hay comentarios\t\t<\/span>\n\t\t\t\t<\/div>\n\t\t\t\t<div class=\"elementor-post__excerpt\">\n\t\t\t<p>Al presidente de Estados Unidos Franklin D. Roosevelt se le atribuye unas de las frases m\u00e1s c\u00e9lebres sobre la importancia de nuestros suelos. \u00abLa naci\u00f3n<\/p>\n\t\t<\/div>\n\t\t\n\t\t<a class=\"elementor-post__read-more\" href=\"https:\/\/www.rasc.es\/blogacademia\/?p=23752\" aria-label=\"M\u00e1s informaci\u00f3n sobre Suelos sanos: Un recurso no renovable que debemos conservar\" tabindex=\"-1\" >\n\t\t\tLeer m\u00e1s \u00bb\t\t<\/a>\n\n\t\t\t\t<\/div>\n\t\t\t\t<\/article>\n\t\t\t\t<article class=\"elementor-post elementor-grid-item post-23617 post type-post status-publish format-standard has-post-thumbnail hentry category-vida\" role=\"listitem\">\n\t\t\t\t<a class=\"elementor-post__thumbnail__link\" href=\"https:\/\/www.rasc.es\/blogacademia\/?p=23617\" tabindex=\"-1\" >\n\t\t\t<div class=\"elementor-post__thumbnail\"><img loading=\"lazy\" decoding=\"async\" width=\"1163\" height=\"935\" src=\"https:\/\/www.rasc.es\/blogacademia\/wp-content\/uploads\/2025\/04\/JCMutis.jpg\" class=\"attachment-full size-full wp-image-23622\" alt=\"\" srcset=\"https:\/\/www.rasc.es\/blogacademia\/wp-content\/uploads\/2025\/04\/JCMutis.jpg 1163w, https:\/\/www.rasc.es\/blogacademia\/wp-content\/uploads\/2025\/04\/JCMutis-300x241.jpg 300w, https:\/\/www.rasc.es\/blogacademia\/wp-content\/uploads\/2025\/04\/JCMutis-1024x823.jpg 1024w, https:\/\/www.rasc.es\/blogacademia\/wp-content\/uploads\/2025\/04\/JCMutis-768x617.jpg 768w\" sizes=\"(max-width: 1163px) 100vw, 1163px\" \/><\/div>\n\t\t<\/a>\n\t\t\t\t<div class=\"elementor-post__text\">\n\t\t\t\t<h3 class=\"elementor-post__title\">\n\t\t\t<a href=\"https:\/\/www.rasc.es\/blogacademia\/?p=23617\" >\n\t\t\t\tJos\u00e9 Celestino Mutis, padre de la ciencia colombiana\t\t\t<\/a>\n\t\t<\/h3>\n\t\t\t\t<div class=\"elementor-post__meta-data\">\n\t\t\t\t\t<span class=\"elementor-post-author\">\n\t\t\tBenito Vald\u00e9s\t\t<\/span>\n\t\t\t\t<span class=\"elementor-post-date\">\n\t\t\t6 mayo, 2025\t\t<\/span>\n\t\t\t\t<span class=\"elementor-post-avatar\">\n\t\t\tNo hay comentarios\t\t<\/span>\n\t\t\t\t<\/div>\n\t\t\t\t<div class=\"elementor-post__excerpt\">\n\t\t\t<p>Nacido en C\u00e1diz el 6 de abril de 1732, Mutis estudi\u00f3 Gram\u00e1tica y Filosof\u00eda en el colegio de los Jesuitas de dicha ciudad, y Medicina<\/p>\n\t\t<\/div>\n\t\t\n\t\t<a class=\"elementor-post__read-more\" href=\"https:\/\/www.rasc.es\/blogacademia\/?p=23617\" aria-label=\"M\u00e1s informaci\u00f3n sobre Jos\u00e9 Celestino Mutis, padre de la ciencia colombiana\" tabindex=\"-1\" >\n\t\t\tLeer m\u00e1s \u00bb\t\t<\/a>\n\n\t\t\t\t<\/div>\n\t\t\t\t<\/article>\n\t\t\t\t<article class=\"elementor-post elementor-grid-item post-22913 post type-post status-publish format-standard has-post-thumbnail hentry category-vida\" role=\"listitem\">\n\t\t\t\t<a class=\"elementor-post__thumbnail__link\" href=\"https:\/\/www.rasc.es\/blogacademia\/?p=22913\" tabindex=\"-1\" >\n\t\t\t<div class=\"elementor-post__thumbnail\"><img loading=\"lazy\" decoding=\"async\" width=\"461\" height=\"257\" src=\"https:\/\/www.rasc.es\/blogacademia\/wp-content\/uploads\/2025\/03\/abejas-1.jpg\" class=\"attachment-full size-full wp-image-22917\" alt=\"\" srcset=\"https:\/\/www.rasc.es\/blogacademia\/wp-content\/uploads\/2025\/03\/abejas-1.jpg 461w, https:\/\/www.rasc.es\/blogacademia\/wp-content\/uploads\/2025\/03\/abejas-1-300x167.jpg 300w\" sizes=\"(max-width: 461px) 100vw, 461px\" \/><\/div>\n\t\t<\/a>\n\t\t\t\t<div class=\"elementor-post__text\">\n\t\t\t\t<h3 class=\"elementor-post__title\">\n\t\t\t<a href=\"https:\/\/www.rasc.es\/blogacademia\/?p=22913\" >\n\t\t\t\tUn detalle de las matem\u00e1ticas de la vida\t\t\t<\/a>\n\t\t<\/h3>\n\t\t\t\t<div class=\"elementor-post__meta-data\">\n\t\t\t\t\t<span class=\"elementor-post-author\">\n\t\t\tFrancisco Ruiz\t\t<\/span>\n\t\t\t\t<span class=\"elementor-post-date\">\n\t\t\t8 abril, 2025\t\t<\/span>\n\t\t\t\t<span class=\"elementor-post-avatar\">\n\t\t\tNo hay comentarios\t\t<\/span>\n\t\t\t\t<\/div>\n\t\t\t\t<div class=\"elementor-post__excerpt\">\n\t\t\t<p>Los primeros indicios de vida en nuestro planeta tienen una edad de m\u00e1s de 3.500 millones de a\u00f1os. Desde entonces hasta hoy, se han diversificado<\/p>\n\t\t<\/div>\n\t\t\n\t\t<a class=\"elementor-post__read-more\" href=\"https:\/\/www.rasc.es\/blogacademia\/?p=22913\" aria-label=\"M\u00e1s informaci\u00f3n sobre Un detalle de las matem\u00e1ticas de la vida\" tabindex=\"-1\" >\n\t\t\tLeer m\u00e1s \u00bb\t\t<\/a>\n\n\t\t\t\t<\/div>\n\t\t\t\t<\/article>\n\t\t\t\t<article class=\"elementor-post elementor-grid-item post-22929 post type-post status-publish format-standard has-post-thumbnail hentry category-vida\" role=\"listitem\">\n\t\t\t\t<a class=\"elementor-post__thumbnail__link\" href=\"https:\/\/www.rasc.es\/blogacademia\/?p=22929\" tabindex=\"-1\" >\n\t\t\t<div class=\"elementor-post__thumbnail\"><img loading=\"lazy\" decoding=\"async\" width=\"1201\" height=\"938\" src=\"https:\/\/www.rasc.es\/blogacademia\/wp-content\/uploads\/2025\/03\/craneo-5-miguelon-id-181-1.jpg\" class=\"attachment-full size-full wp-image-23303\" alt=\"\" srcset=\"https:\/\/www.rasc.es\/blogacademia\/wp-content\/uploads\/2025\/03\/craneo-5-miguelon-id-181-1.jpg 1201w, https:\/\/www.rasc.es\/blogacademia\/wp-content\/uploads\/2025\/03\/craneo-5-miguelon-id-181-1-300x234.jpg 300w, https:\/\/www.rasc.es\/blogacademia\/wp-content\/uploads\/2025\/03\/craneo-5-miguelon-id-181-1-1024x800.jpg 1024w, https:\/\/www.rasc.es\/blogacademia\/wp-content\/uploads\/2025\/03\/craneo-5-miguelon-id-181-1-768x600.jpg 768w\" sizes=\"(max-width: 1201px) 100vw, 1201px\" \/><\/div>\n\t\t<\/a>\n\t\t\t\t<div class=\"elementor-post__text\">\n\t\t\t\t<h3 class=\"elementor-post__title\">\n\t\t\t<a href=\"https:\/\/www.rasc.es\/blogacademia\/?p=22929\" >\n\t\t\t\tNuestros primos los neandertales\t\t\t<\/a>\n\t\t<\/h3>\n\t\t\t\t<div class=\"elementor-post__meta-data\">\n\t\t\t\t\t<span class=\"elementor-post-author\">\n\t\t\tJoaqu\u00edn Rodr\u00edguez Vidal\t\t<\/span>\n\t\t\t\t<span class=\"elementor-post-date\">\n\t\t\t26 marzo, 2025\t\t<\/span>\n\t\t\t\t<span class=\"elementor-post-avatar\">\n\t\t\tNo hay comentarios\t\t<\/span>\n\t\t\t\t<\/div>\n\t\t\t\t<div class=\"elementor-post__excerpt\">\n\t\t\t<p>Hace ya unos 180 a\u00f1os que comenz\u00f3 una historia de controversias y debates cient\u00edficos apasionados por la posible existencia de una especie humana de morfolog\u00eda<\/p>\n\t\t<\/div>\n\t\t\n\t\t<a class=\"elementor-post__read-more\" href=\"https:\/\/www.rasc.es\/blogacademia\/?p=22929\" aria-label=\"M\u00e1s informaci\u00f3n sobre Nuestros primos los neandertales\" tabindex=\"-1\" >\n\t\t\tLeer m\u00e1s \u00bb\t\t<\/a>\n\n\t\t\t\t<\/div>\n\t\t\t\t<\/article>\n\t\t\t\t<\/div>\n\t\t\t\t\t<span class=\"e-load-more-spinner\">\n\t\t\t\t<svg aria-hidden=\"true\" class=\"e-font-icon-svg e-fas-spinner\" viewBox=\"0 0 512 512\" xmlns=\"http:\/\/www.w3.org\/2000\/svg\"><path d=\"M304 48c0 26.51-21.49 48-48 48s-48-21.49-48-48 21.49-48 48-48 48 21.49 48 48zm-48 368c-26.51 0-48 21.49-48 48s21.49 48 48 48 48-21.49 48-48-21.49-48-48-48zm208-208c-26.51 0-48 21.49-48 48s21.49 48 48 48 48-21.49 48-48-21.49-48-48-48zM96 256c0-26.51-21.49-48-48-48S0 229.49 0 256s21.49 48 48 48 48-21.49 48-48zm12.922 99.078c-26.51 0-48 21.49-48 48s21.49 48 48 48 48-21.49 48-48c0-26.509-21.491-48-48-48zm294.156 0c-26.51 0-48 21.49-48 48s21.49 48 48 48 48-21.49 48-48c0-26.509-21.49-48-48-48zM108.922 60.922c-26.51 0-48 21.49-48 48s21.49 48 48 48 48-21.49 48-48-21.491-48-48-48z\"><\/path><\/svg>\t\t\t<\/span>\n\t\t\n\t\t\t\t\t\t<\/div>\n\t\t\t\t<\/div>\n\t\t\t\t<div class=\"elementor-element elementor-element-1f0359a elementor-grid-1 elementor-hidden-desktop elementor-grid-tablet-2 elementor-grid-mobile-1 elementor-posts--thumbnail-top elementor-widget elementor-widget-posts\" data-id=\"1f0359a\" data-element_type=\"widget\" data-settings=\"{&quot;classic_columns&quot;:&quot;1&quot;,&quot;classic_columns_tablet&quot;:&quot;2&quot;,&quot;classic_columns_mobile&quot;:&quot;1&quot;,&quot;classic_row_gap&quot;:{&quot;unit&quot;:&quot;px&quot;,&quot;size&quot;:35,&quot;sizes&quot;:[]},&quot;classic_row_gap_tablet&quot;:{&quot;unit&quot;:&quot;px&quot;,&quot;size&quot;:&quot;&quot;,&quot;sizes&quot;:[]},&quot;classic_row_gap_mobile&quot;:{&quot;unit&quot;:&quot;px&quot;,&quot;size&quot;:&quot;&quot;,&quot;sizes&quot;:[]}}\" data-widget_type=\"posts.classic\">\n\t\t\t\t<div class=\"elementor-widget-container\">\n\t\t\t\t\t\t\t<div class=\"elementor-posts-container elementor-posts elementor-posts--skin-classic elementor-grid\" role=\"list\">\n\t\t\t\t<article class=\"elementor-post elementor-grid-item post-24923 post type-post status-publish format-standard has-post-thumbnail hentry category-vida\" role=\"listitem\">\n\t\t\t\t<a class=\"elementor-post__thumbnail__link\" href=\"https:\/\/www.rasc.es\/blogacademia\/?p=24923\" tabindex=\"-1\" >\n\t\t\t<div class=\"elementor-post__thumbnail\"><img fetchpriority=\"high\" decoding=\"async\" width=\"960\" height=\"644\" src=\"https:\/\/www.rasc.es\/blogacademia\/wp-content\/uploads\/2026\/03\/Ivana_Kobilca_-_Kofetarica.jpg\" class=\"attachment-full size-full wp-image-24931\" alt=\"\" srcset=\"https:\/\/www.rasc.es\/blogacademia\/wp-content\/uploads\/2026\/03\/Ivana_Kobilca_-_Kofetarica.jpg 960w, https:\/\/www.rasc.es\/blogacademia\/wp-content\/uploads\/2026\/03\/Ivana_Kobilca_-_Kofetarica-300x201.jpg 300w, https:\/\/www.rasc.es\/blogacademia\/wp-content\/uploads\/2026\/03\/Ivana_Kobilca_-_Kofetarica-768x515.jpg 768w\" sizes=\"(max-width: 960px) 100vw, 960px\" \/><\/div>\n\t\t<\/a>\n\t\t\t\t<div class=\"elementor-post__text\">\n\t\t\t\t<h3 class=\"elementor-post__title\">\n\t\t\t<a href=\"https:\/\/www.rasc.es\/blogacademia\/?p=24923\" >\n\t\t\t\tEl caf\u00e9 (y II)\t\t\t<\/a>\n\t\t<\/h3>\n\t\t\t\t<div class=\"elementor-post__meta-data\">\n\t\t\t\t\t<span class=\"elementor-post-author\">\n\t\t\tBenito Vald\u00e9s\t\t<\/span>\n\t\t\t\t<span class=\"elementor-post-date\">\n\t\t\t25 marzo, 2026\t\t<\/span>\n\t\t\t\t<span class=\"elementor-post-avatar\">\n\t\t\tNo hay comentarios\t\t<\/span>\n\t\t\t\t<\/div>\n\t\t\t\t<div class=\"elementor-post__excerpt\">\n\t\t\t<p>Difusi\u00f3n del uso del caf\u00e9 \u00a0\u00a0\u00a0\u00a0\u00a0\u00a0\u00a0\u00a0\u00a0\u00a0\u00a0 Como se indic\u00f3 en la anterior entrada (El caf\u00e9 (I)), el cafeto, Coffea arabica, es nativo de los bosques<\/p>\n\t\t<\/div>\n\t\t\n\t\t<a class=\"elementor-post__read-more\" href=\"https:\/\/www.rasc.es\/blogacademia\/?p=24923\" aria-label=\"M\u00e1s informaci\u00f3n sobre El caf\u00e9 (y II)\" tabindex=\"-1\" >\n\t\t\tLeer m\u00e1s \u00bb\t\t<\/a>\n\n\t\t\t\t<\/div>\n\t\t\t\t<\/article>\n\t\t\t\t<article class=\"elementor-post elementor-grid-item post-24913 post type-post status-publish format-standard has-post-thumbnail hentry category-vida\" role=\"listitem\">\n\t\t\t\t<a class=\"elementor-post__thumbnail__link\" href=\"https:\/\/www.rasc.es\/blogacademia\/?p=24913\" tabindex=\"-1\" >\n\t\t\t<div class=\"elementor-post__thumbnail\"><img decoding=\"async\" width=\"600\" height=\"400\" src=\"https:\/\/www.rasc.es\/blogacademia\/wp-content\/uploads\/2026\/03\/cafetales.jpg\" class=\"attachment-full size-full wp-image-24921\" alt=\"\" srcset=\"https:\/\/www.rasc.es\/blogacademia\/wp-content\/uploads\/2026\/03\/cafetales.jpg 600w, https:\/\/www.rasc.es\/blogacademia\/wp-content\/uploads\/2026\/03\/cafetales-300x200.jpg 300w\" sizes=\"(max-width: 600px) 100vw, 600px\" \/><\/div>\n\t\t<\/a>\n\t\t\t\t<div class=\"elementor-post__text\">\n\t\t\t\t<h3 class=\"elementor-post__title\">\n\t\t\t<a href=\"https:\/\/www.rasc.es\/blogacademia\/?p=24913\" >\n\t\t\t\tEl caf\u00e9 (I)\t\t\t<\/a>\n\t\t<\/h3>\n\t\t\t\t<div class=\"elementor-post__meta-data\">\n\t\t\t\t\t<span class=\"elementor-post-author\">\n\t\t\tBenito Vald\u00e9s\t\t<\/span>\n\t\t\t\t<span class=\"elementor-post-date\">\n\t\t\t19 marzo, 2026\t\t<\/span>\n\t\t\t\t<span class=\"elementor-post-avatar\">\n\t\t\tNo hay comentarios\t\t<\/span>\n\t\t\t\t<\/div>\n\t\t\t\t<div class=\"elementor-post__excerpt\">\n\t\t\t<p>\u00a0\u00a0\u00a0\u00a0\u00a0\u00a0\u00a0\u00a0\u00a0\u00a0\u00a0 El caf\u00e9 que habitualmente utilizamos se obtiene a partir de las semillas de una planta de la familia Rubi\u00e1ceas, que pertenece al g\u00e9nero Coffea<\/p>\n\t\t<\/div>\n\t\t\n\t\t<a class=\"elementor-post__read-more\" href=\"https:\/\/www.rasc.es\/blogacademia\/?p=24913\" aria-label=\"M\u00e1s informaci\u00f3n sobre El caf\u00e9 (I)\" tabindex=\"-1\" >\n\t\t\tLeer m\u00e1s \u00bb\t\t<\/a>\n\n\t\t\t\t<\/div>\n\t\t\t\t<\/article>\n\t\t\t\t<article class=\"elementor-post elementor-grid-item post-24687 post type-post status-publish format-standard has-post-thumbnail hentry category-vida\" role=\"listitem\">\n\t\t\t\t<a class=\"elementor-post__thumbnail__link\" href=\"https:\/\/www.rasc.es\/blogacademia\/?p=24687\" tabindex=\"-1\" >\n\t\t\t<div class=\"elementor-post__thumbnail\"><img decoding=\"async\" width=\"1231\" height=\"821\" src=\"https:\/\/www.rasc.es\/blogacademia\/wp-content\/uploads\/2026\/02\/DPML.jpg\" class=\"attachment-full size-full wp-image-24695\" alt=\"\" srcset=\"https:\/\/www.rasc.es\/blogacademia\/wp-content\/uploads\/2026\/02\/DPML.jpg 1231w, https:\/\/www.rasc.es\/blogacademia\/wp-content\/uploads\/2026\/02\/DPML-300x200.jpg 300w, https:\/\/www.rasc.es\/blogacademia\/wp-content\/uploads\/2026\/02\/DPML-1024x683.jpg 1024w, https:\/\/www.rasc.es\/blogacademia\/wp-content\/uploads\/2026\/02\/DPML-768x512.jpg 768w\" sizes=\"(max-width: 1231px) 100vw, 1231px\" \/><\/div>\n\t\t<\/a>\n\t\t\t\t<div class=\"elementor-post__text\">\n\t\t\t\t<h3 class=\"elementor-post__title\">\n\t\t\t<a href=\"https:\/\/www.rasc.es\/blogacademia\/?p=24687\" >\n\t\t\t\tLas redes de polinizadores del Parque de Mar\u00eda Luisa\t\t\t<\/a>\n\t\t<\/h3>\n\t\t\t\t<div class=\"elementor-post__meta-data\">\n\t\t\t\t\t<span class=\"elementor-post-author\">\n\t\t\tM. Vil\u00e0, R. Mor\u00f3n-L\u00f3pez, L. Matas-Granados y A. Trillo\t\t<\/span>\n\t\t\t\t<span class=\"elementor-post-date\">\n\t\t\t17 febrero, 2026\t\t<\/span>\n\t\t\t\t<span class=\"elementor-post-avatar\">\n\t\t\tNo hay comentarios\t\t<\/span>\n\t\t\t\t<\/div>\n\t\t\t\t<div class=\"elementor-post__excerpt\">\n\t\t\t<p>El Parque de Mar\u00eda Luisa, inaugurado en el a\u00f1o 1914, fue el primer parque urbano que se dise\u00f1\u00f3 en Sevilla. Situado en el centro de<\/p>\n\t\t<\/div>\n\t\t\n\t\t<a class=\"elementor-post__read-more\" href=\"https:\/\/www.rasc.es\/blogacademia\/?p=24687\" aria-label=\"M\u00e1s informaci\u00f3n sobre Las redes de polinizadores del Parque de Mar\u00eda Luisa\" tabindex=\"-1\" >\n\t\t\tLeer m\u00e1s \u00bb\t\t<\/a>\n\n\t\t\t\t<\/div>\n\t\t\t\t<\/article>\n\t\t\t\t<article class=\"elementor-post elementor-grid-item post-24571 post type-post status-publish format-standard has-post-thumbnail hentry category-vida\" role=\"listitem\">\n\t\t\t\t<a class=\"elementor-post__thumbnail__link\" href=\"https:\/\/www.rasc.es\/blogacademia\/?p=24571\" tabindex=\"-1\" >\n\t\t\t<div class=\"elementor-post__thumbnail\"><img loading=\"lazy\" decoding=\"async\" width=\"1600\" height=\"1073\" src=\"https:\/\/www.rasc.es\/blogacademia\/wp-content\/uploads\/2026\/01\/Enrique-Cerda-2012.jpg\" class=\"attachment-full size-full wp-image-24585\" alt=\"\" srcset=\"https:\/\/www.rasc.es\/blogacademia\/wp-content\/uploads\/2026\/01\/Enrique-Cerda-2012.jpg 1600w, https:\/\/www.rasc.es\/blogacademia\/wp-content\/uploads\/2026\/01\/Enrique-Cerda-2012-300x201.jpg 300w, https:\/\/www.rasc.es\/blogacademia\/wp-content\/uploads\/2026\/01\/Enrique-Cerda-2012-1024x687.jpg 1024w, https:\/\/www.rasc.es\/blogacademia\/wp-content\/uploads\/2026\/01\/Enrique-Cerda-2012-768x515.jpg 768w, https:\/\/www.rasc.es\/blogacademia\/wp-content\/uploads\/2026\/01\/Enrique-Cerda-2012-1536x1030.jpg 1536w\" sizes=\"(max-width: 1600px) 100vw, 1600px\" \/><\/div>\n\t\t<\/a>\n\t\t\t\t<div class=\"elementor-post__text\">\n\t\t\t\t<h3 class=\"elementor-post__title\">\n\t\t\t<a href=\"https:\/\/www.rasc.es\/blogacademia\/?p=24571\" >\n\t\t\t\tEnrique Cerd\u00e1: In Memorian\t\t\t<\/a>\n\t\t<\/h3>\n\t\t\t\t<div class=\"elementor-post__meta-data\">\n\t\t\t\t\t<span class=\"elementor-post-author\">\n\t\t\tMiguel \u00c1ngel De la Rosa\t\t<\/span>\n\t\t\t\t<span class=\"elementor-post-date\">\n\t\t\t13 enero, 2026\t\t<\/span>\n\t\t\t\t<span class=\"elementor-post-avatar\">\n\t\t\tNo hay comentarios\t\t<\/span>\n\t\t\t\t<\/div>\n\t\t\t\t<div class=\"elementor-post__excerpt\">\n\t\t\t<p>(Esta entrada se public\u00f3 en el Diario de Sevilla el 2 de enero de 2026) El 27 de diciembre, casi vencido el a\u00f1o, nos dej\u00f3<\/p>\n\t\t<\/div>\n\t\t\n\t\t<a class=\"elementor-post__read-more\" href=\"https:\/\/www.rasc.es\/blogacademia\/?p=24571\" aria-label=\"M\u00e1s informaci\u00f3n sobre Enrique Cerd\u00e1: In Memorian\" tabindex=\"-1\" >\n\t\t\tLeer m\u00e1s \u00bb\t\t<\/a>\n\n\t\t\t\t<\/div>\n\t\t\t\t<\/article>\n\t\t\t\t<article class=\"elementor-post elementor-grid-item post-24311 post type-post status-publish format-standard has-post-thumbnail hentry category-vida\" role=\"listitem\">\n\t\t\t\t<a class=\"elementor-post__thumbnail__link\" href=\"https:\/\/www.rasc.es\/blogacademia\/?p=24311\" tabindex=\"-1\" >\n\t\t\t<div class=\"elementor-post__thumbnail\"><img loading=\"lazy\" decoding=\"async\" width=\"892\" height=\"669\" src=\"https:\/\/www.rasc.es\/blogacademia\/wp-content\/uploads\/2025\/10\/Santa_Isabel_de_Hungria_curando_tinosos.jpg\" class=\"attachment-full size-full wp-image-24318\" alt=\"\" srcset=\"https:\/\/www.rasc.es\/blogacademia\/wp-content\/uploads\/2025\/10\/Santa_Isabel_de_Hungria_curando_tinosos.jpg 892w, https:\/\/www.rasc.es\/blogacademia\/wp-content\/uploads\/2025\/10\/Santa_Isabel_de_Hungria_curando_tinosos-300x225.jpg 300w, https:\/\/www.rasc.es\/blogacademia\/wp-content\/uploads\/2025\/10\/Santa_Isabel_de_Hungria_curando_tinosos-768x576.jpg 768w, https:\/\/www.rasc.es\/blogacademia\/wp-content\/uploads\/2025\/10\/Santa_Isabel_de_Hungria_curando_tinosos-640x480.jpg 640w\" sizes=\"(max-width: 892px) 100vw, 892px\" \/><\/div>\n\t\t<\/a>\n\t\t\t\t<div class=\"elementor-post__text\">\n\t\t\t\t<h3 class=\"elementor-post__title\">\n\t\t\t<a href=\"https:\/\/www.rasc.es\/blogacademia\/?p=24311\" >\n\t\t\t\tTi\u00f1as y micosis\t\t\t<\/a>\n\t\t<\/h3>\n\t\t\t\t<div class=\"elementor-post__meta-data\">\n\t\t\t\t\t<span class=\"elementor-post-author\">\n\t\t\tBenito Vald\u00e9s\t\t<\/span>\n\t\t\t\t<span class=\"elementor-post-date\">\n\t\t\t25 noviembre, 2025\t\t<\/span>\n\t\t\t\t<span class=\"elementor-post-avatar\">\n\t\t\tNo hay comentarios\t\t<\/span>\n\t\t\t\t<\/div>\n\t\t\t\t<div class=\"elementor-post__excerpt\">\n\t\t\t<p>\u00a0\u00a0\u00a0\u00a0\u00a0\u00a0\u00a0\u00a0\u00a0\u00a0\u00a0 Una creencia muy extendida es que en los pa\u00edses civilizados las ti\u00f1as son enfermedades que han quedado en el pasado y que afectan solamente<\/p>\n\t\t<\/div>\n\t\t\n\t\t<a class=\"elementor-post__read-more\" href=\"https:\/\/www.rasc.es\/blogacademia\/?p=24311\" aria-label=\"M\u00e1s informaci\u00f3n sobre Ti\u00f1as y micosis\" tabindex=\"-1\" >\n\t\t\tLeer m\u00e1s \u00bb\t\t<\/a>\n\n\t\t\t\t<\/div>\n\t\t\t\t<\/article>\n\t\t\t\t<article class=\"elementor-post elementor-grid-item post-24341 post type-post status-publish format-standard has-post-thumbnail hentry category-vida\" role=\"listitem\">\n\t\t\t\t<a class=\"elementor-post__thumbnail__link\" href=\"https:\/\/www.rasc.es\/blogacademia\/?p=24341\" tabindex=\"-1\" >\n\t\t\t<div class=\"elementor-post__thumbnail\"><img loading=\"lazy\" decoding=\"async\" width=\"2560\" height=\"1707\" src=\"https:\/\/www.rasc.es\/blogacademia\/wp-content\/uploads\/2025\/10\/Figura-18-scaled.jpg\" class=\"attachment-full size-full wp-image-24364\" alt=\"\" srcset=\"https:\/\/www.rasc.es\/blogacademia\/wp-content\/uploads\/2025\/10\/Figura-18-scaled.jpg 2560w, https:\/\/www.rasc.es\/blogacademia\/wp-content\/uploads\/2025\/10\/Figura-18-300x200.jpg 300w, https:\/\/www.rasc.es\/blogacademia\/wp-content\/uploads\/2025\/10\/Figura-18-1024x683.jpg 1024w, https:\/\/www.rasc.es\/blogacademia\/wp-content\/uploads\/2025\/10\/Figura-18-768x512.jpg 768w, https:\/\/www.rasc.es\/blogacademia\/wp-content\/uploads\/2025\/10\/Figura-18-1536x1024.jpg 1536w, https:\/\/www.rasc.es\/blogacademia\/wp-content\/uploads\/2025\/10\/Figura-18-2048x1365.jpg 2048w\" sizes=\"(max-width: 2560px) 100vw, 2560px\" \/><\/div>\n\t\t<\/a>\n\t\t\t\t<div class=\"elementor-post__text\">\n\t\t\t\t<h3 class=\"elementor-post__title\">\n\t\t\t<a href=\"https:\/\/www.rasc.es\/blogacademia\/?p=24341\" >\n\t\t\t\tFrancisco Garc\u00eda Novo, un gran investigador y un gran maestro\t\t\t<\/a>\n\t\t<\/h3>\n\t\t\t\t<div class=\"elementor-post__meta-data\">\n\t\t\t\t\t<span class=\"elementor-post-author\">\n\t\t\tMari Cruz D\u00edaz Antunes-Barradas\t\t<\/span>\n\t\t\t\t<span class=\"elementor-post-date\">\n\t\t\t29 octubre, 2025\t\t<\/span>\n\t\t\t\t<span class=\"elementor-post-avatar\">\n\t\t\t1 comentario\t\t<\/span>\n\t\t\t\t<\/div>\n\t\t\t\t<div class=\"elementor-post__excerpt\">\n\t\t\t<p>El profesor Garc\u00eda Novo (1943-2025), Fuco para sus amigos y compa\u00f1eros, fue un gran maestro e investigador nato e interdisciplinar de la naturaleza y los<\/p>\n\t\t<\/div>\n\t\t\n\t\t<a class=\"elementor-post__read-more\" href=\"https:\/\/www.rasc.es\/blogacademia\/?p=24341\" aria-label=\"M\u00e1s informaci\u00f3n sobre Francisco Garc\u00eda Novo, un gran investigador y un gran maestro\" tabindex=\"-1\" >\n\t\t\tLeer m\u00e1s \u00bb\t\t<\/a>\n\n\t\t\t\t<\/div>\n\t\t\t\t<\/article>\n\t\t\t\t<article class=\"elementor-post elementor-grid-item post-23980 post type-post status-publish format-standard has-post-thumbnail hentry category-vida\" role=\"listitem\">\n\t\t\t\t<a class=\"elementor-post__thumbnail__link\" href=\"https:\/\/www.rasc.es\/blogacademia\/?p=23980\" tabindex=\"-1\" >\n\t\t\t<div class=\"elementor-post__thumbnail\"><img loading=\"lazy\" decoding=\"async\" width=\"800\" height=\"533\" src=\"https:\/\/www.rasc.es\/blogacademia\/wp-content\/uploads\/2025\/07\/curruca.jpg\" class=\"attachment-full size-full wp-image-23982\" alt=\"\" srcset=\"https:\/\/www.rasc.es\/blogacademia\/wp-content\/uploads\/2025\/07\/curruca.jpg 800w, https:\/\/www.rasc.es\/blogacademia\/wp-content\/uploads\/2025\/07\/curruca-300x200.jpg 300w, https:\/\/www.rasc.es\/blogacademia\/wp-content\/uploads\/2025\/07\/curruca-768x512.jpg 768w\" sizes=\"(max-width: 800px) 100vw, 800px\" \/><\/div>\n\t\t<\/a>\n\t\t\t\t<div class=\"elementor-post__text\">\n\t\t\t\t<h3 class=\"elementor-post__title\">\n\t\t\t<a href=\"https:\/\/www.rasc.es\/blogacademia\/?p=23980\" >\n\t\t\t\tPolinizaci\u00f3n por p\u00e1jaros en la Regi\u00f3n Mediterr\u00e1nea\t\t\t<\/a>\n\t\t<\/h3>\n\t\t\t\t<div class=\"elementor-post__meta-data\">\n\t\t\t\t\t<span class=\"elementor-post-author\">\n\t\t\tBenito Vald\u00e9s\t\t<\/span>\n\t\t\t\t<span class=\"elementor-post-date\">\n\t\t\t16 septiembre, 2025\t\t<\/span>\n\t\t\t\t<span class=\"elementor-post-avatar\">\n\t\t\tNo hay comentarios\t\t<\/span>\n\t\t\t\t<\/div>\n\t\t\t\t<div class=\"elementor-post__excerpt\">\n\t\t\t<p>Cuando pensamos en la polinizaci\u00f3n por p\u00e1jaros, la primera visi\u00f3n que nos viene a la mente es la actividad de los colibr\u00edes americanos (Troqu\u00edlidos), que<\/p>\n\t\t<\/div>\n\t\t\n\t\t<a class=\"elementor-post__read-more\" href=\"https:\/\/www.rasc.es\/blogacademia\/?p=23980\" aria-label=\"M\u00e1s informaci\u00f3n sobre Polinizaci\u00f3n por p\u00e1jaros en la Regi\u00f3n Mediterr\u00e1nea\" tabindex=\"-1\" >\n\t\t\tLeer m\u00e1s \u00bb\t\t<\/a>\n\n\t\t\t\t<\/div>\n\t\t\t\t<\/article>\n\t\t\t\t<article class=\"elementor-post elementor-grid-item post-23892 post type-post status-publish format-standard has-post-thumbnail hentry category-vida\" role=\"listitem\">\n\t\t\t\t<a class=\"elementor-post__thumbnail__link\" href=\"https:\/\/www.rasc.es\/blogacademia\/?p=23892\" tabindex=\"-1\" >\n\t\t\t<div class=\"elementor-post__thumbnail\"><img loading=\"lazy\" decoding=\"async\" width=\"1688\" height=\"1125\" src=\"https:\/\/www.rasc.es\/blogacademia\/wp-content\/uploads\/2025\/06\/olivar.jpg\" class=\"attachment-full size-full wp-image-23893\" alt=\"\" srcset=\"https:\/\/www.rasc.es\/blogacademia\/wp-content\/uploads\/2025\/06\/olivar.jpg 1688w, https:\/\/www.rasc.es\/blogacademia\/wp-content\/uploads\/2025\/06\/olivar-300x200.jpg 300w, https:\/\/www.rasc.es\/blogacademia\/wp-content\/uploads\/2025\/06\/olivar-1024x682.jpg 1024w, https:\/\/www.rasc.es\/blogacademia\/wp-content\/uploads\/2025\/06\/olivar-768x512.jpg 768w, https:\/\/www.rasc.es\/blogacademia\/wp-content\/uploads\/2025\/06\/olivar-1536x1024.jpg 1536w\" sizes=\"(max-width: 1688px) 100vw, 1688px\" \/><\/div>\n\t\t<\/a>\n\t\t\t\t<div class=\"elementor-post__text\">\n\t\t\t\t<h3 class=\"elementor-post__title\">\n\t\t\t<a href=\"https:\/\/www.rasc.es\/blogacademia\/?p=23892\" >\n\t\t\t\tEl olivo y los fenicios\t\t\t<\/a>\n\t\t<\/h3>\n\t\t\t\t<div class=\"elementor-post__meta-data\">\n\t\t\t\t\t<span class=\"elementor-post-author\">\n\t\t\tBenito Vald\u00e9s\t\t<\/span>\n\t\t\t\t<span class=\"elementor-post-date\">\n\t\t\t1 julio, 2025\t\t<\/span>\n\t\t\t\t<span class=\"elementor-post-avatar\">\n\t\t\tNo hay comentarios\t\t<\/span>\n\t\t\t\t<\/div>\n\t\t\t\t<div class=\"elementor-post__excerpt\">\n\t\t\t<p>El olivo (Olea europaea L. var. europaea) fue introducido en cultivo en Oriente Pr\u00f3ximo (Siria y Palestina) hacia 4.000-3.500 a. C., por selecci\u00f3n emp\u00edrica de<\/p>\n\t\t<\/div>\n\t\t\n\t\t<a class=\"elementor-post__read-more\" href=\"https:\/\/www.rasc.es\/blogacademia\/?p=23892\" aria-label=\"M\u00e1s informaci\u00f3n sobre El olivo y los fenicios\" tabindex=\"-1\" >\n\t\t\tLeer m\u00e1s \u00bb\t\t<\/a>\n\n\t\t\t\t<\/div>\n\t\t\t\t<\/article>\n\t\t\t\t<article class=\"elementor-post elementor-grid-item post-23752 post type-post status-publish format-standard has-post-thumbnail hentry category-vida\" role=\"listitem\">\n\t\t\t\t<a class=\"elementor-post__thumbnail__link\" href=\"https:\/\/www.rasc.es\/blogacademia\/?p=23752\" tabindex=\"-1\" >\n\t\t\t<div class=\"elementor-post__thumbnail\"><img loading=\"lazy\" decoding=\"async\" width=\"818\" height=\"506\" src=\"https:\/\/www.rasc.es\/blogacademia\/wp-content\/uploads\/2025\/05\/suelo3.jpg\" class=\"attachment-full size-full wp-image-23757\" alt=\"\" srcset=\"https:\/\/www.rasc.es\/blogacademia\/wp-content\/uploads\/2025\/05\/suelo3.jpg 818w, https:\/\/www.rasc.es\/blogacademia\/wp-content\/uploads\/2025\/05\/suelo3-300x186.jpg 300w, https:\/\/www.rasc.es\/blogacademia\/wp-content\/uploads\/2025\/05\/suelo3-768x475.jpg 768w\" sizes=\"(max-width: 818px) 100vw, 818px\" \/><\/div>\n\t\t<\/a>\n\t\t\t\t<div class=\"elementor-post__text\">\n\t\t\t\t<h3 class=\"elementor-post__title\">\n\t\t\t<a href=\"https:\/\/www.rasc.es\/blogacademia\/?p=23752\" >\n\t\t\t\tSuelos sanos: Un recurso no renovable que debemos conservar\t\t\t<\/a>\n\t\t<\/h3>\n\t\t\t\t<div class=\"elementor-post__meta-data\">\n\t\t\t\t\t<span class=\"elementor-post-author\">\n\t\t\tManuel Delgado Baquerizo\t\t<\/span>\n\t\t\t\t<span class=\"elementor-post-date\">\n\t\t\t3 junio, 2025\t\t<\/span>\n\t\t\t\t<span class=\"elementor-post-avatar\">\n\t\t\tNo hay comentarios\t\t<\/span>\n\t\t\t\t<\/div>\n\t\t\t\t<div class=\"elementor-post__excerpt\">\n\t\t\t<p>Al presidente de Estados Unidos Franklin D. Roosevelt se le atribuye unas de las frases m\u00e1s c\u00e9lebres sobre la importancia de nuestros suelos. \u00abLa naci\u00f3n<\/p>\n\t\t<\/div>\n\t\t\n\t\t<a class=\"elementor-post__read-more\" href=\"https:\/\/www.rasc.es\/blogacademia\/?p=23752\" aria-label=\"M\u00e1s informaci\u00f3n sobre Suelos sanos: Un recurso no renovable que debemos conservar\" tabindex=\"-1\" >\n\t\t\tLeer m\u00e1s \u00bb\t\t<\/a>\n\n\t\t\t\t<\/div>\n\t\t\t\t<\/article>\n\t\t\t\t<article class=\"elementor-post elementor-grid-item post-23617 post type-post status-publish format-standard has-post-thumbnail hentry category-vida\" role=\"listitem\">\n\t\t\t\t<a class=\"elementor-post__thumbnail__link\" href=\"https:\/\/www.rasc.es\/blogacademia\/?p=23617\" tabindex=\"-1\" >\n\t\t\t<div class=\"elementor-post__thumbnail\"><img loading=\"lazy\" decoding=\"async\" width=\"1163\" height=\"935\" src=\"https:\/\/www.rasc.es\/blogacademia\/wp-content\/uploads\/2025\/04\/JCMutis.jpg\" class=\"attachment-full size-full wp-image-23622\" alt=\"\" srcset=\"https:\/\/www.rasc.es\/blogacademia\/wp-content\/uploads\/2025\/04\/JCMutis.jpg 1163w, https:\/\/www.rasc.es\/blogacademia\/wp-content\/uploads\/2025\/04\/JCMutis-300x241.jpg 300w, https:\/\/www.rasc.es\/blogacademia\/wp-content\/uploads\/2025\/04\/JCMutis-1024x823.jpg 1024w, https:\/\/www.rasc.es\/blogacademia\/wp-content\/uploads\/2025\/04\/JCMutis-768x617.jpg 768w\" sizes=\"(max-width: 1163px) 100vw, 1163px\" \/><\/div>\n\t\t<\/a>\n\t\t\t\t<div class=\"elementor-post__text\">\n\t\t\t\t<h3 class=\"elementor-post__title\">\n\t\t\t<a href=\"https:\/\/www.rasc.es\/blogacademia\/?p=23617\" >\n\t\t\t\tJos\u00e9 Celestino Mutis, padre de la ciencia colombiana\t\t\t<\/a>\n\t\t<\/h3>\n\t\t\t\t<div class=\"elementor-post__meta-data\">\n\t\t\t\t\t<span class=\"elementor-post-author\">\n\t\t\tBenito Vald\u00e9s\t\t<\/span>\n\t\t\t\t<span class=\"elementor-post-date\">\n\t\t\t6 mayo, 2025\t\t<\/span>\n\t\t\t\t<span class=\"elementor-post-avatar\">\n\t\t\tNo hay comentarios\t\t<\/span>\n\t\t\t\t<\/div>\n\t\t\t\t<div class=\"elementor-post__excerpt\">\n\t\t\t<p>Nacido en C\u00e1diz el 6 de abril de 1732, Mutis estudi\u00f3 Gram\u00e1tica y Filosof\u00eda en el colegio de los Jesuitas de dicha ciudad, y Medicina<\/p>\n\t\t<\/div>\n\t\t\n\t\t<a class=\"elementor-post__read-more\" href=\"https:\/\/www.rasc.es\/blogacademia\/?p=23617\" aria-label=\"M\u00e1s informaci\u00f3n sobre Jos\u00e9 Celestino Mutis, padre de la ciencia colombiana\" tabindex=\"-1\" >\n\t\t\tLeer m\u00e1s \u00bb\t\t<\/a>\n\n\t\t\t\t<\/div>\n\t\t\t\t<\/article>\n\t\t\t\t<article class=\"elementor-post elementor-grid-item post-22913 post type-post status-publish format-standard has-post-thumbnail hentry category-vida\" role=\"listitem\">\n\t\t\t\t<a class=\"elementor-post__thumbnail__link\" href=\"https:\/\/www.rasc.es\/blogacademia\/?p=22913\" tabindex=\"-1\" >\n\t\t\t<div class=\"elementor-post__thumbnail\"><img loading=\"lazy\" decoding=\"async\" width=\"461\" height=\"257\" src=\"https:\/\/www.rasc.es\/blogacademia\/wp-content\/uploads\/2025\/03\/abejas-1.jpg\" class=\"attachment-full size-full wp-image-22917\" alt=\"\" srcset=\"https:\/\/www.rasc.es\/blogacademia\/wp-content\/uploads\/2025\/03\/abejas-1.jpg 461w, https:\/\/www.rasc.es\/blogacademia\/wp-content\/uploads\/2025\/03\/abejas-1-300x167.jpg 300w\" sizes=\"(max-width: 461px) 100vw, 461px\" \/><\/div>\n\t\t<\/a>\n\t\t\t\t<div class=\"elementor-post__text\">\n\t\t\t\t<h3 class=\"elementor-post__title\">\n\t\t\t<a href=\"https:\/\/www.rasc.es\/blogacademia\/?p=22913\" >\n\t\t\t\tUn detalle de las matem\u00e1ticas de la vida\t\t\t<\/a>\n\t\t<\/h3>\n\t\t\t\t<div class=\"elementor-post__meta-data\">\n\t\t\t\t\t<span class=\"elementor-post-author\">\n\t\t\tFrancisco Ruiz\t\t<\/span>\n\t\t\t\t<span class=\"elementor-post-date\">\n\t\t\t8 abril, 2025\t\t<\/span>\n\t\t\t\t<span class=\"elementor-post-avatar\">\n\t\t\tNo hay comentarios\t\t<\/span>\n\t\t\t\t<\/div>\n\t\t\t\t<div class=\"elementor-post__excerpt\">\n\t\t\t<p>Los primeros indicios de vida en nuestro planeta tienen una edad de m\u00e1s de 3.500 millones de a\u00f1os. Desde entonces hasta hoy, se han diversificado<\/p>\n\t\t<\/div>\n\t\t\n\t\t<a class=\"elementor-post__read-more\" href=\"https:\/\/www.rasc.es\/blogacademia\/?p=22913\" aria-label=\"M\u00e1s informaci\u00f3n sobre Un detalle de las matem\u00e1ticas de la vida\" tabindex=\"-1\" >\n\t\t\tLeer m\u00e1s \u00bb\t\t<\/a>\n\n\t\t\t\t<\/div>\n\t\t\t\t<\/article>\n\t\t\t\t<article class=\"elementor-post elementor-grid-item post-22929 post type-post status-publish format-standard has-post-thumbnail hentry category-vida\" role=\"listitem\">\n\t\t\t\t<a class=\"elementor-post__thumbnail__link\" href=\"https:\/\/www.rasc.es\/blogacademia\/?p=22929\" tabindex=\"-1\" >\n\t\t\t<div class=\"elementor-post__thumbnail\"><img loading=\"lazy\" decoding=\"async\" width=\"1201\" height=\"938\" src=\"https:\/\/www.rasc.es\/blogacademia\/wp-content\/uploads\/2025\/03\/craneo-5-miguelon-id-181-1.jpg\" class=\"attachment-full size-full wp-image-23303\" alt=\"\" srcset=\"https:\/\/www.rasc.es\/blogacademia\/wp-content\/uploads\/2025\/03\/craneo-5-miguelon-id-181-1.jpg 1201w, https:\/\/www.rasc.es\/blogacademia\/wp-content\/uploads\/2025\/03\/craneo-5-miguelon-id-181-1-300x234.jpg 300w, https:\/\/www.rasc.es\/blogacademia\/wp-content\/uploads\/2025\/03\/craneo-5-miguelon-id-181-1-1024x800.jpg 1024w, https:\/\/www.rasc.es\/blogacademia\/wp-content\/uploads\/2025\/03\/craneo-5-miguelon-id-181-1-768x600.jpg 768w\" sizes=\"(max-width: 1201px) 100vw, 1201px\" \/><\/div>\n\t\t<\/a>\n\t\t\t\t<div class=\"elementor-post__text\">\n\t\t\t\t<h3 class=\"elementor-post__title\">\n\t\t\t<a href=\"https:\/\/www.rasc.es\/blogacademia\/?p=22929\" >\n\t\t\t\tNuestros primos los neandertales\t\t\t<\/a>\n\t\t<\/h3>\n\t\t\t\t<div class=\"elementor-post__meta-data\">\n\t\t\t\t\t<span class=\"elementor-post-author\">\n\t\t\tJoaqu\u00edn Rodr\u00edguez Vidal\t\t<\/span>\n\t\t\t\t<span class=\"elementor-post-date\">\n\t\t\t26 marzo, 2025\t\t<\/span>\n\t\t\t\t<span class=\"elementor-post-avatar\">\n\t\t\tNo hay comentarios\t\t<\/span>\n\t\t\t\t<\/div>\n\t\t\t\t<div class=\"elementor-post__excerpt\">\n\t\t\t<p>Hace ya unos 180 a\u00f1os que comenz\u00f3 una historia de controversias y debates cient\u00edficos apasionados por la posible existencia de una especie humana de morfolog\u00eda<\/p>\n\t\t<\/div>\n\t\t\n\t\t<a class=\"elementor-post__read-more\" href=\"https:\/\/www.rasc.es\/blogacademia\/?p=22929\" aria-label=\"M\u00e1s informaci\u00f3n sobre Nuestros primos los neandertales\" tabindex=\"-1\" >\n\t\t\tLeer m\u00e1s \u00bb\t\t<\/a>\n\n\t\t\t\t<\/div>\n\t\t\t\t<\/article>\n\t\t\t\t<\/div>\n\t\t\n\t\t\t\t\t\t<\/div>\n\t\t\t\t<\/div>\n\t\t\t\t<\/div>\n\t\t<div class=\"elementor-element elementor-element-5299cdf e-con-full e-flex e-con e-child\" data-id=\"5299cdf\" data-element_type=\"container\">\n\t\t\t\t<div class=\"elementor-element elementor-element-5c4a576 elementor-widget elementor-widget-sidebar\" data-id=\"5c4a576\" data-element_type=\"widget\" data-widget_type=\"sidebar.default\">\n\t\t\t\t<div class=\"elementor-widget-container\">\n\t\t\t\t\t<aside id=\"search-2\" class=\"widget widget_search\"><form role=\"search\" method=\"get\" class=\"search-form\" action=\"https:\/\/www.rasc.es\/blogacademia\/\">\n\t<label for=\"search-field\">\n\t\t<span class=\"screen-reader-text\">Buscar por:<\/span>\n\t\t<input type=\"search\" id=\"search-field\" class=\"search-field\"   placeholder=\"Buscar...\" value=\"\" name=\"s\" tabindex=\"-1\">\n\t\t\t\t\t<button class=\"search-submit ast-search-submit\" aria-label=\"Enviar la b\u00fasqueda\">\n\t\t\t\t<span hidden>Buscar<\/span>\n\t\t\t\t<i><span class=\"ast-icon icon-search\"><svg xmlns=\"http:\/\/www.w3.org\/2000\/svg\" xmlns:xlink=\"http:\/\/www.w3.org\/1999\/xlink\" version=\"1.1\" x=\"0px\" y=\"0px\" viewBox=\"-893 477 142 142\" enable-background=\"new -888 480 142 142\" xml:space=\"preserve\">\n\t\t\t\t\t\t  <path d=\"M-787.4,568.7h-6.3l-2.4-2.4c7.9-8.7,12.6-20.5,12.6-33.1c0-28.4-22.9-51.3-51.3-51.3  c-28.4,0-51.3,22.9-51.3,51.3c0,28.4,22.9,51.3,51.3,51.3c12.6,0,24.4-4.7,33.1-12.6l2.4,2.4v6.3l39.4,39.4l11.8-11.8L-787.4,568.7  L-787.4,568.7z M-834.7,568.7c-19.7,0-35.5-15.8-35.5-35.5c0-19.7,15.8-35.5,35.5-35.5c19.7,0,35.5,15.8,35.5,35.5  C-799.3,553-815,568.7-834.7,568.7L-834.7,568.7z\" \/>\n\t\t\t\t\t\t  <\/svg><\/span><\/i>\n\t\t\t<\/button>\n\t\t\t<\/label>\n\t\t\t<input type=\"submit\" class=\"search-submit\" value=\"Buscar\">\n\t<\/form>\n<\/aside><aside id=\"archives-2\" class=\"widget widget_archive\"><h2 class=\"widget-title\">Archivos<\/h2><nav aria-label=\"Archivos\">\n\t\t\t<ul>\n\t\t\t\t\t<li><a href='https:\/\/www.rasc.es\/blogacademia\/?m=202604'>abril 2026<\/a><\/li>\n\t<li><a href='https:\/\/www.rasc.es\/blogacademia\/?m=202603'>marzo 2026<\/a><\/li>\n\t<li><a href='https:\/\/www.rasc.es\/blogacademia\/?m=202602'>febrero 2026<\/a><\/li>\n\t<li><a href='https:\/\/www.rasc.es\/blogacademia\/?m=202601'>enero 2026<\/a><\/li>\n\t<li><a href='https:\/\/www.rasc.es\/blogacademia\/?m=202512'>diciembre 2025<\/a><\/li>\n\t<li><a href='https:\/\/www.rasc.es\/blogacademia\/?m=202511'>noviembre 2025<\/a><\/li>\n\t<li><a href='https:\/\/www.rasc.es\/blogacademia\/?m=202510'>octubre 2025<\/a><\/li>\n\t<li><a href='https:\/\/www.rasc.es\/blogacademia\/?m=202509'>septiembre 2025<\/a><\/li>\n\t<li><a href='https:\/\/www.rasc.es\/blogacademia\/?m=202508'>agosto 2025<\/a><\/li>\n\t<li><a href='https:\/\/www.rasc.es\/blogacademia\/?m=202507'>julio 2025<\/a><\/li>\n\t<li><a href='https:\/\/www.rasc.es\/blogacademia\/?m=202506'>junio 2025<\/a><\/li>\n\t<li><a href='https:\/\/www.rasc.es\/blogacademia\/?m=202505'>mayo 2025<\/a><\/li>\n\t<li><a href='https:\/\/www.rasc.es\/blogacademia\/?m=202504'>abril 2025<\/a><\/li>\n\t<li><a href='https:\/\/www.rasc.es\/blogacademia\/?m=202503'>marzo 2025<\/a><\/li>\n\t\t\t<\/ul>\n\n\t\t\t<\/nav><\/aside><aside id=\"media_image-6\" class=\"widget widget_media_image\"><img loading=\"lazy\" decoding=\"async\" width=\"300\" height=\"87\" src=\"https:\/\/www.rasc.es\/blogacademia\/wp-content\/uploads\/2025\/03\/logo_antiguo_vectorizado2-328x95.png\" class=\"image wp-image-22987  attachment-medium size-medium\" alt=\"\" style=\"max-width: 100%; height: auto;\" srcset=\"https:\/\/www.rasc.es\/blogacademia\/wp-content\/uploads\/2025\/03\/logo_antiguo_vectorizado2.png 1x, http:\/\/www.rasc.es\/blogacademia\/wp-content\/uploads\/2025\/03\/logo_antiguo_vectorizado2.png 2x\" sizes=\"(max-width: 300px) 100vw, 300px\" \/><\/aside>\t\t\t\t<\/div>\n\t\t\t\t<\/div>\n\t\t\t\t<\/div>\n\t\t\t\t\t<\/div>\n\t\t\t\t<\/div>\n\t\t<div class=\"elementor-element elementor-element-0c42064 e-flex e-con-boxed e-con e-parent\" data-id=\"0c42064\" data-element_type=\"container\">\n\t\t\t\t\t<div class=\"e-con-inner\">\n\t\t\t\t\t<\/div>\n\t\t\t\t<\/div>\n\t\t<div class=\"elementor-element elementor-element-c98b6aa e-flex e-con-boxed e-con e-parent\" data-id=\"c98b6aa\" data-element_type=\"container\">\n\t\t\t\t\t<div class=\"e-con-inner\">\n\t\t\t\t\t<\/div>\n\t\t\t\t<\/div>\n\t\t\t\t<\/div>\n\t\t","protected":false},"excerpt":{"rendered":"<p>Vida Dijo Carl Sagan que somos polvo de estrellas, pues elementos esenciales necesarios para la vida, tal y como la conocemos en la Tierra, fueron creados en las colosales explosiones de las supernovas \u2013polvo de estrellas, mas polvo enamorado como nos describi\u00f3 Quevedo-. La vida, ese prodigio cuyo origen todav\u00eda la ciencia no ha sido [&hellip;]<\/p>\n","protected":false},"author":44,"featured_media":0,"parent":0,"menu_order":0,"comment_status":"closed","ping_status":"closed","template":"","meta":{"_uag_custom_page_level_css":"","site-sidebar-layout":"no-sidebar","site-content-layout":"page-builder","ast-site-content-layout":"full-width-container","site-content-style":"unboxed","site-sidebar-style":"unboxed","ast-global-header-display":"","ast-banner-title-visibility":"","ast-main-header-display":"","ast-hfb-above-header-display":"","ast-hfb-below-header-display":"","ast-hfb-mobile-header-display":"","site-post-title":"disabled","ast-breadcrumbs-content":"","ast-featured-img":"disabled","footer-sml-layout":"","theme-transparent-header-meta":"default","adv-header-id-meta":"","stick-header-meta":"","header-above-stick-meta":"","header-main-stick-meta":"","header-below-stick-meta":"","astra-migrate-meta-layouts":"set","ast-page-background-enabled":"default","ast-page-background-meta":{"desktop":{"background-color":"","background-image":"","background-repeat":"repeat","background-position":"center center","background-size":"auto","background-attachment":"scroll","background-type":"","background-media":"","overlay-type":"","overlay-color":"","overlay-opacity":"","overlay-gradient":""},"tablet":{"background-color":"","background-image":"","background-repeat":"repeat","background-position":"center center","background-size":"auto","background-attachment":"scroll","background-type":"","background-media":"","overlay-type":"","overlay-color":"","overlay-opacity":"","overlay-gradient":""},"mobile":{"background-color":"","background-image":"","background-repeat":"repeat","background-position":"center center","background-size":"auto","background-attachment":"scroll","background-type":"","background-media":"","overlay-type":"","overlay-color":"","overlay-opacity":"","overlay-gradient":""}},"ast-content-background-meta":{"desktop":{"background-color":"var(--ast-global-color-5)","background-image":"","background-repeat":"repeat","background-position":"center center","background-size":"auto","background-attachment":"scroll","background-type":"","background-media":"","overlay-type":"","overlay-color":"","overlay-opacity":"","overlay-gradient":""},"tablet":{"background-color":"var(--ast-global-color-5)","background-image":"","background-repeat":"repeat","background-position":"center center","background-size":"auto","background-attachment":"scroll","background-type":"","background-media":"","overlay-type":"","overlay-color":"","overlay-opacity":"","overlay-gradient":""},"mobile":{"background-color":"var(--ast-global-color-5)","background-image":"","background-repeat":"repeat","background-position":"center center","background-size":"auto","background-attachment":"scroll","background-type":"","background-media":"","overlay-type":"","overlay-color":"","overlay-opacity":"","overlay-gradient":""}},"footnotes":""},"class_list":["post-22453","page","type-page","status-publish","hentry"],"uagb_featured_image_src":{"full":false,"thumbnail":false,"medium":false,"medium_large":false,"large":false,"1536x1536":false,"2048x2048":false,"bdpp-medium":false},"uagb_author_info":{"display_name":"aggnet12","author_link":"https:\/\/www.rasc.es\/blogacademia\/?author=44"},"uagb_comment_info":0,"uagb_excerpt":"Vida Dijo Carl Sagan que somos polvo de estrellas, pues elementos esenciales necesarios para la vida, tal y como la conocemos en la Tierra, fueron creados en las colosales explosiones de las supernovas \u2013polvo de estrellas, mas polvo enamorado como nos describi\u00f3 Quevedo-. La vida, ese prodigio cuyo origen todav\u00eda la ciencia no ha sido&hellip;","jetpack_sharing_enabled":true,"_links":{"self":[{"href":"https:\/\/www.rasc.es\/blogacademia\/index.php?rest_route=\/wp\/v2\/pages\/22453","targetHints":{"allow":["GET"]}}],"collection":[{"href":"https:\/\/www.rasc.es\/blogacademia\/index.php?rest_route=\/wp\/v2\/pages"}],"about":[{"href":"https:\/\/www.rasc.es\/blogacademia\/index.php?rest_route=\/wp\/v2\/types\/page"}],"author":[{"embeddable":true,"href":"https:\/\/www.rasc.es\/blogacademia\/index.php?rest_route=\/wp\/v2\/users\/44"}],"replies":[{"embeddable":true,"href":"https:\/\/www.rasc.es\/blogacademia\/index.php?rest_route=%2Fwp%2Fv2%2Fcomments&post=22453"}],"version-history":[{"count":85,"href":"https:\/\/www.rasc.es\/blogacademia\/index.php?rest_route=\/wp\/v2\/pages\/22453\/revisions"}],"predecessor-version":[{"id":24288,"href":"https:\/\/www.rasc.es\/blogacademia\/index.php?rest_route=\/wp\/v2\/pages\/22453\/revisions\/24288"}],"wp:attachment":[{"href":"https:\/\/www.rasc.es\/blogacademia\/index.php?rest_route=%2Fwp%2Fv2%2Fmedia&parent=22453"}],"curies":[{"name":"wp","href":"https:\/\/api.w.org\/{rel}","templated":true}]}}