{"id":22478,"date":"2025-03-05T10:47:27","date_gmt":"2025-03-05T09:47:27","guid":{"rendered":"https:\/\/www.rasc.es\/blogacademia\/?page_id=22478"},"modified":"2025-10-18T20:34:12","modified_gmt":"2025-10-18T18:34:12","slug":"mathema","status":"publish","type":"page","link":"https:\/\/www.rasc.es\/blogacademia\/?page_id=22478","title":{"rendered":"Mathema"},"content":{"rendered":"\t\t<div data-elementor-type=\"wp-page\" data-elementor-id=\"22478\" class=\"elementor elementor-22478\" data-elementor-post-type=\"page\">\n\t\t\t\t<div class=\"elementor-element elementor-element-f22a2f7 e-flex e-con-boxed e-con e-parent\" data-id=\"f22a2f7\" data-element_type=\"container\">\n\t\t\t\t\t<div class=\"e-con-inner\">\n\t\t\t\t<div class=\"elementor-element elementor-element-ee4f7a9 elementor--h-position-center elementor--v-position-middle elementor-arrows-position-inside elementor-pagination-position-inside elementor-widget elementor-widget-slides\" data-id=\"ee4f7a9\" data-element_type=\"widget\" data-settings=\"{&quot;navigation&quot;:&quot;both&quot;,&quot;autoplay&quot;:&quot;yes&quot;,&quot;pause_on_hover&quot;:&quot;yes&quot;,&quot;pause_on_interaction&quot;:&quot;yes&quot;,&quot;autoplay_speed&quot;:5000,&quot;infinite&quot;:&quot;yes&quot;,&quot;transition&quot;:&quot;slide&quot;,&quot;transition_speed&quot;:500}\" data-widget_type=\"slides.default\">\n\t\t\t\t<div class=\"elementor-widget-container\">\n\t\t\t\t\t\t\t\t\t<div class=\"elementor-swiper\">\n\t\t\t\t\t<div class=\"elementor-slides-wrapper elementor-main-swiper swiper\" role=\"region\" aria-roledescription=\"carousel\" aria-label=\"Diapositivas\" dir=\"ltr\" data-animation=\"fadeInUp\">\n\t\t\t\t<div class=\"swiper-wrapper elementor-slides\">\n\t\t\t\t\t\t\t\t\t\t<div class=\"elementor-repeater-item-572eb10 swiper-slide\" role=\"group\" aria-roledescription=\"slide\"><div class=\"swiper-slide-bg\" role=\"img\" aria-label=\"fractal2_544\"><\/div><div class=\"swiper-slide-inner\" ><div class=\"swiper-slide-contents\"><div class=\"elementor-slide-heading\">Mathema<\/div><\/div><\/div><\/div>\t\t\t\t<\/div>\n\t\t\t\t\t\t\t<\/div>\n\t\t\t\t<\/div>\n\t\t\t\t\t\t\t\t<\/div>\n\t\t\t\t<\/div>\n\t\t\t\t\t<\/div>\n\t\t\t\t<\/div>\n\t\t<div class=\"elementor-element elementor-element-ec1320d e-flex e-con-boxed e-con e-parent\" data-id=\"ec1320d\" data-element_type=\"container\">\n\t\t\t\t\t<div class=\"e-con-inner\">\n\t\t\t\t<div class=\"elementor-element elementor-element-afce390 elementor-widget elementor-widget-text-editor\" data-id=\"afce390\" data-element_type=\"widget\" data-widget_type=\"text-editor.default\">\n\t\t\t\t<div class=\"elementor-widget-container\">\n\t\t\t\t\t\t\t\t\t<p>La palabra griega <strong>mathema<\/strong> significa \u00ablo que se comprende\u00bb, en oposici\u00f3n a \u00ablo que meramente se percibe\u00bb. Dio origen al t\u00e9rmino matem\u00e1ticas, la ciencia que m\u00e1s que ciencia es un arte con aplicaciones. En esa diferencia entre comprender y percibir tuvo tambi\u00e9n su origen la palabra \u00abcosmos\u00bb. Ese t\u00e9rmino fue propuesto por Pit\u00e1goras \u2013o por un pitag\u00f3rico\u2013, para referirse a un universo ordenado, armonioso y, adem\u00e1s, entendible. Con el concepto de cosmos se origin\u00f3 el pensamiento cient\u00edfico, en cuanto meditaci\u00f3n racional sobre la naturaleza. El suponer que el universo es inteligible y que su comportamiento est\u00e1 regido por leyes cognoscibles y expresables en t\u00e9rminos matem\u00e1ticos fue un paso fundamental para el nacimiento de la ciencia. Algo que no pod\u00edamos dejar de tratar en este Blog, no en vano llevamos m\u00e1s de dos mil quinientos a\u00f1os conviviendo con esa idea genial y todav\u00eda deber\u00edamos ser capaces de maravillarnos con ella, como le ocurr\u00eda a Albert Einstein, que en una de sus citas m\u00e1s c\u00e9lebres escribi\u00f3: \u00abEl mayor misterio del mundo es que resulta comprensible\u00bb.<\/p>\t\t\t\t\t\t\t\t<\/div>\n\t\t\t\t<\/div>\n\t\t\t\t\t<\/div>\n\t\t\t\t<\/div>\n\t\t<div class=\"elementor-element elementor-element-15582a6 e-flex e-con-boxed e-con e-parent\" data-id=\"15582a6\" data-element_type=\"container\">\n\t\t\t\t\t<div class=\"e-con-inner\">\n\t\t<div class=\"elementor-element elementor-element-bbac423 e-con-full e-flex e-con e-child\" data-id=\"bbac423\" data-element_type=\"container\">\n\t\t\t\t<div class=\"elementor-element elementor-element-6d5a175 elementor-grid-1 elementor-posts--thumbnail-left elementor-hidden-tablet elementor-hidden-mobile elementor-grid-tablet-2 elementor-grid-mobile-1 elementor-widget elementor-widget-posts\" data-id=\"6d5a175\" data-element_type=\"widget\" data-settings=\"{&quot;classic_columns&quot;:&quot;1&quot;,&quot;pagination_type&quot;:&quot;load_more_infinite_scroll&quot;,&quot;classic_columns_tablet&quot;:&quot;2&quot;,&quot;classic_columns_mobile&quot;:&quot;1&quot;,&quot;classic_row_gap&quot;:{&quot;unit&quot;:&quot;px&quot;,&quot;size&quot;:35,&quot;sizes&quot;:[]},&quot;classic_row_gap_tablet&quot;:{&quot;unit&quot;:&quot;px&quot;,&quot;size&quot;:&quot;&quot;,&quot;sizes&quot;:[]},&quot;classic_row_gap_mobile&quot;:{&quot;unit&quot;:&quot;px&quot;,&quot;size&quot;:&quot;&quot;,&quot;sizes&quot;:[]},&quot;load_more_spinner&quot;:{&quot;value&quot;:&quot;fas fa-spinner&quot;,&quot;library&quot;:&quot;fa-solid&quot;}}\" data-widget_type=\"posts.classic\">\n\t\t\t\t<div class=\"elementor-widget-container\">\n\t\t\t\t\t\t\t<div class=\"elementor-posts-container elementor-posts elementor-posts--skin-classic elementor-grid\" role=\"list\">\n\t\t\t\t<article class=\"elementor-post elementor-grid-item post-24765 post type-post status-publish format-standard has-post-thumbnail hentry category-mathema\" role=\"listitem\">\n\t\t\t\t<a class=\"elementor-post__thumbnail__link\" href=\"https:\/\/www.rasc.es\/blogacademia\/?p=24765\" tabindex=\"-1\" >\n\t\t\t<div class=\"elementor-post__thumbnail\"><img fetchpriority=\"high\" decoding=\"async\" width=\"1536\" height=\"1024\" src=\"https:\/\/www.rasc.es\/blogacademia\/wp-content\/uploads\/2026\/02\/superficiePTyVN.png\" class=\"attachment-full size-full wp-image-24769\" alt=\"\" srcset=\"https:\/\/www.rasc.es\/blogacademia\/wp-content\/uploads\/2026\/02\/superficiePTyVN.png 1536w, https:\/\/www.rasc.es\/blogacademia\/wp-content\/uploads\/2026\/02\/superficiePTyVN-300x200.png 300w, https:\/\/www.rasc.es\/blogacademia\/wp-content\/uploads\/2026\/02\/superficiePTyVN-1024x683.png 1024w, https:\/\/www.rasc.es\/blogacademia\/wp-content\/uploads\/2026\/02\/superficiePTyVN-768x512.png 768w\" sizes=\"(max-width: 1536px) 100vw, 1536px\" \/><\/div>\n\t\t<\/a>\n\t\t\t\t<div class=\"elementor-post__text\">\n\t\t\t\t<h3 class=\"elementor-post__title\">\n\t\t\t<a href=\"https:\/\/www.rasc.es\/blogacademia\/?p=24765\" >\n\t\t\t\tRiemann y el camino hacia la relatividad general, I\t\t\t<\/a>\n\t\t<\/h3>\n\t\t\t\t<div class=\"elementor-post__meta-data\">\n\t\t\t\t\t<span class=\"elementor-post-author\">\n\t\t\tAntonio J. Dur\u00e1n\t\t<\/span>\n\t\t\t\t<span class=\"elementor-post-date\">\n\t\t\t24 marzo, 2026\t\t<\/span>\n\t\t\t\t<span class=\"elementor-post-avatar\">\n\t\t\tNo hay comentarios\t\t<\/span>\n\t\t\t\t<\/div>\n\t\t\t\t<div class=\"elementor-post__excerpt\">\n\t\t\t<p>El 17 de septiembre pr\u00f3ximo se van a cumplir 200 a\u00f1os del nacimiento de uno de los m\u00e1s grandes matem\u00e1ticos de la historia: Bernhard Riemann.<\/p>\n\t\t<\/div>\n\t\t\n\t\t<a class=\"elementor-post__read-more\" href=\"https:\/\/www.rasc.es\/blogacademia\/?p=24765\" aria-label=\"M\u00e1s informaci\u00f3n sobre Riemann y el camino hacia la relatividad general, I\" tabindex=\"-1\" >\n\t\t\tLeer m\u00e1s \u00bb\t\t<\/a>\n\n\t\t\t\t<\/div>\n\t\t\t\t<\/article>\n\t\t\t\t<article class=\"elementor-post elementor-grid-item post-24758 post type-post status-publish format-standard has-post-thumbnail hentry category-mathema tag-autosimilitud-y-autosemejanza tag-dimension-fractal tag-geometria-fractal\" role=\"listitem\">\n\t\t\t\t<a class=\"elementor-post__thumbnail__link\" href=\"https:\/\/www.rasc.es\/blogacademia\/?p=24758\" tabindex=\"-1\" >\n\t\t\t<div class=\"elementor-post__thumbnail\"><img decoding=\"async\" width=\"225\" height=\"224\" src=\"https:\/\/www.rasc.es\/blogacademia\/wp-content\/uploads\/2026\/02\/MasFractales_0.jpeg\" class=\"attachment-full size-full wp-image-24843\" alt=\"\" srcset=\"https:\/\/www.rasc.es\/blogacademia\/wp-content\/uploads\/2026\/02\/MasFractales_0.jpeg 225w, https:\/\/www.rasc.es\/blogacademia\/wp-content\/uploads\/2026\/02\/MasFractales_0-150x150.jpeg 150w\" sizes=\"(max-width: 225px) 100vw, 225px\" \/><\/div>\n\t\t<\/a>\n\t\t\t\t<div class=\"elementor-post__text\">\n\t\t\t\t<h3 class=\"elementor-post__title\">\n\t\t\t<a href=\"https:\/\/www.rasc.es\/blogacademia\/?p=24758\" >\n\t\t\t\tFractales por todas partes\t\t\t<\/a>\n\t\t<\/h3>\n\t\t\t\t<div class=\"elementor-post__meta-data\">\n\t\t\t\t\t<span class=\"elementor-post-author\">\n\t\t\tEnrique Fern\u00e1ndez-Cara\t\t<\/span>\n\t\t\t\t<span class=\"elementor-post-date\">\n\t\t\t3 marzo, 2026\t\t<\/span>\n\t\t\t\t<span class=\"elementor-post-avatar\">\n\t\t\tNo hay comentarios\t\t<\/span>\n\t\t\t\t<\/div>\n\t\t\t\t<div class=\"elementor-post__excerpt\">\n\t\t\t<p>Definici\u00f3n y ejemplos En t\u00e9rminos generales, se llama fractal a todo objeto geom\u00e9trico autosimilar (o autosemejante), esto es, tal que posee una \u00a0estructura que se<\/p>\n\t\t<\/div>\n\t\t\n\t\t<a class=\"elementor-post__read-more\" href=\"https:\/\/www.rasc.es\/blogacademia\/?p=24758\" aria-label=\"M\u00e1s informaci\u00f3n sobre Fractales por todas partes\" tabindex=\"-1\" >\n\t\t\tLeer m\u00e1s \u00bb\t\t<\/a>\n\n\t\t\t\t<\/div>\n\t\t\t\t<\/article>\n\t\t\t\t<article class=\"elementor-post elementor-grid-item post-24527 post type-post status-publish format-standard has-post-thumbnail hentry category-mathema\" role=\"listitem\">\n\t\t\t\t<a class=\"elementor-post__thumbnail__link\" href=\"https:\/\/www.rasc.es\/blogacademia\/?p=24527\" tabindex=\"-1\" >\n\t\t\t<div class=\"elementor-post__thumbnail\"><img decoding=\"async\" width=\"600\" height=\"401\" src=\"https:\/\/www.rasc.es\/blogacademia\/wp-content\/uploads\/2025\/12\/Fig0_LV.jpg\" class=\"attachment-full size-full wp-image-24528\" alt=\"\" srcset=\"https:\/\/www.rasc.es\/blogacademia\/wp-content\/uploads\/2025\/12\/Fig0_LV.jpg 600w, https:\/\/www.rasc.es\/blogacademia\/wp-content\/uploads\/2025\/12\/Fig0_LV-300x201.jpg 300w\" sizes=\"(max-width: 600px) 100vw, 600px\" \/><\/div>\n\t\t<\/a>\n\t\t\t\t<div class=\"elementor-post__text\">\n\t\t\t\t<h3 class=\"elementor-post__title\">\n\t\t\t<a href=\"https:\/\/www.rasc.es\/blogacademia\/?p=24527\" >\n\t\t\t\tLotka, Volterra y la din\u00e1mica de poblaciones\t\t\t<\/a>\n\t\t<\/h3>\n\t\t\t\t<div class=\"elementor-post__meta-data\">\n\t\t\t\t\t<span class=\"elementor-post-author\">\n\t\t\tEnrique Fern\u00e1ndez-Cara\t\t<\/span>\n\t\t\t\t<span class=\"elementor-post-date\">\n\t\t\t3 febrero, 2026\t\t<\/span>\n\t\t\t\t<span class=\"elementor-post-avatar\">\n\t\t\tNo hay comentarios\t\t<\/span>\n\t\t\t\t<\/div>\n\t\t\t\t<div class=\"elementor-post__excerpt\">\n\t\t\t<p>Vito Volterra Vito Volterra fue un matem\u00e1tico y f\u00edsico italiano. Realiz\u00f3 contribuciones valiosas en An\u00e1lisis Funcional, Ecuaciones Diferenciales e Integrales, Elasticidad y Biolog\u00eda Matem\u00e1tica. Volterra<\/p>\n\t\t<\/div>\n\t\t\n\t\t<a class=\"elementor-post__read-more\" href=\"https:\/\/www.rasc.es\/blogacademia\/?p=24527\" aria-label=\"M\u00e1s informaci\u00f3n sobre Lotka, Volterra y la din\u00e1mica de poblaciones\" tabindex=\"-1\" >\n\t\t\tLeer m\u00e1s \u00bb\t\t<\/a>\n\n\t\t\t\t<\/div>\n\t\t\t\t<\/article>\n\t\t\t\t<article class=\"elementor-post elementor-grid-item post-24424 post type-post status-publish format-standard has-post-thumbnail hentry category-mathema\" role=\"listitem\">\n\t\t\t\t<a class=\"elementor-post__thumbnail__link\" href=\"https:\/\/www.rasc.es\/blogacademia\/?p=24424\" tabindex=\"-1\" >\n\t\t\t<div class=\"elementor-post__thumbnail\"><img loading=\"lazy\" decoding=\"async\" width=\"260\" height=\"155\" src=\"https:\/\/www.rasc.es\/blogacademia\/wp-content\/uploads\/2025\/11\/Fire-6-e1763282413822.jpg\" class=\"attachment-full size-full wp-image-24464\" alt=\"\" \/><\/div>\n\t\t<\/a>\n\t\t\t\t<div class=\"elementor-post__text\">\n\t\t\t\t<h3 class=\"elementor-post__title\">\n\t\t\t<a href=\"https:\/\/www.rasc.es\/blogacademia\/?p=24424\" >\n\t\t\t\tMatem\u00e1ticas e incendios\t\t\t<\/a>\n\t\t<\/h3>\n\t\t\t\t<div class=\"elementor-post__meta-data\">\n\t\t\t\t\t<span class=\"elementor-post-author\">\n\t\t\tEnrique Fern\u00e1ndez-Cara\t\t<\/span>\n\t\t\t\t<span class=\"elementor-post-date\">\n\t\t\t16 diciembre, 2025\t\t<\/span>\n\t\t\t\t<span class=\"elementor-post-avatar\">\n\t\t\tNo hay comentarios\t\t<\/span>\n\t\t\t\t<\/div>\n\t\t\t\t<div class=\"elementor-post__excerpt\">\n\t\t\t<p>Esta Entrada se puede ver como una adaptaci\u00f3n y actualizaci\u00f3n de esta otra, publicada en 2020 en el Blog del Instituto de Matem\u00e1ticas de la<\/p>\n\t\t<\/div>\n\t\t\n\t\t<a class=\"elementor-post__read-more\" href=\"https:\/\/www.rasc.es\/blogacademia\/?p=24424\" aria-label=\"M\u00e1s informaci\u00f3n sobre Matem\u00e1ticas e incendios\" tabindex=\"-1\" >\n\t\t\tLeer m\u00e1s \u00bb\t\t<\/a>\n\n\t\t\t\t<\/div>\n\t\t\t\t<\/article>\n\t\t\t\t<article class=\"elementor-post elementor-grid-item post-24037 post type-post status-publish format-standard has-post-thumbnail hentry category-mathema\" role=\"listitem\">\n\t\t\t\t<a class=\"elementor-post__thumbnail__link\" href=\"https:\/\/www.rasc.es\/blogacademia\/?p=24037\" tabindex=\"-1\" >\n\t\t\t<div class=\"elementor-post__thumbnail\"><img loading=\"lazy\" decoding=\"async\" width=\"462\" height=\"367\" src=\"https:\/\/www.rasc.es\/blogacademia\/wp-content\/uploads\/2025\/08\/grafo-dos-colores-curvo.png\" class=\"attachment-full size-full wp-image-24060\" alt=\"\" srcset=\"https:\/\/www.rasc.es\/blogacademia\/wp-content\/uploads\/2025\/08\/grafo-dos-colores-curvo.png 462w, https:\/\/www.rasc.es\/blogacademia\/wp-content\/uploads\/2025\/08\/grafo-dos-colores-curvo-300x238.png 300w\" sizes=\"(max-width: 462px) 100vw, 462px\" \/><\/div>\n\t\t<\/a>\n\t\t\t\t<div class=\"elementor-post__text\">\n\t\t\t\t<h3 class=\"elementor-post__title\">\n\t\t\t<a href=\"https:\/\/www.rasc.es\/blogacademia\/?p=24037\" >\n\t\t\t\tColoreado de grafos\t\t\t<\/a>\n\t\t<\/h3>\n\t\t\t\t<div class=\"elementor-post__meta-data\">\n\t\t\t\t\t<span class=\"elementor-post-author\">\n\t\t\tJuan Luis Varona\t\t<\/span>\n\t\t\t\t<span class=\"elementor-post-date\">\n\t\t\t18 noviembre, 2025\t\t<\/span>\n\t\t\t\t<span class=\"elementor-post-avatar\">\n\t\t\tNo hay comentarios\t\t<\/span>\n\t\t\t\t<\/div>\n\t\t\t\t<div class=\"elementor-post__excerpt\">\n\t\t\t<p>La historia de la teor\u00eda de grafos comienza en 1736, cuando Leonhard Euler, en su art\u00edculo [1] escrito en lat\u00edn, resolvi\u00f3 el denominado problema de<\/p>\n\t\t<\/div>\n\t\t\n\t\t<a class=\"elementor-post__read-more\" href=\"https:\/\/www.rasc.es\/blogacademia\/?p=24037\" aria-label=\"M\u00e1s informaci\u00f3n sobre Coloreado de grafos\" tabindex=\"-1\" >\n\t\t\tLeer m\u00e1s \u00bb\t\t<\/a>\n\n\t\t\t\t<\/div>\n\t\t\t\t<\/article>\n\t\t\t\t<article class=\"elementor-post elementor-grid-item post-24129 post type-post status-publish format-standard has-post-thumbnail hentry category-mathema\" role=\"listitem\">\n\t\t\t\t<a class=\"elementor-post__thumbnail__link\" href=\"https:\/\/www.rasc.es\/blogacademia\/?p=24129\" tabindex=\"-1\" >\n\t\t\t<div class=\"elementor-post__thumbnail\"><img loading=\"lazy\" decoding=\"async\" width=\"600\" height=\"600\" src=\"https:\/\/www.rasc.es\/blogacademia\/wp-content\/uploads\/2025\/09\/image10-e1757958120898.jpg\" class=\"attachment-full size-full wp-image-24170\" alt=\"\" \/><\/div>\n\t\t<\/a>\n\t\t\t\t<div class=\"elementor-post__text\">\n\t\t\t\t<h3 class=\"elementor-post__title\">\n\t\t\t<a href=\"https:\/\/www.rasc.es\/blogacademia\/?p=24129\" >\n\t\t\t\tEl Museo Virtual de las Matem\u00e1ticas y la Imaginaci\u00f3n\t\t\t<\/a>\n\t\t<\/h3>\n\t\t\t\t<div class=\"elementor-post__meta-data\">\n\t\t\t\t\t<span class=\"elementor-post-author\">\n\t\t\tAubin Arroyo y Renato Iturriaga\t\t<\/span>\n\t\t\t\t<span class=\"elementor-post-date\">\n\t\t\t21 octubre, 2025\t\t<\/span>\n\t\t\t\t<span class=\"elementor-post-avatar\">\n\t\t\tNo hay comentarios\t\t<\/span>\n\t\t\t\t<\/div>\n\t\t\t\t<div class=\"elementor-post__excerpt\">\n\t\t\t<p>\u00abLa imaginaci\u00f3n tiene el valor pragm\u00e1tico de adelantarse a la lenta caravana del pensamiento bien ordenado y frecuentemente reconoce la realidad antes que su pesado<\/p>\n\t\t<\/div>\n\t\t\n\t\t<a class=\"elementor-post__read-more\" href=\"https:\/\/www.rasc.es\/blogacademia\/?p=24129\" aria-label=\"M\u00e1s informaci\u00f3n sobre El Museo Virtual de las Matem\u00e1ticas y la Imaginaci\u00f3n\" tabindex=\"-1\" >\n\t\t\tLeer m\u00e1s \u00bb\t\t<\/a>\n\n\t\t\t\t<\/div>\n\t\t\t\t<\/article>\n\t\t\t\t<article class=\"elementor-post elementor-grid-item post-24088 post type-post status-publish format-standard has-post-thumbnail hentry category-mathema\" role=\"listitem\">\n\t\t\t\t<a class=\"elementor-post__thumbnail__link\" href=\"https:\/\/www.rasc.es\/blogacademia\/?p=24088\" tabindex=\"-1\" >\n\t\t\t<div class=\"elementor-post__thumbnail\"><img loading=\"lazy\" decoding=\"async\" width=\"1667\" height=\"2560\" src=\"https:\/\/www.rasc.es\/blogacademia\/wp-content\/uploads\/2025\/09\/astronatura.jpg\" class=\"attachment-full size-full wp-image-24105\" alt=\"\" srcset=\"https:\/\/www.rasc.es\/blogacademia\/wp-content\/uploads\/2025\/09\/astronatura.jpg 1667w, https:\/\/www.rasc.es\/blogacademia\/wp-content\/uploads\/2025\/09\/astronatura-195x300.jpg 195w, https:\/\/www.rasc.es\/blogacademia\/wp-content\/uploads\/2025\/09\/astronatura-667x1024.jpg 667w, https:\/\/www.rasc.es\/blogacademia\/wp-content\/uploads\/2025\/09\/astronatura-768x1179.jpg 768w, https:\/\/www.rasc.es\/blogacademia\/wp-content\/uploads\/2025\/09\/astronatura-1000x1536.jpg 1000w, https:\/\/www.rasc.es\/blogacademia\/wp-content\/uploads\/2025\/09\/astronatura-1334x2048.jpg 1334w\" sizes=\"(max-width: 1667px) 100vw, 1667px\" \/><\/div>\n\t\t<\/a>\n\t\t\t\t<div class=\"elementor-post__text\">\n\t\t\t\t<h3 class=\"elementor-post__title\">\n\t\t\t<a href=\"https:\/\/www.rasc.es\/blogacademia\/?p=24088\" >\n\t\t\t\tLa ciencia y los poderes f\u00e1cticos (II)\t\t\t<\/a>\n\t\t<\/h3>\n\t\t\t\t<div class=\"elementor-post__meta-data\">\n\t\t\t\t\t<span class=\"elementor-post-author\">\n\t\t\tJos\u00e9 Luis de Justo Alpa\u00f1\u00e9s\t\t<\/span>\n\t\t\t\t<span class=\"elementor-post-date\">\n\t\t\t2 octubre, 2025\t\t<\/span>\n\t\t\t\t<span class=\"elementor-post-avatar\">\n\t\t\tNo hay comentarios\t\t<\/span>\n\t\t\t\t<\/div>\n\t\t\t\t<div class=\"elementor-post__excerpt\">\n\t\t\t<p>PARTE II: LA CIENCIA Y LOS PODERES F\u00c1CTICOS LA CIENCIA Y LOS REG\u00cdMENES TOTALITARIOS El ajuste fino del Universo El Universo, su g\u00e9nesis, su evoluci\u00f3n<\/p>\n\t\t<\/div>\n\t\t\n\t\t<a class=\"elementor-post__read-more\" href=\"https:\/\/www.rasc.es\/blogacademia\/?p=24088\" aria-label=\"M\u00e1s informaci\u00f3n sobre La ciencia y los poderes f\u00e1cticos (II)\" tabindex=\"-1\" >\n\t\t\tLeer m\u00e1s \u00bb\t\t<\/a>\n\n\t\t\t\t<\/div>\n\t\t\t\t<\/article>\n\t\t\t\t<article class=\"elementor-post elementor-grid-item post-24079 post type-post status-publish format-standard has-post-thumbnail hentry category-mathema\" role=\"listitem\">\n\t\t\t\t<a class=\"elementor-post__thumbnail__link\" href=\"https:\/\/www.rasc.es\/blogacademia\/?p=24079\" tabindex=\"-1\" >\n\t\t\t<div class=\"elementor-post__thumbnail\"><img loading=\"lazy\" decoding=\"async\" width=\"316\" height=\"227\" src=\"https:\/\/www.rasc.es\/blogacademia\/wp-content\/uploads\/2025\/09\/GalileoJ.jpg\" class=\"attachment-full size-full wp-image-24094\" alt=\"\" srcset=\"https:\/\/www.rasc.es\/blogacademia\/wp-content\/uploads\/2025\/09\/GalileoJ.jpg 316w, https:\/\/www.rasc.es\/blogacademia\/wp-content\/uploads\/2025\/09\/GalileoJ-300x216.jpg 300w\" sizes=\"(max-width: 316px) 100vw, 316px\" \/><\/div>\n\t\t<\/a>\n\t\t\t\t<div class=\"elementor-post__text\">\n\t\t\t\t<h3 class=\"elementor-post__title\">\n\t\t\t<a href=\"https:\/\/www.rasc.es\/blogacademia\/?p=24079\" >\n\t\t\t\tLa ciencia y los poderes f\u00e1cticos (I)\t\t\t<\/a>\n\t\t<\/h3>\n\t\t\t\t<div class=\"elementor-post__meta-data\">\n\t\t\t\t\t<span class=\"elementor-post-author\">\n\t\t\tJos\u00e9 Luis de Justo Alpa\u00f1\u00e9s\t\t<\/span>\n\t\t\t\t<span class=\"elementor-post-date\">\n\t\t\t30 septiembre, 2025\t\t<\/span>\n\t\t\t\t<span class=\"elementor-post-avatar\">\n\t\t\tNo hay comentarios\t\t<\/span>\n\t\t\t\t<\/div>\n\t\t\t\t<div class=\"elementor-post__excerpt\">\n\t\t\t<p>PARTE I: CIENCIA Y RELIGI\u00d3N\u00a0 Primeras teor\u00edas sobre el Universo La\u00a0teor\u00eda geoc\u00e9ntrica\u00a0es una\u00a0teor\u00eda astron\u00f3mica que sit\u00faa a la Tierra en el centro del Universo, y<\/p>\n\t\t<\/div>\n\t\t\n\t\t<a class=\"elementor-post__read-more\" href=\"https:\/\/www.rasc.es\/blogacademia\/?p=24079\" aria-label=\"M\u00e1s informaci\u00f3n sobre La ciencia y los poderes f\u00e1cticos (I)\" tabindex=\"-1\" >\n\t\t\tLeer m\u00e1s \u00bb\t\t<\/a>\n\n\t\t\t\t<\/div>\n\t\t\t\t<\/article>\n\t\t\t\t<article class=\"elementor-post elementor-grid-item post-23936 post type-post status-publish format-standard has-post-thumbnail hentry category-mathema tag-algoritmos tag-cubo-magico tag-permutaciones\" role=\"listitem\">\n\t\t\t\t<a class=\"elementor-post__thumbnail__link\" href=\"https:\/\/www.rasc.es\/blogacademia\/?p=23936\" tabindex=\"-1\" >\n\t\t\t<div class=\"elementor-post__thumbnail\"><img loading=\"lazy\" decoding=\"async\" width=\"800\" height=\"834\" src=\"https:\/\/www.rasc.es\/blogacademia\/wp-content\/uploads\/2025\/07\/Cubo_Rubik_2-e1751644828463.png\" class=\"attachment-full size-full wp-image-23958\" alt=\"\" \/><\/div>\n\t\t<\/a>\n\t\t\t\t<div class=\"elementor-post__text\">\n\t\t\t\t<h3 class=\"elementor-post__title\">\n\t\t\t<a href=\"https:\/\/www.rasc.es\/blogacademia\/?p=23936\" >\n\t\t\t\tEl cubo de Rubik\t\t\t<\/a>\n\t\t<\/h3>\n\t\t\t\t<div class=\"elementor-post__meta-data\">\n\t\t\t\t\t<span class=\"elementor-post-author\">\n\t\t\tEnrique Fern\u00e1ndez-Cara\t\t<\/span>\n\t\t\t\t<span class=\"elementor-post-date\">\n\t\t\t15 julio, 2025\t\t<\/span>\n\t\t\t\t<span class=\"elementor-post-avatar\">\n\t\t\tNo hay comentarios\t\t<\/span>\n\t\t\t\t<\/div>\n\t\t\t\t<div class=\"elementor-post__excerpt\">\n\t\t\t<p>Descripci\u00f3n e historia El cubo de Rubik es un rompecabezas mec\u00e1nico tridimensional creado por el escultor y profesor de arquitectura h\u00fangaro Ern\u00f6 Rubik en 1974.<\/p>\n\t\t<\/div>\n\t\t\n\t\t<a class=\"elementor-post__read-more\" href=\"https:\/\/www.rasc.es\/blogacademia\/?p=23936\" aria-label=\"M\u00e1s informaci\u00f3n sobre El cubo de Rubik\" tabindex=\"-1\" >\n\t\t\tLeer m\u00e1s \u00bb\t\t<\/a>\n\n\t\t\t\t<\/div>\n\t\t\t\t<\/article>\n\t\t\t\t<article class=\"elementor-post elementor-grid-item post-23789 post type-post status-publish format-standard has-post-thumbnail hentry category-mathema\" role=\"listitem\">\n\t\t\t\t<a class=\"elementor-post__thumbnail__link\" href=\"https:\/\/www.rasc.es\/blogacademia\/?p=23789\" tabindex=\"-1\" >\n\t\t\t<div class=\"elementor-post__thumbnail\"><img loading=\"lazy\" decoding=\"async\" width=\"427\" height=\"450\" src=\"https:\/\/www.rasc.es\/blogacademia\/wp-content\/uploads\/2025\/06\/Fig6.jpg\" class=\"attachment-full size-full wp-image-23797\" alt=\"\" srcset=\"https:\/\/www.rasc.es\/blogacademia\/wp-content\/uploads\/2025\/06\/Fig6.jpg 427w, https:\/\/www.rasc.es\/blogacademia\/wp-content\/uploads\/2025\/06\/Fig6-285x300.jpg 285w\" sizes=\"(max-width: 427px) 100vw, 427px\" \/><\/div>\n\t\t<\/a>\n\t\t\t\t<div class=\"elementor-post__text\">\n\t\t\t\t<h3 class=\"elementor-post__title\">\n\t\t\t<a href=\"https:\/\/www.rasc.es\/blogacademia\/?p=23789\" >\n\t\t\t\tLa ciencia de los nudos\t\t\t<\/a>\n\t\t<\/h3>\n\t\t\t\t<div class=\"elementor-post__meta-data\">\n\t\t\t\t\t<span class=\"elementor-post-author\">\n\t\t\tMarithania Silvero\t\t<\/span>\n\t\t\t\t<span class=\"elementor-post-date\">\n\t\t\t17 junio, 2025\t\t<\/span>\n\t\t\t\t<span class=\"elementor-post-avatar\">\n\t\t\tNo hay comentarios\t\t<\/span>\n\t\t\t\t<\/div>\n\t\t\t\t<div class=\"elementor-post__excerpt\">\n\t\t\t<p>En ocasiones, para poder entender los avances m\u00e1s significativos en un \u00e1rea de las Matem\u00e1ticas es necesario haber dedicado mucho tiempo y esfuerzo hasta llegar<\/p>\n\t\t<\/div>\n\t\t\n\t\t<a class=\"elementor-post__read-more\" href=\"https:\/\/www.rasc.es\/blogacademia\/?p=23789\" aria-label=\"M\u00e1s informaci\u00f3n sobre La ciencia de los nudos\" tabindex=\"-1\" >\n\t\t\tLeer m\u00e1s \u00bb\t\t<\/a>\n\n\t\t\t\t<\/div>\n\t\t\t\t<\/article>\n\t\t\t\t<article class=\"elementor-post elementor-grid-item post-23603 post type-post status-publish format-standard has-post-thumbnail hentry category-mathema tag-criptografia-post-cuantica tag-presentaciones-de-grupos\" role=\"listitem\">\n\t\t\t\t<a class=\"elementor-post__thumbnail__link\" href=\"https:\/\/www.rasc.es\/blogacademia\/?p=23603\" tabindex=\"-1\" >\n\t\t\t<div class=\"elementor-post__thumbnail\"><img loading=\"lazy\" decoding=\"async\" width=\"286\" height=\"176\" src=\"https:\/\/www.rasc.es\/blogacademia\/wp-content\/uploads\/2025\/04\/cripto.jpeg\" class=\"attachment-full size-full wp-image-23613\" alt=\"\" \/><\/div>\n\t\t<\/a>\n\t\t\t\t<div class=\"elementor-post__text\">\n\t\t\t\t<h3 class=\"elementor-post__title\">\n\t\t\t<a href=\"https:\/\/www.rasc.es\/blogacademia\/?p=23603\" >\n\t\t\t\tHablemos de criptograf\u00eda\t\t\t<\/a>\n\t\t<\/h3>\n\t\t\t\t<div class=\"elementor-post__meta-data\">\n\t\t\t\t\t<span class=\"elementor-post-author\">\n\t\t\tRam\u00f3n Flores\t\t<\/span>\n\t\t\t\t<span class=\"elementor-post-date\">\n\t\t\t20 mayo, 2025\t\t<\/span>\n\t\t\t\t<span class=\"elementor-post-avatar\">\n\t\t\tNo hay comentarios\t\t<\/span>\n\t\t\t\t<\/div>\n\t\t\t\t<div class=\"elementor-post__excerpt\">\n\t\t\t<p>La palabra \u201ccriptograf\u00eda\u201d tiene sus or\u00edgenes en la lengua griega, y funde los t\u00e9rminos kryptos, que quiere decir oculto, y grapho, que significa escribir. As\u00ed,<\/p>\n\t\t<\/div>\n\t\t\n\t\t<a class=\"elementor-post__read-more\" href=\"https:\/\/www.rasc.es\/blogacademia\/?p=23603\" aria-label=\"M\u00e1s informaci\u00f3n sobre Hablemos de criptograf\u00eda\" tabindex=\"-1\" >\n\t\t\tLeer m\u00e1s \u00bb\t\t<\/a>\n\n\t\t\t\t<\/div>\n\t\t\t\t<\/article>\n\t\t\t\t<article class=\"elementor-post elementor-grid-item post-22877 post type-post status-publish format-standard has-post-thumbnail hentry category-mathema tag-epidemias tag-sir\" role=\"listitem\">\n\t\t\t\t<a class=\"elementor-post__thumbnail__link\" href=\"https:\/\/www.rasc.es\/blogacademia\/?p=22877\" tabindex=\"-1\" >\n\t\t\t<div class=\"elementor-post__thumbnail\"><img loading=\"lazy\" decoding=\"async\" width=\"1200\" height=\"675\" src=\"https:\/\/www.rasc.es\/blogacademia\/wp-content\/uploads\/2025\/03\/GettyImages.png\" class=\"attachment-full size-full wp-image-23004\" alt=\"\" srcset=\"https:\/\/www.rasc.es\/blogacademia\/wp-content\/uploads\/2025\/03\/GettyImages.png 1200w, https:\/\/www.rasc.es\/blogacademia\/wp-content\/uploads\/2025\/03\/GettyImages-300x169.png 300w, https:\/\/www.rasc.es\/blogacademia\/wp-content\/uploads\/2025\/03\/GettyImages-1024x576.png 1024w, https:\/\/www.rasc.es\/blogacademia\/wp-content\/uploads\/2025\/03\/GettyImages-768x432.png 768w\" sizes=\"(max-width: 1200px) 100vw, 1200px\" \/><\/div>\n\t\t<\/a>\n\t\t\t\t<div class=\"elementor-post__text\">\n\t\t\t\t<h3 class=\"elementor-post__title\">\n\t\t\t<a href=\"https:\/\/www.rasc.es\/blogacademia\/?p=22877\" >\n\t\t\t\tModelando y describiendo epidemias\t\t\t<\/a>\n\t\t<\/h3>\n\t\t\t\t<div class=\"elementor-post__meta-data\">\n\t\t\t\t\t<span class=\"elementor-post-author\">\n\t\t\tEnrique Fern\u00e1ndez-Cara\t\t<\/span>\n\t\t\t\t<span class=\"elementor-post-date\">\n\t\t\t22 abril, 2025\t\t<\/span>\n\t\t\t\t<span class=\"elementor-post-avatar\">\n\t\t\tNo hay comentarios\t\t<\/span>\n\t\t\t\t<\/div>\n\t\t\t\t<div class=\"elementor-post__excerpt\">\n\t\t\t<p>Una epidemia es un estado de salud comunitaria que aparece cuando una enfermedad infecta a un n\u00famero de individuos superior al esperado en el colectivo<\/p>\n\t\t<\/div>\n\t\t\n\t\t<a class=\"elementor-post__read-more\" href=\"https:\/\/www.rasc.es\/blogacademia\/?p=22877\" aria-label=\"M\u00e1s informaci\u00f3n sobre Modelando y describiendo epidemias\" tabindex=\"-1\" >\n\t\t\tLeer m\u00e1s \u00bb\t\t<\/a>\n\n\t\t\t\t<\/div>\n\t\t\t\t<\/article>\n\t\t\t\t<article class=\"elementor-post elementor-grid-item post-22885 post type-post status-publish format-standard has-post-thumbnail hentry category-mathema\" role=\"listitem\">\n\t\t\t\t<a class=\"elementor-post__thumbnail__link\" href=\"https:\/\/www.rasc.es\/blogacademia\/?p=22885\" tabindex=\"-1\" >\n\t\t\t<div class=\"elementor-post__thumbnail\"><img loading=\"lazy\" decoding=\"async\" width=\"1171\" height=\"838\" src=\"https:\/\/www.rasc.es\/blogacademia\/wp-content\/uploads\/2025\/03\/escher2-1.jpg\" class=\"attachment-full size-full wp-image-23304\" alt=\"\" srcset=\"https:\/\/www.rasc.es\/blogacademia\/wp-content\/uploads\/2025\/03\/escher2-1.jpg 1171w, https:\/\/www.rasc.es\/blogacademia\/wp-content\/uploads\/2025\/03\/escher2-1-300x215.jpg 300w, https:\/\/www.rasc.es\/blogacademia\/wp-content\/uploads\/2025\/03\/escher2-1-1024x733.jpg 1024w, https:\/\/www.rasc.es\/blogacademia\/wp-content\/uploads\/2025\/03\/escher2-1-768x550.jpg 768w\" sizes=\"(max-width: 1171px) 100vw, 1171px\" \/><\/div>\n\t\t<\/a>\n\t\t\t\t<div class=\"elementor-post__text\">\n\t\t\t\t<h3 class=\"elementor-post__title\">\n\t\t\t<a href=\"https:\/\/www.rasc.es\/blogacademia\/?p=22885\" >\n\t\t\t\tPor qu\u00e9 son raras las matem\u00e1ticas\t\t\t<\/a>\n\t\t<\/h3>\n\t\t\t\t<div class=\"elementor-post__meta-data\">\n\t\t\t\t\t<span class=\"elementor-post-author\">\n\t\t\tAntonio J. Dur\u00e1n\t\t<\/span>\n\t\t\t\t<span class=\"elementor-post-date\">\n\t\t\t28 marzo, 2025\t\t<\/span>\n\t\t\t\t<span class=\"elementor-post-avatar\">\n\t\t\tNo hay comentarios\t\t<\/span>\n\t\t\t\t<\/div>\n\t\t\t\t<div class=\"elementor-post__excerpt\">\n\t\t\t<p>Se suele o\u00edr por ah\u00ed que las matem\u00e1ticas son raras, incluso a veces que son monstruosamente raras. Ya se sabe que el sue\u00f1o de la<\/p>\n\t\t<\/div>\n\t\t\n\t\t<a class=\"elementor-post__read-more\" href=\"https:\/\/www.rasc.es\/blogacademia\/?p=22885\" aria-label=\"M\u00e1s informaci\u00f3n sobre Por qu\u00e9 son raras las matem\u00e1ticas\" tabindex=\"-1\" >\n\t\t\tLeer m\u00e1s \u00bb\t\t<\/a>\n\n\t\t\t\t<\/div>\n\t\t\t\t<\/article>\n\t\t\t\t<\/div>\n\t\t\t\t\t<span class=\"e-load-more-spinner\">\n\t\t\t\t<svg aria-hidden=\"true\" class=\"e-font-icon-svg e-fas-spinner\" viewBox=\"0 0 512 512\" xmlns=\"http:\/\/www.w3.org\/2000\/svg\"><path d=\"M304 48c0 26.51-21.49 48-48 48s-48-21.49-48-48 21.49-48 48-48 48 21.49 48 48zm-48 368c-26.51 0-48 21.49-48 48s21.49 48 48 48 48-21.49 48-48-21.49-48-48-48zm208-208c-26.51 0-48 21.49-48 48s21.49 48 48 48 48-21.49 48-48-21.49-48-48-48zM96 256c0-26.51-21.49-48-48-48S0 229.49 0 256s21.49 48 48 48 48-21.49 48-48zm12.922 99.078c-26.51 0-48 21.49-48 48s21.49 48 48 48 48-21.49 48-48c0-26.509-21.491-48-48-48zm294.156 0c-26.51 0-48 21.49-48 48s21.49 48 48 48 48-21.49 48-48c0-26.509-21.49-48-48-48zM108.922 60.922c-26.51 0-48 21.49-48 48s21.49 48 48 48 48-21.49 48-48-21.491-48-48-48z\"><\/path><\/svg>\t\t\t<\/span>\n\t\t\n\t\t\t\t\t\t<\/div>\n\t\t\t\t<\/div>\n\t\t\t\t<div class=\"elementor-element elementor-element-a28cab0 elementor-grid-1 elementor-hidden-desktop elementor-grid-tablet-2 elementor-grid-mobile-1 elementor-posts--thumbnail-top elementor-widget elementor-widget-posts\" data-id=\"a28cab0\" data-element_type=\"widget\" data-settings=\"{&quot;classic_columns&quot;:&quot;1&quot;,&quot;classic_columns_tablet&quot;:&quot;2&quot;,&quot;classic_columns_mobile&quot;:&quot;1&quot;,&quot;classic_row_gap&quot;:{&quot;unit&quot;:&quot;px&quot;,&quot;size&quot;:35,&quot;sizes&quot;:[]},&quot;classic_row_gap_tablet&quot;:{&quot;unit&quot;:&quot;px&quot;,&quot;size&quot;:&quot;&quot;,&quot;sizes&quot;:[]},&quot;classic_row_gap_mobile&quot;:{&quot;unit&quot;:&quot;px&quot;,&quot;size&quot;:&quot;&quot;,&quot;sizes&quot;:[]}}\" data-widget_type=\"posts.classic\">\n\t\t\t\t<div class=\"elementor-widget-container\">\n\t\t\t\t\t\t\t<div class=\"elementor-posts-container elementor-posts elementor-posts--skin-classic elementor-grid\" role=\"list\">\n\t\t\t\t<article class=\"elementor-post elementor-grid-item post-24765 post type-post status-publish format-standard has-post-thumbnail hentry category-mathema\" role=\"listitem\">\n\t\t\t\t<a class=\"elementor-post__thumbnail__link\" href=\"https:\/\/www.rasc.es\/blogacademia\/?p=24765\" tabindex=\"-1\" >\n\t\t\t<div class=\"elementor-post__thumbnail\"><img fetchpriority=\"high\" decoding=\"async\" width=\"1536\" height=\"1024\" src=\"https:\/\/www.rasc.es\/blogacademia\/wp-content\/uploads\/2026\/02\/superficiePTyVN.png\" class=\"attachment-full size-full wp-image-24769\" alt=\"\" srcset=\"https:\/\/www.rasc.es\/blogacademia\/wp-content\/uploads\/2026\/02\/superficiePTyVN.png 1536w, https:\/\/www.rasc.es\/blogacademia\/wp-content\/uploads\/2026\/02\/superficiePTyVN-300x200.png 300w, https:\/\/www.rasc.es\/blogacademia\/wp-content\/uploads\/2026\/02\/superficiePTyVN-1024x683.png 1024w, https:\/\/www.rasc.es\/blogacademia\/wp-content\/uploads\/2026\/02\/superficiePTyVN-768x512.png 768w\" sizes=\"(max-width: 1536px) 100vw, 1536px\" \/><\/div>\n\t\t<\/a>\n\t\t\t\t<div class=\"elementor-post__text\">\n\t\t\t\t<h3 class=\"elementor-post__title\">\n\t\t\t<a href=\"https:\/\/www.rasc.es\/blogacademia\/?p=24765\" >\n\t\t\t\tRiemann y el camino hacia la relatividad general, I\t\t\t<\/a>\n\t\t<\/h3>\n\t\t\t\t<div class=\"elementor-post__meta-data\">\n\t\t\t\t\t<span class=\"elementor-post-author\">\n\t\t\tAntonio J. Dur\u00e1n\t\t<\/span>\n\t\t\t\t<span class=\"elementor-post-date\">\n\t\t\t24 marzo, 2026\t\t<\/span>\n\t\t\t\t<span class=\"elementor-post-avatar\">\n\t\t\tNo hay comentarios\t\t<\/span>\n\t\t\t\t<\/div>\n\t\t\t\t<div class=\"elementor-post__excerpt\">\n\t\t\t<p>El 17 de septiembre pr\u00f3ximo se van a cumplir 200 a\u00f1os del nacimiento de uno de los m\u00e1s grandes matem\u00e1ticos de la historia: Bernhard Riemann.<\/p>\n\t\t<\/div>\n\t\t\n\t\t<a class=\"elementor-post__read-more\" href=\"https:\/\/www.rasc.es\/blogacademia\/?p=24765\" aria-label=\"M\u00e1s informaci\u00f3n sobre Riemann y el camino hacia la relatividad general, I\" tabindex=\"-1\" >\n\t\t\tLeer m\u00e1s \u00bb\t\t<\/a>\n\n\t\t\t\t<\/div>\n\t\t\t\t<\/article>\n\t\t\t\t<article class=\"elementor-post elementor-grid-item post-24758 post type-post status-publish format-standard has-post-thumbnail hentry category-mathema tag-autosimilitud-y-autosemejanza tag-dimension-fractal tag-geometria-fractal\" role=\"listitem\">\n\t\t\t\t<a class=\"elementor-post__thumbnail__link\" href=\"https:\/\/www.rasc.es\/blogacademia\/?p=24758\" tabindex=\"-1\" >\n\t\t\t<div class=\"elementor-post__thumbnail\"><img decoding=\"async\" width=\"225\" height=\"224\" src=\"https:\/\/www.rasc.es\/blogacademia\/wp-content\/uploads\/2026\/02\/MasFractales_0.jpeg\" class=\"attachment-full size-full wp-image-24843\" alt=\"\" srcset=\"https:\/\/www.rasc.es\/blogacademia\/wp-content\/uploads\/2026\/02\/MasFractales_0.jpeg 225w, https:\/\/www.rasc.es\/blogacademia\/wp-content\/uploads\/2026\/02\/MasFractales_0-150x150.jpeg 150w\" sizes=\"(max-width: 225px) 100vw, 225px\" \/><\/div>\n\t\t<\/a>\n\t\t\t\t<div class=\"elementor-post__text\">\n\t\t\t\t<h3 class=\"elementor-post__title\">\n\t\t\t<a href=\"https:\/\/www.rasc.es\/blogacademia\/?p=24758\" >\n\t\t\t\tFractales por todas partes\t\t\t<\/a>\n\t\t<\/h3>\n\t\t\t\t<div class=\"elementor-post__meta-data\">\n\t\t\t\t\t<span class=\"elementor-post-author\">\n\t\t\tEnrique Fern\u00e1ndez-Cara\t\t<\/span>\n\t\t\t\t<span class=\"elementor-post-date\">\n\t\t\t3 marzo, 2026\t\t<\/span>\n\t\t\t\t<span class=\"elementor-post-avatar\">\n\t\t\tNo hay comentarios\t\t<\/span>\n\t\t\t\t<\/div>\n\t\t\t\t<div class=\"elementor-post__excerpt\">\n\t\t\t<p>Definici\u00f3n y ejemplos En t\u00e9rminos generales, se llama fractal a todo objeto geom\u00e9trico autosimilar (o autosemejante), esto es, tal que posee una \u00a0estructura que se<\/p>\n\t\t<\/div>\n\t\t\n\t\t<a class=\"elementor-post__read-more\" href=\"https:\/\/www.rasc.es\/blogacademia\/?p=24758\" aria-label=\"M\u00e1s informaci\u00f3n sobre Fractales por todas partes\" tabindex=\"-1\" >\n\t\t\tLeer m\u00e1s \u00bb\t\t<\/a>\n\n\t\t\t\t<\/div>\n\t\t\t\t<\/article>\n\t\t\t\t<article class=\"elementor-post elementor-grid-item post-24527 post type-post status-publish format-standard has-post-thumbnail hentry category-mathema\" role=\"listitem\">\n\t\t\t\t<a class=\"elementor-post__thumbnail__link\" href=\"https:\/\/www.rasc.es\/blogacademia\/?p=24527\" tabindex=\"-1\" >\n\t\t\t<div class=\"elementor-post__thumbnail\"><img decoding=\"async\" width=\"600\" height=\"401\" src=\"https:\/\/www.rasc.es\/blogacademia\/wp-content\/uploads\/2025\/12\/Fig0_LV.jpg\" class=\"attachment-full size-full wp-image-24528\" alt=\"\" srcset=\"https:\/\/www.rasc.es\/blogacademia\/wp-content\/uploads\/2025\/12\/Fig0_LV.jpg 600w, https:\/\/www.rasc.es\/blogacademia\/wp-content\/uploads\/2025\/12\/Fig0_LV-300x201.jpg 300w\" sizes=\"(max-width: 600px) 100vw, 600px\" \/><\/div>\n\t\t<\/a>\n\t\t\t\t<div class=\"elementor-post__text\">\n\t\t\t\t<h3 class=\"elementor-post__title\">\n\t\t\t<a href=\"https:\/\/www.rasc.es\/blogacademia\/?p=24527\" >\n\t\t\t\tLotka, Volterra y la din\u00e1mica de poblaciones\t\t\t<\/a>\n\t\t<\/h3>\n\t\t\t\t<div class=\"elementor-post__meta-data\">\n\t\t\t\t\t<span class=\"elementor-post-author\">\n\t\t\tEnrique Fern\u00e1ndez-Cara\t\t<\/span>\n\t\t\t\t<span class=\"elementor-post-date\">\n\t\t\t3 febrero, 2026\t\t<\/span>\n\t\t\t\t<span class=\"elementor-post-avatar\">\n\t\t\tNo hay comentarios\t\t<\/span>\n\t\t\t\t<\/div>\n\t\t\t\t<div class=\"elementor-post__excerpt\">\n\t\t\t<p>Vito Volterra Vito Volterra fue un matem\u00e1tico y f\u00edsico italiano. Realiz\u00f3 contribuciones valiosas en An\u00e1lisis Funcional, Ecuaciones Diferenciales e Integrales, Elasticidad y Biolog\u00eda Matem\u00e1tica. Volterra<\/p>\n\t\t<\/div>\n\t\t\n\t\t<a class=\"elementor-post__read-more\" href=\"https:\/\/www.rasc.es\/blogacademia\/?p=24527\" aria-label=\"M\u00e1s informaci\u00f3n sobre Lotka, Volterra y la din\u00e1mica de poblaciones\" tabindex=\"-1\" >\n\t\t\tLeer m\u00e1s \u00bb\t\t<\/a>\n\n\t\t\t\t<\/div>\n\t\t\t\t<\/article>\n\t\t\t\t<article class=\"elementor-post elementor-grid-item post-24424 post type-post status-publish format-standard has-post-thumbnail hentry category-mathema\" role=\"listitem\">\n\t\t\t\t<a class=\"elementor-post__thumbnail__link\" href=\"https:\/\/www.rasc.es\/blogacademia\/?p=24424\" tabindex=\"-1\" >\n\t\t\t<div class=\"elementor-post__thumbnail\"><img loading=\"lazy\" decoding=\"async\" width=\"260\" height=\"155\" src=\"https:\/\/www.rasc.es\/blogacademia\/wp-content\/uploads\/2025\/11\/Fire-6-e1763282413822.jpg\" class=\"attachment-full size-full wp-image-24464\" alt=\"\" \/><\/div>\n\t\t<\/a>\n\t\t\t\t<div class=\"elementor-post__text\">\n\t\t\t\t<h3 class=\"elementor-post__title\">\n\t\t\t<a href=\"https:\/\/www.rasc.es\/blogacademia\/?p=24424\" >\n\t\t\t\tMatem\u00e1ticas e incendios\t\t\t<\/a>\n\t\t<\/h3>\n\t\t\t\t<div class=\"elementor-post__meta-data\">\n\t\t\t\t\t<span class=\"elementor-post-author\">\n\t\t\tEnrique Fern\u00e1ndez-Cara\t\t<\/span>\n\t\t\t\t<span class=\"elementor-post-date\">\n\t\t\t16 diciembre, 2025\t\t<\/span>\n\t\t\t\t<span class=\"elementor-post-avatar\">\n\t\t\tNo hay comentarios\t\t<\/span>\n\t\t\t\t<\/div>\n\t\t\t\t<div class=\"elementor-post__excerpt\">\n\t\t\t<p>Esta Entrada se puede ver como una adaptaci\u00f3n y actualizaci\u00f3n de esta otra, publicada en 2020 en el Blog del Instituto de Matem\u00e1ticas de la<\/p>\n\t\t<\/div>\n\t\t\n\t\t<a class=\"elementor-post__read-more\" href=\"https:\/\/www.rasc.es\/blogacademia\/?p=24424\" aria-label=\"M\u00e1s informaci\u00f3n sobre Matem\u00e1ticas e incendios\" tabindex=\"-1\" >\n\t\t\tLeer m\u00e1s \u00bb\t\t<\/a>\n\n\t\t\t\t<\/div>\n\t\t\t\t<\/article>\n\t\t\t\t<article class=\"elementor-post elementor-grid-item post-24037 post type-post status-publish format-standard has-post-thumbnail hentry category-mathema\" role=\"listitem\">\n\t\t\t\t<a class=\"elementor-post__thumbnail__link\" href=\"https:\/\/www.rasc.es\/blogacademia\/?p=24037\" tabindex=\"-1\" >\n\t\t\t<div class=\"elementor-post__thumbnail\"><img loading=\"lazy\" decoding=\"async\" width=\"462\" height=\"367\" src=\"https:\/\/www.rasc.es\/blogacademia\/wp-content\/uploads\/2025\/08\/grafo-dos-colores-curvo.png\" class=\"attachment-full size-full wp-image-24060\" alt=\"\" srcset=\"https:\/\/www.rasc.es\/blogacademia\/wp-content\/uploads\/2025\/08\/grafo-dos-colores-curvo.png 462w, https:\/\/www.rasc.es\/blogacademia\/wp-content\/uploads\/2025\/08\/grafo-dos-colores-curvo-300x238.png 300w\" sizes=\"(max-width: 462px) 100vw, 462px\" \/><\/div>\n\t\t<\/a>\n\t\t\t\t<div class=\"elementor-post__text\">\n\t\t\t\t<h3 class=\"elementor-post__title\">\n\t\t\t<a href=\"https:\/\/www.rasc.es\/blogacademia\/?p=24037\" >\n\t\t\t\tColoreado de grafos\t\t\t<\/a>\n\t\t<\/h3>\n\t\t\t\t<div class=\"elementor-post__meta-data\">\n\t\t\t\t\t<span class=\"elementor-post-author\">\n\t\t\tJuan Luis Varona\t\t<\/span>\n\t\t\t\t<span class=\"elementor-post-date\">\n\t\t\t18 noviembre, 2025\t\t<\/span>\n\t\t\t\t<span class=\"elementor-post-avatar\">\n\t\t\tNo hay comentarios\t\t<\/span>\n\t\t\t\t<\/div>\n\t\t\t\t<div class=\"elementor-post__excerpt\">\n\t\t\t<p>La historia de la teor\u00eda de grafos comienza en 1736, cuando Leonhard Euler, en su art\u00edculo [1] escrito en lat\u00edn, resolvi\u00f3 el denominado problema de<\/p>\n\t\t<\/div>\n\t\t\n\t\t<a class=\"elementor-post__read-more\" href=\"https:\/\/www.rasc.es\/blogacademia\/?p=24037\" aria-label=\"M\u00e1s informaci\u00f3n sobre Coloreado de grafos\" tabindex=\"-1\" >\n\t\t\tLeer m\u00e1s \u00bb\t\t<\/a>\n\n\t\t\t\t<\/div>\n\t\t\t\t<\/article>\n\t\t\t\t<article class=\"elementor-post elementor-grid-item post-24129 post type-post status-publish format-standard has-post-thumbnail hentry category-mathema\" role=\"listitem\">\n\t\t\t\t<a class=\"elementor-post__thumbnail__link\" href=\"https:\/\/www.rasc.es\/blogacademia\/?p=24129\" tabindex=\"-1\" >\n\t\t\t<div class=\"elementor-post__thumbnail\"><img loading=\"lazy\" decoding=\"async\" width=\"600\" height=\"600\" src=\"https:\/\/www.rasc.es\/blogacademia\/wp-content\/uploads\/2025\/09\/image10-e1757958120898.jpg\" class=\"attachment-full size-full wp-image-24170\" alt=\"\" \/><\/div>\n\t\t<\/a>\n\t\t\t\t<div class=\"elementor-post__text\">\n\t\t\t\t<h3 class=\"elementor-post__title\">\n\t\t\t<a href=\"https:\/\/www.rasc.es\/blogacademia\/?p=24129\" >\n\t\t\t\tEl Museo Virtual de las Matem\u00e1ticas y la Imaginaci\u00f3n\t\t\t<\/a>\n\t\t<\/h3>\n\t\t\t\t<div class=\"elementor-post__meta-data\">\n\t\t\t\t\t<span class=\"elementor-post-author\">\n\t\t\tAubin Arroyo y Renato Iturriaga\t\t<\/span>\n\t\t\t\t<span class=\"elementor-post-date\">\n\t\t\t21 octubre, 2025\t\t<\/span>\n\t\t\t\t<span class=\"elementor-post-avatar\">\n\t\t\tNo hay comentarios\t\t<\/span>\n\t\t\t\t<\/div>\n\t\t\t\t<div class=\"elementor-post__excerpt\">\n\t\t\t<p>\u00abLa imaginaci\u00f3n tiene el valor pragm\u00e1tico de adelantarse a la lenta caravana del pensamiento bien ordenado y frecuentemente reconoce la realidad antes que su pesado<\/p>\n\t\t<\/div>\n\t\t\n\t\t<a class=\"elementor-post__read-more\" href=\"https:\/\/www.rasc.es\/blogacademia\/?p=24129\" aria-label=\"M\u00e1s informaci\u00f3n sobre El Museo Virtual de las Matem\u00e1ticas y la Imaginaci\u00f3n\" tabindex=\"-1\" >\n\t\t\tLeer m\u00e1s \u00bb\t\t<\/a>\n\n\t\t\t\t<\/div>\n\t\t\t\t<\/article>\n\t\t\t\t<\/div>\n\t\t\n\t\t\t\t\t\t<\/div>\n\t\t\t\t<\/div>\n\t\t\t\t<\/div>\n\t\t<div class=\"elementor-element elementor-element-5299cdf e-con-full e-flex e-con e-child\" data-id=\"5299cdf\" data-element_type=\"container\">\n\t\t\t\t<div class=\"elementor-element elementor-element-5c4a576 elementor-widget elementor-widget-sidebar\" data-id=\"5c4a576\" data-element_type=\"widget\" data-widget_type=\"sidebar.default\">\n\t\t\t\t<div class=\"elementor-widget-container\">\n\t\t\t\t\t<aside id=\"search-2\" class=\"widget widget_search\"><form role=\"search\" method=\"get\" class=\"search-form\" action=\"https:\/\/www.rasc.es\/blogacademia\/\">\n\t<label for=\"search-field\">\n\t\t<span class=\"screen-reader-text\">Buscar por:<\/span>\n\t\t<input type=\"search\" id=\"search-field\" class=\"search-field\"   placeholder=\"Buscar...\" value=\"\" name=\"s\" tabindex=\"-1\">\n\t\t\t\t\t<button class=\"search-submit ast-search-submit\" aria-label=\"Enviar la b\u00fasqueda\">\n\t\t\t\t<span hidden>Buscar<\/span>\n\t\t\t\t<i><span class=\"ast-icon icon-search\"><svg xmlns=\"http:\/\/www.w3.org\/2000\/svg\" xmlns:xlink=\"http:\/\/www.w3.org\/1999\/xlink\" version=\"1.1\" x=\"0px\" y=\"0px\" viewBox=\"-893 477 142 142\" enable-background=\"new -888 480 142 142\" xml:space=\"preserve\">\n\t\t\t\t\t\t  <path d=\"M-787.4,568.7h-6.3l-2.4-2.4c7.9-8.7,12.6-20.5,12.6-33.1c0-28.4-22.9-51.3-51.3-51.3  c-28.4,0-51.3,22.9-51.3,51.3c0,28.4,22.9,51.3,51.3,51.3c12.6,0,24.4-4.7,33.1-12.6l2.4,2.4v6.3l39.4,39.4l11.8-11.8L-787.4,568.7  L-787.4,568.7z M-834.7,568.7c-19.7,0-35.5-15.8-35.5-35.5c0-19.7,15.8-35.5,35.5-35.5c19.7,0,35.5,15.8,35.5,35.5  C-799.3,553-815,568.7-834.7,568.7L-834.7,568.7z\" \/>\n\t\t\t\t\t\t  <\/svg><\/span><\/i>\n\t\t\t<\/button>\n\t\t\t<\/label>\n\t\t\t<input type=\"submit\" class=\"search-submit\" value=\"Buscar\">\n\t<\/form>\n<\/aside><aside id=\"archives-2\" class=\"widget widget_archive\"><h2 class=\"widget-title\">Archivos<\/h2><nav aria-label=\"Archivos\">\n\t\t\t<ul>\n\t\t\t\t\t<li><a href='https:\/\/www.rasc.es\/blogacademia\/?m=202604'>abril 2026<\/a><\/li>\n\t<li><a href='https:\/\/www.rasc.es\/blogacademia\/?m=202603'>marzo 2026<\/a><\/li>\n\t<li><a href='https:\/\/www.rasc.es\/blogacademia\/?m=202602'>febrero 2026<\/a><\/li>\n\t<li><a href='https:\/\/www.rasc.es\/blogacademia\/?m=202601'>enero 2026<\/a><\/li>\n\t<li><a href='https:\/\/www.rasc.es\/blogacademia\/?m=202512'>diciembre 2025<\/a><\/li>\n\t<li><a href='https:\/\/www.rasc.es\/blogacademia\/?m=202511'>noviembre 2025<\/a><\/li>\n\t<li><a href='https:\/\/www.rasc.es\/blogacademia\/?m=202510'>octubre 2025<\/a><\/li>\n\t<li><a href='https:\/\/www.rasc.es\/blogacademia\/?m=202509'>septiembre 2025<\/a><\/li>\n\t<li><a href='https:\/\/www.rasc.es\/blogacademia\/?m=202508'>agosto 2025<\/a><\/li>\n\t<li><a href='https:\/\/www.rasc.es\/blogacademia\/?m=202507'>julio 2025<\/a><\/li>\n\t<li><a href='https:\/\/www.rasc.es\/blogacademia\/?m=202506'>junio 2025<\/a><\/li>\n\t<li><a href='https:\/\/www.rasc.es\/blogacademia\/?m=202505'>mayo 2025<\/a><\/li>\n\t<li><a href='https:\/\/www.rasc.es\/blogacademia\/?m=202504'>abril 2025<\/a><\/li>\n\t<li><a href='https:\/\/www.rasc.es\/blogacademia\/?m=202503'>marzo 2025<\/a><\/li>\n\t\t\t<\/ul>\n\n\t\t\t<\/nav><\/aside><aside id=\"media_image-6\" class=\"widget widget_media_image\"><img loading=\"lazy\" decoding=\"async\" width=\"300\" height=\"87\" src=\"https:\/\/www.rasc.es\/blogacademia\/wp-content\/uploads\/2025\/03\/logo_antiguo_vectorizado2-328x95.png\" class=\"image wp-image-22987  attachment-medium size-medium\" alt=\"\" style=\"max-width: 100%; height: auto;\" srcset=\"https:\/\/www.rasc.es\/blogacademia\/wp-content\/uploads\/2025\/03\/logo_antiguo_vectorizado2.png 1x, http:\/\/www.rasc.es\/blogacademia\/wp-content\/uploads\/2025\/03\/logo_antiguo_vectorizado2.png 2x\" sizes=\"(max-width: 300px) 100vw, 300px\" \/><\/aside>\t\t\t\t<\/div>\n\t\t\t\t<\/div>\n\t\t\t\t<\/div>\n\t\t\t\t\t<\/div>\n\t\t\t\t<\/div>\n\t\t\t\t<\/div>\n\t\t","protected":false},"excerpt":{"rendered":"<p>Mathema La palabra griega mathema significa \u00ablo que se comprende\u00bb, en oposici\u00f3n a \u00ablo que meramente se percibe\u00bb. Dio origen al t\u00e9rmino matem\u00e1ticas, la ciencia que m\u00e1s que ciencia es un arte con aplicaciones. En esa diferencia entre comprender y percibir tuvo tambi\u00e9n su origen la palabra \u00abcosmos\u00bb. Ese t\u00e9rmino fue propuesto por Pit\u00e1goras \u2013o [&hellip;]<\/p>\n","protected":false},"author":44,"featured_media":0,"parent":0,"menu_order":0,"comment_status":"closed","ping_status":"closed","template":"","meta":{"_uag_custom_page_level_css":"","site-sidebar-layout":"no-sidebar","site-content-layout":"page-builder","ast-site-content-layout":"full-width-container","site-content-style":"unboxed","site-sidebar-style":"unboxed","ast-global-header-display":"","ast-banner-title-visibility":"","ast-main-header-display":"","ast-hfb-above-header-display":"","ast-hfb-below-header-display":"","ast-hfb-mobile-header-display":"","site-post-title":"disabled","ast-breadcrumbs-content":"","ast-featured-img":"disabled","footer-sml-layout":"","theme-transparent-header-meta":"default","adv-header-id-meta":"","stick-header-meta":"","header-above-stick-meta":"","header-main-stick-meta":"","header-below-stick-meta":"","astra-migrate-meta-layouts":"set","ast-page-background-enabled":"default","ast-page-background-meta":{"desktop":{"background-color":"","background-image":"","background-repeat":"repeat","background-position":"center center","background-size":"auto","background-attachment":"scroll","background-type":"","background-media":"","overlay-type":"","overlay-color":"","overlay-opacity":"","overlay-gradient":""},"tablet":{"background-color":"","background-image":"","background-repeat":"repeat","background-position":"center center","background-size":"auto","background-attachment":"scroll","background-type":"","background-media":"","overlay-type":"","overlay-color":"","overlay-opacity":"","overlay-gradient":""},"mobile":{"background-color":"","background-image":"","background-repeat":"repeat","background-position":"center center","background-size":"auto","background-attachment":"scroll","background-type":"","background-media":"","overlay-type":"","overlay-color":"","overlay-opacity":"","overlay-gradient":""}},"ast-content-background-meta":{"desktop":{"background-color":"var(--ast-global-color-5)","background-image":"","background-repeat":"repeat","background-position":"center center","background-size":"auto","background-attachment":"scroll","background-type":"","background-media":"","overlay-type":"","overlay-color":"","overlay-opacity":"","overlay-gradient":""},"tablet":{"background-color":"var(--ast-global-color-5)","background-image":"","background-repeat":"repeat","background-position":"center center","background-size":"auto","background-attachment":"scroll","background-type":"","background-media":"","overlay-type":"","overlay-color":"","overlay-opacity":"","overlay-gradient":""},"mobile":{"background-color":"var(--ast-global-color-5)","background-image":"","background-repeat":"repeat","background-position":"center center","background-size":"auto","background-attachment":"scroll","background-type":"","background-media":"","overlay-type":"","overlay-color":"","overlay-opacity":"","overlay-gradient":""}},"footnotes":""},"class_list":["post-22478","page","type-page","status-publish","hentry"],"uagb_featured_image_src":{"full":false,"thumbnail":false,"medium":false,"medium_large":false,"large":false,"1536x1536":false,"2048x2048":false,"bdpp-medium":false},"uagb_author_info":{"display_name":"aggnet12","author_link":"https:\/\/www.rasc.es\/blogacademia\/?author=44"},"uagb_comment_info":0,"uagb_excerpt":"Mathema La palabra griega mathema significa \u00ablo que se comprende\u00bb, en oposici\u00f3n a \u00ablo que meramente se percibe\u00bb. Dio origen al t\u00e9rmino matem\u00e1ticas, la ciencia que m\u00e1s que ciencia es un arte con aplicaciones. En esa diferencia entre comprender y percibir tuvo tambi\u00e9n su origen la palabra \u00abcosmos\u00bb. Ese t\u00e9rmino fue propuesto por Pit\u00e1goras \u2013o&hellip;","jetpack_sharing_enabled":true,"_links":{"self":[{"href":"https:\/\/www.rasc.es\/blogacademia\/index.php?rest_route=\/wp\/v2\/pages\/22478","targetHints":{"allow":["GET"]}}],"collection":[{"href":"https:\/\/www.rasc.es\/blogacademia\/index.php?rest_route=\/wp\/v2\/pages"}],"about":[{"href":"https:\/\/www.rasc.es\/blogacademia\/index.php?rest_route=\/wp\/v2\/types\/page"}],"author":[{"embeddable":true,"href":"https:\/\/www.rasc.es\/blogacademia\/index.php?rest_route=\/wp\/v2\/users\/44"}],"replies":[{"embeddable":true,"href":"https:\/\/www.rasc.es\/blogacademia\/index.php?rest_route=%2Fwp%2Fv2%2Fcomments&post=22478"}],"version-history":[{"count":49,"href":"https:\/\/www.rasc.es\/blogacademia\/index.php?rest_route=\/wp\/v2\/pages\/22478\/revisions"}],"predecessor-version":[{"id":24297,"href":"https:\/\/www.rasc.es\/blogacademia\/index.php?rest_route=\/wp\/v2\/pages\/22478\/revisions\/24297"}],"wp:attachment":[{"href":"https:\/\/www.rasc.es\/blogacademia\/index.php?rest_route=%2Fwp%2Fv2%2Fmedia&parent=22478"}],"curies":[{"name":"wp","href":"https:\/\/api.w.org\/{rel}","templated":true}]}}