{"id":24711,"date":"2026-02-09T11:29:07","date_gmt":"2026-02-09T10:29:07","guid":{"rendered":"https:\/\/www.rasc.es\/blogacademia\/?page_id=24711"},"modified":"2026-02-09T11:32:47","modified_gmt":"2026-02-09T10:32:47","slug":"todas-las-noticias","status":"publish","type":"page","link":"https:\/\/www.rasc.es\/blogacademia\/?page_id=24711","title":{"rendered":"Todas las noticias"},"content":{"rendered":"\t\t<div data-elementor-type=\"wp-page\" data-elementor-id=\"24711\" class=\"elementor elementor-24711\" data-elementor-post-type=\"page\">\n\t\t\t\t<div class=\"elementor-element elementor-element-594f359 e-flex e-con-boxed e-con e-parent\" data-id=\"594f359\" data-element_type=\"container\" data-settings=\"{&quot;background_background&quot;:&quot;classic&quot;}\">\n\t\t\t\t\t<div class=\"e-con-inner\">\n\t\t<div class=\"elementor-element elementor-element-e1fa399 e-con-full e-flex e-con e-child\" data-id=\"e1fa399\" data-element_type=\"container\">\n\t\t\t\t<div class=\"elementor-element elementor-element-1822bf9 elementor-grid-3 elementor-grid-tablet-2 elementor-grid-mobile-1 elementor-posts--thumbnail-top elementor-widget elementor-widget-posts\" data-id=\"1822bf9\" data-element_type=\"widget\" data-settings=\"{&quot;classic_columns&quot;:&quot;3&quot;,&quot;classic_columns_tablet&quot;:&quot;2&quot;,&quot;classic_columns_mobile&quot;:&quot;1&quot;,&quot;classic_row_gap&quot;:{&quot;unit&quot;:&quot;px&quot;,&quot;size&quot;:35,&quot;sizes&quot;:[]},&quot;classic_row_gap_tablet&quot;:{&quot;unit&quot;:&quot;px&quot;,&quot;size&quot;:&quot;&quot;,&quot;sizes&quot;:[]},&quot;classic_row_gap_mobile&quot;:{&quot;unit&quot;:&quot;px&quot;,&quot;size&quot;:&quot;&quot;,&quot;sizes&quot;:[]}}\" data-widget_type=\"posts.classic\">\n\t\t\t\t<div class=\"elementor-widget-container\">\n\t\t\t\t\t\t\t<div class=\"elementor-posts-container elementor-posts elementor-posts--skin-classic elementor-grid\" role=\"list\">\n\t\t\t\t<article class=\"elementor-post elementor-grid-item post-24777 post type-post status-publish format-standard has-post-thumbnail hentry category-mathema\" role=\"listitem\">\n\t\t\t\t<a class=\"elementor-post__thumbnail__link\" href=\"https:\/\/www.rasc.es\/blogacademia\/?p=24777\" tabindex=\"-1\" >\n\t\t\t<div class=\"elementor-post__thumbnail\"><img fetchpriority=\"high\" decoding=\"async\" width=\"300\" height=\"203\" src=\"https:\/\/www.rasc.es\/blogacademia\/wp-content\/uploads\/2026\/03\/riemanns-300x203.jpg\" class=\"attachment-medium size-medium wp-image-24942\" alt=\"\" srcset=\"https:\/\/www.rasc.es\/blogacademia\/wp-content\/uploads\/2026\/03\/riemanns-300x203.jpg 300w, https:\/\/www.rasc.es\/blogacademia\/wp-content\/uploads\/2026\/03\/riemanns-1024x692.jpg 1024w, https:\/\/www.rasc.es\/blogacademia\/wp-content\/uploads\/2026\/03\/riemanns-768x519.jpg 768w, https:\/\/www.rasc.es\/blogacademia\/wp-content\/uploads\/2026\/03\/riemanns.jpg 1156w\" sizes=\"(max-width: 300px) 100vw, 300px\" \/><\/div>\n\t\t<\/a>\n\t\t\t\t<div class=\"elementor-post__text\">\n\t\t\t\t<h3 class=\"elementor-post__title\">\n\t\t\t<a href=\"https:\/\/www.rasc.es\/blogacademia\/?p=24777\" >\n\t\t\t\tRiemann y el camino hacia la relatividad general, II\t\t\t<\/a>\n\t\t<\/h3>\n\t\t\t\t<div class=\"elementor-post__meta-data\">\n\t\t\t\t\t<span class=\"elementor-post-author\">\n\t\t\tAntonio J. Dur\u00e1n\t\t<\/span>\n\t\t\t\t<span class=\"elementor-post-date\">\n\t\t\t30 abril, 2026\t\t<\/span>\n\t\t\t\t<\/div>\n\t\t\t\t<div class=\"elementor-post__excerpt\">\n\t\t\t<p>En 1854, casi tres d\u00e9cadas despu\u00e9s de que Carl Friedrich Gauss (1777-1855) publicara su obra cumbre sobre geometr\u00eda diferencial de superficies (v\u00e9ase Las otras Disquisitiones<\/p>\n\t\t<\/div>\n\t\t\t\t<\/div>\n\t\t\t\t<\/article>\n\t\t\t\t<article class=\"elementor-post elementor-grid-item post-25004 post type-post status-publish format-standard has-post-thumbnail hentry category-actualidad-cientifica\" role=\"listitem\">\n\t\t\t\t<a class=\"elementor-post__thumbnail__link\" href=\"https:\/\/www.rasc.es\/blogacademia\/?p=25004\" tabindex=\"-1\" >\n\t\t\t<div class=\"elementor-post__thumbnail\"><img decoding=\"async\" width=\"300\" height=\"201\" src=\"https:\/\/www.rasc.es\/blogacademia\/wp-content\/uploads\/2026\/04\/luna-tierra-300x201.jpg\" class=\"attachment-medium size-medium wp-image-25008\" alt=\"\" srcset=\"https:\/\/www.rasc.es\/blogacademia\/wp-content\/uploads\/2026\/04\/luna-tierra-300x201.jpg 300w, https:\/\/www.rasc.es\/blogacademia\/wp-content\/uploads\/2026\/04\/luna-tierra-1024x685.jpg 1024w, https:\/\/www.rasc.es\/blogacademia\/wp-content\/uploads\/2026\/04\/luna-tierra-768x514.jpg 768w, https:\/\/www.rasc.es\/blogacademia\/wp-content\/uploads\/2026\/04\/luna-tierra-1536x1028.jpg 1536w, https:\/\/www.rasc.es\/blogacademia\/wp-content\/uploads\/2026\/04\/luna-tierra.jpg 1598w\" sizes=\"(max-width: 300px) 100vw, 300px\" \/><\/div>\n\t\t<\/a>\n\t\t\t\t<div class=\"elementor-post__text\">\n\t\t\t\t<h3 class=\"elementor-post__title\">\n\t\t\t<a href=\"https:\/\/www.rasc.es\/blogacademia\/?p=25004\" >\n\t\t\t\tTordesillas en versi\u00f3n espacial\t\t\t<\/a>\n\t\t<\/h3>\n\t\t\t\t<div class=\"elementor-post__meta-data\">\n\t\t\t\t\t<span class=\"elementor-post-author\">\n\t\t\tMiguel \u00c1ngel De la Rosa\t\t<\/span>\n\t\t\t\t<span class=\"elementor-post-date\">\n\t\t\t28 abril, 2026\t\t<\/span>\n\t\t\t\t<\/div>\n\t\t\t\t<div class=\"elementor-post__excerpt\">\n\t\t\t<p>El denominado \u201cTratado de la Luna\u201d, tambi\u00e9n conocido como \u00abAcuerdo que Gobierna las Actividades de los Estados en la Luna y otros Cuerpos Celestes\u201d, fue<\/p>\n\t\t<\/div>\n\t\t\t\t<\/div>\n\t\t\t\t<\/article>\n\t\t\t\t<article class=\"elementor-post elementor-grid-item post-24966 post type-post status-publish format-standard has-post-thumbnail hentry category-actualidad-cientifica\" role=\"listitem\">\n\t\t\t\t<a class=\"elementor-post__thumbnail__link\" href=\"https:\/\/www.rasc.es\/blogacademia\/?p=24966\" tabindex=\"-1\" >\n\t\t\t<div class=\"elementor-post__thumbnail\"><img decoding=\"async\" width=\"300\" height=\"204\" src=\"https:\/\/www.rasc.es\/blogacademia\/wp-content\/uploads\/2026\/04\/TRaras1-300x204.jpg\" class=\"attachment-medium size-medium wp-image-24970\" alt=\"\" srcset=\"https:\/\/www.rasc.es\/blogacademia\/wp-content\/uploads\/2026\/04\/TRaras1-300x204.jpg 300w, https:\/\/www.rasc.es\/blogacademia\/wp-content\/uploads\/2026\/04\/TRaras1.jpg 380w\" sizes=\"(max-width: 300px) 100vw, 300px\" \/><\/div>\n\t\t<\/a>\n\t\t\t\t<div class=\"elementor-post__text\">\n\t\t\t\t<h3 class=\"elementor-post__title\">\n\t\t\t<a href=\"https:\/\/www.rasc.es\/blogacademia\/?p=24966\" >\n\t\t\t\tLas Tierras Raras, objeto de deseo\t\t\t<\/a>\n\t\t<\/h3>\n\t\t\t\t<div class=\"elementor-post__meta-data\">\n\t\t\t\t\t<span class=\"elementor-post-author\">\n\t\t\tJos\u00e9 Antonio Odriozola\t\t<\/span>\n\t\t\t\t<span class=\"elementor-post-date\">\n\t\t\t16 abril, 2026\t\t<\/span>\n\t\t\t\t<\/div>\n\t\t\t\t<div class=\"elementor-post__excerpt\">\n\t\t\t<p>Las Tierras Raras (REE) son un conjunto de elementos qu\u00edmicos situados en primer plano de la actualidad internacional. La reciente visibilidad pareciera indicar descubrimientos o<\/p>\n\t\t<\/div>\n\t\t\t\t<\/div>\n\t\t\t\t<\/article>\n\t\t\t\t<article class=\"elementor-post elementor-grid-item post-24979 post type-post status-publish format-standard has-post-thumbnail hentry category-tecnica\" role=\"listitem\">\n\t\t\t\t<a class=\"elementor-post__thumbnail__link\" href=\"https:\/\/www.rasc.es\/blogacademia\/?p=24979\" tabindex=\"-1\" >\n\t\t\t<div class=\"elementor-post__thumbnail\"><img loading=\"lazy\" decoding=\"async\" width=\"300\" height=\"200\" src=\"https:\/\/www.rasc.es\/blogacademia\/wp-content\/uploads\/2026\/04\/TransEnergeticaID-300x200.jpg\" class=\"attachment-medium size-medium wp-image-24991\" alt=\"\" srcset=\"https:\/\/www.rasc.es\/blogacademia\/wp-content\/uploads\/2026\/04\/TransEnergeticaID-300x200.jpg 300w, https:\/\/www.rasc.es\/blogacademia\/wp-content\/uploads\/2026\/04\/TransEnergeticaID-768x512.jpg 768w, https:\/\/www.rasc.es\/blogacademia\/wp-content\/uploads\/2026\/04\/TransEnergeticaID.jpg 1024w\" sizes=\"(max-width: 300px) 100vw, 300px\" \/><\/div>\n\t\t<\/a>\n\t\t\t\t<div class=\"elementor-post__text\">\n\t\t\t\t<h3 class=\"elementor-post__title\">\n\t\t\t<a href=\"https:\/\/www.rasc.es\/blogacademia\/?p=24979\" >\n\t\t\t\tLa transici\u00f3n energ\u00e9tica en Espa\u00f1a ante el reto de la seguridad de abastecimiento\t\t\t<\/a>\n\t\t<\/h3>\n\t\t\t\t<div class=\"elementor-post__meta-data\">\n\t\t\t\t\t<span class=\"elementor-post-author\">\n\t\t\tVicente J. Cort\u00e9s\t\t<\/span>\n\t\t\t\t<span class=\"elementor-post-date\">\n\t\t\t14 abril, 2026\t\t<\/span>\n\t\t\t\t<\/div>\n\t\t\t\t<div class=\"elementor-post__excerpt\">\n\t\t\t<p>1. Marco general del an\u00e1lisis La seguridad de suministro ha dejado de ser una preocupaci\u00f3n latente para convertirse de nuevo en una cuesti\u00f3n central de<\/p>\n\t\t<\/div>\n\t\t\t\t<\/div>\n\t\t\t\t<\/article>\n\t\t\t\t<article class=\"elementor-post elementor-grid-item post-24863 post type-post status-publish format-standard has-post-thumbnail hentry category-materia\" role=\"listitem\">\n\t\t\t\t<a class=\"elementor-post__thumbnail__link\" href=\"https:\/\/www.rasc.es\/blogacademia\/?p=24863\" tabindex=\"-1\" >\n\t\t\t<div class=\"elementor-post__thumbnail\"><img loading=\"lazy\" decoding=\"async\" width=\"300\" height=\"200\" src=\"https:\/\/www.rasc.es\/blogacademia\/wp-content\/uploads\/2026\/03\/eclips4-300x200.jpg\" class=\"attachment-medium size-medium wp-image-24868\" alt=\"\" srcset=\"https:\/\/www.rasc.es\/blogacademia\/wp-content\/uploads\/2026\/03\/eclips4-300x200.jpg 300w, https:\/\/www.rasc.es\/blogacademia\/wp-content\/uploads\/2026\/03\/eclips4-768x512.jpg 768w, https:\/\/www.rasc.es\/blogacademia\/wp-content\/uploads\/2026\/03\/eclips4.jpg 828w\" sizes=\"(max-width: 300px) 100vw, 300px\" \/><\/div>\n\t\t<\/a>\n\t\t\t\t<div class=\"elementor-post__text\">\n\t\t\t\t<h3 class=\"elementor-post__title\">\n\t\t\t<a href=\"https:\/\/www.rasc.es\/blogacademia\/?p=24863\" >\n\t\t\t\tEl Tr\u00edo Ib\u00e9rico de Eclipses 2026-27-28:  Belleza sobrenatural y rareza estad\u00edstica\t\t\t<\/a>\n\t\t<\/h3>\n\t\t\t\t<div class=\"elementor-post__meta-data\">\n\t\t\t\t\t<span class=\"elementor-post-author\">\n\t\t\tFernando Ord\u00f3\u00f1ez Monteagudo\t\t<\/span>\n\t\t\t\t<span class=\"elementor-post-date\">\n\t\t\t8 abril, 2026\t\t<\/span>\n\t\t\t\t<\/div>\n\t\t\t\t<div class=\"elementor-post__excerpt\">\n\t\t\t<p>\u201cLa gente espera un eclipse solar total como una curiosidad. No esperan que les conmueva el alma\u201d. Estas palabras de David Makepeace, reconocido \u201ccazador de<\/p>\n\t\t<\/div>\n\t\t\t\t<\/div>\n\t\t\t\t<\/article>\n\t\t\t\t<article class=\"elementor-post elementor-grid-item post-24951 post type-post status-publish format-standard has-post-thumbnail hentry category-actualidad-cientifica\" role=\"listitem\">\n\t\t\t\t<a class=\"elementor-post__thumbnail__link\" href=\"https:\/\/www.rasc.es\/blogacademia\/?p=24951\" tabindex=\"-1\" >\n\t\t\t<div class=\"elementor-post__thumbnail\"><img loading=\"lazy\" decoding=\"async\" width=\"300\" height=\"199\" src=\"https:\/\/www.rasc.es\/blogacademia\/wp-content\/uploads\/2026\/03\/USS-A-Lincoln-300x199.jpg\" class=\"attachment-medium size-medium wp-image-24952\" alt=\"\" srcset=\"https:\/\/www.rasc.es\/blogacademia\/wp-content\/uploads\/2026\/03\/USS-A-Lincoln-300x199.jpg 300w, https:\/\/www.rasc.es\/blogacademia\/wp-content\/uploads\/2026\/03\/USS-A-Lincoln.jpg 709w\" sizes=\"(max-width: 300px) 100vw, 300px\" \/><\/div>\n\t\t<\/a>\n\t\t\t\t<div class=\"elementor-post__text\">\n\t\t\t\t<h3 class=\"elementor-post__title\">\n\t\t\t<a href=\"https:\/\/www.rasc.es\/blogacademia\/?p=24951\" >\n\t\t\t\tLos n\u00fameros de la infancia condenada a morir de hambre\t\t\t<\/a>\n\t\t<\/h3>\n\t\t\t\t<div class=\"elementor-post__meta-data\">\n\t\t\t\t\t<span class=\"elementor-post-author\">\n\t\t\tAntonio J. Dur\u00e1n\t\t<\/span>\n\t\t\t\t<span class=\"elementor-post-date\">\n\t\t\t26 marzo, 2026\t\t<\/span>\n\t\t\t\t<\/div>\n\t\t\t\t<div class=\"elementor-post__excerpt\">\n\t\t\t<p>Han pasado nueve meses desde que el presidente Trump de los Estados Unidos cerrara la agencia de cooperaci\u00f3n estadounidense USAID. Posiblemente no fue casual que<\/p>\n\t\t<\/div>\n\t\t\t\t<\/div>\n\t\t\t\t<\/article>\n\t\t\t\t<article class=\"elementor-post elementor-grid-item post-24923 post type-post status-publish format-standard has-post-thumbnail hentry category-vida\" role=\"listitem\">\n\t\t\t\t<a class=\"elementor-post__thumbnail__link\" href=\"https:\/\/www.rasc.es\/blogacademia\/?p=24923\" tabindex=\"-1\" >\n\t\t\t<div class=\"elementor-post__thumbnail\"><img loading=\"lazy\" decoding=\"async\" width=\"300\" height=\"201\" src=\"https:\/\/www.rasc.es\/blogacademia\/wp-content\/uploads\/2026\/03\/Ivana_Kobilca_-_Kofetarica-300x201.jpg\" class=\"attachment-medium size-medium wp-image-24931\" alt=\"\" srcset=\"https:\/\/www.rasc.es\/blogacademia\/wp-content\/uploads\/2026\/03\/Ivana_Kobilca_-_Kofetarica-300x201.jpg 300w, https:\/\/www.rasc.es\/blogacademia\/wp-content\/uploads\/2026\/03\/Ivana_Kobilca_-_Kofetarica-768x515.jpg 768w, https:\/\/www.rasc.es\/blogacademia\/wp-content\/uploads\/2026\/03\/Ivana_Kobilca_-_Kofetarica.jpg 960w\" sizes=\"(max-width: 300px) 100vw, 300px\" \/><\/div>\n\t\t<\/a>\n\t\t\t\t<div class=\"elementor-post__text\">\n\t\t\t\t<h3 class=\"elementor-post__title\">\n\t\t\t<a href=\"https:\/\/www.rasc.es\/blogacademia\/?p=24923\" >\n\t\t\t\tEl caf\u00e9 (y II)\t\t\t<\/a>\n\t\t<\/h3>\n\t\t\t\t<div class=\"elementor-post__meta-data\">\n\t\t\t\t\t<span class=\"elementor-post-author\">\n\t\t\tBenito Vald\u00e9s\t\t<\/span>\n\t\t\t\t<span class=\"elementor-post-date\">\n\t\t\t25 marzo, 2026\t\t<\/span>\n\t\t\t\t<\/div>\n\t\t\t\t<div class=\"elementor-post__excerpt\">\n\t\t\t<p>Difusi\u00f3n del uso del caf\u00e9 \u00a0\u00a0\u00a0\u00a0\u00a0\u00a0\u00a0\u00a0\u00a0\u00a0\u00a0 Como se indic\u00f3 en la anterior entrada (El caf\u00e9 (I)), el cafeto, Coffea arabica, es nativo de los bosques<\/p>\n\t\t<\/div>\n\t\t\t\t<\/div>\n\t\t\t\t<\/article>\n\t\t\t\t<article class=\"elementor-post elementor-grid-item post-24765 post type-post status-publish format-standard has-post-thumbnail hentry category-mathema\" role=\"listitem\">\n\t\t\t\t<a class=\"elementor-post__thumbnail__link\" href=\"https:\/\/www.rasc.es\/blogacademia\/?p=24765\" tabindex=\"-1\" >\n\t\t\t<div class=\"elementor-post__thumbnail\"><img loading=\"lazy\" decoding=\"async\" width=\"300\" height=\"200\" src=\"https:\/\/www.rasc.es\/blogacademia\/wp-content\/uploads\/2026\/02\/superficiePTyVN-300x200.png\" class=\"attachment-medium size-medium wp-image-24769\" alt=\"\" srcset=\"https:\/\/www.rasc.es\/blogacademia\/wp-content\/uploads\/2026\/02\/superficiePTyVN-300x200.png 300w, https:\/\/www.rasc.es\/blogacademia\/wp-content\/uploads\/2026\/02\/superficiePTyVN-1024x683.png 1024w, https:\/\/www.rasc.es\/blogacademia\/wp-content\/uploads\/2026\/02\/superficiePTyVN-768x512.png 768w, https:\/\/www.rasc.es\/blogacademia\/wp-content\/uploads\/2026\/02\/superficiePTyVN.png 1536w\" sizes=\"(max-width: 300px) 100vw, 300px\" \/><\/div>\n\t\t<\/a>\n\t\t\t\t<div class=\"elementor-post__text\">\n\t\t\t\t<h3 class=\"elementor-post__title\">\n\t\t\t<a href=\"https:\/\/www.rasc.es\/blogacademia\/?p=24765\" >\n\t\t\t\tRiemann y el camino hacia la relatividad general, I\t\t\t<\/a>\n\t\t<\/h3>\n\t\t\t\t<div class=\"elementor-post__meta-data\">\n\t\t\t\t\t<span class=\"elementor-post-author\">\n\t\t\tAntonio J. Dur\u00e1n\t\t<\/span>\n\t\t\t\t<span class=\"elementor-post-date\">\n\t\t\t24 marzo, 2026\t\t<\/span>\n\t\t\t\t<\/div>\n\t\t\t\t<div class=\"elementor-post__excerpt\">\n\t\t\t<p>El 17 de septiembre pr\u00f3ximo se van a cumplir 200 a\u00f1os del nacimiento de uno de los m\u00e1s grandes matem\u00e1ticos de la historia: Bernhard Riemann.<\/p>\n\t\t<\/div>\n\t\t\t\t<\/div>\n\t\t\t\t<\/article>\n\t\t\t\t<article class=\"elementor-post elementor-grid-item post-24913 post type-post status-publish format-standard has-post-thumbnail hentry category-vida\" role=\"listitem\">\n\t\t\t\t<a class=\"elementor-post__thumbnail__link\" href=\"https:\/\/www.rasc.es\/blogacademia\/?p=24913\" tabindex=\"-1\" >\n\t\t\t<div class=\"elementor-post__thumbnail\"><img loading=\"lazy\" decoding=\"async\" width=\"300\" height=\"200\" src=\"https:\/\/www.rasc.es\/blogacademia\/wp-content\/uploads\/2026\/03\/cafetales-300x200.jpg\" class=\"attachment-medium size-medium wp-image-24921\" alt=\"\" srcset=\"https:\/\/www.rasc.es\/blogacademia\/wp-content\/uploads\/2026\/03\/cafetales-300x200.jpg 300w, https:\/\/www.rasc.es\/blogacademia\/wp-content\/uploads\/2026\/03\/cafetales.jpg 600w\" sizes=\"(max-width: 300px) 100vw, 300px\" \/><\/div>\n\t\t<\/a>\n\t\t\t\t<div class=\"elementor-post__text\">\n\t\t\t\t<h3 class=\"elementor-post__title\">\n\t\t\t<a href=\"https:\/\/www.rasc.es\/blogacademia\/?p=24913\" >\n\t\t\t\tEl caf\u00e9 (I)\t\t\t<\/a>\n\t\t<\/h3>\n\t\t\t\t<div class=\"elementor-post__meta-data\">\n\t\t\t\t\t<span class=\"elementor-post-author\">\n\t\t\tBenito Vald\u00e9s\t\t<\/span>\n\t\t\t\t<span class=\"elementor-post-date\">\n\t\t\t19 marzo, 2026\t\t<\/span>\n\t\t\t\t<\/div>\n\t\t\t\t<div class=\"elementor-post__excerpt\">\n\t\t\t<p>\u00a0\u00a0\u00a0\u00a0\u00a0\u00a0\u00a0\u00a0\u00a0\u00a0\u00a0 El caf\u00e9 que habitualmente utilizamos se obtiene a partir de las semillas de una planta de la familia Rubi\u00e1ceas, que pertenece al g\u00e9nero Coffea<\/p>\n\t\t<\/div>\n\t\t\t\t<\/div>\n\t\t\t\t<\/article>\n\t\t\t\t<article class=\"elementor-post elementor-grid-item post-24875 post type-post status-publish format-standard has-post-thumbnail hentry category-actualidad-cientifica\" role=\"listitem\">\n\t\t\t\t<a class=\"elementor-post__thumbnail__link\" href=\"https:\/\/www.rasc.es\/blogacademia\/?p=24875\" tabindex=\"-1\" >\n\t\t\t<div class=\"elementor-post__thumbnail\"><img loading=\"lazy\" decoding=\"async\" width=\"300\" height=\"199\" src=\"https:\/\/www.rasc.es\/blogacademia\/wp-content\/uploads\/2026\/03\/bio4-300x199.jpg\" class=\"attachment-medium size-medium wp-image-24894\" alt=\"\" srcset=\"https:\/\/www.rasc.es\/blogacademia\/wp-content\/uploads\/2026\/03\/bio4-300x199.jpg 300w, https:\/\/www.rasc.es\/blogacademia\/wp-content\/uploads\/2026\/03\/bio4-1024x680.jpg 1024w, https:\/\/www.rasc.es\/blogacademia\/wp-content\/uploads\/2026\/03\/bio4-768x510.jpg 768w, https:\/\/www.rasc.es\/blogacademia\/wp-content\/uploads\/2026\/03\/bio4.jpg 1084w\" sizes=\"(max-width: 300px) 100vw, 300px\" \/><\/div>\n\t\t<\/a>\n\t\t\t\t<div class=\"elementor-post__text\">\n\t\t\t\t<h3 class=\"elementor-post__title\">\n\t\t\t<a href=\"https:\/\/www.rasc.es\/blogacademia\/?p=24875\" >\n\t\t\t\tLa crisis de conservaci\u00f3n de la biodiversidad: cambio global, extinciones, pandemias, y el futuro bienestar humano\t\t\t<\/a>\n\t\t<\/h3>\n\t\t\t\t<div class=\"elementor-post__meta-data\">\n\t\t\t\t\t<span class=\"elementor-post-author\">\n\t\t\tPedro Jordano Barbudo\t\t<\/span>\n\t\t\t\t<span class=\"elementor-post-date\">\n\t\t\t17 marzo, 2026\t\t<\/span>\n\t\t\t\t<\/div>\n\t\t\t\t<div class=\"elementor-post__excerpt\">\n\t\t\t<p>Vivimos en un mundo con abundancia de informaci\u00f3n pero escasez de conocimiento, y ante tal circunstancia son nuestras instituciones acad\u00e9micas (las universidades, los centros de<\/p>\n\t\t<\/div>\n\t\t\t\t<\/div>\n\t\t\t\t<\/article>\n\t\t\t\t<article class=\"elementor-post elementor-grid-item post-24726 post type-post status-publish format-standard has-post-thumbnail hentry category-materia\" role=\"listitem\">\n\t\t\t\t<a class=\"elementor-post__thumbnail__link\" href=\"https:\/\/www.rasc.es\/blogacademia\/?p=24726\" tabindex=\"-1\" >\n\t\t\t<div class=\"elementor-post__thumbnail\"><img loading=\"lazy\" decoding=\"async\" width=\"300\" height=\"200\" src=\"https:\/\/www.rasc.es\/blogacademia\/wp-content\/uploads\/2026\/03\/relojarena-300x200.webp\" class=\"attachment-medium size-medium wp-image-24755\" alt=\"\" srcset=\"https:\/\/www.rasc.es\/blogacademia\/wp-content\/uploads\/2026\/03\/relojarena-300x200.webp 300w, https:\/\/www.rasc.es\/blogacademia\/wp-content\/uploads\/2026\/03\/relojarena.webp 600w\" sizes=\"(max-width: 300px) 100vw, 300px\" \/><\/div>\n\t\t<\/a>\n\t\t\t\t<div class=\"elementor-post__text\">\n\t\t\t\t<h3 class=\"elementor-post__title\">\n\t\t\t<a href=\"https:\/\/www.rasc.es\/blogacademia\/?p=24726\" >\n\t\t\t\tNo puedes hacer un reloj de arena con harina\t\t\t<\/a>\n\t\t<\/h3>\n\t\t\t\t<div class=\"elementor-post__meta-data\">\n\t\t\t\t\t<span class=\"elementor-post-author\">\n\t\t\tA. T. P\u00e9rez Izquierdo y A. Ramos Reyes\t\t<\/span>\n\t\t\t\t<span class=\"elementor-post-date\">\n\t\t\t10 marzo, 2026\t\t<\/span>\n\t\t\t\t<\/div>\n\t\t\t\t<div class=\"elementor-post__excerpt\">\n\t\t\t<p>En los a\u00f1os 90 del siglo pasado nuestro grupo de investigaci\u00f3n mantuvo una larga colaboraci\u00f3n cient\u00edfica con los laboratorios de la empresa Xerox Corporation en<\/p>\n\t\t<\/div>\n\t\t\t\t<\/div>\n\t\t\t\t<\/article>\n\t\t\t\t<article class=\"elementor-post elementor-grid-item post-24758 post type-post status-publish format-standard has-post-thumbnail hentry category-mathema tag-autosimilitud-y-autosemejanza tag-dimension-fractal tag-geometria-fractal\" role=\"listitem\">\n\t\t\t\t<a class=\"elementor-post__thumbnail__link\" href=\"https:\/\/www.rasc.es\/blogacademia\/?p=24758\" tabindex=\"-1\" >\n\t\t\t<div class=\"elementor-post__thumbnail\"><img loading=\"lazy\" decoding=\"async\" width=\"225\" height=\"224\" src=\"https:\/\/www.rasc.es\/blogacademia\/wp-content\/uploads\/2026\/02\/MasFractales_0.jpeg\" class=\"attachment-medium size-medium wp-image-24843\" alt=\"\" srcset=\"https:\/\/www.rasc.es\/blogacademia\/wp-content\/uploads\/2026\/02\/MasFractales_0.jpeg 225w, https:\/\/www.rasc.es\/blogacademia\/wp-content\/uploads\/2026\/02\/MasFractales_0-150x150.jpeg 150w\" sizes=\"(max-width: 225px) 100vw, 225px\" \/><\/div>\n\t\t<\/a>\n\t\t\t\t<div class=\"elementor-post__text\">\n\t\t\t\t<h3 class=\"elementor-post__title\">\n\t\t\t<a href=\"https:\/\/www.rasc.es\/blogacademia\/?p=24758\" >\n\t\t\t\tFractales por todas partes\t\t\t<\/a>\n\t\t<\/h3>\n\t\t\t\t<div class=\"elementor-post__meta-data\">\n\t\t\t\t\t<span class=\"elementor-post-author\">\n\t\t\tEnrique Fern\u00e1ndez-Cara\t\t<\/span>\n\t\t\t\t<span class=\"elementor-post-date\">\n\t\t\t3 marzo, 2026\t\t<\/span>\n\t\t\t\t<\/div>\n\t\t\t\t<div class=\"elementor-post__excerpt\">\n\t\t\t<p>Definici\u00f3n y ejemplos En t\u00e9rminos generales, se llama fractal a todo objeto geom\u00e9trico autosimilar (o autosemejante), esto es, tal que posee una \u00a0estructura que se<\/p>\n\t\t<\/div>\n\t\t\t\t<\/div>\n\t\t\t\t<\/article>\n\t\t\t\t<article class=\"elementor-post elementor-grid-item post-24744 post type-post status-publish format-standard has-post-thumbnail hentry category-tecnica\" role=\"listitem\">\n\t\t\t\t<a class=\"elementor-post__thumbnail__link\" href=\"https:\/\/www.rasc.es\/blogacademia\/?p=24744\" tabindex=\"-1\" >\n\t\t\t<div class=\"elementor-post__thumbnail\"><img loading=\"lazy\" decoding=\"async\" width=\"300\" height=\"201\" src=\"https:\/\/www.rasc.es\/blogacademia\/wp-content\/uploads\/2026\/02\/Statue_LOGOS_AI-300x201.png\" class=\"attachment-medium size-medium wp-image-24742\" alt=\"\" srcset=\"https:\/\/www.rasc.es\/blogacademia\/wp-content\/uploads\/2026\/02\/Statue_LOGOS_AI-300x201.png 300w, https:\/\/www.rasc.es\/blogacademia\/wp-content\/uploads\/2026\/02\/Statue_LOGOS_AI-768x514.png 768w, https:\/\/www.rasc.es\/blogacademia\/wp-content\/uploads\/2026\/02\/Statue_LOGOS_AI.png 1024w\" sizes=\"(max-width: 300px) 100vw, 300px\" \/><\/div>\n\t\t<\/a>\n\t\t\t\t<div class=\"elementor-post__text\">\n\t\t\t\t<h3 class=\"elementor-post__title\">\n\t\t\t<a href=\"https:\/\/www.rasc.es\/blogacademia\/?p=24744\" >\n\t\t\t\tLa palabra, el espejo y la Omega epistemol\u00f3gica\t\t\t<\/a>\n\t\t<\/h3>\n\t\t\t\t<div class=\"elementor-post__meta-data\">\n\t\t\t\t\t<span class=\"elementor-post-author\">\n\t\t\tAlfonso M. Ga\u00f1\u00e1n Calvo\t\t<\/span>\n\t\t\t\t<span class=\"elementor-post-date\">\n\t\t\t26 febrero, 2026\t\t<\/span>\n\t\t\t\t<\/div>\n\t\t\t\t<div class=\"elementor-post__excerpt\">\n\t\t\t<p>En la entrada anterior La ventana de\u00a0observabilidad: \u00bfcu\u00e1ndo dejamos de poder medir?,\u00a0recog\u00edamos la transcripci\u00f3n \u00edntegra de un di\u00e1logo epistemol\u00f3gico sostenido entre un investigador humano (inicialmente,<\/p>\n\t\t<\/div>\n\t\t\t\t<\/div>\n\t\t\t\t<\/article>\n\t\t\t\t<article class=\"elementor-post elementor-grid-item post-24740 post type-post status-publish format-standard has-post-thumbnail hentry category-tecnica\" role=\"listitem\">\n\t\t\t\t<a class=\"elementor-post__thumbnail__link\" href=\"https:\/\/www.rasc.es\/blogacademia\/?p=24740\" tabindex=\"-1\" >\n\t\t\t<div class=\"elementor-post__thumbnail\"><img loading=\"lazy\" decoding=\"async\" width=\"300\" height=\"202\" src=\"https:\/\/www.rasc.es\/blogacademia\/wp-content\/uploads\/2026\/02\/Illustration_11-300x202.png\" class=\"attachment-medium size-medium wp-image-24741\" alt=\"\" srcset=\"https:\/\/www.rasc.es\/blogacademia\/wp-content\/uploads\/2026\/02\/Illustration_11-300x202.png 300w, https:\/\/www.rasc.es\/blogacademia\/wp-content\/uploads\/2026\/02\/Illustration_11-768x516.png 768w, https:\/\/www.rasc.es\/blogacademia\/wp-content\/uploads\/2026\/02\/Illustration_11.png 1024w\" sizes=\"(max-width: 300px) 100vw, 300px\" \/><\/div>\n\t\t<\/a>\n\t\t\t\t<div class=\"elementor-post__text\">\n\t\t\t\t<h3 class=\"elementor-post__title\">\n\t\t\t<a href=\"https:\/\/www.rasc.es\/blogacademia\/?p=24740\" >\n\t\t\t\tLa ventana de observabilidad: \u00bfcu\u00e1ndo dejamos de poder medir?\t\t\t<\/a>\n\t\t<\/h3>\n\t\t\t\t<div class=\"elementor-post__meta-data\">\n\t\t\t\t\t<span class=\"elementor-post-author\">\n\t\t\tAlfonso M. Ga\u00f1\u00e1n Calvo\t\t<\/span>\n\t\t\t\t<span class=\"elementor-post-date\">\n\t\t\t24 febrero, 2026\t\t<\/span>\n\t\t\t\t<\/div>\n\t\t\t\t<div class=\"elementor-post__excerpt\">\n\t\t\t<p>El presente documento recoge la transcripci\u00f3n \u00edntegra de un di\u00e1logo epistemol\u00f3gico sostenido entre un investigador humano (inicialmente, portavoz de un te\u00f3rico think tank) y el<\/p>\n\t\t<\/div>\n\t\t\t\t<\/div>\n\t\t\t\t<\/article>\n\t\t\t\t<article class=\"elementor-post elementor-grid-item post-24687 post type-post status-publish format-standard has-post-thumbnail hentry category-vida\" role=\"listitem\">\n\t\t\t\t<a class=\"elementor-post__thumbnail__link\" href=\"https:\/\/www.rasc.es\/blogacademia\/?p=24687\" tabindex=\"-1\" >\n\t\t\t<div class=\"elementor-post__thumbnail\"><img loading=\"lazy\" decoding=\"async\" width=\"300\" height=\"200\" src=\"https:\/\/www.rasc.es\/blogacademia\/wp-content\/uploads\/2026\/02\/DPML-300x200.jpg\" class=\"attachment-medium size-medium wp-image-24695\" alt=\"\" srcset=\"https:\/\/www.rasc.es\/blogacademia\/wp-content\/uploads\/2026\/02\/DPML-300x200.jpg 300w, https:\/\/www.rasc.es\/blogacademia\/wp-content\/uploads\/2026\/02\/DPML-1024x683.jpg 1024w, https:\/\/www.rasc.es\/blogacademia\/wp-content\/uploads\/2026\/02\/DPML-768x512.jpg 768w, https:\/\/www.rasc.es\/blogacademia\/wp-content\/uploads\/2026\/02\/DPML.jpg 1231w\" sizes=\"(max-width: 300px) 100vw, 300px\" \/><\/div>\n\t\t<\/a>\n\t\t\t\t<div class=\"elementor-post__text\">\n\t\t\t\t<h3 class=\"elementor-post__title\">\n\t\t\t<a href=\"https:\/\/www.rasc.es\/blogacademia\/?p=24687\" >\n\t\t\t\tLas redes de polinizadores del Parque de Mar\u00eda Luisa\t\t\t<\/a>\n\t\t<\/h3>\n\t\t\t\t<div class=\"elementor-post__meta-data\">\n\t\t\t\t\t<span class=\"elementor-post-author\">\n\t\t\tM. Vil\u00e0, R. Mor\u00f3n-L\u00f3pez, L. Matas-Granados y A. Trillo\t\t<\/span>\n\t\t\t\t<span class=\"elementor-post-date\">\n\t\t\t17 febrero, 2026\t\t<\/span>\n\t\t\t\t<\/div>\n\t\t\t\t<div class=\"elementor-post__excerpt\">\n\t\t\t<p>El Parque de Mar\u00eda Luisa, inaugurado en el a\u00f1o 1914, fue el primer parque urbano que se dise\u00f1\u00f3 en Sevilla. Situado en el centro de<\/p>\n\t\t<\/div>\n\t\t\t\t<\/div>\n\t\t\t\t<\/article>\n\t\t\t\t<article class=\"elementor-post elementor-grid-item post-24605 post type-post status-publish format-standard has-post-thumbnail hentry category-materia\" role=\"listitem\">\n\t\t\t\t<a class=\"elementor-post__thumbnail__link\" href=\"https:\/\/www.rasc.es\/blogacademia\/?p=24605\" tabindex=\"-1\" >\n\t\t\t<div class=\"elementor-post__thumbnail\"><img loading=\"lazy\" decoding=\"async\" width=\"300\" height=\"199\" src=\"https:\/\/www.rasc.es\/blogacademia\/wp-content\/uploads\/2026\/01\/origen_del_sistema_solar-300x199.jpg\" class=\"attachment-medium size-medium wp-image-24583\" alt=\"\" srcset=\"https:\/\/www.rasc.es\/blogacademia\/wp-content\/uploads\/2026\/01\/origen_del_sistema_solar-300x199.jpg 300w, https:\/\/www.rasc.es\/blogacademia\/wp-content\/uploads\/2026\/01\/origen_del_sistema_solar.jpg 600w\" sizes=\"(max-width: 300px) 100vw, 300px\" \/><\/div>\n\t\t<\/a>\n\t\t\t\t<div class=\"elementor-post__text\">\n\t\t\t\t<h3 class=\"elementor-post__title\">\n\t\t\t<a href=\"https:\/\/www.rasc.es\/blogacademia\/?p=24605\" >\n\t\t\t\tLa edad de la Tierra (y III): la radiactividad entra en juego\t\t\t<\/a>\n\t\t<\/h3>\n\t\t\t\t<div class=\"elementor-post__meta-data\">\n\t\t\t\t\t<span class=\"elementor-post-author\">\n\t\t\tAntonio J. Dur\u00e1n\t\t<\/span>\n\t\t\t\t<span class=\"elementor-post-date\">\n\t\t\t10 febrero, 2026\t\t<\/span>\n\t\t\t\t<\/div>\n\t\t\t\t<div class=\"elementor-post__excerpt\">\n\t\t\t<p>Vimos en las dos primeras partes de esta entrada las dataciones teol\u00f3gicas y termodin\u00e1micas manejadas durante los siglos XVII al XIX\u00a0para responder a la cuesti\u00f3n,<\/p>\n\t\t<\/div>\n\t\t\t\t<\/div>\n\t\t\t\t<\/article>\n\t\t\t\t<article class=\"elementor-post elementor-grid-item post-24666 post type-post status-publish format-standard has-post-thumbnail hentry category-actualidad-cientifica\" role=\"listitem\">\n\t\t\t\t<a class=\"elementor-post__thumbnail__link\" href=\"https:\/\/www.rasc.es\/blogacademia\/?p=24666\" tabindex=\"-1\" >\n\t\t\t<div class=\"elementor-post__thumbnail\"><img loading=\"lazy\" decoding=\"async\" width=\"300\" height=\"198\" src=\"https:\/\/www.rasc.es\/blogacademia\/wp-content\/uploads\/2026\/01\/Iryo-tren-300x198.jpg\" class=\"attachment-medium size-medium wp-image-24675\" alt=\"\" srcset=\"https:\/\/www.rasc.es\/blogacademia\/wp-content\/uploads\/2026\/01\/Iryo-tren-300x198.jpg 300w, https:\/\/www.rasc.es\/blogacademia\/wp-content\/uploads\/2026\/01\/Iryo-tren.jpg 693w\" sizes=\"(max-width: 300px) 100vw, 300px\" \/><\/div>\n\t\t<\/a>\n\t\t\t\t<div class=\"elementor-post__text\">\n\t\t\t\t<h3 class=\"elementor-post__title\">\n\t\t\t<a href=\"https:\/\/www.rasc.es\/blogacademia\/?p=24666\" >\n\t\t\t\tLa seguridad de la alta velocidad\t\t\t<\/a>\n\t\t<\/h3>\n\t\t\t\t<div class=\"elementor-post__meta-data\">\n\t\t\t\t\t<span class=\"elementor-post-author\">\n\t\t\tPublio Pintado\t\t<\/span>\n\t\t\t\t<span class=\"elementor-post-date\">\n\t\t\t5 febrero, 2026\t\t<\/span>\n\t\t\t\t<\/div>\n\t\t\t\t<div class=\"elementor-post__excerpt\">\n\t\t\t<p>En mi entrada de hace unas semanas a este blog, El ferrocarril y la velocidad, comentaba los aspectos t\u00e9cnicos m\u00e1s relevantes cuya optimizaci\u00f3n ha permitido<\/p>\n\t\t<\/div>\n\t\t\t\t<\/div>\n\t\t\t\t<\/article>\n\t\t\t\t<article class=\"elementor-post elementor-grid-item post-24527 post type-post status-publish format-standard has-post-thumbnail hentry category-mathema\" role=\"listitem\">\n\t\t\t\t<a class=\"elementor-post__thumbnail__link\" href=\"https:\/\/www.rasc.es\/blogacademia\/?p=24527\" tabindex=\"-1\" >\n\t\t\t<div class=\"elementor-post__thumbnail\"><img loading=\"lazy\" decoding=\"async\" width=\"300\" height=\"201\" src=\"https:\/\/www.rasc.es\/blogacademia\/wp-content\/uploads\/2025\/12\/Fig0_LV-300x201.jpg\" class=\"attachment-medium size-medium wp-image-24528\" alt=\"\" srcset=\"https:\/\/www.rasc.es\/blogacademia\/wp-content\/uploads\/2025\/12\/Fig0_LV-300x201.jpg 300w, https:\/\/www.rasc.es\/blogacademia\/wp-content\/uploads\/2025\/12\/Fig0_LV.jpg 600w\" sizes=\"(max-width: 300px) 100vw, 300px\" \/><\/div>\n\t\t<\/a>\n\t\t\t\t<div class=\"elementor-post__text\">\n\t\t\t\t<h3 class=\"elementor-post__title\">\n\t\t\t<a href=\"https:\/\/www.rasc.es\/blogacademia\/?p=24527\" >\n\t\t\t\tLotka, Volterra y la din\u00e1mica de poblaciones\t\t\t<\/a>\n\t\t<\/h3>\n\t\t\t\t<div class=\"elementor-post__meta-data\">\n\t\t\t\t\t<span class=\"elementor-post-author\">\n\t\t\tEnrique Fern\u00e1ndez-Cara\t\t<\/span>\n\t\t\t\t<span class=\"elementor-post-date\">\n\t\t\t3 febrero, 2026\t\t<\/span>\n\t\t\t\t<\/div>\n\t\t\t\t<div class=\"elementor-post__excerpt\">\n\t\t\t<p>Vito Volterra Vito Volterra fue un matem\u00e1tico y f\u00edsico italiano. Realiz\u00f3 contribuciones valiosas en An\u00e1lisis Funcional, Ecuaciones Diferenciales e Integrales, Elasticidad y Biolog\u00eda Matem\u00e1tica. Volterra<\/p>\n\t\t<\/div>\n\t\t\t\t<\/div>\n\t\t\t\t<\/article>\n\t\t\t\t<article class=\"elementor-post elementor-grid-item post-24590 post type-post status-publish format-standard has-post-thumbnail hentry category-materia\" role=\"listitem\">\n\t\t\t\t<a class=\"elementor-post__thumbnail__link\" href=\"https:\/\/www.rasc.es\/blogacademia\/?p=24590\" tabindex=\"-1\" >\n\t\t\t<div class=\"elementor-post__thumbnail\"><img loading=\"lazy\" decoding=\"async\" width=\"300\" height=\"201\" src=\"https:\/\/www.rasc.es\/blogacademia\/wp-content\/uploads\/2026\/01\/tierra-fuego-300x201.jpg\" class=\"attachment-medium size-medium wp-image-24602\" alt=\"\" srcset=\"https:\/\/www.rasc.es\/blogacademia\/wp-content\/uploads\/2026\/01\/tierra-fuego-300x201.jpg 300w, https:\/\/www.rasc.es\/blogacademia\/wp-content\/uploads\/2026\/01\/tierra-fuego.jpg 561w\" sizes=\"(max-width: 300px) 100vw, 300px\" \/><\/div>\n\t\t<\/a>\n\t\t\t\t<div class=\"elementor-post__text\">\n\t\t\t\t<h3 class=\"elementor-post__title\">\n\t\t\t<a href=\"https:\/\/www.rasc.es\/blogacademia\/?p=24590\" >\n\t\t\t\tLa edad de la Tierra (II): dataciones termodin\u00e1micas\t\t\t<\/a>\n\t\t<\/h3>\n\t\t\t\t<div class=\"elementor-post__meta-data\">\n\t\t\t\t\t<span class=\"elementor-post-author\">\n\t\t\tAntonio J. Dur\u00e1n\t\t<\/span>\n\t\t\t\t<span class=\"elementor-post-date\">\n\t\t\t29 enero, 2026\t\t<\/span>\n\t\t\t\t<\/div>\n\t\t\t\t<div class=\"elementor-post__excerpt\">\n\t\t\t<p>Vimos en la primera parte de esta entrada, que los primeros c\u00e1lculos de la edad de la Tierra \u2013propuestos en los siglos XVII y XVIII-<\/p>\n\t\t<\/div>\n\t\t\t\t<\/div>\n\t\t\t\t<\/article>\n\t\t\t\t<article class=\"elementor-post elementor-grid-item post-24651 post type-post status-publish format-standard has-post-thumbnail hentry category-actualidad-cientifica\" role=\"listitem\">\n\t\t\t\t<a class=\"elementor-post__thumbnail__link\" href=\"https:\/\/www.rasc.es\/blogacademia\/?p=24651\" tabindex=\"-1\" >\n\t\t\t<div class=\"elementor-post__thumbnail\"><img loading=\"lazy\" decoding=\"async\" width=\"300\" height=\"201\" src=\"https:\/\/www.rasc.es\/blogacademia\/wp-content\/uploads\/2026\/01\/matalasc-300x201.jpg\" class=\"attachment-medium size-medium wp-image-24661\" alt=\"\" srcset=\"https:\/\/www.rasc.es\/blogacademia\/wp-content\/uploads\/2026\/01\/matalasc-300x201.jpg 300w, https:\/\/www.rasc.es\/blogacademia\/wp-content\/uploads\/2026\/01\/matalasc.jpg 701w\" sizes=\"(max-width: 300px) 100vw, 300px\" \/><\/div>\n\t\t<\/a>\n\t\t\t\t<div class=\"elementor-post__text\">\n\t\t\t\t<h3 class=\"elementor-post__title\">\n\t\t\t<a href=\"https:\/\/www.rasc.es\/blogacademia\/?p=24651\" >\n\t\t\t\t\u00bfQu\u00e9 est\u00e1 sucediendo en las playas de Huelva? (y II)\t\t\t<\/a>\n\t\t<\/h3>\n\t\t\t\t<div class=\"elementor-post__meta-data\">\n\t\t\t\t\t<span class=\"elementor-post-author\">\n\t\t\tFrancisco Ruiz Mu\u00f1oz y Joaqu\u00edn Rodr\u00edguez Vidal\t\t<\/span>\n\t\t\t\t<span class=\"elementor-post-date\">\n\t\t\t22 enero, 2026\t\t<\/span>\n\t\t\t\t<\/div>\n\t\t\t\t<div class=\"elementor-post__excerpt\">\n\t\t\t<p>&nbsp; MATALASCA\u00d1AS: BELLEZA EN PELIGRO EL ENCANTO DE MATALASCA\u00d1AS \u00a0\u00a0\u00a0\u00a0\u00a0\u00a0\u00a0\u00a0 Un paseo matutino por la playa de Matalasca\u00f1as nos revela unas escenas mar\u00edtimo-terrestres llenas de<\/p>\n\t\t<\/div>\n\t\t\t\t<\/div>\n\t\t\t\t<\/article>\n\t\t\t\t<article class=\"elementor-post elementor-grid-item post-24578 post type-post status-publish format-standard has-post-thumbnail hentry category-materia\" role=\"listitem\">\n\t\t\t\t<a class=\"elementor-post__thumbnail__link\" href=\"https:\/\/www.rasc.es\/blogacademia\/?p=24578\" tabindex=\"-1\" >\n\t\t\t<div class=\"elementor-post__thumbnail\"><img loading=\"lazy\" decoding=\"async\" width=\"300\" height=\"200\" src=\"https:\/\/www.rasc.es\/blogacademia\/wp-content\/uploads\/2026\/01\/DeliciasBosco-300x200.jpg\" class=\"attachment-medium size-medium wp-image-24587\" alt=\"\" srcset=\"https:\/\/www.rasc.es\/blogacademia\/wp-content\/uploads\/2026\/01\/DeliciasBosco-300x200.jpg 300w, https:\/\/www.rasc.es\/blogacademia\/wp-content\/uploads\/2026\/01\/DeliciasBosco.jpg 500w\" sizes=\"(max-width: 300px) 100vw, 300px\" \/><\/div>\n\t\t<\/a>\n\t\t\t\t<div class=\"elementor-post__text\">\n\t\t\t\t<h3 class=\"elementor-post__title\">\n\t\t\t<a href=\"https:\/\/www.rasc.es\/blogacademia\/?p=24578\" >\n\t\t\t\tLa edad de la Tierra (I): dataciones teol\u00f3gicas\t\t\t<\/a>\n\t\t<\/h3>\n\t\t\t\t<div class=\"elementor-post__meta-data\">\n\t\t\t\t\t<span class=\"elementor-post-author\">\n\t\t\tAntonio J. Dur\u00e1n\t\t<\/span>\n\t\t\t\t<span class=\"elementor-post-date\">\n\t\t\t20 enero, 2026\t\t<\/span>\n\t\t\t\t<\/div>\n\t\t\t\t<div class=\"elementor-post__excerpt\">\n\t\t\t<p>La historia de la ciencia no s\u00f3lo enriquece el propio conocimiento cient\u00edfico, sino que tambi\u00e9n ilumina aspectos muy interesantes de la condici\u00f3n humana. Por ejemplo,<\/p>\n\t\t<\/div>\n\t\t\t\t<\/div>\n\t\t\t\t<\/article>\n\t\t\t\t<article class=\"elementor-post elementor-grid-item post-24619 post type-post status-publish format-standard has-post-thumbnail hentry category-actualidad-cientifica\" role=\"listitem\">\n\t\t\t\t<a class=\"elementor-post__thumbnail__link\" href=\"https:\/\/www.rasc.es\/blogacademia\/?p=24619\" tabindex=\"-1\" >\n\t\t\t<div class=\"elementor-post__thumbnail\"><img loading=\"lazy\" decoding=\"async\" width=\"300\" height=\"200\" src=\"https:\/\/www.rasc.es\/blogacademia\/wp-content\/uploads\/2026\/01\/playaHD-300x200.jpg\" class=\"attachment-medium size-medium wp-image-24631\" alt=\"\" srcset=\"https:\/\/www.rasc.es\/blogacademia\/wp-content\/uploads\/2026\/01\/playaHD-300x200.jpg 300w, https:\/\/www.rasc.es\/blogacademia\/wp-content\/uploads\/2026\/01\/playaHD-1024x682.jpg 1024w, https:\/\/www.rasc.es\/blogacademia\/wp-content\/uploads\/2026\/01\/playaHD-768x511.jpg 768w, https:\/\/www.rasc.es\/blogacademia\/wp-content\/uploads\/2026\/01\/playaHD-1536x1022.jpg 1536w, https:\/\/www.rasc.es\/blogacademia\/wp-content\/uploads\/2026\/01\/playaHD.jpg 1812w\" sizes=\"(max-width: 300px) 100vw, 300px\" \/><\/div>\n\t\t<\/a>\n\t\t\t\t<div class=\"elementor-post__text\">\n\t\t\t\t<h3 class=\"elementor-post__title\">\n\t\t\t<a href=\"https:\/\/www.rasc.es\/blogacademia\/?p=24619\" >\n\t\t\t\t\u00bfQu\u00e9 est\u00e1 sucediendo en las playas de Huelva? (I)\t\t\t<\/a>\n\t\t<\/h3>\n\t\t\t\t<div class=\"elementor-post__meta-data\">\n\t\t\t\t\t<span class=\"elementor-post-author\">\n\t\t\tFrancisco Ruiz Mu\u00f1oz y Joaqu\u00edn Rodr\u00edguez Vidal\t\t<\/span>\n\t\t\t\t<span class=\"elementor-post-date\">\n\t\t\t16 enero, 2026\t\t<\/span>\n\t\t\t\t<\/div>\n\t\t\t\t<div class=\"elementor-post__excerpt\">\n\t\t\t<p>MARCO HIDRODIN\u00c1MICO GENERAL PR\u00d3LOGO \u00a0\u00a0\u00a0\u00a0\u00a0\u00a0\u00a0\u00a0 El litoral onubense es uno de los lugares preferidos por sevillanas y sevillanos para las vacaciones veraniegas. Playas como Matalasca\u00f1as<\/p>\n\t\t<\/div>\n\t\t\t\t<\/div>\n\t\t\t\t<\/article>\n\t\t\t\t<article class=\"elementor-post elementor-grid-item post-24571 post type-post status-publish format-standard has-post-thumbnail hentry category-vida\" role=\"listitem\">\n\t\t\t\t<a class=\"elementor-post__thumbnail__link\" href=\"https:\/\/www.rasc.es\/blogacademia\/?p=24571\" tabindex=\"-1\" >\n\t\t\t<div class=\"elementor-post__thumbnail\"><img loading=\"lazy\" decoding=\"async\" width=\"300\" height=\"201\" src=\"https:\/\/www.rasc.es\/blogacademia\/wp-content\/uploads\/2026\/01\/Enrique-Cerda-2012-300x201.jpg\" class=\"attachment-medium size-medium wp-image-24585\" alt=\"\" srcset=\"https:\/\/www.rasc.es\/blogacademia\/wp-content\/uploads\/2026\/01\/Enrique-Cerda-2012-300x201.jpg 300w, https:\/\/www.rasc.es\/blogacademia\/wp-content\/uploads\/2026\/01\/Enrique-Cerda-2012-1024x687.jpg 1024w, https:\/\/www.rasc.es\/blogacademia\/wp-content\/uploads\/2026\/01\/Enrique-Cerda-2012-768x515.jpg 768w, https:\/\/www.rasc.es\/blogacademia\/wp-content\/uploads\/2026\/01\/Enrique-Cerda-2012-1536x1030.jpg 1536w, https:\/\/www.rasc.es\/blogacademia\/wp-content\/uploads\/2026\/01\/Enrique-Cerda-2012.jpg 1600w\" sizes=\"(max-width: 300px) 100vw, 300px\" \/><\/div>\n\t\t<\/a>\n\t\t\t\t<div class=\"elementor-post__text\">\n\t\t\t\t<h3 class=\"elementor-post__title\">\n\t\t\t<a href=\"https:\/\/www.rasc.es\/blogacademia\/?p=24571\" >\n\t\t\t\tEnrique Cerd\u00e1: In Memorian\t\t\t<\/a>\n\t\t<\/h3>\n\t\t\t\t<div class=\"elementor-post__meta-data\">\n\t\t\t\t\t<span class=\"elementor-post-author\">\n\t\t\tMiguel \u00c1ngel De la Rosa\t\t<\/span>\n\t\t\t\t<span class=\"elementor-post-date\">\n\t\t\t13 enero, 2026\t\t<\/span>\n\t\t\t\t<\/div>\n\t\t\t\t<div class=\"elementor-post__excerpt\">\n\t\t\t<p>(Esta entrada se public\u00f3 en el Diario de Sevilla el 2 de enero de 2026) El 27 de diciembre, casi vencido el a\u00f1o, nos dej\u00f3<\/p>\n\t\t<\/div>\n\t\t\t\t<\/div>\n\t\t\t\t<\/article>\n\t\t\t\t<article class=\"elementor-post elementor-grid-item post-24424 post type-post status-publish format-standard has-post-thumbnail hentry category-mathema\" role=\"listitem\">\n\t\t\t\t<a class=\"elementor-post__thumbnail__link\" href=\"https:\/\/www.rasc.es\/blogacademia\/?p=24424\" tabindex=\"-1\" >\n\t\t\t<div class=\"elementor-post__thumbnail\"><img loading=\"lazy\" decoding=\"async\" width=\"260\" height=\"155\" src=\"https:\/\/www.rasc.es\/blogacademia\/wp-content\/uploads\/2025\/11\/Fire-6-e1763282413822.jpg\" class=\"attachment-medium size-medium wp-image-24464\" alt=\"\" \/><\/div>\n\t\t<\/a>\n\t\t\t\t<div class=\"elementor-post__text\">\n\t\t\t\t<h3 class=\"elementor-post__title\">\n\t\t\t<a href=\"https:\/\/www.rasc.es\/blogacademia\/?p=24424\" >\n\t\t\t\tMatem\u00e1ticas e incendios\t\t\t<\/a>\n\t\t<\/h3>\n\t\t\t\t<div class=\"elementor-post__meta-data\">\n\t\t\t\t\t<span class=\"elementor-post-author\">\n\t\t\tEnrique Fern\u00e1ndez-Cara\t\t<\/span>\n\t\t\t\t<span class=\"elementor-post-date\">\n\t\t\t16 diciembre, 2025\t\t<\/span>\n\t\t\t\t<\/div>\n\t\t\t\t<div class=\"elementor-post__excerpt\">\n\t\t\t<p>Esta Entrada se puede ver como una adaptaci\u00f3n y actualizaci\u00f3n de esta otra, publicada en 2020 en el Blog del Instituto de Matem\u00e1ticas de la<\/p>\n\t\t<\/div>\n\t\t\t\t<\/div>\n\t\t\t\t<\/article>\n\t\t\t\t<article class=\"elementor-post elementor-grid-item post-24516 post type-post status-publish format-standard has-post-thumbnail hentry category-materia\" role=\"listitem\">\n\t\t\t\t<a class=\"elementor-post__thumbnail__link\" href=\"https:\/\/www.rasc.es\/blogacademia\/?p=24516\" tabindex=\"-1\" >\n\t\t\t<div class=\"elementor-post__thumbnail\"><img loading=\"lazy\" decoding=\"async\" width=\"300\" height=\"200\" src=\"https:\/\/www.rasc.es\/blogacademia\/wp-content\/uploads\/2025\/12\/hielod-300x200.jpg\" class=\"attachment-medium size-medium wp-image-24521\" alt=\"\" srcset=\"https:\/\/www.rasc.es\/blogacademia\/wp-content\/uploads\/2025\/12\/hielod-300x200.jpg 300w, https:\/\/www.rasc.es\/blogacademia\/wp-content\/uploads\/2025\/12\/hielod-1024x682.jpg 1024w, https:\/\/www.rasc.es\/blogacademia\/wp-content\/uploads\/2025\/12\/hielod-768x511.jpg 768w, https:\/\/www.rasc.es\/blogacademia\/wp-content\/uploads\/2025\/12\/hielod-1536x1023.jpg 1536w, https:\/\/www.rasc.es\/blogacademia\/wp-content\/uploads\/2025\/12\/hielod-2048x1364.jpg 2048w\" sizes=\"(max-width: 300px) 100vw, 300px\" \/><\/div>\n\t\t<\/a>\n\t\t\t\t<div class=\"elementor-post__text\">\n\t\t\t\t<h3 class=\"elementor-post__title\">\n\t\t\t<a href=\"https:\/\/www.rasc.es\/blogacademia\/?p=24516\" >\n\t\t\t\tTerremotos nanom\u00e9tricos y hielo\t\t\t<\/a>\n\t\t<\/h3>\n\t\t\t\t<div class=\"elementor-post__meta-data\">\n\t\t\t\t\t<span class=\"elementor-post-author\">\n\t\t\tAgust\u00edn R. Gonz\u00e1lez-Elipe\t\t<\/span>\n\t\t\t\t<span class=\"elementor-post-date\">\n\t\t\t9 diciembre, 2025\t\t<\/span>\n\t\t\t\t<\/div>\n\t\t\t\t<div class=\"elementor-post__excerpt\">\n\t\t\t<p>Las convulsiones geol\u00f3gicas que denominamos terremotos son acciones incontrolables de la naturaleza con impactos destructores de dimensiones tr\u00e1gicas en muchas ocasiones. Todav\u00eda se guardan en<\/p>\n\t\t<\/div>\n\t\t\t\t<\/div>\n\t\t\t\t<\/article>\n\t\t\t\t<article class=\"elementor-post elementor-grid-item post-24489 post type-post status-publish format-standard has-post-thumbnail hentry category-tecnica\" role=\"listitem\">\n\t\t\t\t<a class=\"elementor-post__thumbnail__link\" href=\"https:\/\/www.rasc.es\/blogacademia\/?p=24489\" tabindex=\"-1\" >\n\t\t\t<div class=\"elementor-post__thumbnail\"><img loading=\"lazy\" decoding=\"async\" width=\"300\" height=\"200\" src=\"https:\/\/www.rasc.es\/blogacademia\/wp-content\/uploads\/2025\/11\/PV0-300x200.jpg\" class=\"attachment-medium size-medium wp-image-24503\" alt=\"\" srcset=\"https:\/\/www.rasc.es\/blogacademia\/wp-content\/uploads\/2025\/11\/PV0-300x200.jpg 300w, https:\/\/www.rasc.es\/blogacademia\/wp-content\/uploads\/2025\/11\/PV0-1024x683.jpg 1024w, https:\/\/www.rasc.es\/blogacademia\/wp-content\/uploads\/2025\/11\/PV0-768x512.jpg 768w, https:\/\/www.rasc.es\/blogacademia\/wp-content\/uploads\/2025\/11\/PV0.jpg 1080w\" sizes=\"(max-width: 300px) 100vw, 300px\" \/><\/div>\n\t\t<\/a>\n\t\t\t\t<div class=\"elementor-post__text\">\n\t\t\t\t<h3 class=\"elementor-post__title\">\n\t\t\t<a href=\"https:\/\/www.rasc.es\/blogacademia\/?p=24489\" >\n\t\t\t\tLa industria europea en la encrucijada: transici\u00f3n energ\u00e9tica y competitividad\t\t\t<\/a>\n\t\t<\/h3>\n\t\t\t\t<div class=\"elementor-post__meta-data\">\n\t\t\t\t\t<span class=\"elementor-post-author\">\n\t\t\tVicente J. Cort\u00e9s\t\t<\/span>\n\t\t\t\t<span class=\"elementor-post-date\">\n\t\t\t2 diciembre, 2025\t\t<\/span>\n\t\t\t\t<\/div>\n\t\t\t\t<div class=\"elementor-post__excerpt\">\n\t\t\t<p>1. Marco de referencia La Uni\u00f3n Europea ha fijado una trayectoria muy exigente de reducci\u00f3n de emisiones de gases de efecto invernadero, entre ellos el<\/p>\n\t\t<\/div>\n\t\t\t\t<\/div>\n\t\t\t\t<\/article>\n\t\t\t\t<article class=\"elementor-post elementor-grid-item post-24481 post type-post status-publish format-standard has-post-thumbnail hentry category-actualidad-cientifica\" role=\"listitem\">\n\t\t\t\t<a class=\"elementor-post__thumbnail__link\" href=\"https:\/\/www.rasc.es\/blogacademia\/?p=24481\" tabindex=\"-1\" >\n\t\t\t<div class=\"elementor-post__thumbnail\"><img loading=\"lazy\" decoding=\"async\" width=\"300\" height=\"200\" src=\"https:\/\/www.rasc.es\/blogacademia\/wp-content\/uploads\/2025\/11\/NoelQuimica25-300x200.jpg\" class=\"attachment-medium size-medium wp-image-24485\" alt=\"\" srcset=\"https:\/\/www.rasc.es\/blogacademia\/wp-content\/uploads\/2025\/11\/NoelQuimica25-300x200.jpg 300w, https:\/\/www.rasc.es\/blogacademia\/wp-content\/uploads\/2025\/11\/NoelQuimica25-768x513.jpg 768w, https:\/\/www.rasc.es\/blogacademia\/wp-content\/uploads\/2025\/11\/NoelQuimica25.jpg 795w\" sizes=\"(max-width: 300px) 100vw, 300px\" \/><\/div>\n\t\t<\/a>\n\t\t\t\t<div class=\"elementor-post__text\">\n\t\t\t\t<h3 class=\"elementor-post__title\">\n\t\t\t<a href=\"https:\/\/www.rasc.es\/blogacademia\/?p=24481\" >\n\t\t\t\tLa Qu\u00edmica crea su propio objeto: una reflexi\u00f3n a prop\u00f3sito del Premio Nobel de Qu\u00edmica 2025\t\t\t<\/a>\n\t\t<\/h3>\n\t\t\t\t<div class=\"elementor-post__meta-data\">\n\t\t\t\t\t<span class=\"elementor-post-author\">\n\t\t\tNoureddine Khiar\t\t<\/span>\n\t\t\t\t<span class=\"elementor-post-date\">\n\t\t\t27 noviembre, 2025\t\t<\/span>\n\t\t\t\t<\/div>\n\t\t\t\t<div class=\"elementor-post__excerpt\">\n\t\t\t<p>El anuncio del Premio Nobel de Qu\u00edmica 2025 evoca de inmediato una c\u00e9lebre afirmaci\u00f3n de Marcellin Berthelot, uno de los fundadores de la Qu\u00edmica moderna:<\/p>\n\t\t<\/div>\n\t\t\t\t<\/div>\n\t\t\t\t<\/article>\n\t\t\t\t<article class=\"elementor-post elementor-grid-item post-24311 post type-post status-publish format-standard has-post-thumbnail hentry category-vida\" role=\"listitem\">\n\t\t\t\t<a class=\"elementor-post__thumbnail__link\" href=\"https:\/\/www.rasc.es\/blogacademia\/?p=24311\" tabindex=\"-1\" >\n\t\t\t<div class=\"elementor-post__thumbnail\"><img loading=\"lazy\" decoding=\"async\" width=\"300\" height=\"225\" src=\"https:\/\/www.rasc.es\/blogacademia\/wp-content\/uploads\/2025\/10\/Santa_Isabel_de_Hungria_curando_tinosos-300x225.jpg\" class=\"attachment-medium size-medium wp-image-24318\" alt=\"\" srcset=\"https:\/\/www.rasc.es\/blogacademia\/wp-content\/uploads\/2025\/10\/Santa_Isabel_de_Hungria_curando_tinosos-300x225.jpg 300w, https:\/\/www.rasc.es\/blogacademia\/wp-content\/uploads\/2025\/10\/Santa_Isabel_de_Hungria_curando_tinosos-768x576.jpg 768w, https:\/\/www.rasc.es\/blogacademia\/wp-content\/uploads\/2025\/10\/Santa_Isabel_de_Hungria_curando_tinosos-640x480.jpg 640w, https:\/\/www.rasc.es\/blogacademia\/wp-content\/uploads\/2025\/10\/Santa_Isabel_de_Hungria_curando_tinosos.jpg 892w\" sizes=\"(max-width: 300px) 100vw, 300px\" \/><\/div>\n\t\t<\/a>\n\t\t\t\t<div class=\"elementor-post__text\">\n\t\t\t\t<h3 class=\"elementor-post__title\">\n\t\t\t<a href=\"https:\/\/www.rasc.es\/blogacademia\/?p=24311\" >\n\t\t\t\tTi\u00f1as y micosis\t\t\t<\/a>\n\t\t<\/h3>\n\t\t\t\t<div class=\"elementor-post__meta-data\">\n\t\t\t\t\t<span class=\"elementor-post-author\">\n\t\t\tBenito Vald\u00e9s\t\t<\/span>\n\t\t\t\t<span class=\"elementor-post-date\">\n\t\t\t25 noviembre, 2025\t\t<\/span>\n\t\t\t\t<\/div>\n\t\t\t\t<div class=\"elementor-post__excerpt\">\n\t\t\t<p>\u00a0\u00a0\u00a0\u00a0\u00a0\u00a0\u00a0\u00a0\u00a0\u00a0\u00a0 Una creencia muy extendida es que en los pa\u00edses civilizados las ti\u00f1as son enfermedades que han quedado en el pasado y que afectan solamente<\/p>\n\t\t<\/div>\n\t\t\t\t<\/div>\n\t\t\t\t<\/article>\n\t\t\t\t<article class=\"elementor-post elementor-grid-item post-24466 post type-post status-publish format-standard has-post-thumbnail hentry category-actualidad-cientifica\" role=\"listitem\">\n\t\t\t\t<a class=\"elementor-post__thumbnail__link\" href=\"https:\/\/www.rasc.es\/blogacademia\/?p=24466\" tabindex=\"-1\" >\n\t\t\t<div class=\"elementor-post__thumbnail\"><img loading=\"lazy\" decoding=\"async\" width=\"300\" height=\"201\" src=\"https:\/\/www.rasc.es\/blogacademia\/wp-content\/uploads\/2025\/11\/Cajal1-300x201.jpg\" class=\"attachment-medium size-medium wp-image-24467\" alt=\"\" srcset=\"https:\/\/www.rasc.es\/blogacademia\/wp-content\/uploads\/2025\/11\/Cajal1-300x201.jpg 300w, https:\/\/www.rasc.es\/blogacademia\/wp-content\/uploads\/2025\/11\/Cajal1-768x515.jpg 768w, https:\/\/www.rasc.es\/blogacademia\/wp-content\/uploads\/2025\/11\/Cajal1.jpg 1023w\" sizes=\"(max-width: 300px) 100vw, 300px\" \/><\/div>\n\t\t<\/a>\n\t\t\t\t<div class=\"elementor-post__text\">\n\t\t\t\t<h3 class=\"elementor-post__title\">\n\t\t\t<a href=\"https:\/\/www.rasc.es\/blogacademia\/?p=24466\" >\n\t\t\t\tCajal bien vale un museo\u2026y m\u00e1s apoyo a la investigaci\u00f3n del cerebro\t\t\t<\/a>\n\t\t<\/h3>\n\t\t\t\t<div class=\"elementor-post__meta-data\">\n\t\t\t\t\t<span class=\"elementor-post-author\">\n\t\t\tJos\u00e9 L\u00f3pez Barneo\t\t<\/span>\n\t\t\t\t<span class=\"elementor-post-date\">\n\t\t\t20 noviembre, 2025\t\t<\/span>\n\t\t\t\t<\/div>\n\t\t\t\t<div class=\"elementor-post__excerpt\">\n\t\t\t<p>Santiago Ram\u00f3n y Cajal (1852-1934), el \u00fanico ganador del Premio Nobel en ciencias experimentales (Fisiolog\u00eda o Medicina en 1906) por aportaciones hechas desde Espa\u00f1a, es<\/p>\n\t\t<\/div>\n\t\t\t\t<\/div>\n\t\t\t\t<\/article>\n\t\t\t\t<article class=\"elementor-post elementor-grid-item post-24037 post type-post status-publish format-standard has-post-thumbnail hentry category-mathema\" role=\"listitem\">\n\t\t\t\t<a class=\"elementor-post__thumbnail__link\" href=\"https:\/\/www.rasc.es\/blogacademia\/?p=24037\" tabindex=\"-1\" >\n\t\t\t<div class=\"elementor-post__thumbnail\"><img loading=\"lazy\" decoding=\"async\" width=\"300\" height=\"238\" src=\"https:\/\/www.rasc.es\/blogacademia\/wp-content\/uploads\/2025\/08\/grafo-dos-colores-curvo-300x238.png\" class=\"attachment-medium size-medium wp-image-24060\" alt=\"\" srcset=\"https:\/\/www.rasc.es\/blogacademia\/wp-content\/uploads\/2025\/08\/grafo-dos-colores-curvo-300x238.png 300w, https:\/\/www.rasc.es\/blogacademia\/wp-content\/uploads\/2025\/08\/grafo-dos-colores-curvo.png 462w\" sizes=\"(max-width: 300px) 100vw, 300px\" \/><\/div>\n\t\t<\/a>\n\t\t\t\t<div class=\"elementor-post__text\">\n\t\t\t\t<h3 class=\"elementor-post__title\">\n\t\t\t<a href=\"https:\/\/www.rasc.es\/blogacademia\/?p=24037\" >\n\t\t\t\tColoreado de grafos\t\t\t<\/a>\n\t\t<\/h3>\n\t\t\t\t<div class=\"elementor-post__meta-data\">\n\t\t\t\t\t<span class=\"elementor-post-author\">\n\t\t\tJuan Luis Varona\t\t<\/span>\n\t\t\t\t<span class=\"elementor-post-date\">\n\t\t\t18 noviembre, 2025\t\t<\/span>\n\t\t\t\t<\/div>\n\t\t\t\t<div class=\"elementor-post__excerpt\">\n\t\t\t<p>La historia de la teor\u00eda de grafos comienza en 1736, cuando Leonhard Euler, en su art\u00edculo [1] escrito en lat\u00edn, resolvi\u00f3 el denominado problema de<\/p>\n\t\t<\/div>\n\t\t\t\t<\/div>\n\t\t\t\t<\/article>\n\t\t\t\t<article class=\"elementor-post elementor-grid-item post-24430 post type-post status-publish format-standard has-post-thumbnail hentry category-actualidad-cientifica\" role=\"listitem\">\n\t\t\t\t<a class=\"elementor-post__thumbnail__link\" href=\"https:\/\/www.rasc.es\/blogacademia\/?p=24430\" tabindex=\"-1\" >\n\t\t\t<div class=\"elementor-post__thumbnail\"><img loading=\"lazy\" decoding=\"async\" width=\"300\" height=\"199\" src=\"https:\/\/www.rasc.es\/blogacademia\/wp-content\/uploads\/2025\/11\/NobelMF-25-4-300x199.jpg\" class=\"attachment-medium size-medium wp-image-24437\" alt=\"\" srcset=\"https:\/\/www.rasc.es\/blogacademia\/wp-content\/uploads\/2025\/11\/NobelMF-25-4-300x199.jpg 300w, https:\/\/www.rasc.es\/blogacademia\/wp-content\/uploads\/2025\/11\/NobelMF-25-4-1024x680.jpg 1024w, https:\/\/www.rasc.es\/blogacademia\/wp-content\/uploads\/2025\/11\/NobelMF-25-4-768x510.jpg 768w, https:\/\/www.rasc.es\/blogacademia\/wp-content\/uploads\/2025\/11\/NobelMF-25-4.jpg 1299w\" sizes=\"(max-width: 300px) 100vw, 300px\" \/><\/div>\n\t\t<\/a>\n\t\t\t\t<div class=\"elementor-post__text\">\n\t\t\t\t<h3 class=\"elementor-post__title\">\n\t\t\t<a href=\"https:\/\/www.rasc.es\/blogacademia\/?p=24430\" >\n\t\t\t\tBrunkow, Ramsdell y Sakaguchi: Premio Nobel de Fisiolog\u00eda o Medicina 2025\t\t\t<\/a>\n\t\t<\/h3>\n\t\t\t\t<div class=\"elementor-post__meta-data\">\n\t\t\t\t\t<span class=\"elementor-post-author\">\n\t\t\tAlfonso Rodr\u00edguez Gil y Juan Jos\u00e9 Toledo Aral\t\t<\/span>\n\t\t\t\t<span class=\"elementor-post-date\">\n\t\t\t14 noviembre, 2025\t\t<\/span>\n\t\t\t\t<\/div>\n\t\t\t\t<div class=\"elementor-post__excerpt\">\n\t\t\t<p>Nuestro cuerpo debe enfrentarse continuamente a numerosas amenazas en forma de pat\u00f3genos externos e incluso a nuestras propias c\u00e9lulas cuando estas sufren mutaciones que las<\/p>\n\t\t<\/div>\n\t\t\t\t<\/div>\n\t\t\t\t<\/article>\n\t\t\t\t<article class=\"elementor-post elementor-grid-item post-24324 post type-post status-publish format-standard has-post-thumbnail hentry category-tecnica\" role=\"listitem\">\n\t\t\t\t<a class=\"elementor-post__thumbnail__link\" href=\"https:\/\/www.rasc.es\/blogacademia\/?p=24324\" tabindex=\"-1\" >\n\t\t\t<div class=\"elementor-post__thumbnail\"><img loading=\"lazy\" decoding=\"async\" width=\"300\" height=\"200\" src=\"https:\/\/www.rasc.es\/blogacademia\/wp-content\/uploads\/2025\/11\/Gemini_Generated_Image_ddja6iddja6iddja-300x200.png\" class=\"attachment-medium size-medium wp-image-24336\" alt=\"\" srcset=\"https:\/\/www.rasc.es\/blogacademia\/wp-content\/uploads\/2025\/11\/Gemini_Generated_Image_ddja6iddja6iddja-300x200.png 300w, https:\/\/www.rasc.es\/blogacademia\/wp-content\/uploads\/2025\/11\/Gemini_Generated_Image_ddja6iddja6iddja-768x512.png 768w, https:\/\/www.rasc.es\/blogacademia\/wp-content\/uploads\/2025\/11\/Gemini_Generated_Image_ddja6iddja6iddja.png 1024w\" sizes=\"(max-width: 300px) 100vw, 300px\" \/><\/div>\n\t\t<\/a>\n\t\t\t\t<div class=\"elementor-post__text\">\n\t\t\t\t<h3 class=\"elementor-post__title\">\n\t\t\t<a href=\"https:\/\/www.rasc.es\/blogacademia\/?p=24324\" >\n\t\t\t\tMulti-agentes Inteligentes: el futuro ya ha llegado\t\t\t<\/a>\n\t\t<\/h3>\n\t\t\t\t<div class=\"elementor-post__meta-data\">\n\t\t\t\t\t<span class=\"elementor-post-author\">\n\t\t\tJos\u00e9 C. Riquelme\t\t<\/span>\n\t\t\t\t<span class=\"elementor-post-date\">\n\t\t\t11 noviembre, 2025\t\t<\/span>\n\t\t\t\t<\/div>\n\t\t\t\t<div class=\"elementor-post__excerpt\">\n\t\t\t<p>En mi entrada anterior en este blog De HAL a ChatGPT: La IA y el sue\u00f1o de crear inteligencia (y II)\u00a0se citaron los multi-agentes inteligentes<\/p>\n\t\t<\/div>\n\t\t\t\t<\/div>\n\t\t\t\t<\/article>\n\t\t\t\t<article class=\"elementor-post elementor-grid-item post-24240 post type-post status-publish format-standard has-post-thumbnail hentry category-materia\" role=\"listitem\">\n\t\t\t\t<a class=\"elementor-post__thumbnail__link\" href=\"https:\/\/www.rasc.es\/blogacademia\/?p=24240\" tabindex=\"-1\" >\n\t\t\t<div class=\"elementor-post__thumbnail\"><img loading=\"lazy\" decoding=\"async\" width=\"300\" height=\"199\" src=\"https:\/\/www.rasc.es\/blogacademia\/wp-content\/uploads\/2025\/10\/gases2-300x199.jpg\" class=\"attachment-medium size-medium wp-image-24398\" alt=\"\" srcset=\"https:\/\/www.rasc.es\/blogacademia\/wp-content\/uploads\/2025\/10\/gases2-300x199.jpg 300w, https:\/\/www.rasc.es\/blogacademia\/wp-content\/uploads\/2025\/10\/gases2.jpg 526w\" sizes=\"(max-width: 300px) 100vw, 300px\" \/><\/div>\n\t\t<\/a>\n\t\t\t\t<div class=\"elementor-post__text\">\n\t\t\t\t<h3 class=\"elementor-post__title\">\n\t\t\t<a href=\"https:\/\/www.rasc.es\/blogacademia\/?p=24240\" >\n\t\t\t\tLa entrop\u00eda seg\u00fan Clausius (y IV): An\u00e1lisis del tratamiento de Clausius\t\t\t<\/a>\n\t\t<\/h3>\n\t\t\t\t<div class=\"elementor-post__meta-data\">\n\t\t\t\t\t<span class=\"elementor-post-author\">\n\t\t\tManuel Zamora Carranza\t\t<\/span>\n\t\t\t\t<span class=\"elementor-post-date\">\n\t\t\t6 noviembre, 2025\t\t<\/span>\n\t\t\t\t<\/div>\n\t\t\t\t<div class=\"elementor-post__excerpt\">\n\t\t\t<p>Die Energie der Welt ist constant. Die Entropie der Welt strebt einem Maximum zu. Clausius, 1865 (La energ\u00eda del mundo es constante. La entrop\u00eda del<\/p>\n\t\t<\/div>\n\t\t\t\t<\/div>\n\t\t\t\t<\/article>\n\t\t\t\t<article class=\"elementor-post elementor-grid-item post-24403 post type-post status-publish format-standard has-post-thumbnail hentry category-materia\" role=\"listitem\">\n\t\t\t\t<a class=\"elementor-post__thumbnail__link\" href=\"https:\/\/www.rasc.es\/blogacademia\/?p=24403\" tabindex=\"-1\" >\n\t\t\t<div class=\"elementor-post__thumbnail\"><img loading=\"lazy\" decoding=\"async\" width=\"300\" height=\"200\" src=\"https:\/\/www.rasc.es\/blogacademia\/wp-content\/uploads\/2025\/10\/oro-300x200.jpg\" class=\"attachment-medium size-medium wp-image-24414\" alt=\"\" srcset=\"https:\/\/www.rasc.es\/blogacademia\/wp-content\/uploads\/2025\/10\/oro-300x200.jpg 300w, https:\/\/www.rasc.es\/blogacademia\/wp-content\/uploads\/2025\/10\/oro.jpg 600w\" sizes=\"(max-width: 300px) 100vw, 300px\" \/><\/div>\n\t\t<\/a>\n\t\t\t\t<div class=\"elementor-post__text\">\n\t\t\t\t<h3 class=\"elementor-post__title\">\n\t\t\t<a href=\"https:\/\/www.rasc.es\/blogacademia\/?p=24403\" >\n\t\t\t\tLa entrop\u00eda seg\u00fan Clausius (III): Definici\u00f3n y significado de la entrop\u00eda\t\t\t<\/a>\n\t\t<\/h3>\n\t\t\t\t<div class=\"elementor-post__meta-data\">\n\t\t\t\t\t<span class=\"elementor-post-author\">\n\t\t\tManuel Zamora Carranza\t\t<\/span>\n\t\t\t\t<span class=\"elementor-post-date\">\n\t\t\t4 noviembre, 2025\t\t<\/span>\n\t\t\t\t<\/div>\n\t\t\t\t<div class=\"elementor-post__excerpt\">\n\t\t\t<p>(En las reflexiones sobre la gestaci\u00f3n del concepto de entrop\u00eda seg\u00fan Rudolf Clausius, realizadas en las entradas La entrop\u00eda seg\u00fan Clausius (I): La equivalencia del<\/p>\n\t\t<\/div>\n\t\t\t\t<\/div>\n\t\t\t\t<\/article>\n\t\t\t\t<article class=\"elementor-post elementor-grid-item post-24371 post type-post status-publish format-standard has-post-thumbnail hentry category-actualidad-cientifica\" role=\"listitem\">\n\t\t\t\t<a class=\"elementor-post__thumbnail__link\" href=\"https:\/\/www.rasc.es\/blogacademia\/?p=24371\" tabindex=\"-1\" >\n\t\t\t<div class=\"elementor-post__thumbnail\"><img loading=\"lazy\" decoding=\"async\" width=\"300\" height=\"200\" src=\"https:\/\/www.rasc.es\/blogacademia\/wp-content\/uploads\/2025\/10\/epigen-cort-300x200.jpg\" class=\"attachment-medium size-medium wp-image-24379\" alt=\"\" srcset=\"https:\/\/www.rasc.es\/blogacademia\/wp-content\/uploads\/2025\/10\/epigen-cort-300x200.jpg 300w, https:\/\/www.rasc.es\/blogacademia\/wp-content\/uploads\/2025\/10\/epigen-cort-768x512.jpg 768w, https:\/\/www.rasc.es\/blogacademia\/wp-content\/uploads\/2025\/10\/epigen-cort.jpg 911w\" sizes=\"(max-width: 300px) 100vw, 300px\" \/><\/div>\n\t\t<\/a>\n\t\t\t\t<div class=\"elementor-post__text\">\n\t\t\t\t<h3 class=\"elementor-post__title\">\n\t\t\t<a href=\"https:\/\/www.rasc.es\/blogacademia\/?p=24371\" >\n\t\t\t\tLa epigen\u00e9tica: m\u00e1s all\u00e1 del dictado de los genes\t\t\t<\/a>\n\t\t<\/h3>\n\t\t\t\t<div class=\"elementor-post__meta-data\">\n\t\t\t\t\t<span class=\"elementor-post-author\">\n\t\t\tElizabeth Pintado\t\t<\/span>\n\t\t\t\t<span class=\"elementor-post-date\">\n\t\t\t31 octubre, 2025\t\t<\/span>\n\t\t\t\t<\/div>\n\t\t\t\t<div class=\"elementor-post__excerpt\">\n\t\t\t<p>La epigen\u00e9tica es un concepto antiguo que ha ido evolucionando a lo largo del tiempo y que en las \u00faltimas d\u00e9cadas ha generado un enorme<\/p>\n\t\t<\/div>\n\t\t\t\t<\/div>\n\t\t\t\t<\/article>\n\t\t\t\t<article class=\"elementor-post elementor-grid-item post-24341 post type-post status-publish format-standard has-post-thumbnail hentry category-vida\" role=\"listitem\">\n\t\t\t\t<a class=\"elementor-post__thumbnail__link\" href=\"https:\/\/www.rasc.es\/blogacademia\/?p=24341\" tabindex=\"-1\" >\n\t\t\t<div class=\"elementor-post__thumbnail\"><img loading=\"lazy\" decoding=\"async\" width=\"300\" height=\"200\" src=\"https:\/\/www.rasc.es\/blogacademia\/wp-content\/uploads\/2025\/10\/Figura-18-300x200.jpg\" class=\"attachment-medium size-medium wp-image-24364\" alt=\"\" srcset=\"https:\/\/www.rasc.es\/blogacademia\/wp-content\/uploads\/2025\/10\/Figura-18-300x200.jpg 300w, https:\/\/www.rasc.es\/blogacademia\/wp-content\/uploads\/2025\/10\/Figura-18-1024x683.jpg 1024w, https:\/\/www.rasc.es\/blogacademia\/wp-content\/uploads\/2025\/10\/Figura-18-768x512.jpg 768w, https:\/\/www.rasc.es\/blogacademia\/wp-content\/uploads\/2025\/10\/Figura-18-1536x1024.jpg 1536w, https:\/\/www.rasc.es\/blogacademia\/wp-content\/uploads\/2025\/10\/Figura-18-2048x1365.jpg 2048w\" sizes=\"(max-width: 300px) 100vw, 300px\" \/><\/div>\n\t\t<\/a>\n\t\t\t\t<div class=\"elementor-post__text\">\n\t\t\t\t<h3 class=\"elementor-post__title\">\n\t\t\t<a href=\"https:\/\/www.rasc.es\/blogacademia\/?p=24341\" >\n\t\t\t\tFrancisco Garc\u00eda Novo, un gran investigador y un gran maestro\t\t\t<\/a>\n\t\t<\/h3>\n\t\t\t\t<div class=\"elementor-post__meta-data\">\n\t\t\t\t\t<span class=\"elementor-post-author\">\n\t\t\tMari Cruz D\u00edaz Antunes-Barradas\t\t<\/span>\n\t\t\t\t<span class=\"elementor-post-date\">\n\t\t\t29 octubre, 2025\t\t<\/span>\n\t\t\t\t<\/div>\n\t\t\t\t<div class=\"elementor-post__excerpt\">\n\t\t\t<p>El profesor Garc\u00eda Novo (1943-2025), Fuco para sus amigos y compa\u00f1eros, fue un gran maestro e investigador nato e interdisciplinar de la naturaleza y los<\/p>\n\t\t<\/div>\n\t\t\t\t<\/div>\n\t\t\t\t<\/article>\n\t\t\t\t<article class=\"elementor-post elementor-grid-item post-24301 post type-post status-publish format-standard has-post-thumbnail hentry category-actualidad-cientifica\" role=\"listitem\">\n\t\t\t\t<a class=\"elementor-post__thumbnail__link\" href=\"https:\/\/www.rasc.es\/blogacademia\/?p=24301\" tabindex=\"-1\" >\n\t\t\t<div class=\"elementor-post__thumbnail\"><img loading=\"lazy\" decoding=\"async\" width=\"300\" height=\"200\" src=\"https:\/\/www.rasc.es\/blogacademia\/wp-content\/uploads\/2025\/10\/QuanticoSanSebastian-300x200.jpg\" class=\"attachment-medium size-medium wp-image-24305\" alt=\"\" srcset=\"https:\/\/www.rasc.es\/blogacademia\/wp-content\/uploads\/2025\/10\/QuanticoSanSebastian-300x200.jpg 300w, https:\/\/www.rasc.es\/blogacademia\/wp-content\/uploads\/2025\/10\/QuanticoSanSebastian-1024x682.jpg 1024w, https:\/\/www.rasc.es\/blogacademia\/wp-content\/uploads\/2025\/10\/QuanticoSanSebastian-768x512.jpg 768w, https:\/\/www.rasc.es\/blogacademia\/wp-content\/uploads\/2025\/10\/QuanticoSanSebastian-1536x1024.jpg 1536w, https:\/\/www.rasc.es\/blogacademia\/wp-content\/uploads\/2025\/10\/QuanticoSanSebastian.jpg 2000w\" sizes=\"(max-width: 300px) 100vw, 300px\" \/><\/div>\n\t\t<\/a>\n\t\t\t\t<div class=\"elementor-post__text\">\n\t\t\t\t<h3 class=\"elementor-post__title\">\n\t\t\t<a href=\"https:\/\/www.rasc.es\/blogacademia\/?p=24301\" >\n\t\t\t\tClarke, Devoret y Martinis: premios Nobel de F\u00edsica 2025\t\t\t<\/a>\n\t\t<\/h3>\n\t\t\t\t<div class=\"elementor-post__meta-data\">\n\t\t\t\t\t<span class=\"elementor-post-author\">\n\t\t\tAd\u00e1n Cabello\t\t<\/span>\n\t\t\t\t<span class=\"elementor-post-date\">\n\t\t\t23 octubre, 2025\t\t<\/span>\n\t\t\t\t<\/div>\n\t\t\t\t<div class=\"elementor-post__excerpt\">\n\t\t\t<p>En el centenario del nacimiento de la mec\u00e1nica cu\u00e1ntica, la Academia Sueca de Ciencias ha otorgado el premio Nobel de F\u00edsica 2025 a John Clarke,<\/p>\n\t\t<\/div>\n\t\t\t\t<\/div>\n\t\t\t\t<\/article>\n\t\t\t\t<article class=\"elementor-post elementor-grid-item post-24129 post type-post status-publish format-standard has-post-thumbnail hentry category-mathema\" role=\"listitem\">\n\t\t\t\t<a class=\"elementor-post__thumbnail__link\" href=\"https:\/\/www.rasc.es\/blogacademia\/?p=24129\" tabindex=\"-1\" >\n\t\t\t<div class=\"elementor-post__thumbnail\"><img loading=\"lazy\" decoding=\"async\" width=\"300\" height=\"300\" src=\"https:\/\/www.rasc.es\/blogacademia\/wp-content\/uploads\/2025\/09\/image10-300x300.jpg\" class=\"attachment-medium size-medium wp-image-24170\" alt=\"\" \/><\/div>\n\t\t<\/a>\n\t\t\t\t<div class=\"elementor-post__text\">\n\t\t\t\t<h3 class=\"elementor-post__title\">\n\t\t\t<a href=\"https:\/\/www.rasc.es\/blogacademia\/?p=24129\" >\n\t\t\t\tEl Museo Virtual de las Matem\u00e1ticas y la Imaginaci\u00f3n\t\t\t<\/a>\n\t\t<\/h3>\n\t\t\t\t<div class=\"elementor-post__meta-data\">\n\t\t\t\t\t<span class=\"elementor-post-author\">\n\t\t\tAubin Arroyo y Renato Iturriaga\t\t<\/span>\n\t\t\t\t<span class=\"elementor-post-date\">\n\t\t\t21 octubre, 2025\t\t<\/span>\n\t\t\t\t<\/div>\n\t\t\t\t<div class=\"elementor-post__excerpt\">\n\t\t\t<p>\u00abLa imaginaci\u00f3n tiene el valor pragm\u00e1tico de adelantarse a la lenta caravana del pensamiento bien ordenado y frecuentemente reconoce la realidad antes que su pesado<\/p>\n\t\t<\/div>\n\t\t\t\t<\/div>\n\t\t\t\t<\/article>\n\t\t\t\t<article class=\"elementor-post elementor-grid-item post-24245 post type-post status-publish format-standard has-post-thumbnail hentry category-tecnica\" role=\"listitem\">\n\t\t\t\t<a class=\"elementor-post__thumbnail__link\" href=\"https:\/\/www.rasc.es\/blogacademia\/?p=24245\" tabindex=\"-1\" >\n\t\t\t<div class=\"elementor-post__thumbnail\"><img loading=\"lazy\" decoding=\"async\" width=\"300\" height=\"169\" src=\"https:\/\/www.rasc.es\/blogacademia\/wp-content\/uploads\/2025\/10\/Pepon_ASolar.avif\" class=\"attachment-medium size-medium wp-image-24252\" alt=\"\" \/><\/div>\n\t\t<\/a>\n\t\t\t\t<div class=\"elementor-post__text\">\n\t\t\t\t<h3 class=\"elementor-post__title\">\n\t\t\t<a href=\"https:\/\/www.rasc.es\/blogacademia\/?p=24245\" >\n\t\t\t\tEn memoria de Pep\u00f3n\t\t\t<\/a>\n\t\t<\/h3>\n\t\t\t\t<div class=\"elementor-post__meta-data\">\n\t\t\t\t\t<span class=\"elementor-post-author\">\n\t\t\tEnrique Fern\u00e1ndez-Cara\t\t<\/span>\n\t\t\t\t<span class=\"elementor-post-date\">\n\t\t\t14 octubre, 2025\t\t<\/span>\n\t\t\t\t<\/div>\n\t\t\t\t<div class=\"elementor-post__excerpt\">\n\t\t\t<p>Jos\u00e9 Dom\u00ednguez Abascal fue ingeniero industrial por la Universidad de Sevilla, \u00a0doctor ingeniero industrial por la misma Universidad (1977), investigador Fullbright en el Instituto de<\/p>\n\t\t<\/div>\n\t\t\t\t<\/div>\n\t\t\t\t<\/article>\n\t\t\t\t<article class=\"elementor-post elementor-grid-item post-24021 post type-post status-publish format-standard has-post-thumbnail hentry category-materia\" role=\"listitem\">\n\t\t\t\t<a class=\"elementor-post__thumbnail__link\" href=\"https:\/\/www.rasc.es\/blogacademia\/?p=24021\" tabindex=\"-1\" >\n\t\t\t<div class=\"elementor-post__thumbnail\"><img loading=\"lazy\" decoding=\"async\" width=\"250\" height=\"296\" src=\"https:\/\/www.rasc.es\/blogacademia\/wp-content\/uploads\/2025\/10\/250px-Clausius.jpg\" class=\"attachment-medium size-medium wp-image-24223\" alt=\"\" \/><\/div>\n\t\t<\/a>\n\t\t\t\t<div class=\"elementor-post__text\">\n\t\t\t\t<h3 class=\"elementor-post__title\">\n\t\t\t<a href=\"https:\/\/www.rasc.es\/blogacademia\/?p=24021\" >\n\t\t\t\tLa entrop\u00eda seg\u00fan Clausius (II): La equivalencia de las transformaciones\t\t\t<\/a>\n\t\t<\/h3>\n\t\t\t\t<div class=\"elementor-post__meta-data\">\n\t\t\t\t\t<span class=\"elementor-post-author\">\n\t\t\tManuel Zamora Carranza\t\t<\/span>\n\t\t\t\t<span class=\"elementor-post-date\">\n\t\t\t9 octubre, 2025\t\t<\/span>\n\t\t\t\t<\/div>\n\t\t\t\t<div class=\"elementor-post__excerpt\">\n\t\t\t<p>Proseguimos con las reflexiones sobre la gestaci\u00f3n del\u00a0 concepto de entrop\u00eda seg\u00fan Rudolf Clausius iniciadas en la entrada La entrop\u00eda seg\u00fan Clausius (I): La equivalencia<\/p>\n\t\t<\/div>\n\t\t\t\t<\/div>\n\t\t\t\t<\/article>\n\t\t\t\t<article class=\"elementor-post elementor-grid-item post-23995 post type-post status-publish format-standard has-post-thumbnail hentry category-materia\" role=\"listitem\">\n\t\t\t\t<a class=\"elementor-post__thumbnail__link\" href=\"https:\/\/www.rasc.es\/blogacademia\/?p=23995\" tabindex=\"-1\" >\n\t\t\t<div class=\"elementor-post__thumbnail\"><img loading=\"lazy\" decoding=\"async\" width=\"300\" height=\"169\" src=\"https:\/\/www.rasc.es\/blogacademia\/wp-content\/uploads\/2025\/07\/rudolf-clausius-wide-300x169.jpg\" class=\"attachment-medium size-medium wp-image-24008\" alt=\"\" srcset=\"https:\/\/www.rasc.es\/blogacademia\/wp-content\/uploads\/2025\/07\/rudolf-clausius-wide-300x169.jpg 300w, https:\/\/www.rasc.es\/blogacademia\/wp-content\/uploads\/2025\/07\/rudolf-clausius-wide-1024x576.jpg 1024w, https:\/\/www.rasc.es\/blogacademia\/wp-content\/uploads\/2025\/07\/rudolf-clausius-wide-768x432.jpg 768w, https:\/\/www.rasc.es\/blogacademia\/wp-content\/uploads\/2025\/07\/rudolf-clausius-wide.jpg 1200w\" sizes=\"(max-width: 300px) 100vw, 300px\" \/><\/div>\n\t\t<\/a>\n\t\t\t\t<div class=\"elementor-post__text\">\n\t\t\t\t<h3 class=\"elementor-post__title\">\n\t\t\t<a href=\"https:\/\/www.rasc.es\/blogacademia\/?p=23995\" >\n\t\t\t\tLa entrop\u00eda seg\u00fan Clausius (I): La equivalencia del calor y el trabajo\t\t\t<\/a>\n\t\t<\/h3>\n\t\t\t\t<div class=\"elementor-post__meta-data\">\n\t\t\t\t\t<span class=\"elementor-post-author\">\n\t\t\tManuel Zamora Carranza\t\t<\/span>\n\t\t\t\t<span class=\"elementor-post-date\">\n\t\t\t7 octubre, 2025\t\t<\/span>\n\t\t\t\t<\/div>\n\t\t\t\t<div class=\"elementor-post__excerpt\">\n\t\t\t<p>INTRODUCCI\u00d3N La termodin\u00e1mica es una parte de la f\u00edsica que presenta una estructura muy particular, pues define y relaciona los intercambios de cualquier sistema con<\/p>\n\t\t<\/div>\n\t\t\t\t<\/div>\n\t\t\t\t<\/article>\n\t\t\t\t<article class=\"elementor-post elementor-grid-item post-24088 post type-post status-publish format-standard has-post-thumbnail hentry category-mathema\" role=\"listitem\">\n\t\t\t\t<a class=\"elementor-post__thumbnail__link\" href=\"https:\/\/www.rasc.es\/blogacademia\/?p=24088\" tabindex=\"-1\" >\n\t\t\t<div class=\"elementor-post__thumbnail\"><img loading=\"lazy\" decoding=\"async\" width=\"195\" height=\"300\" src=\"https:\/\/www.rasc.es\/blogacademia\/wp-content\/uploads\/2025\/09\/astronatura-195x300.jpg\" class=\"attachment-medium size-medium wp-image-24105\" alt=\"\" srcset=\"https:\/\/www.rasc.es\/blogacademia\/wp-content\/uploads\/2025\/09\/astronatura-195x300.jpg 195w, https:\/\/www.rasc.es\/blogacademia\/wp-content\/uploads\/2025\/09\/astronatura-667x1024.jpg 667w, https:\/\/www.rasc.es\/blogacademia\/wp-content\/uploads\/2025\/09\/astronatura-768x1179.jpg 768w, https:\/\/www.rasc.es\/blogacademia\/wp-content\/uploads\/2025\/09\/astronatura-1000x1536.jpg 1000w, https:\/\/www.rasc.es\/blogacademia\/wp-content\/uploads\/2025\/09\/astronatura-1334x2048.jpg 1334w, https:\/\/www.rasc.es\/blogacademia\/wp-content\/uploads\/2025\/09\/astronatura.jpg 1667w\" sizes=\"(max-width: 195px) 100vw, 195px\" \/><\/div>\n\t\t<\/a>\n\t\t\t\t<div class=\"elementor-post__text\">\n\t\t\t\t<h3 class=\"elementor-post__title\">\n\t\t\t<a href=\"https:\/\/www.rasc.es\/blogacademia\/?p=24088\" >\n\t\t\t\tLa ciencia y los poderes f\u00e1cticos (II)\t\t\t<\/a>\n\t\t<\/h3>\n\t\t\t\t<div class=\"elementor-post__meta-data\">\n\t\t\t\t\t<span class=\"elementor-post-author\">\n\t\t\tJos\u00e9 Luis de Justo Alpa\u00f1\u00e9s\t\t<\/span>\n\t\t\t\t<span class=\"elementor-post-date\">\n\t\t\t2 octubre, 2025\t\t<\/span>\n\t\t\t\t<\/div>\n\t\t\t\t<div class=\"elementor-post__excerpt\">\n\t\t\t<p>PARTE II: LA CIENCIA Y LOS PODERES F\u00c1CTICOS LA CIENCIA Y LOS REG\u00cdMENES TOTALITARIOS El ajuste fino del Universo El Universo, su g\u00e9nesis, su evoluci\u00f3n<\/p>\n\t\t<\/div>\n\t\t\t\t<\/div>\n\t\t\t\t<\/article>\n\t\t\t\t<article class=\"elementor-post elementor-grid-item post-24079 post type-post status-publish format-standard has-post-thumbnail hentry category-mathema\" role=\"listitem\">\n\t\t\t\t<a class=\"elementor-post__thumbnail__link\" href=\"https:\/\/www.rasc.es\/blogacademia\/?p=24079\" tabindex=\"-1\" >\n\t\t\t<div class=\"elementor-post__thumbnail\"><img loading=\"lazy\" decoding=\"async\" width=\"300\" height=\"216\" src=\"https:\/\/www.rasc.es\/blogacademia\/wp-content\/uploads\/2025\/09\/GalileoJ-300x216.jpg\" class=\"attachment-medium size-medium wp-image-24094\" alt=\"\" srcset=\"https:\/\/www.rasc.es\/blogacademia\/wp-content\/uploads\/2025\/09\/GalileoJ-300x216.jpg 300w, https:\/\/www.rasc.es\/blogacademia\/wp-content\/uploads\/2025\/09\/GalileoJ.jpg 316w\" sizes=\"(max-width: 300px) 100vw, 300px\" \/><\/div>\n\t\t<\/a>\n\t\t\t\t<div class=\"elementor-post__text\">\n\t\t\t\t<h3 class=\"elementor-post__title\">\n\t\t\t<a href=\"https:\/\/www.rasc.es\/blogacademia\/?p=24079\" >\n\t\t\t\tLa ciencia y los poderes f\u00e1cticos (I)\t\t\t<\/a>\n\t\t<\/h3>\n\t\t\t\t<div class=\"elementor-post__meta-data\">\n\t\t\t\t\t<span class=\"elementor-post-author\">\n\t\t\tJos\u00e9 Luis de Justo Alpa\u00f1\u00e9s\t\t<\/span>\n\t\t\t\t<span class=\"elementor-post-date\">\n\t\t\t30 septiembre, 2025\t\t<\/span>\n\t\t\t\t<\/div>\n\t\t\t\t<div class=\"elementor-post__excerpt\">\n\t\t\t<p>PARTE I: CIENCIA Y RELIGI\u00d3N\u00a0 Primeras teor\u00edas sobre el Universo La\u00a0teor\u00eda geoc\u00e9ntrica\u00a0es una\u00a0teor\u00eda astron\u00f3mica que sit\u00faa a la Tierra en el centro del Universo, y<\/p>\n\t\t<\/div>\n\t\t\t\t<\/div>\n\t\t\t\t<\/article>\n\t\t\t\t<article class=\"elementor-post elementor-grid-item post-24187 post type-post status-publish format-standard has-post-thumbnail hentry category-actualidad-cientifica\" role=\"listitem\">\n\t\t\t\t<a class=\"elementor-post__thumbnail__link\" href=\"https:\/\/www.rasc.es\/blogacademia\/?p=24187\" tabindex=\"-1\" >\n\t\t\t<div class=\"elementor-post__thumbnail\"><img loading=\"lazy\" decoding=\"async\" width=\"300\" height=\"126\" src=\"https:\/\/www.rasc.es\/blogacademia\/wp-content\/uploads\/2025\/09\/airzeroe-300x126.jpg\" class=\"attachment-medium size-medium wp-image-24199\" alt=\"\" srcset=\"https:\/\/www.rasc.es\/blogacademia\/wp-content\/uploads\/2025\/09\/airzeroe-300x126.jpg 300w, https:\/\/www.rasc.es\/blogacademia\/wp-content\/uploads\/2025\/09\/airzeroe-1024x429.jpg 1024w, https:\/\/www.rasc.es\/blogacademia\/wp-content\/uploads\/2025\/09\/airzeroe-768x322.jpg 768w, https:\/\/www.rasc.es\/blogacademia\/wp-content\/uploads\/2025\/09\/airzeroe.jpg 1200w\" sizes=\"(max-width: 300px) 100vw, 300px\" \/><\/div>\n\t\t<\/a>\n\t\t\t\t<div class=\"elementor-post__text\">\n\t\t\t\t<h3 class=\"elementor-post__title\">\n\t\t\t<a href=\"https:\/\/www.rasc.es\/blogacademia\/?p=24187\" >\n\t\t\t\tHidr\u00f3geno verde: \u00bfla soluci\u00f3n para la movilidad a\u00e9rea del futuro?\t\t\t<\/a>\n\t\t<\/h3>\n\t\t\t\t<div class=\"elementor-post__meta-data\">\n\t\t\t\t\t<span class=\"elementor-post-author\">\n\t\t\tCarlos Bordons\t\t<\/span>\n\t\t\t\t<span class=\"elementor-post-date\">\n\t\t\t25 septiembre, 2025\t\t<\/span>\n\t\t\t\t<\/div>\n\t\t\t\t<div class=\"elementor-post__excerpt\">\n\t\t\t<p>1. El impacto de la aviaci\u00f3n sobre el medio ambiente El transporte a\u00e9reo es un pilar fundamental del desarrollo econ\u00f3mico y social global, conectando el<\/p>\n\t\t<\/div>\n\t\t\t\t<\/div>\n\t\t\t\t<\/article>\n\t\t\t\t<article class=\"elementor-post elementor-grid-item post-24066 post type-post status-publish format-standard has-post-thumbnail hentry category-tecnica\" role=\"listitem\">\n\t\t\t\t<a class=\"elementor-post__thumbnail__link\" href=\"https:\/\/www.rasc.es\/blogacademia\/?p=24066\" tabindex=\"-1\" >\n\t\t\t<div class=\"elementor-post__thumbnail\"><img loading=\"lazy\" decoding=\"async\" width=\"264\" height=\"300\" src=\"https:\/\/www.rasc.es\/blogacademia\/wp-content\/uploads\/2025\/09\/tren-264x300.jpeg\" class=\"attachment-medium size-medium wp-image-24071\" alt=\"\" srcset=\"https:\/\/www.rasc.es\/blogacademia\/wp-content\/uploads\/2025\/09\/tren-264x300.jpeg 264w, https:\/\/www.rasc.es\/blogacademia\/wp-content\/uploads\/2025\/09\/tren-901x1024.jpeg 901w, https:\/\/www.rasc.es\/blogacademia\/wp-content\/uploads\/2025\/09\/tren-768x873.jpeg 768w, https:\/\/www.rasc.es\/blogacademia\/wp-content\/uploads\/2025\/09\/tren-1351x1536.jpeg 1351w, https:\/\/www.rasc.es\/blogacademia\/wp-content\/uploads\/2025\/09\/tren-1802x2048.jpeg 1802w, https:\/\/www.rasc.es\/blogacademia\/wp-content\/uploads\/2025\/09\/tren.jpeg 1858w\" sizes=\"(max-width: 264px) 100vw, 264px\" \/><\/div>\n\t\t<\/a>\n\t\t\t\t<div class=\"elementor-post__text\">\n\t\t\t\t<h3 class=\"elementor-post__title\">\n\t\t\t<a href=\"https:\/\/www.rasc.es\/blogacademia\/?p=24066\" >\n\t\t\t\tEl ferrocarril y la velocidad\t\t\t<\/a>\n\t\t<\/h3>\n\t\t\t\t<div class=\"elementor-post__meta-data\">\n\t\t\t\t\t<span class=\"elementor-post-author\">\n\t\t\tPublio Pintado\t\t<\/span>\n\t\t\t\t<span class=\"elementor-post-date\">\n\t\t\t23 septiembre, 2025\t\t<\/span>\n\t\t\t\t<\/div>\n\t\t\t\t<div class=\"elementor-post__excerpt\">\n\t\t\t<p>La duraci\u00f3n de los viajes en ferrocarril se ha reducido significativamente en las \u00faltimas d\u00e9cadas. De Barcelona a Sevilla se requer\u00edan trece horas en los<\/p>\n\t\t<\/div>\n\t\t\t\t<\/div>\n\t\t\t\t<\/article>\n\t\t\t\t<article class=\"elementor-post elementor-grid-item post-23980 post type-post status-publish format-standard has-post-thumbnail hentry category-vida\" role=\"listitem\">\n\t\t\t\t<a class=\"elementor-post__thumbnail__link\" href=\"https:\/\/www.rasc.es\/blogacademia\/?p=23980\" tabindex=\"-1\" >\n\t\t\t<div class=\"elementor-post__thumbnail\"><img loading=\"lazy\" decoding=\"async\" width=\"300\" height=\"200\" src=\"https:\/\/www.rasc.es\/blogacademia\/wp-content\/uploads\/2025\/07\/curruca-300x200.jpg\" class=\"attachment-medium size-medium wp-image-23982\" alt=\"\" srcset=\"https:\/\/www.rasc.es\/blogacademia\/wp-content\/uploads\/2025\/07\/curruca-300x200.jpg 300w, https:\/\/www.rasc.es\/blogacademia\/wp-content\/uploads\/2025\/07\/curruca-768x512.jpg 768w, https:\/\/www.rasc.es\/blogacademia\/wp-content\/uploads\/2025\/07\/curruca.jpg 800w\" sizes=\"(max-width: 300px) 100vw, 300px\" \/><\/div>\n\t\t<\/a>\n\t\t\t\t<div class=\"elementor-post__text\">\n\t\t\t\t<h3 class=\"elementor-post__title\">\n\t\t\t<a href=\"https:\/\/www.rasc.es\/blogacademia\/?p=23980\" >\n\t\t\t\tPolinizaci\u00f3n por p\u00e1jaros en la Regi\u00f3n Mediterr\u00e1nea\t\t\t<\/a>\n\t\t<\/h3>\n\t\t\t\t<div class=\"elementor-post__meta-data\">\n\t\t\t\t\t<span class=\"elementor-post-author\">\n\t\t\tBenito Vald\u00e9s\t\t<\/span>\n\t\t\t\t<span class=\"elementor-post-date\">\n\t\t\t16 septiembre, 2025\t\t<\/span>\n\t\t\t\t<\/div>\n\t\t\t\t<div class=\"elementor-post__excerpt\">\n\t\t\t<p>Cuando pensamos en la polinizaci\u00f3n por p\u00e1jaros, la primera visi\u00f3n que nos viene a la mente es la actividad de los colibr\u00edes americanos (Troqu\u00edlidos), que<\/p>\n\t\t<\/div>\n\t\t\t\t<\/div>\n\t\t\t\t<\/article>\n\t\t\t\t<article class=\"elementor-post elementor-grid-item post-23897 post type-post status-publish format-standard has-post-thumbnail hentry category-materia\" role=\"listitem\">\n\t\t\t\t<a class=\"elementor-post__thumbnail__link\" href=\"https:\/\/www.rasc.es\/blogacademia\/?p=23897\" tabindex=\"-1\" >\n\t\t\t<div class=\"elementor-post__thumbnail\"><img loading=\"lazy\" decoding=\"async\" width=\"300\" height=\"228\" src=\"https:\/\/www.rasc.es\/blogacademia\/wp-content\/uploads\/2025\/06\/Planck-5-300x228.jpg\" class=\"attachment-medium size-medium wp-image-23900\" alt=\"\" srcset=\"https:\/\/www.rasc.es\/blogacademia\/wp-content\/uploads\/2025\/06\/Planck-5-300x228.jpg 300w, https:\/\/www.rasc.es\/blogacademia\/wp-content\/uploads\/2025\/06\/Planck-5-768x584.jpg 768w, https:\/\/www.rasc.es\/blogacademia\/wp-content\/uploads\/2025\/06\/Planck-5.jpg 1024w\" sizes=\"(max-width: 300px) 100vw, 300px\" \/><\/div>\n\t\t<\/a>\n\t\t\t\t<div class=\"elementor-post__text\">\n\t\t\t\t<h3 class=\"elementor-post__title\">\n\t\t\t<a href=\"https:\/\/www.rasc.es\/blogacademia\/?p=23897\" >\n\t\t\t\tHitler recibe a Planck\t\t\t<\/a>\n\t\t<\/h3>\n\t\t\t\t<div class=\"elementor-post__meta-data\">\n\t\t\t\t\t<span class=\"elementor-post-author\">\n\t\t\tAntonio J. Dur\u00e1n\t\t<\/span>\n\t\t\t\t<span class=\"elementor-post-date\">\n\t\t\t9 septiembre, 2025\t\t<\/span>\n\t\t\t\t<\/div>\n\t\t\t\t<div class=\"elementor-post__excerpt\">\n\t\t\t<p>En 2025 se est\u00e1 celebrando el A\u00f1o Internacional de la Ciencia y la Tecnolog\u00eda Cu\u00e1nticas, al cumplirse 125 de la hip\u00f3tesis cu\u00e1ntica que hizo Max<\/p>\n\t\t<\/div>\n\t\t\t\t<\/div>\n\t\t\t\t<\/article>\n\t\t\t\t<article class=\"elementor-post elementor-grid-item post-24013 post type-post status-publish format-standard has-post-thumbnail hentry category-actualidad-cientifica\" role=\"listitem\">\n\t\t\t\t<a class=\"elementor-post__thumbnail__link\" href=\"https:\/\/www.rasc.es\/blogacademia\/?p=24013\" tabindex=\"-1\" >\n\t\t\t<div class=\"elementor-post__thumbnail\"><img loading=\"lazy\" decoding=\"async\" width=\"221\" height=\"300\" src=\"https:\/\/www.rasc.es\/blogacademia\/wp-content\/uploads\/2025\/08\/protector-solar-y-ecosistemas-221x300.gif\" class=\"attachment-medium size-medium wp-image-24017\" alt=\"\" \/><\/div>\n\t\t<\/a>\n\t\t\t\t<div class=\"elementor-post__text\">\n\t\t\t\t<h3 class=\"elementor-post__title\">\n\t\t\t<a href=\"https:\/\/www.rasc.es\/blogacademia\/?p=24013\" >\n\t\t\t\tCremas solares: entre la protecci\u00f3n humana y el riesgo ambiental\t\t\t<\/a>\n\t\t<\/h3>\n\t\t\t\t<div class=\"elementor-post__meta-data\">\n\t\t\t\t\t<span class=\"elementor-post-author\">\n\t\t\tSilvia D\u00edaz-Cruz\t\t<\/span>\n\t\t\t\t<span class=\"elementor-post-date\">\n\t\t\t26 agosto, 2025\t\t<\/span>\n\t\t\t\t<\/div>\n\t\t\t\t<div class=\"elementor-post__excerpt\">\n\t\t\t<p>Radiaci\u00f3n UV Espa\u00f1a es uno de los pa\u00edses europeos con mayor exposici\u00f3n a la radiaci\u00f3n ultravioleta (UV). En verano, los \u00edndices UV superan habitualmente el<\/p>\n\t\t<\/div>\n\t\t\t\t<\/div>\n\t\t\t\t<\/article>\n\t\t\t\t<article class=\"elementor-post elementor-grid-item post-23936 post type-post status-publish format-standard has-post-thumbnail hentry category-mathema tag-algoritmos tag-cubo-magico tag-permutaciones\" role=\"listitem\">\n\t\t\t\t<a class=\"elementor-post__thumbnail__link\" href=\"https:\/\/www.rasc.es\/blogacademia\/?p=23936\" tabindex=\"-1\" >\n\t\t\t<div class=\"elementor-post__thumbnail\"><img loading=\"lazy\" decoding=\"async\" width=\"288\" height=\"300\" src=\"https:\/\/www.rasc.es\/blogacademia\/wp-content\/uploads\/2025\/07\/Cubo_Rubik_2-288x300.png\" class=\"attachment-medium size-medium wp-image-23958\" alt=\"\" \/><\/div>\n\t\t<\/a>\n\t\t\t\t<div class=\"elementor-post__text\">\n\t\t\t\t<h3 class=\"elementor-post__title\">\n\t\t\t<a href=\"https:\/\/www.rasc.es\/blogacademia\/?p=23936\" >\n\t\t\t\tEl cubo de Rubik\t\t\t<\/a>\n\t\t<\/h3>\n\t\t\t\t<div class=\"elementor-post__meta-data\">\n\t\t\t\t\t<span class=\"elementor-post-author\">\n\t\t\tEnrique Fern\u00e1ndez-Cara\t\t<\/span>\n\t\t\t\t<span class=\"elementor-post-date\">\n\t\t\t15 julio, 2025\t\t<\/span>\n\t\t\t\t<\/div>\n\t\t\t\t<div class=\"elementor-post__excerpt\">\n\t\t\t<p>Descripci\u00f3n e historia El cubo de Rubik es un rompecabezas mec\u00e1nico tridimensional creado por el escultor y profesor de arquitectura h\u00fangaro Ern\u00f6 Rubik en 1974.<\/p>\n\t\t<\/div>\n\t\t\t\t<\/div>\n\t\t\t\t<\/article>\n\t\t\t\t<article class=\"elementor-post elementor-grid-item post-23930 post type-post status-publish format-standard has-post-thumbnail hentry category-materia\" role=\"listitem\">\n\t\t\t\t<a class=\"elementor-post__thumbnail__link\" href=\"https:\/\/www.rasc.es\/blogacademia\/?p=23930\" tabindex=\"-1\" >\n\t\t\t<div class=\"elementor-post__thumbnail\"><img loading=\"lazy\" decoding=\"async\" width=\"241\" height=\"300\" src=\"https:\/\/www.rasc.es\/blogacademia\/wp-content\/uploads\/2025\/07\/no-more-war-l-Pauling-univ-Oregon-241x300.png\" class=\"attachment-medium size-medium wp-image-23962\" alt=\"\" srcset=\"https:\/\/www.rasc.es\/blogacademia\/wp-content\/uploads\/2025\/07\/no-more-war-l-Pauling-univ-Oregon-241x300.png 241w, https:\/\/www.rasc.es\/blogacademia\/wp-content\/uploads\/2025\/07\/no-more-war-l-Pauling-univ-Oregon-822x1024.png 822w, https:\/\/www.rasc.es\/blogacademia\/wp-content\/uploads\/2025\/07\/no-more-war-l-Pauling-univ-Oregon-768x957.png 768w, https:\/\/www.rasc.es\/blogacademia\/wp-content\/uploads\/2025\/07\/no-more-war-l-Pauling-univ-Oregon.png 901w\" sizes=\"(max-width: 241px) 100vw, 241px\" \/><\/div>\n\t\t<\/a>\n\t\t\t\t<div class=\"elementor-post__text\">\n\t\t\t\t<h3 class=\"elementor-post__title\">\n\t\t\t<a href=\"https:\/\/www.rasc.es\/blogacademia\/?p=23930\" >\n\t\t\t\tLinus Pauling, santo laico en el altar de la Ciencia\t\t\t<\/a>\n\t\t<\/h3>\n\t\t\t\t<div class=\"elementor-post__meta-data\">\n\t\t\t\t\t<span class=\"elementor-post-author\">\n\t\t\tAgust\u00edn R. Gonz\u00e1lez-Elipe\t\t<\/span>\n\t\t\t\t<span class=\"elementor-post-date\">\n\t\t\t8 julio, 2025\t\t<\/span>\n\t\t\t\t<\/div>\n\t\t\t\t<div class=\"elementor-post__excerpt\">\n\t\t\t<p>Si al igual que la Iglesia Cat\u00f3lica reconoce como \u201csantos\u201d a personajes de acreditada virtud e influjo religioso, la comunidad cient\u00edfica hiciera lo mismo con<\/p>\n\t\t<\/div>\n\t\t\t\t<\/div>\n\t\t\t\t<\/article>\n\t\t\t\t<article class=\"elementor-post elementor-grid-item post-23911 post type-post status-publish format-standard has-post-thumbnail hentry category-actualidad-cientifica\" role=\"listitem\">\n\t\t\t\t<a class=\"elementor-post__thumbnail__link\" href=\"https:\/\/www.rasc.es\/blogacademia\/?p=23911\" tabindex=\"-1\" >\n\t\t\t<div class=\"elementor-post__thumbnail\"><img loading=\"lazy\" decoding=\"async\" width=\"300\" height=\"195\" src=\"https:\/\/www.rasc.es\/blogacademia\/wp-content\/uploads\/2025\/07\/revistas-300x195.jpg\" class=\"attachment-medium size-medium wp-image-23914\" alt=\"\" srcset=\"https:\/\/www.rasc.es\/blogacademia\/wp-content\/uploads\/2025\/07\/revistas-300x195.jpg 300w, https:\/\/www.rasc.es\/blogacademia\/wp-content\/uploads\/2025\/07\/revistas-1024x667.jpg 1024w, https:\/\/www.rasc.es\/blogacademia\/wp-content\/uploads\/2025\/07\/revistas-768x500.jpg 768w, https:\/\/www.rasc.es\/blogacademia\/wp-content\/uploads\/2025\/07\/revistas.jpg 1152w\" sizes=\"(max-width: 300px) 100vw, 300px\" \/><\/div>\n\t\t<\/a>\n\t\t\t\t<div class=\"elementor-post__text\">\n\t\t\t\t<h3 class=\"elementor-post__title\">\n\t\t\t<a href=\"https:\/\/www.rasc.es\/blogacademia\/?p=23911\" >\n\t\t\t\tPol\u00edtica cient\u00edfica y negocio editorial, un binomio intrincado\t\t\t<\/a>\n\t\t<\/h3>\n\t\t\t\t<div class=\"elementor-post__meta-data\">\n\t\t\t\t\t<span class=\"elementor-post-author\">\n\t\t\tMiguel \u00c1ngel De la Rosa\t\t<\/span>\n\t\t\t\t<span class=\"elementor-post-date\">\n\t\t\t3 julio, 2025\t\t<\/span>\n\t\t\t\t<\/div>\n\t\t\t\t<div class=\"elementor-post__excerpt\">\n\t\t\t<p>El modelo contempor\u00e1neo de financiaci\u00f3n p\u00fablica de la investigaci\u00f3n cient\u00edfica y t\u00e9cnica tiene sus ra\u00edces en la segunda mitad del siglo XX, cuando diversos gobiernos,<\/p>\n\t\t<\/div>\n\t\t\t\t<\/div>\n\t\t\t\t<\/article>\n\t\t\t\t<article class=\"elementor-post elementor-grid-item post-23892 post type-post status-publish format-standard has-post-thumbnail hentry category-vida\" role=\"listitem\">\n\t\t\t\t<a class=\"elementor-post__thumbnail__link\" href=\"https:\/\/www.rasc.es\/blogacademia\/?p=23892\" tabindex=\"-1\" >\n\t\t\t<div class=\"elementor-post__thumbnail\"><img loading=\"lazy\" decoding=\"async\" width=\"300\" height=\"200\" src=\"https:\/\/www.rasc.es\/blogacademia\/wp-content\/uploads\/2025\/06\/olivar-300x200.jpg\" class=\"attachment-medium size-medium wp-image-23893\" alt=\"\" srcset=\"https:\/\/www.rasc.es\/blogacademia\/wp-content\/uploads\/2025\/06\/olivar-300x200.jpg 300w, https:\/\/www.rasc.es\/blogacademia\/wp-content\/uploads\/2025\/06\/olivar-1024x682.jpg 1024w, https:\/\/www.rasc.es\/blogacademia\/wp-content\/uploads\/2025\/06\/olivar-768x512.jpg 768w, https:\/\/www.rasc.es\/blogacademia\/wp-content\/uploads\/2025\/06\/olivar-1536x1024.jpg 1536w, https:\/\/www.rasc.es\/blogacademia\/wp-content\/uploads\/2025\/06\/olivar.jpg 1688w\" sizes=\"(max-width: 300px) 100vw, 300px\" \/><\/div>\n\t\t<\/a>\n\t\t\t\t<div class=\"elementor-post__text\">\n\t\t\t\t<h3 class=\"elementor-post__title\">\n\t\t\t<a href=\"https:\/\/www.rasc.es\/blogacademia\/?p=23892\" >\n\t\t\t\tEl olivo y los fenicios\t\t\t<\/a>\n\t\t<\/h3>\n\t\t\t\t<div class=\"elementor-post__meta-data\">\n\t\t\t\t\t<span class=\"elementor-post-author\">\n\t\t\tBenito Vald\u00e9s\t\t<\/span>\n\t\t\t\t<span class=\"elementor-post-date\">\n\t\t\t1 julio, 2025\t\t<\/span>\n\t\t\t\t<\/div>\n\t\t\t\t<div class=\"elementor-post__excerpt\">\n\t\t\t<p>El olivo (Olea europaea L. var. europaea) fue introducido en cultivo en Oriente Pr\u00f3ximo (Siria y Palestina) hacia 4.000-3.500 a. C., por selecci\u00f3n emp\u00edrica de<\/p>\n\t\t<\/div>\n\t\t\t\t<\/div>\n\t\t\t\t<\/article>\n\t\t\t\t<article class=\"elementor-post elementor-grid-item post-23884 post type-post status-publish format-standard has-post-thumbnail hentry category-tecnica\" role=\"listitem\">\n\t\t\t\t<a class=\"elementor-post__thumbnail__link\" href=\"https:\/\/www.rasc.es\/blogacademia\/?p=23884\" tabindex=\"-1\" >\n\t\t\t<div class=\"elementor-post__thumbnail\"><img loading=\"lazy\" decoding=\"async\" width=\"300\" height=\"169\" src=\"https:\/\/www.rasc.es\/blogacademia\/wp-content\/uploads\/2025\/06\/maxresdefault-300x169.jpg\" class=\"attachment-medium size-medium wp-image-23891\" alt=\"\" srcset=\"https:\/\/www.rasc.es\/blogacademia\/wp-content\/uploads\/2025\/06\/maxresdefault-300x169.jpg 300w, https:\/\/www.rasc.es\/blogacademia\/wp-content\/uploads\/2025\/06\/maxresdefault-1024x576.jpg 1024w, https:\/\/www.rasc.es\/blogacademia\/wp-content\/uploads\/2025\/06\/maxresdefault-768x432.jpg 768w, https:\/\/www.rasc.es\/blogacademia\/wp-content\/uploads\/2025\/06\/maxresdefault.jpg 1280w\" sizes=\"(max-width: 300px) 100vw, 300px\" \/><\/div>\n\t\t<\/a>\n\t\t\t\t<div class=\"elementor-post__text\">\n\t\t\t\t<h3 class=\"elementor-post__title\">\n\t\t\t<a href=\"https:\/\/www.rasc.es\/blogacademia\/?p=23884\" >\n\t\t\t\tLas singulares relaciones entre la t\u00e9cnica y la ciencia\t\t\t<\/a>\n\t\t<\/h3>\n\t\t\t\t<div class=\"elementor-post__meta-data\">\n\t\t\t\t\t<span class=\"elementor-post-author\">\n\t\t\tJavier Aracil\t\t<\/span>\n\t\t\t\t<span class=\"elementor-post-date\">\n\t\t\t24 junio, 2025\t\t<\/span>\n\t\t\t\t<\/div>\n\t\t\t\t<div class=\"elementor-post__excerpt\">\n\t\t\t<p>S\u00edntesis sobre la t\u00e9cnica, la ingenier\u00eda y su relaci\u00f3n con la ciencia En la relaci\u00f3n entre la t\u00e9cnica y la ciencia debe respetarse su orden<\/p>\n\t\t<\/div>\n\t\t\t\t<\/div>\n\t\t\t\t<\/article>\n\t\t\t\t<article class=\"elementor-post elementor-grid-item post-23853 post type-post status-publish format-standard has-post-thumbnail hentry category-actualidad-cientifica\" role=\"listitem\">\n\t\t\t\t<a class=\"elementor-post__thumbnail__link\" href=\"https:\/\/www.rasc.es\/blogacademia\/?p=23853\" tabindex=\"-1\" >\n\t\t\t<div class=\"elementor-post__thumbnail\"><img loading=\"lazy\" decoding=\"async\" width=\"300\" height=\"212\" src=\"https:\/\/www.rasc.es\/blogacademia\/wp-content\/uploads\/2025\/06\/microplastics-2-300x212.jpg\" class=\"attachment-medium size-medium wp-image-23837\" alt=\"\" srcset=\"https:\/\/www.rasc.es\/blogacademia\/wp-content\/uploads\/2025\/06\/microplastics-2-300x212.jpg 300w, https:\/\/www.rasc.es\/blogacademia\/wp-content\/uploads\/2025\/06\/microplastics-2-768x544.jpg 768w, https:\/\/www.rasc.es\/blogacademia\/wp-content\/uploads\/2025\/06\/microplastics-2.jpg 1023w\" sizes=\"(max-width: 300px) 100vw, 300px\" \/><\/div>\n\t\t<\/a>\n\t\t\t\t<div class=\"elementor-post__text\">\n\t\t\t\t<h3 class=\"elementor-post__title\">\n\t\t\t<a href=\"https:\/\/www.rasc.es\/blogacademia\/?p=23853\" >\n\t\t\t\tMicro- y Nanopl\u00e1sticos (MNP): The Phantom Menace\t\t\t<\/a>\n\t\t<\/h3>\n\t\t\t\t<div class=\"elementor-post__meta-data\">\n\t\t\t\t\t<span class=\"elementor-post-author\">\n\t\t\tAlfonso M. Ga\u00f1\u00e1n Calvo\t\t<\/span>\n\t\t\t\t<span class=\"elementor-post-date\">\n\t\t\t19 junio, 2025\t\t<\/span>\n\t\t\t\t<\/div>\n\t\t\t\t<div class=\"elementor-post__excerpt\">\n\t\t\t<p>El cliente habitual de una conocida cadena espa\u00f1ola de supermercados de barrio habr\u00e1 podido observar desde hace unos meses un inusitado incremento de la secci\u00f3n<\/p>\n\t\t<\/div>\n\t\t\t\t<\/div>\n\t\t\t\t<\/article>\n\t\t\t\t<article class=\"elementor-post elementor-grid-item post-23789 post type-post status-publish format-standard has-post-thumbnail hentry category-mathema\" role=\"listitem\">\n\t\t\t\t<a class=\"elementor-post__thumbnail__link\" href=\"https:\/\/www.rasc.es\/blogacademia\/?p=23789\" tabindex=\"-1\" >\n\t\t\t<div class=\"elementor-post__thumbnail\"><img loading=\"lazy\" decoding=\"async\" width=\"285\" height=\"300\" src=\"https:\/\/www.rasc.es\/blogacademia\/wp-content\/uploads\/2025\/06\/Fig6-285x300.jpg\" class=\"attachment-medium size-medium wp-image-23797\" alt=\"\" srcset=\"https:\/\/www.rasc.es\/blogacademia\/wp-content\/uploads\/2025\/06\/Fig6-285x300.jpg 285w, https:\/\/www.rasc.es\/blogacademia\/wp-content\/uploads\/2025\/06\/Fig6.jpg 427w\" sizes=\"(max-width: 285px) 100vw, 285px\" \/><\/div>\n\t\t<\/a>\n\t\t\t\t<div class=\"elementor-post__text\">\n\t\t\t\t<h3 class=\"elementor-post__title\">\n\t\t\t<a href=\"https:\/\/www.rasc.es\/blogacademia\/?p=23789\" >\n\t\t\t\tLa ciencia de los nudos\t\t\t<\/a>\n\t\t<\/h3>\n\t\t\t\t<div class=\"elementor-post__meta-data\">\n\t\t\t\t\t<span class=\"elementor-post-author\">\n\t\t\tMarithania Silvero\t\t<\/span>\n\t\t\t\t<span class=\"elementor-post-date\">\n\t\t\t17 junio, 2025\t\t<\/span>\n\t\t\t\t<\/div>\n\t\t\t\t<div class=\"elementor-post__excerpt\">\n\t\t\t<p>En ocasiones, para poder entender los avances m\u00e1s significativos en un \u00e1rea de las Matem\u00e1ticas es necesario haber dedicado mucho tiempo y esfuerzo hasta llegar<\/p>\n\t\t<\/div>\n\t\t\t\t<\/div>\n\t\t\t\t<\/article>\n\t\t\t\t<article class=\"elementor-post elementor-grid-item post-23812 post type-post status-publish format-standard has-post-thumbnail hentry category-actualidad-cientifica\" role=\"listitem\">\n\t\t\t\t<a class=\"elementor-post__thumbnail__link\" href=\"https:\/\/www.rasc.es\/blogacademia\/?p=23812\" tabindex=\"-1\" >\n\t\t\t<div class=\"elementor-post__thumbnail\"><img loading=\"lazy\" decoding=\"async\" width=\"300\" height=\"254\" src=\"https:\/\/www.rasc.es\/blogacademia\/wp-content\/uploads\/2025\/06\/celm1b-300x254.jpg\" class=\"attachment-medium size-medium wp-image-23822\" alt=\"\" srcset=\"https:\/\/www.rasc.es\/blogacademia\/wp-content\/uploads\/2025\/06\/celm1b-300x254.jpg 300w, https:\/\/www.rasc.es\/blogacademia\/wp-content\/uploads\/2025\/06\/celm1b.jpg 338w\" sizes=\"(max-width: 300px) 100vw, 300px\" \/><\/div>\n\t\t<\/a>\n\t\t\t\t<div class=\"elementor-post__text\">\n\t\t\t\t<h3 class=\"elementor-post__title\">\n\t\t\t<a href=\"https:\/\/www.rasc.es\/blogacademia\/?p=23812\" >\n\t\t\t\tLa investigaci\u00f3n sobre c\u00e9lulas madre: 20 a\u00f1os despu\u00e9s (y II)\t\t\t<\/a>\n\t\t<\/h3>\n\t\t\t\t<div class=\"elementor-post__meta-data\">\n\t\t\t\t\t<span class=\"elementor-post-author\">\n\t\t\tJos\u00e9 L\u00f3pez Barneo\t\t<\/span>\n\t\t\t\t<span class=\"elementor-post-date\">\n\t\t\t12 junio, 2025\t\t<\/span>\n\t\t\t\t<\/div>\n\t\t\t\t<div class=\"elementor-post__excerpt\">\n\t\t\t<p>Parte II. Las c\u00e9lulas madre pluripotentes inducidas. \u00bfEl elixir de la juventud? En la Parte I de esta entrada, titulada \u201cLas c\u00e9lulas madre embrionarias y<\/p>\n\t\t<\/div>\n\t\t\t\t<\/div>\n\t\t\t\t<\/article>\n\t\t\t\t<article class=\"elementor-post elementor-grid-item post-23803 post type-post status-publish format-standard has-post-thumbnail hentry category-actualidad-cientifica\" role=\"listitem\">\n\t\t\t\t<a class=\"elementor-post__thumbnail__link\" href=\"https:\/\/www.rasc.es\/blogacademia\/?p=23803\" tabindex=\"-1\" >\n\t\t\t<div class=\"elementor-post__thumbnail\"><img loading=\"lazy\" decoding=\"async\" width=\"300\" height=\"168\" src=\"https:\/\/www.rasc.es\/blogacademia\/wp-content\/uploads\/2025\/06\/celmd-300x168.webp\" class=\"attachment-medium size-medium wp-image-23810\" alt=\"\" srcset=\"https:\/\/www.rasc.es\/blogacademia\/wp-content\/uploads\/2025\/06\/celmd-300x168.webp 300w, https:\/\/www.rasc.es\/blogacademia\/wp-content\/uploads\/2025\/06\/celmd-768x431.webp 768w, https:\/\/www.rasc.es\/blogacademia\/wp-content\/uploads\/2025\/06\/celmd.webp 990w\" sizes=\"(max-width: 300px) 100vw, 300px\" \/><\/div>\n\t\t<\/a>\n\t\t\t\t<div class=\"elementor-post__text\">\n\t\t\t\t<h3 class=\"elementor-post__title\">\n\t\t\t<a href=\"https:\/\/www.rasc.es\/blogacademia\/?p=23803\" >\n\t\t\t\tLa investigaci\u00f3n sobre c\u00e9lulas madre: 20 a\u00f1os despu\u00e9s (I)\t\t\t<\/a>\n\t\t<\/h3>\n\t\t\t\t<div class=\"elementor-post__meta-data\">\n\t\t\t\t\t<span class=\"elementor-post-author\">\n\t\t\tJos\u00e9 L\u00f3pez Barneo\t\t<\/span>\n\t\t\t\t<span class=\"elementor-post-date\">\n\t\t\t10 junio, 2025\t\t<\/span>\n\t\t\t\t<\/div>\n\t\t\t\t<div class=\"elementor-post__excerpt\">\n\t\t\t<p>Parte I. Las c\u00e9lulas madre embrionarias y sus aplicaciones m\u00e9dicas La investigaci\u00f3n sobre c\u00e9lulas madre embrionarias humanas y sus aplicaciones m\u00e9dicas fue un tema que,<\/p>\n\t\t<\/div>\n\t\t\t\t<\/div>\n\t\t\t\t<\/article>\n\t\t\t\t<article class=\"elementor-post elementor-grid-item post-23772 post type-post status-publish format-standard has-post-thumbnail hentry category-actualidad-cientifica\" role=\"listitem\">\n\t\t\t\t<a class=\"elementor-post__thumbnail__link\" href=\"https:\/\/www.rasc.es\/blogacademia\/?p=23772\" tabindex=\"-1\" >\n\t\t\t<div class=\"elementor-post__thumbnail\"><img loading=\"lazy\" decoding=\"async\" width=\"300\" height=\"156\" src=\"https:\/\/www.rasc.es\/blogacademia\/wp-content\/uploads\/2025\/06\/Foto-salud-cudades-y-clima-300x156.jpg\" class=\"attachment-medium size-medium wp-image-23780\" alt=\"\" srcset=\"https:\/\/www.rasc.es\/blogacademia\/wp-content\/uploads\/2025\/06\/Foto-salud-cudades-y-clima-300x156.jpg 300w, https:\/\/www.rasc.es\/blogacademia\/wp-content\/uploads\/2025\/06\/Foto-salud-cudades-y-clima-1024x533.jpg 1024w, https:\/\/www.rasc.es\/blogacademia\/wp-content\/uploads\/2025\/06\/Foto-salud-cudades-y-clima-768x400.jpg 768w, https:\/\/www.rasc.es\/blogacademia\/wp-content\/uploads\/2025\/06\/Foto-salud-cudades-y-clima-1536x799.jpg 1536w, https:\/\/www.rasc.es\/blogacademia\/wp-content\/uploads\/2025\/06\/Foto-salud-cudades-y-clima-2048x1065.jpg 2048w\" sizes=\"(max-width: 300px) 100vw, 300px\" \/><\/div>\n\t\t<\/a>\n\t\t\t\t<div class=\"elementor-post__text\">\n\t\t\t\t<h3 class=\"elementor-post__title\">\n\t\t\t<a href=\"https:\/\/www.rasc.es\/blogacademia\/?p=23772\" >\n\t\t\t\tSalud, ciudades y clima\t\t\t<\/a>\n\t\t<\/h3>\n\t\t\t\t<div class=\"elementor-post__meta-data\">\n\t\t\t\t\t<span class=\"elementor-post-author\">\n\t\t\tMontserrat Vil\u00e0, Juan Carlos Ciscar, Martina Ferraguti, Veronika Huber y Xavier Rod\u00f3\t\t<\/span>\n\t\t\t\t<span class=\"elementor-post-date\">\n\t\t\t5 junio, 2025\t\t<\/span>\n\t\t\t\t<\/div>\n\t\t\t\t<div class=\"elementor-post__excerpt\">\n\t\t\t<p>El clima es un determinante clave en el funcionamiento del planeta que ha moldeado las actividades de las civilizaciones humanas a lo largo de los<\/p>\n\t\t<\/div>\n\t\t\t\t<\/div>\n\t\t\t\t<\/article>\n\t\t\t\t<article class=\"elementor-post elementor-grid-item post-23752 post type-post status-publish format-standard has-post-thumbnail hentry category-vida\" role=\"listitem\">\n\t\t\t\t<a class=\"elementor-post__thumbnail__link\" href=\"https:\/\/www.rasc.es\/blogacademia\/?p=23752\" tabindex=\"-1\" >\n\t\t\t<div class=\"elementor-post__thumbnail\"><img loading=\"lazy\" decoding=\"async\" width=\"300\" height=\"186\" src=\"https:\/\/www.rasc.es\/blogacademia\/wp-content\/uploads\/2025\/05\/suelo3-300x186.jpg\" class=\"attachment-medium size-medium wp-image-23757\" alt=\"\" srcset=\"https:\/\/www.rasc.es\/blogacademia\/wp-content\/uploads\/2025\/05\/suelo3-300x186.jpg 300w, https:\/\/www.rasc.es\/blogacademia\/wp-content\/uploads\/2025\/05\/suelo3-768x475.jpg 768w, https:\/\/www.rasc.es\/blogacademia\/wp-content\/uploads\/2025\/05\/suelo3.jpg 818w\" sizes=\"(max-width: 300px) 100vw, 300px\" \/><\/div>\n\t\t<\/a>\n\t\t\t\t<div class=\"elementor-post__text\">\n\t\t\t\t<h3 class=\"elementor-post__title\">\n\t\t\t<a href=\"https:\/\/www.rasc.es\/blogacademia\/?p=23752\" >\n\t\t\t\tSuelos sanos: Un recurso no renovable que debemos conservar\t\t\t<\/a>\n\t\t<\/h3>\n\t\t\t\t<div class=\"elementor-post__meta-data\">\n\t\t\t\t\t<span class=\"elementor-post-author\">\n\t\t\tManuel Delgado Baquerizo\t\t<\/span>\n\t\t\t\t<span class=\"elementor-post-date\">\n\t\t\t3 junio, 2025\t\t<\/span>\n\t\t\t\t<\/div>\n\t\t\t\t<div class=\"elementor-post__excerpt\">\n\t\t\t<p>Al presidente de Estados Unidos Franklin D. Roosevelt se le atribuye unas de las frases m\u00e1s c\u00e9lebres sobre la importancia de nuestros suelos. \u00abLa naci\u00f3n<\/p>\n\t\t<\/div>\n\t\t\t\t<\/div>\n\t\t\t\t<\/article>\n\t\t\t\t<article class=\"elementor-post elementor-grid-item post-23759 post type-post status-publish format-standard has-post-thumbnail hentry category-actualidad-cientifica\" role=\"listitem\">\n\t\t\t\t<a class=\"elementor-post__thumbnail__link\" href=\"https:\/\/www.rasc.es\/blogacademia\/?p=23759\" tabindex=\"-1\" >\n\t\t\t<div class=\"elementor-post__thumbnail\"><img loading=\"lazy\" decoding=\"async\" width=\"300\" height=\"241\" src=\"https:\/\/www.rasc.es\/blogacademia\/wp-content\/uploads\/2025\/06\/mosquitos3-300x241.jpg\" class=\"attachment-medium size-medium wp-image-23768\" alt=\"\" srcset=\"https:\/\/www.rasc.es\/blogacademia\/wp-content\/uploads\/2025\/06\/mosquitos3-300x241.jpg 300w, https:\/\/www.rasc.es\/blogacademia\/wp-content\/uploads\/2025\/06\/mosquitos3-1024x822.jpg 1024w, https:\/\/www.rasc.es\/blogacademia\/wp-content\/uploads\/2025\/06\/mosquitos3-768x616.jpg 768w, https:\/\/www.rasc.es\/blogacademia\/wp-content\/uploads\/2025\/06\/mosquitos3.jpg 1194w\" sizes=\"(max-width: 300px) 100vw, 300px\" \/><\/div>\n\t\t<\/a>\n\t\t\t\t<div class=\"elementor-post__text\">\n\t\t\t\t<h3 class=\"elementor-post__title\">\n\t\t\t<a href=\"https:\/\/www.rasc.es\/blogacademia\/?p=23759\" >\n\t\t\t\t\u00bfPor qu\u00e9 cada vez tenemos m\u00e1s casos del virus del Nilo Occidental en Espa\u00f1a?\t\t\t<\/a>\n\t\t<\/h3>\n\t\t\t\t<div class=\"elementor-post__meta-data\">\n\t\t\t\t\t<span class=\"elementor-post-author\">\n\t\t\tJordi Figuerola\t\t<\/span>\n\t\t\t\t<span class=\"elementor-post-date\">\n\t\t\t29 mayo, 2025\t\t<\/span>\n\t\t\t\t<\/div>\n\t\t\t\t<div class=\"elementor-post__excerpt\">\n\t\t\t<p>Para responder a esa compleja pregunta, primero hay que conocer al protagonista de esta historia. El virus del Nilo Occidental afecta a las aves y<\/p>\n\t\t<\/div>\n\t\t\t\t<\/div>\n\t\t\t\t<\/article>\n\t\t\t\t<article class=\"elementor-post elementor-grid-item post-23692 post type-post status-publish format-standard has-post-thumbnail hentry category-materia\" role=\"listitem\">\n\t\t\t\t<a class=\"elementor-post__thumbnail__link\" href=\"https:\/\/www.rasc.es\/blogacademia\/?p=23692\" tabindex=\"-1\" >\n\t\t\t<div class=\"elementor-post__thumbnail\"><img loading=\"lazy\" decoding=\"async\" width=\"247\" height=\"300\" src=\"https:\/\/www.rasc.es\/blogacademia\/wp-content\/uploads\/2025\/05\/Imagen_portada-247x300.jpg\" class=\"attachment-medium size-medium wp-image-23696\" alt=\"\" srcset=\"https:\/\/www.rasc.es\/blogacademia\/wp-content\/uploads\/2025\/05\/Imagen_portada-247x300.jpg 247w, https:\/\/www.rasc.es\/blogacademia\/wp-content\/uploads\/2025\/05\/Imagen_portada.jpg 282w\" sizes=\"(max-width: 247px) 100vw, 247px\" \/><\/div>\n\t\t<\/a>\n\t\t\t\t<div class=\"elementor-post__text\">\n\t\t\t\t<h3 class=\"elementor-post__title\">\n\t\t\t<a href=\"https:\/\/www.rasc.es\/blogacademia\/?p=23692\" >\n\t\t\t\tEscuchando el l\u00e1ser para conservar nuestro patrimonio cultural\t\t\t<\/a>\n\t\t<\/h3>\n\t\t\t\t<div class=\"elementor-post__meta-data\">\n\t\t\t\t\t<span class=\"elementor-post-author\">\n\t\t\tLuis A. Angurel\t\t<\/span>\n\t\t\t\t<span class=\"elementor-post-date\">\n\t\t\t27 mayo, 2025\t\t<\/span>\n\t\t\t\t<\/div>\n\t\t\t\t<div class=\"elementor-post__excerpt\">\n\t\t\t<p>La tecnolog\u00eda l\u00e1ser est\u00e1 avanzando a gran velocidad y ello se traduce en que cada vez se utilizan m\u00e1s l\u00e1seres a nuestro alrededor. Estos avances<\/p>\n\t\t<\/div>\n\t\t\t\t<\/div>\n\t\t\t\t<\/article>\n\t\t\t\t<article class=\"elementor-post elementor-grid-item post-23705 post type-post status-publish format-standard has-post-thumbnail hentry category-actualidad-cientifica\" role=\"listitem\">\n\t\t\t\t<a class=\"elementor-post__thumbnail__link\" href=\"https:\/\/www.rasc.es\/blogacademia\/?p=23705\" tabindex=\"-1\" >\n\t\t\t<div class=\"elementor-post__thumbnail\"><img loading=\"lazy\" decoding=\"async\" width=\"300\" height=\"270\" src=\"https:\/\/www.rasc.es\/blogacademia\/wp-content\/uploads\/2025\/05\/Change_in_Average_Temperature_With_Fahrenheit.svg-300x270.png\" class=\"attachment-medium size-medium wp-image-23718\" alt=\"\" srcset=\"https:\/\/www.rasc.es\/blogacademia\/wp-content\/uploads\/2025\/05\/Change_in_Average_Temperature_With_Fahrenheit.svg-300x270.png 300w, https:\/\/www.rasc.es\/blogacademia\/wp-content\/uploads\/2025\/05\/Change_in_Average_Temperature_With_Fahrenheit.svg-768x692.png 768w, https:\/\/www.rasc.es\/blogacademia\/wp-content\/uploads\/2025\/05\/Change_in_Average_Temperature_With_Fahrenheit.svg.png 999w\" sizes=\"(max-width: 300px) 100vw, 300px\" \/><\/div>\n\t\t<\/a>\n\t\t\t\t<div class=\"elementor-post__text\">\n\t\t\t\t<h3 class=\"elementor-post__title\">\n\t\t\t<a href=\"https:\/\/www.rasc.es\/blogacademia\/?p=23705\" >\n\t\t\t\tNociones cient\u00edficas b\u00e1sicas sobre las causas del cambio clim\u00e1tico\t\t\t<\/a>\n\t\t<\/h3>\n\t\t\t\t<div class=\"elementor-post__meta-data\">\n\t\t\t\t\t<span class=\"elementor-post-author\">\n\t\t\tMontserrat Vil\u00e0 y Ana Moreno\t\t<\/span>\n\t\t\t\t<span class=\"elementor-post-date\">\n\t\t\t22 mayo, 2025\t\t<\/span>\n\t\t\t\t<\/div>\n\t\t\t\t<div class=\"elementor-post__excerpt\">\n\t\t\t<p>En menos de un siglo, la temperatura media de la Tierra ha aumentado m\u00e1s de 1.3\u00baC con respeto al periodo de referencia de 1985-1999. Este<\/p>\n\t\t<\/div>\n\t\t\t\t<\/div>\n\t\t\t\t<\/article>\n\t\t\t\t<article class=\"elementor-post elementor-grid-item post-23603 post type-post status-publish format-standard has-post-thumbnail hentry category-mathema tag-criptografia-post-cuantica tag-presentaciones-de-grupos\" role=\"listitem\">\n\t\t\t\t<a class=\"elementor-post__thumbnail__link\" href=\"https:\/\/www.rasc.es\/blogacademia\/?p=23603\" tabindex=\"-1\" >\n\t\t\t<div class=\"elementor-post__thumbnail\"><img loading=\"lazy\" decoding=\"async\" width=\"286\" height=\"176\" src=\"https:\/\/www.rasc.es\/blogacademia\/wp-content\/uploads\/2025\/04\/cripto.jpeg\" class=\"attachment-medium size-medium wp-image-23613\" alt=\"\" \/><\/div>\n\t\t<\/a>\n\t\t\t\t<div class=\"elementor-post__text\">\n\t\t\t\t<h3 class=\"elementor-post__title\">\n\t\t\t<a href=\"https:\/\/www.rasc.es\/blogacademia\/?p=23603\" >\n\t\t\t\tHablemos de criptograf\u00eda\t\t\t<\/a>\n\t\t<\/h3>\n\t\t\t\t<div class=\"elementor-post__meta-data\">\n\t\t\t\t\t<span class=\"elementor-post-author\">\n\t\t\tRam\u00f3n Flores\t\t<\/span>\n\t\t\t\t<span class=\"elementor-post-date\">\n\t\t\t20 mayo, 2025\t\t<\/span>\n\t\t\t\t<\/div>\n\t\t\t\t<div class=\"elementor-post__excerpt\">\n\t\t\t<p>La palabra \u201ccriptograf\u00eda\u201d tiene sus or\u00edgenes en la lengua griega, y funde los t\u00e9rminos kryptos, que quiere decir oculto, y grapho, que significa escribir. As\u00ed,<\/p>\n\t\t<\/div>\n\t\t\t\t<\/div>\n\t\t\t\t<\/article>\n\t\t\t\t<article class=\"elementor-post elementor-grid-item post-23681 post type-post status-publish format-standard has-post-thumbnail hentry category-tecnica\" role=\"listitem\">\n\t\t\t\t<a class=\"elementor-post__thumbnail__link\" href=\"https:\/\/www.rasc.es\/blogacademia\/?p=23681\" tabindex=\"-1\" >\n\t\t\t<div class=\"elementor-post__thumbnail\"><img loading=\"lazy\" decoding=\"async\" width=\"300\" height=\"168\" src=\"https:\/\/www.rasc.es\/blogacademia\/wp-content\/uploads\/2025\/05\/Impacto_Ambiental_IA-300x168.jpg\" class=\"attachment-medium size-medium wp-image-23689\" alt=\"\" srcset=\"https:\/\/www.rasc.es\/blogacademia\/wp-content\/uploads\/2025\/05\/Impacto_Ambiental_IA-300x168.jpg 300w, https:\/\/www.rasc.es\/blogacademia\/wp-content\/uploads\/2025\/05\/Impacto_Ambiental_IA.jpg 500w\" sizes=\"(max-width: 300px) 100vw, 300px\" \/><\/div>\n\t\t<\/a>\n\t\t\t\t<div class=\"elementor-post__text\">\n\t\t\t\t<h3 class=\"elementor-post__title\">\n\t\t\t<a href=\"https:\/\/www.rasc.es\/blogacademia\/?p=23681\" >\n\t\t\t\tDe HAL a ChatGPT: La IA y el sue\u00f1o de crear inteligencia (y II)\t\t\t<\/a>\n\t\t<\/h3>\n\t\t\t\t<div class=\"elementor-post__meta-data\">\n\t\t\t\t\t<span class=\"elementor-post-author\">\n\t\t\tJos\u00e9 C. Riquelme\t\t<\/span>\n\t\t\t\t<span class=\"elementor-post-date\">\n\t\t\t13 mayo, 2025\t\t<\/span>\n\t\t\t\t<\/div>\n\t\t\t\t<div class=\"elementor-post__excerpt\">\n\t\t\t<p>En nuestra anterior entrada en este blog (De HAL a ChatGPT) se defini\u00f3 el concepto de Inteligencia Artificial (IA) y se realiz\u00f3 un breve recorrido<\/p>\n\t\t<\/div>\n\t\t\t\t<\/div>\n\t\t\t\t<\/article>\n\t\t\t\t<article class=\"elementor-post elementor-grid-item post-23617 post type-post status-publish format-standard has-post-thumbnail hentry category-vida\" role=\"listitem\">\n\t\t\t\t<a class=\"elementor-post__thumbnail__link\" href=\"https:\/\/www.rasc.es\/blogacademia\/?p=23617\" tabindex=\"-1\" >\n\t\t\t<div class=\"elementor-post__thumbnail\"><img loading=\"lazy\" decoding=\"async\" width=\"300\" height=\"241\" src=\"https:\/\/www.rasc.es\/blogacademia\/wp-content\/uploads\/2025\/04\/JCMutis-300x241.jpg\" class=\"attachment-medium size-medium wp-image-23622\" alt=\"\" srcset=\"https:\/\/www.rasc.es\/blogacademia\/wp-content\/uploads\/2025\/04\/JCMutis-300x241.jpg 300w, https:\/\/www.rasc.es\/blogacademia\/wp-content\/uploads\/2025\/04\/JCMutis-1024x823.jpg 1024w, https:\/\/www.rasc.es\/blogacademia\/wp-content\/uploads\/2025\/04\/JCMutis-768x617.jpg 768w, https:\/\/www.rasc.es\/blogacademia\/wp-content\/uploads\/2025\/04\/JCMutis.jpg 1163w\" sizes=\"(max-width: 300px) 100vw, 300px\" \/><\/div>\n\t\t<\/a>\n\t\t\t\t<div class=\"elementor-post__text\">\n\t\t\t\t<h3 class=\"elementor-post__title\">\n\t\t\t<a href=\"https:\/\/www.rasc.es\/blogacademia\/?p=23617\" >\n\t\t\t\tJos\u00e9 Celestino Mutis, padre de la ciencia colombiana\t\t\t<\/a>\n\t\t<\/h3>\n\t\t\t\t<div class=\"elementor-post__meta-data\">\n\t\t\t\t\t<span class=\"elementor-post-author\">\n\t\t\tBenito Vald\u00e9s\t\t<\/span>\n\t\t\t\t<span class=\"elementor-post-date\">\n\t\t\t6 mayo, 2025\t\t<\/span>\n\t\t\t\t<\/div>\n\t\t\t\t<div class=\"elementor-post__excerpt\">\n\t\t\t<p>Nacido en C\u00e1diz el 6 de abril de 1732, Mutis estudi\u00f3 Gram\u00e1tica y Filosof\u00eda en el colegio de los Jesuitas de dicha ciudad, y Medicina<\/p>\n\t\t<\/div>\n\t\t\t\t<\/div>\n\t\t\t\t<\/article>\n\t\t\t\t<article class=\"elementor-post elementor-grid-item post-23670 post type-post status-publish format-standard has-post-thumbnail hentry category-actualidad-cientifica\" role=\"listitem\">\n\t\t\t\t<a class=\"elementor-post__thumbnail__link\" href=\"https:\/\/www.rasc.es\/blogacademia\/?p=23670\" tabindex=\"-1\" >\n\t\t\t<div class=\"elementor-post__thumbnail\"><img loading=\"lazy\" decoding=\"async\" width=\"300\" height=\"206\" src=\"https:\/\/www.rasc.es\/blogacademia\/wp-content\/uploads\/2025\/05\/Apagon-300x206.jpg\" class=\"attachment-medium size-medium wp-image-23677\" alt=\"\" srcset=\"https:\/\/www.rasc.es\/blogacademia\/wp-content\/uploads\/2025\/05\/Apagon-300x206.jpg 300w, https:\/\/www.rasc.es\/blogacademia\/wp-content\/uploads\/2025\/05\/Apagon-1024x702.jpg 1024w, https:\/\/www.rasc.es\/blogacademia\/wp-content\/uploads\/2025\/05\/Apagon-768x527.jpg 768w, https:\/\/www.rasc.es\/blogacademia\/wp-content\/uploads\/2025\/05\/Apagon.jpg 1499w\" sizes=\"(max-width: 300px) 100vw, 300px\" \/><\/div>\n\t\t<\/a>\n\t\t\t\t<div class=\"elementor-post__text\">\n\t\t\t\t<h3 class=\"elementor-post__title\">\n\t\t\t<a href=\"https:\/\/www.rasc.es\/blogacademia\/?p=23670\" >\n\t\t\t\tEl gran apag\u00f3n: \u00bfcausas o consecuencias?\t\t\t<\/a>\n\t\t<\/h3>\n\t\t\t\t<div class=\"elementor-post__meta-data\">\n\t\t\t\t\t<span class=\"elementor-post-author\">\n\t\t\tAntonio G\u00f3mez Exp\u00f3sito\t\t<\/span>\n\t\t\t\t<span class=\"elementor-post-date\">\n\t\t\t2 mayo, 2025\t\t<\/span>\n\t\t\t\t<\/div>\n\t\t\t\t<div class=\"elementor-post__excerpt\">\n\t\t\t<p>El in\u00e9dito apag\u00f3n del lunes 28 de abril, por su extensi\u00f3n geogr\u00e1fica y duraci\u00f3n, ha provocado un aut\u00e9ntico terremoto colectivo, en una sociedad cada vez<\/p>\n\t\t<\/div>\n\t\t\t\t<\/div>\n\t\t\t\t<\/article>\n\t\t\t\t<article class=\"elementor-post elementor-grid-item post-23593 post type-post status-publish format-standard has-post-thumbnail hentry category-actualidad-cientifica\" role=\"listitem\">\n\t\t\t\t<a class=\"elementor-post__thumbnail__link\" href=\"https:\/\/www.rasc.es\/blogacademia\/?p=23593\" tabindex=\"-1\" >\n\t\t\t<div class=\"elementor-post__thumbnail\"><img loading=\"lazy\" decoding=\"async\" width=\"300\" height=\"231\" src=\"https:\/\/www.rasc.es\/blogacademia\/wp-content\/uploads\/2025\/04\/global_gis_2022-300x231.png\" class=\"attachment-medium size-medium wp-image-23625\" alt=\"\" srcset=\"https:\/\/www.rasc.es\/blogacademia\/wp-content\/uploads\/2025\/04\/global_gis_2022-300x231.png 300w, https:\/\/www.rasc.es\/blogacademia\/wp-content\/uploads\/2025\/04\/global_gis_2022.png 671w\" sizes=\"(max-width: 300px) 100vw, 300px\" \/><\/div>\n\t\t<\/a>\n\t\t\t\t<div class=\"elementor-post__text\">\n\t\t\t\t<h3 class=\"elementor-post__title\">\n\t\t\t<a href=\"https:\/\/www.rasc.es\/blogacademia\/?p=23593\" >\n\t\t\t\tEscenarios de emisiones y opciones de mitigaci\u00f3n: 10 a\u00f1os de \u201cGlobal Energy and Climate Outlook\u201d\t\t\t<\/a>\n\t\t<\/h3>\n\t\t\t\t<div class=\"elementor-post__meta-data\">\n\t\t\t\t\t<span class=\"elementor-post-author\">\n\t\t\tAntonio Soria\t\t<\/span>\n\t\t\t\t<span class=\"elementor-post-date\">\n\t\t\t1 mayo, 2025\t\t<\/span>\n\t\t\t\t<\/div>\n\t\t\t\t<div class=\"elementor-post__excerpt\">\n\t\t\t<p>En un entorno pol\u00edtico cambiante, el cambio clim\u00e1tico contin\u00faa. Algunos indicadores geof\u00edsicos claramente observables como el aumento de las temperaturas, los fen\u00f3menos meteorol\u00f3gicos extremos, la<\/p>\n\t\t<\/div>\n\t\t\t\t<\/div>\n\t\t\t\t<\/article>\n\t\t\t\t<article class=\"elementor-post elementor-grid-item post-23630 post type-post status-publish format-standard has-post-thumbnail hentry category-materia\" role=\"listitem\">\n\t\t\t\t<a class=\"elementor-post__thumbnail__link\" href=\"https:\/\/www.rasc.es\/blogacademia\/?p=23630\" tabindex=\"-1\" >\n\t\t\t<div class=\"elementor-post__thumbnail\"><img loading=\"lazy\" decoding=\"async\" width=\"210\" height=\"300\" src=\"https:\/\/www.rasc.es\/blogacademia\/wp-content\/uploads\/2025\/04\/Relacion_historica_del_viage_a_la_America_meridional_386582945311-scaled-e1745433117630-210x300.jpg\" class=\"attachment-medium size-medium wp-image-23642\" alt=\"\" \/><\/div>\n\t\t<\/a>\n\t\t\t\t<div class=\"elementor-post__text\">\n\t\t\t\t<h3 class=\"elementor-post__title\">\n\t\t\t<a href=\"https:\/\/www.rasc.es\/blogacademia\/?p=23630\" >\n\t\t\t\tLa Misi\u00f3n Geod\u00e9sica Ilustrada\t\t\t<\/a>\n\t\t<\/h3>\n\t\t\t\t<div class=\"elementor-post__meta-data\">\n\t\t\t\t\t<span class=\"elementor-post-author\">\n\t\t\tAntonio Ramos Reyes\t\t<\/span>\n\t\t\t\t<span class=\"elementor-post-date\">\n\t\t\t29 abril, 2025\t\t<\/span>\n\t\t\t\t<\/div>\n\t\t\t\t<div class=\"elementor-post__excerpt\">\n\t\t\t<p>El 26 de mayo de 1735 zarparon desde el puerto de C\u00e1diz rumbo a Cartagena de Indias los nav\u00edos Incendio y Conquistador. A bordo viajaban<\/p>\n\t\t<\/div>\n\t\t\t\t<\/div>\n\t\t\t\t<\/article>\n\t\t\t\t<article class=\"elementor-post elementor-grid-item post-23526 post type-post status-publish format-standard has-post-thumbnail hentry category-actualidad-cientifica\" role=\"listitem\">\n\t\t\t\t<a class=\"elementor-post__thumbnail__link\" href=\"https:\/\/www.rasc.es\/blogacademia\/?p=23526\" tabindex=\"-1\" >\n\t\t\t<div class=\"elementor-post__thumbnail\"><img loading=\"lazy\" decoding=\"async\" width=\"300\" height=\"233\" src=\"https:\/\/www.rasc.es\/blogacademia\/wp-content\/uploads\/2025\/04\/Masaki_Kashiwara7919_Peter_Badge_Typos1_TheAbelPrizeBW-e1745262328426-300x233.jpg\" class=\"attachment-medium size-medium wp-image-23528\" alt=\"\" srcset=\"https:\/\/www.rasc.es\/blogacademia\/wp-content\/uploads\/2025\/04\/Masaki_Kashiwara7919_Peter_Badge_Typos1_TheAbelPrizeBW-e1745262328426-300x233.jpg 300w, https:\/\/www.rasc.es\/blogacademia\/wp-content\/uploads\/2025\/04\/Masaki_Kashiwara7919_Peter_Badge_Typos1_TheAbelPrizeBW-e1745262328426.jpg 720w\" sizes=\"(max-width: 300px) 100vw, 300px\" \/><\/div>\n\t\t<\/a>\n\t\t\t\t<div class=\"elementor-post__text\">\n\t\t\t\t<h3 class=\"elementor-post__title\">\n\t\t\t<a href=\"https:\/\/www.rasc.es\/blogacademia\/?p=23526\" >\n\t\t\t\tM. Kashiwara: premio Abel 2025\t\t\t<\/a>\n\t\t<\/h3>\n\t\t\t\t<div class=\"elementor-post__meta-data\">\n\t\t\t\t\t<span class=\"elementor-post-author\">\n\t\t\tLuis Narv\u00e1ez Macarro\t\t<\/span>\n\t\t\t\t<span class=\"elementor-post-date\">\n\t\t\t24 abril, 2025\t\t<\/span>\n\t\t\t\t<\/div>\n\t\t\t\t<div class=\"elementor-post__excerpt\">\n\t\t\t<p>El pasado 26 de marzo, la Academia Noruega de Ciencias y Letras hizo p\u00fablico el nombre del ganador del Premio Abel 2025: el Profesor Masaki<\/p>\n\t\t<\/div>\n\t\t\t\t<\/div>\n\t\t\t\t<\/article>\n\t\t\t\t<article class=\"elementor-post elementor-grid-item post-22877 post type-post status-publish format-standard has-post-thumbnail hentry category-mathema tag-epidemias tag-sir\" role=\"listitem\">\n\t\t\t\t<a class=\"elementor-post__thumbnail__link\" href=\"https:\/\/www.rasc.es\/blogacademia\/?p=22877\" tabindex=\"-1\" >\n\t\t\t<div class=\"elementor-post__thumbnail\"><img loading=\"lazy\" decoding=\"async\" width=\"300\" height=\"169\" src=\"https:\/\/www.rasc.es\/blogacademia\/wp-content\/uploads\/2025\/03\/GettyImages-300x169.png\" class=\"attachment-medium size-medium wp-image-23004\" alt=\"\" srcset=\"https:\/\/www.rasc.es\/blogacademia\/wp-content\/uploads\/2025\/03\/GettyImages-300x169.png 300w, https:\/\/www.rasc.es\/blogacademia\/wp-content\/uploads\/2025\/03\/GettyImages-1024x576.png 1024w, https:\/\/www.rasc.es\/blogacademia\/wp-content\/uploads\/2025\/03\/GettyImages-768x432.png 768w, https:\/\/www.rasc.es\/blogacademia\/wp-content\/uploads\/2025\/03\/GettyImages.png 1200w\" sizes=\"(max-width: 300px) 100vw, 300px\" \/><\/div>\n\t\t<\/a>\n\t\t\t\t<div class=\"elementor-post__text\">\n\t\t\t\t<h3 class=\"elementor-post__title\">\n\t\t\t<a href=\"https:\/\/www.rasc.es\/blogacademia\/?p=22877\" >\n\t\t\t\tModelando y describiendo epidemias\t\t\t<\/a>\n\t\t<\/h3>\n\t\t\t\t<div class=\"elementor-post__meta-data\">\n\t\t\t\t\t<span class=\"elementor-post-author\">\n\t\t\tEnrique Fern\u00e1ndez-Cara\t\t<\/span>\n\t\t\t\t<span class=\"elementor-post-date\">\n\t\t\t22 abril, 2025\t\t<\/span>\n\t\t\t\t<\/div>\n\t\t\t\t<div class=\"elementor-post__excerpt\">\n\t\t\t<p>Una epidemia es un estado de salud comunitaria que aparece cuando una enfermedad infecta a un n\u00famero de individuos superior al esperado en el colectivo<\/p>\n\t\t<\/div>\n\t\t\t\t<\/div>\n\t\t\t\t<\/article>\n\t\t\t\t<article class=\"elementor-post elementor-grid-item post-23514 post type-post status-publish format-standard has-post-thumbnail hentry category-actualidad-cientifica\" role=\"listitem\">\n\t\t\t\t<a class=\"elementor-post__thumbnail__link\" href=\"https:\/\/www.rasc.es\/blogacademia\/?p=23514\" tabindex=\"-1\" >\n\t\t\t<div class=\"elementor-post__thumbnail\"><img loading=\"lazy\" decoding=\"async\" width=\"300\" height=\"245\" src=\"https:\/\/www.rasc.es\/blogacademia\/wp-content\/uploads\/2025\/04\/einstein-300x245.jpg\" class=\"attachment-medium size-medium wp-image-23521\" alt=\"\" srcset=\"https:\/\/www.rasc.es\/blogacademia\/wp-content\/uploads\/2025\/04\/einstein-300x245.jpg 300w, https:\/\/www.rasc.es\/blogacademia\/wp-content\/uploads\/2025\/04\/einstein.jpg 736w\" sizes=\"(max-width: 300px) 100vw, 300px\" \/><\/div>\n\t\t<\/a>\n\t\t\t\t<div class=\"elementor-post__text\">\n\t\t\t\t<h3 class=\"elementor-post__title\">\n\t\t\t<a href=\"https:\/\/www.rasc.es\/blogacademia\/?p=23514\" >\n\t\t\t\tLos sesos de Einstein\t\t\t<\/a>\n\t\t<\/h3>\n\t\t\t\t<div class=\"elementor-post__meta-data\">\n\t\t\t\t\t<span class=\"elementor-post-author\">\n\t\t\tAntonio J. Dur\u00e1n\t\t<\/span>\n\t\t\t\t<span class=\"elementor-post-date\">\n\t\t\t18 abril, 2025\t\t<\/span>\n\t\t\t\t<\/div>\n\t\t\t\t<div class=\"elementor-post__excerpt\">\n\t\t\t<p>Hoy, 18 de abril de 2025, hace 70 a\u00f1os que Albert Einstein muri\u00f3 de un aneurisma de aorta tras rechazar una desesperada operaci\u00f3n para prolongar<\/p>\n\t\t<\/div>\n\t\t\t\t<\/div>\n\t\t\t\t<\/article>\n\t\t\t\t<article class=\"elementor-post elementor-grid-item post-23280 post type-post status-publish format-standard has-post-thumbnail hentry category-tecnica\" role=\"listitem\">\n\t\t\t\t<a class=\"elementor-post__thumbnail__link\" href=\"https:\/\/www.rasc.es\/blogacademia\/?p=23280\" tabindex=\"-1\" >\n\t\t\t<div class=\"elementor-post__thumbnail\"><img loading=\"lazy\" decoding=\"async\" width=\"300\" height=\"225\" src=\"https:\/\/www.rasc.es\/blogacademia\/wp-content\/uploads\/2025\/04\/IMG-20250411-WA0001-300x225.jpg\" class=\"attachment-medium size-medium wp-image-23508\" alt=\"\" srcset=\"https:\/\/www.rasc.es\/blogacademia\/wp-content\/uploads\/2025\/04\/IMG-20250411-WA0001-300x225.jpg 300w, https:\/\/www.rasc.es\/blogacademia\/wp-content\/uploads\/2025\/04\/IMG-20250411-WA0001-1024x768.jpg 1024w, https:\/\/www.rasc.es\/blogacademia\/wp-content\/uploads\/2025\/04\/IMG-20250411-WA0001-768x576.jpg 768w, https:\/\/www.rasc.es\/blogacademia\/wp-content\/uploads\/2025\/04\/IMG-20250411-WA0001-1536x1152.jpg 1536w, https:\/\/www.rasc.es\/blogacademia\/wp-content\/uploads\/2025\/04\/IMG-20250411-WA0001-640x480.jpg 640w, https:\/\/www.rasc.es\/blogacademia\/wp-content\/uploads\/2025\/04\/IMG-20250411-WA0001.jpg 2048w\" sizes=\"(max-width: 300px) 100vw, 300px\" \/><\/div>\n\t\t<\/a>\n\t\t\t\t<div class=\"elementor-post__text\">\n\t\t\t\t<h3 class=\"elementor-post__title\">\n\t\t\t<a href=\"https:\/\/www.rasc.es\/blogacademia\/?p=23280\" >\n\t\t\t\tGenivs loci\t\t\t<\/a>\n\t\t<\/h3>\n\t\t\t\t<div class=\"elementor-post__meta-data\">\n\t\t\t\t\t<span class=\"elementor-post-author\">\n\t\t\tAlfonso Jim\u00e9nez\t\t<\/span>\n\t\t\t\t<span class=\"elementor-post-date\">\n\t\t\t15 abril, 2025\t\t<\/span>\n\t\t\t\t<\/div>\n\t\t\t\t<div class=\"elementor-post__excerpt\">\n\t\t\t<p>En la tarde del 11 de febrero de 2025, el flamante bibliotecario de la Real Academia Sevillana de Ciencias expuso ante la Junta General las<\/p>\n\t\t<\/div>\n\t\t\t\t<\/div>\n\t\t\t\t<\/article>\n\t\t\t\t<article class=\"elementor-post elementor-grid-item post-23496 post type-post status-publish format-standard has-post-thumbnail hentry category-actualidad-cientifica\" role=\"listitem\">\n\t\t\t\t<a class=\"elementor-post__thumbnail__link\" href=\"https:\/\/www.rasc.es\/blogacademia\/?p=23496\" tabindex=\"-1\" >\n\t\t\t<div class=\"elementor-post__thumbnail\"><img loading=\"lazy\" decoding=\"async\" width=\"300\" height=\"200\" src=\"https:\/\/www.rasc.es\/blogacademia\/wp-content\/uploads\/2025\/04\/Imagen-destacada-obesidad-300x200.jpg\" class=\"attachment-medium size-medium wp-image-23497\" alt=\"\" srcset=\"https:\/\/www.rasc.es\/blogacademia\/wp-content\/uploads\/2025\/04\/Imagen-destacada-obesidad-300x200.jpg 300w, https:\/\/www.rasc.es\/blogacademia\/wp-content\/uploads\/2025\/04\/Imagen-destacada-obesidad-768x513.jpg 768w, https:\/\/www.rasc.es\/blogacademia\/wp-content\/uploads\/2025\/04\/Imagen-destacada-obesidad.jpg 866w\" sizes=\"(max-width: 300px) 100vw, 300px\" \/><\/div>\n\t\t<\/a>\n\t\t\t\t<div class=\"elementor-post__text\">\n\t\t\t\t<h3 class=\"elementor-post__title\">\n\t\t\t<a href=\"https:\/\/www.rasc.es\/blogacademia\/?p=23496\" >\n\t\t\t\tUna nueva era contra la obesidad: entre la revoluci\u00f3n cient\u00edfica y el desaf\u00edo social\t\t\t<\/a>\n\t\t<\/h3>\n\t\t\t\t<div class=\"elementor-post__meta-data\">\n\t\t\t\t\t<span class=\"elementor-post-author\">\n\t\t\tJos\u00e9 M. Garc\u00eda Fern\u00e1ndez\t\t<\/span>\n\t\t\t\t<span class=\"elementor-post-date\">\n\t\t\t10 abril, 2025\t\t<\/span>\n\t\t\t\t<\/div>\n\t\t\t\t<div class=\"elementor-post__excerpt\">\n\t\t\t<p>La obesidad es una enfermedad cr\u00f3nica, multifactorial y en constante expansi\u00f3n. Seg\u00fan datos de Eurostat correspondientes a 2022, m\u00e1s de la mitad de los adultos<\/p>\n\t\t<\/div>\n\t\t\t\t<\/div>\n\t\t\t\t<\/article>\n\t\t\t\t<article class=\"elementor-post elementor-grid-item post-22913 post type-post status-publish format-standard has-post-thumbnail hentry category-vida\" role=\"listitem\">\n\t\t\t\t<a class=\"elementor-post__thumbnail__link\" href=\"https:\/\/www.rasc.es\/blogacademia\/?p=22913\" tabindex=\"-1\" >\n\t\t\t<div class=\"elementor-post__thumbnail\"><img loading=\"lazy\" decoding=\"async\" width=\"300\" height=\"167\" src=\"https:\/\/www.rasc.es\/blogacademia\/wp-content\/uploads\/2025\/03\/abejas-1-300x167.jpg\" class=\"attachment-medium size-medium wp-image-22917\" alt=\"\" srcset=\"https:\/\/www.rasc.es\/blogacademia\/wp-content\/uploads\/2025\/03\/abejas-1-300x167.jpg 300w, https:\/\/www.rasc.es\/blogacademia\/wp-content\/uploads\/2025\/03\/abejas-1.jpg 461w\" sizes=\"(max-width: 300px) 100vw, 300px\" \/><\/div>\n\t\t<\/a>\n\t\t\t\t<div class=\"elementor-post__text\">\n\t\t\t\t<h3 class=\"elementor-post__title\">\n\t\t\t<a href=\"https:\/\/www.rasc.es\/blogacademia\/?p=22913\" >\n\t\t\t\tUn detalle de las matem\u00e1ticas de la vida\t\t\t<\/a>\n\t\t<\/h3>\n\t\t\t\t<div class=\"elementor-post__meta-data\">\n\t\t\t\t\t<span class=\"elementor-post-author\">\n\t\t\tFrancisco Ruiz\t\t<\/span>\n\t\t\t\t<span class=\"elementor-post-date\">\n\t\t\t8 abril, 2025\t\t<\/span>\n\t\t\t\t<\/div>\n\t\t\t\t<div class=\"elementor-post__excerpt\">\n\t\t\t<p>Los primeros indicios de vida en nuestro planeta tienen una edad de m\u00e1s de 3.500 millones de a\u00f1os. Desde entonces hasta hoy, se han diversificado<\/p>\n\t\t<\/div>\n\t\t\t\t<\/div>\n\t\t\t\t<\/article>\n\t\t\t\t<article class=\"elementor-post elementor-grid-item post-23341 post type-post status-publish format-standard has-post-thumbnail hentry category-actualidad-cientifica\" role=\"listitem\">\n\t\t\t\t<a class=\"elementor-post__thumbnail__link\" href=\"https:\/\/www.rasc.es\/blogacademia\/?p=23341\" tabindex=\"-1\" >\n\t\t\t<div class=\"elementor-post__thumbnail\"><img loading=\"lazy\" decoding=\"async\" width=\"300\" height=\"232\" src=\"https:\/\/www.rasc.es\/blogacademia\/wp-content\/uploads\/2025\/04\/sv-300x232.jpg\" class=\"attachment-medium size-medium wp-image-23343\" alt=\"\" srcset=\"https:\/\/www.rasc.es\/blogacademia\/wp-content\/uploads\/2025\/04\/sv-300x232.jpg 300w, https:\/\/www.rasc.es\/blogacademia\/wp-content\/uploads\/2025\/04\/sv.jpg 517w\" sizes=\"(max-width: 300px) 100vw, 300px\" \/><\/div>\n\t\t<\/a>\n\t\t\t\t<div class=\"elementor-post__text\">\n\t\t\t\t<h3 class=\"elementor-post__title\">\n\t\t\t<a href=\"https:\/\/www.rasc.es\/blogacademia\/?p=23341\" >\n\t\t\t\tReflexiones sobre la COVID-19 cinco a\u00f1os despu\u00e9s del primer confinamiento\t\t\t<\/a>\n\t\t<\/h3>\n\t\t\t\t<div class=\"elementor-post__meta-data\">\n\t\t\t\t\t<span class=\"elementor-post-author\">\n\t\t\tAntonio J. Dur\u00e1n\t\t<\/span>\n\t\t\t\t<span class=\"elementor-post-date\">\n\t\t\t3 abril, 2025\t\t<\/span>\n\t\t\t\t<\/div>\n\t\t\t\t<div class=\"elementor-post__excerpt\">\n\t\t\t<p>Se acaban de cumplir cinco a\u00f1os desde que, tras el estallido de la pandemia provocada por el coronavirus, varios gobiernos europeos (entre ellos el de<\/p>\n\t\t<\/div>\n\t\t\t\t<\/div>\n\t\t\t\t<\/article>\n\t\t\t\t<article class=\"elementor-post elementor-grid-item post-23197 post type-post status-publish format-standard has-post-thumbnail hentry category-materia\" role=\"listitem\">\n\t\t\t\t<a class=\"elementor-post__thumbnail__link\" href=\"https:\/\/www.rasc.es\/blogacademia\/?p=23197\" tabindex=\"-1\" >\n\t\t\t<div class=\"elementor-post__thumbnail\"><img loading=\"lazy\" decoding=\"async\" width=\"300\" height=\"237\" src=\"https:\/\/www.rasc.es\/blogacademia\/wp-content\/uploads\/2025\/04\/DBPB_1952_99_Max_Planck-300x237.jpg\" class=\"attachment-medium size-medium wp-image-23305\" alt=\"\" srcset=\"https:\/\/www.rasc.es\/blogacademia\/wp-content\/uploads\/2025\/04\/DBPB_1952_99_Max_Planck-300x237.jpg 300w, https:\/\/www.rasc.es\/blogacademia\/wp-content\/uploads\/2025\/04\/DBPB_1952_99_Max_Planck-1024x809.jpg 1024w, https:\/\/www.rasc.es\/blogacademia\/wp-content\/uploads\/2025\/04\/DBPB_1952_99_Max_Planck-768x607.jpg 768w, https:\/\/www.rasc.es\/blogacademia\/wp-content\/uploads\/2025\/04\/DBPB_1952_99_Max_Planck.jpg 1072w\" sizes=\"(max-width: 300px) 100vw, 300px\" \/><\/div>\n\t\t<\/a>\n\t\t\t\t<div class=\"elementor-post__text\">\n\t\t\t\t<h3 class=\"elementor-post__title\">\n\t\t\t<a href=\"https:\/\/www.rasc.es\/blogacademia\/?p=23197\" >\n\t\t\t\tMax Planck y la ley de radiaci\u00f3n t\u00e9rmica\t\t\t<\/a>\n\t\t<\/h3>\n\t\t\t\t<div class=\"elementor-post__meta-data\">\n\t\t\t\t\t<span class=\"elementor-post-author\">\n\t\t\tAlberto T. P\u00e9rez Izquierdo\t\t<\/span>\n\t\t\t\t<span class=\"elementor-post-date\">\n\t\t\t1 abril, 2025\t\t<\/span>\n\t\t\t\t<\/div>\n\t\t\t\t<div class=\"elementor-post__excerpt\">\n\t\t\t<p>El 14 de diciembre de 1900 Max Planck present\u00f3 la hip\u00f3tesis cu\u00e1ntica en la reuni\u00f3n de la Sociedad de F\u00edsica de Berl\u00edn. Esa fecha es<\/p>\n\t\t<\/div>\n\t\t\t\t<\/div>\n\t\t\t\t<\/article>\n\t\t\t\t<article class=\"elementor-post elementor-grid-item post-22885 post type-post status-publish format-standard has-post-thumbnail hentry category-mathema\" role=\"listitem\">\n\t\t\t\t<a class=\"elementor-post__thumbnail__link\" href=\"https:\/\/www.rasc.es\/blogacademia\/?p=22885\" tabindex=\"-1\" >\n\t\t\t<div class=\"elementor-post__thumbnail\"><img loading=\"lazy\" decoding=\"async\" width=\"300\" height=\"215\" src=\"https:\/\/www.rasc.es\/blogacademia\/wp-content\/uploads\/2025\/03\/escher2-1-300x215.jpg\" class=\"attachment-medium size-medium wp-image-23304\" alt=\"\" srcset=\"https:\/\/www.rasc.es\/blogacademia\/wp-content\/uploads\/2025\/03\/escher2-1-300x215.jpg 300w, https:\/\/www.rasc.es\/blogacademia\/wp-content\/uploads\/2025\/03\/escher2-1-1024x733.jpg 1024w, https:\/\/www.rasc.es\/blogacademia\/wp-content\/uploads\/2025\/03\/escher2-1-768x550.jpg 768w, https:\/\/www.rasc.es\/blogacademia\/wp-content\/uploads\/2025\/03\/escher2-1.jpg 1171w\" sizes=\"(max-width: 300px) 100vw, 300px\" \/><\/div>\n\t\t<\/a>\n\t\t\t\t<div class=\"elementor-post__text\">\n\t\t\t\t<h3 class=\"elementor-post__title\">\n\t\t\t<a href=\"https:\/\/www.rasc.es\/blogacademia\/?p=22885\" >\n\t\t\t\tPor qu\u00e9 son raras las matem\u00e1ticas\t\t\t<\/a>\n\t\t<\/h3>\n\t\t\t\t<div class=\"elementor-post__meta-data\">\n\t\t\t\t\t<span class=\"elementor-post-author\">\n\t\t\tAntonio J. Dur\u00e1n\t\t<\/span>\n\t\t\t\t<span class=\"elementor-post-date\">\n\t\t\t28 marzo, 2025\t\t<\/span>\n\t\t\t\t<\/div>\n\t\t\t\t<div class=\"elementor-post__excerpt\">\n\t\t\t<p>Se suele o\u00edr por ah\u00ed que las matem\u00e1ticas son raras, incluso a veces que son monstruosamente raras. Ya se sabe que el sue\u00f1o de la<\/p>\n\t\t<\/div>\n\t\t\t\t<\/div>\n\t\t\t\t<\/article>\n\t\t\t\t<article class=\"elementor-post elementor-grid-item post-22966 post type-post status-publish format-standard has-post-thumbnail hentry category-tecnica\" role=\"listitem\">\n\t\t\t\t<a class=\"elementor-post__thumbnail__link\" href=\"https:\/\/www.rasc.es\/blogacademia\/?p=22966\" tabindex=\"-1\" >\n\t\t\t<div class=\"elementor-post__thumbnail\"><img loading=\"lazy\" decoding=\"async\" width=\"300\" height=\"200\" src=\"https:\/\/www.rasc.es\/blogacademia\/wp-content\/uploads\/2025\/03\/Deep-Learning-Training-300x200.png\" class=\"attachment-medium size-medium wp-image-22968\" alt=\"\" srcset=\"https:\/\/www.rasc.es\/blogacademia\/wp-content\/uploads\/2025\/03\/Deep-Learning-Training-300x200.png 300w, https:\/\/www.rasc.es\/blogacademia\/wp-content\/uploads\/2025\/03\/Deep-Learning-Training-1024x683.png 1024w, https:\/\/www.rasc.es\/blogacademia\/wp-content\/uploads\/2025\/03\/Deep-Learning-Training-768x512.png 768w, https:\/\/www.rasc.es\/blogacademia\/wp-content\/uploads\/2025\/03\/Deep-Learning-Training.png 1200w\" sizes=\"(max-width: 300px) 100vw, 300px\" \/><\/div>\n\t\t<\/a>\n\t\t\t\t<div class=\"elementor-post__text\">\n\t\t\t\t<h3 class=\"elementor-post__title\">\n\t\t\t<a href=\"https:\/\/www.rasc.es\/blogacademia\/?p=22966\" >\n\t\t\t\tDe HAL a ChatGPT: La IA y el sue\u00f1o de crear inteligencia\t\t\t<\/a>\n\t\t<\/h3>\n\t\t\t\t<div class=\"elementor-post__meta-data\">\n\t\t\t\t\t<span class=\"elementor-post-author\">\n\t\t\tJos\u00e9 C. Riquelme\t\t<\/span>\n\t\t\t\t<span class=\"elementor-post-date\">\n\t\t\t27 marzo, 2025\t\t<\/span>\n\t\t\t\t<\/div>\n\t\t\t\t<div class=\"elementor-post__excerpt\">\n\t\t\t<p>Durante 2024 raro era el d\u00eda en el que alg\u00fan medio informativo no conten\u00eda alguna noticia relacionada con la llamada Inteligencia Artificial (IA). Al mismo<\/p>\n\t\t<\/div>\n\t\t\t\t<\/div>\n\t\t\t\t<\/article>\n\t\t\t\t<article class=\"elementor-post elementor-grid-item post-22929 post type-post status-publish format-standard has-post-thumbnail hentry category-vida\" role=\"listitem\">\n\t\t\t\t<a class=\"elementor-post__thumbnail__link\" href=\"https:\/\/www.rasc.es\/blogacademia\/?p=22929\" tabindex=\"-1\" >\n\t\t\t<div class=\"elementor-post__thumbnail\"><img loading=\"lazy\" decoding=\"async\" width=\"300\" height=\"234\" src=\"https:\/\/www.rasc.es\/blogacademia\/wp-content\/uploads\/2025\/03\/craneo-5-miguelon-id-181-1-300x234.jpg\" class=\"attachment-medium size-medium wp-image-23303\" alt=\"\" srcset=\"https:\/\/www.rasc.es\/blogacademia\/wp-content\/uploads\/2025\/03\/craneo-5-miguelon-id-181-1-300x234.jpg 300w, https:\/\/www.rasc.es\/blogacademia\/wp-content\/uploads\/2025\/03\/craneo-5-miguelon-id-181-1-1024x800.jpg 1024w, https:\/\/www.rasc.es\/blogacademia\/wp-content\/uploads\/2025\/03\/craneo-5-miguelon-id-181-1-768x600.jpg 768w, https:\/\/www.rasc.es\/blogacademia\/wp-content\/uploads\/2025\/03\/craneo-5-miguelon-id-181-1.jpg 1201w\" sizes=\"(max-width: 300px) 100vw, 300px\" \/><\/div>\n\t\t<\/a>\n\t\t\t\t<div class=\"elementor-post__text\">\n\t\t\t\t<h3 class=\"elementor-post__title\">\n\t\t\t<a href=\"https:\/\/www.rasc.es\/blogacademia\/?p=22929\" >\n\t\t\t\tNuestros primos los neandertales\t\t\t<\/a>\n\t\t<\/h3>\n\t\t\t\t<div class=\"elementor-post__meta-data\">\n\t\t\t\t\t<span class=\"elementor-post-author\">\n\t\t\tJoaqu\u00edn Rodr\u00edguez Vidal\t\t<\/span>\n\t\t\t\t<span class=\"elementor-post-date\">\n\t\t\t26 marzo, 2025\t\t<\/span>\n\t\t\t\t<\/div>\n\t\t\t\t<div class=\"elementor-post__excerpt\">\n\t\t\t<p>Hace ya unos 180 a\u00f1os que comenz\u00f3 una historia de controversias y debates cient\u00edficos apasionados por la posible existencia de una especie humana de morfolog\u00eda<\/p>\n\t\t<\/div>\n\t\t\t\t<\/div>\n\t\t\t\t<\/article>\n\t\t\t\t<article class=\"elementor-post elementor-grid-item post-22880 post type-post status-publish format-standard has-post-thumbnail hentry category-materia\" role=\"listitem\">\n\t\t\t\t<a class=\"elementor-post__thumbnail__link\" href=\"https:\/\/www.rasc.es\/blogacademia\/?p=22880\" tabindex=\"-1\" >\n\t\t\t<div class=\"elementor-post__thumbnail\"><img loading=\"lazy\" decoding=\"async\" width=\"300\" height=\"201\" src=\"https:\/\/www.rasc.es\/blogacademia\/wp-content\/uploads\/2025\/03\/materia-300x201.jpg\" class=\"attachment-medium size-medium wp-image-22432\" alt=\"\" srcset=\"https:\/\/www.rasc.es\/blogacademia\/wp-content\/uploads\/2025\/03\/materia-300x201.jpg 300w, https:\/\/www.rasc.es\/blogacademia\/wp-content\/uploads\/2025\/03\/materia-768x516.jpg 768w, https:\/\/www.rasc.es\/blogacademia\/wp-content\/uploads\/2025\/03\/materia.jpg 800w\" sizes=\"(max-width: 300px) 100vw, 300px\" \/><\/div>\n\t\t<\/a>\n\t\t\t\t<div class=\"elementor-post__text\">\n\t\t\t\t<h3 class=\"elementor-post__title\">\n\t\t\t<a href=\"https:\/\/www.rasc.es\/blogacademia\/?p=22880\" >\n\t\t\t\tDescubriendo los agujeros negros\t\t\t<\/a>\n\t\t<\/h3>\n\t\t\t\t<div class=\"elementor-post__meta-data\">\n\t\t\t\t\t<span class=\"elementor-post-author\">\n\t\t\tAntonio J. Dur\u00e1n\t\t<\/span>\n\t\t\t\t<span class=\"elementor-post-date\">\n\t\t\t25 marzo, 2025\t\t<\/span>\n\t\t\t\t<\/div>\n\t\t\t\t<div class=\"elementor-post__excerpt\">\n\t\t\t<p>La relatividad general establece que la gravitaci\u00f3n es una consecuencia de la geometr\u00eda del espacio\/tiempo \u2013esto es, de la forma de medir las distancias entre<\/p>\n\t\t<\/div>\n\t\t\t\t<\/div>\n\t\t\t\t<\/article>\n\t\t\t\t<article class=\"elementor-post elementor-grid-item post-22901 post type-post status-publish format-standard has-post-thumbnail hentry category-actualidad-cientifica\" role=\"listitem\">\n\t\t\t\t<a class=\"elementor-post__thumbnail__link\" href=\"https:\/\/www.rasc.es\/blogacademia\/?p=22901\" tabindex=\"-1\" >\n\t\t\t<div class=\"elementor-post__thumbnail\"><img loading=\"lazy\" decoding=\"async\" width=\"300\" height=\"169\" src=\"https:\/\/www.rasc.es\/blogacademia\/wp-content\/uploads\/2025\/03\/investigador-primer-plano-que-trabaja-microscopio_23-2148794404-300x169.jpeg\" class=\"attachment-medium size-medium wp-image-22902\" alt=\"\" srcset=\"https:\/\/www.rasc.es\/blogacademia\/wp-content\/uploads\/2025\/03\/investigador-primer-plano-que-trabaja-microscopio_23-2148794404-300x169.jpeg 300w, https:\/\/www.rasc.es\/blogacademia\/wp-content\/uploads\/2025\/03\/investigador-primer-plano-que-trabaja-microscopio_23-2148794404.jpeg 626w\" sizes=\"(max-width: 300px) 100vw, 300px\" \/><\/div>\n\t\t<\/a>\n\t\t\t\t<div class=\"elementor-post__text\">\n\t\t\t\t<h3 class=\"elementor-post__title\">\n\t\t\t<a href=\"https:\/\/www.rasc.es\/blogacademia\/?p=22901\" >\n\t\t\t\tLa Ciencia ante los desaf\u00edos de la Humanidad\t\t\t<\/a>\n\t\t<\/h3>\n\t\t\t\t<div class=\"elementor-post__meta-data\">\n\t\t\t\t\t<span class=\"elementor-post-author\">\n\t\t\tMiguel \u00c1ngel De la Rosa\t\t<\/span>\n\t\t\t\t<span class=\"elementor-post-date\">\n\t\t\t24 marzo, 2025\t\t<\/span>\n\t\t\t\t<\/div>\n\t\t\t\t<div class=\"elementor-post__excerpt\">\n\t\t\t<p>Desde la crisis clim\u00e1tica a las pandemias, no son pocos los grandes desaf\u00edos de futuro que afronta la Humanidad. Las soluciones exigir\u00e1n medidas pol\u00edticas globales<\/p>\n\t\t<\/div>\n\t\t\t\t<\/div>\n\t\t\t\t<\/article>\n\t\t\t\t<\/div>\n\t\t\n\t\t\t\t\t\t<\/div>\n\t\t\t\t<\/div>\n\t\t\t\t<\/div>\n\t\t\t\t\t<\/div>\n\t\t\t\t<\/div>\n\t\t<div class=\"elementor-element elementor-element-da06e7e elementor-hidden-mobile e-flex e-con-boxed e-con e-parent\" data-id=\"da06e7e\" data-element_type=\"container\">\n\t\t\t\t\t<div class=\"e-con-inner\">\n\t\t<div class=\"elementor-element elementor-element-f9833c8 e-con-full e-flex e-con e-child\" data-id=\"f9833c8\" data-element_type=\"container\">\n\t\t\t\t<div class=\"elementor-element elementor-element-8627bbf elementor-widget elementor-widget-shortcode\" data-id=\"8627bbf\" data-element_type=\"widget\" data-widget_type=\"shortcode.default\">\n\t\t\t\t<div class=\"elementor-widget-container\">\n\t\t\t\t\t\t\t<div class=\"elementor-shortcode\"><div class=\"rasc-articulos\"><div class=\"rasc-articulo\"><div class=\"rasc-thumb-right\"><img loading=\"lazy\" decoding=\"async\" width=\"370\" height=\"250\" src=\"https:\/\/www.rasc.es\/blogacademia\/wp-content\/uploads\/2026\/03\/riemanns.jpg\" class=\"attachment-400x250 size-400x250 wp-post-image\" alt=\"\" srcset=\"https:\/\/www.rasc.es\/blogacademia\/wp-content\/uploads\/2026\/03\/riemanns.jpg 1156w, https:\/\/www.rasc.es\/blogacademia\/wp-content\/uploads\/2026\/03\/riemanns-300x203.jpg 300w, https:\/\/www.rasc.es\/blogacademia\/wp-content\/uploads\/2026\/03\/riemanns-1024x692.jpg 1024w, https:\/\/www.rasc.es\/blogacademia\/wp-content\/uploads\/2026\/03\/riemanns-768x519.jpg 768w\" sizes=\"(max-width: 370px) 100vw, 370px\" \/><\/div><div class=\"rasc-texto\"><h3 class=\"rasc-titulo\"><a href=\"https:\/\/www.rasc.es\/blogacademia\/?p=24777\">Riemann y el camino hacia la relatividad general, II<\/a><\/h3><p class=\"rasc-extracto\">En 1854, casi tres d\u00e9cadas despu\u00e9s de que Carl Friedrich Gauss (1777-1855) publicara su obra cumbre sobre geometr\u00eda diferencial de superficies (v\u00e9ase Las otras Disquisitiones de Gauss), se iba a incorporar a la Universidad de Gotinga un nuevo privatdozent \u2013una especie de profesor ayudante sin sueldo, s\u00f3lo lo que voluntariamente le quisieran pagar los alumnos\u2013. [&hellip;]<\/p><p class=\"rasc-meta\">Publicado el 30 abril, 2026 por <a href=\"https:\/\/www.rasc.es\/blogacademia\/?author=6\"><strong>Antonio J. Dur\u00e1n<\/strong><\/a> en <a href=\"https:\/\/www.rasc.es\/blogacademia\/?cat=2802\"><em>Mathema<\/em><\/a><\/p><\/div><div style=\"clear: both;\"><\/div><\/div><div class=\"rasc-articulo\"><div class=\"rasc-thumb-right\"><img loading=\"lazy\" decoding=\"async\" width=\"374\" height=\"250\" src=\"https:\/\/www.rasc.es\/blogacademia\/wp-content\/uploads\/2026\/04\/luna-tierra.jpg\" class=\"attachment-400x250 size-400x250 wp-post-image\" alt=\"\" srcset=\"https:\/\/www.rasc.es\/blogacademia\/wp-content\/uploads\/2026\/04\/luna-tierra.jpg 1598w, https:\/\/www.rasc.es\/blogacademia\/wp-content\/uploads\/2026\/04\/luna-tierra-300x201.jpg 300w, https:\/\/www.rasc.es\/blogacademia\/wp-content\/uploads\/2026\/04\/luna-tierra-1024x685.jpg 1024w, https:\/\/www.rasc.es\/blogacademia\/wp-content\/uploads\/2026\/04\/luna-tierra-768x514.jpg 768w, https:\/\/www.rasc.es\/blogacademia\/wp-content\/uploads\/2026\/04\/luna-tierra-1536x1028.jpg 1536w\" sizes=\"(max-width: 374px) 100vw, 374px\" \/><\/div><div class=\"rasc-texto\"><h3 class=\"rasc-titulo\"><a href=\"https:\/\/www.rasc.es\/blogacademia\/?p=25004\">Tordesillas en versi\u00f3n espacial<\/a><\/h3><p class=\"rasc-extracto\">El denominado \u201cTratado de la Luna\u201d, tambi\u00e9n conocido como \u00abAcuerdo que Gobierna las Actividades de los Estados en la Luna y otros Cuerpos Celestes\u201d, fue promovido en 1979 con idea de acordar y establecer unas normas m\u00ednimas de regulaci\u00f3n del uso de los cuerpos astron\u00f3micos dentro del sistema solar, al margen de la Tierra. Hasta [&hellip;]<\/p><p class=\"rasc-meta\">Publicado el 28 abril, 2026 por <a href=\"https:\/\/www.rasc.es\/blogacademia\/?author=49\"><strong>Miguel \u00c1ngel De la Rosa<\/strong><\/a> en <a href=\"https:\/\/www.rasc.es\/blogacademia\/?cat=2798\"><em>Actualidad<\/em><\/a><\/p><\/div><div style=\"clear: both;\"><\/div><\/div><div class=\"rasc-articulo\"><div class=\"rasc-thumb-right\"><img loading=\"lazy\" decoding=\"async\" width=\"375\" height=\"250\" src=\"https:\/\/www.rasc.es\/blogacademia\/wp-content\/uploads\/2026\/04\/TransEnergeticaID.jpg\" class=\"attachment-400x250 size-400x250 wp-post-image\" alt=\"\" srcset=\"https:\/\/www.rasc.es\/blogacademia\/wp-content\/uploads\/2026\/04\/TransEnergeticaID.jpg 1024w, https:\/\/www.rasc.es\/blogacademia\/wp-content\/uploads\/2026\/04\/TransEnergeticaID-300x200.jpg 300w, https:\/\/www.rasc.es\/blogacademia\/wp-content\/uploads\/2026\/04\/TransEnergeticaID-768x512.jpg 768w\" sizes=\"(max-width: 375px) 100vw, 375px\" \/><\/div><div class=\"rasc-texto\"><h3 class=\"rasc-titulo\"><a href=\"https:\/\/www.rasc.es\/blogacademia\/?p=24979\">La transici\u00f3n energ\u00e9tica en Espa\u00f1a ante el reto de la seguridad de abastecimiento<\/a><\/h3><p class=\"rasc-extracto\">1. Marco general del an\u00e1lisis La seguridad de suministro ha dejado de ser una preocupaci\u00f3n latente para convertirse de nuevo en una cuesti\u00f3n central de pol\u00edtica energ\u00e9tica. El conflicto con Ir\u00e1n desencadenado por Israel y Estados Unidos y la consiguiente disrupci\u00f3n de los mercados energ\u00e9ticos derivada de la alteraci\u00f3n del tr\u00e1nsito por el Estrecho de [&hellip;]<\/p><p class=\"rasc-meta\">Publicado el 14 abril, 2026 por <a href=\"https:\/\/www.rasc.es\/blogacademia\/?author=91\"><strong>Vicente J. Cort\u00e9s<\/strong><\/a> en <a href=\"https:\/\/www.rasc.es\/blogacademia\/?cat=2804\"><em>T\u00e9cnica<\/em><\/a><\/p><\/div><div style=\"clear: both;\"><\/div><\/div><div class=\"rasc-articulo\"><div class=\"rasc-thumb-right\"><img loading=\"lazy\" decoding=\"async\" width=\"375\" height=\"250\" src=\"https:\/\/www.rasc.es\/blogacademia\/wp-content\/uploads\/2026\/03\/eclips4.jpg\" class=\"attachment-400x250 size-400x250 wp-post-image\" alt=\"\" srcset=\"https:\/\/www.rasc.es\/blogacademia\/wp-content\/uploads\/2026\/03\/eclips4.jpg 828w, https:\/\/www.rasc.es\/blogacademia\/wp-content\/uploads\/2026\/03\/eclips4-300x200.jpg 300w, https:\/\/www.rasc.es\/blogacademia\/wp-content\/uploads\/2026\/03\/eclips4-768x512.jpg 768w\" sizes=\"(max-width: 375px) 100vw, 375px\" \/><\/div><div class=\"rasc-texto\"><h3 class=\"rasc-titulo\"><a href=\"https:\/\/www.rasc.es\/blogacademia\/?p=24863\">El Tr\u00edo Ib\u00e9rico de Eclipses 2026-27-28:  Belleza sobrenatural y rareza estad\u00edstica<\/a><\/h3><p class=\"rasc-extracto\">\u201cLa gente espera un eclipse solar total como una curiosidad. No esperan que les conmueva el alma\u201d. Estas palabras de David Makepeace, reconocido \u201ccazador de eclipses\u201d en el mundo de los aficionados a la Astronom\u00eda, dejan bien a las claras c\u00f3mo reacciona el ser humano cuando se encuentra de repente ante uno de los fen\u00f3menos [&hellip;]<\/p><p class=\"rasc-meta\">Publicado el 8 abril, 2026 por <a href=\"https:\/\/www.rasc.es\/blogacademia\/?author=95\"><strong>Fernando Ord\u00f3\u00f1ez Monteagudo<\/strong><\/a> en <a href=\"https:\/\/www.rasc.es\/blogacademia\/?cat=2800\"><em>Materia<\/em><\/a><\/p><\/div><div style=\"clear: both;\"><\/div><\/div><div class=\"rasc-articulo\"><div class=\"rasc-thumb-right\"><img loading=\"lazy\" decoding=\"async\" width=\"373\" height=\"250\" src=\"https:\/\/www.rasc.es\/blogacademia\/wp-content\/uploads\/2026\/03\/Ivana_Kobilca_-_Kofetarica.jpg\" class=\"attachment-400x250 size-400x250 wp-post-image\" alt=\"\" srcset=\"https:\/\/www.rasc.es\/blogacademia\/wp-content\/uploads\/2026\/03\/Ivana_Kobilca_-_Kofetarica.jpg 960w, https:\/\/www.rasc.es\/blogacademia\/wp-content\/uploads\/2026\/03\/Ivana_Kobilca_-_Kofetarica-300x201.jpg 300w, https:\/\/www.rasc.es\/blogacademia\/wp-content\/uploads\/2026\/03\/Ivana_Kobilca_-_Kofetarica-768x515.jpg 768w\" sizes=\"(max-width: 373px) 100vw, 373px\" \/><\/div><div class=\"rasc-texto\"><h3 class=\"rasc-titulo\"><a href=\"https:\/\/www.rasc.es\/blogacademia\/?p=24923\">El caf\u00e9 (y II)<\/a><\/h3><p class=\"rasc-extracto\">Difusi\u00f3n del uso del caf\u00e9 \u00a0\u00a0\u00a0\u00a0\u00a0\u00a0\u00a0\u00a0\u00a0\u00a0\u00a0 Como se indic\u00f3 en la anterior entrada (El caf\u00e9 (I)), el cafeto, Coffea arabica, es nativo de los bosques tropicales h\u00famedos de las altas mesetas de Etiop\u00eda, S de Sud\u00e1n y N de Kenia, ocupando un \u00e1rea bastante restringida. Es all\u00ed donde empez\u00f3 a utilizarse, primero seguramente masticando sus [&hellip;]<\/p><p class=\"rasc-meta\">Publicado el 25 marzo, 2026 por <a href=\"https:\/\/www.rasc.es\/blogacademia\/?author=64\"><strong>Benito Vald\u00e9s<\/strong><\/a> en <a href=\"https:\/\/www.rasc.es\/blogacademia\/?cat=2806\"><em>Vida<\/em><\/a><\/p><\/div><div style=\"clear: both;\"><\/div><\/div><\/div><style>\n        .rasc-articulos {\n            font-family: Arial, sans-serif;\n            background-color: #f9f9f9;\n            padding: 20px;\n        }\n        .rasc-articulo {\n            border-bottom: 1px solid #ccc;\n            margin-bottom: 30px;\n            padding-bottom: 30px;\n            overflow: hidden;\n            display: flex;\n            align-items: flex-start;\n        }\n        .rasc-thumb-right {\n            flex: 0 0 auto;\n            margin-left: 30px;\n            margin-rigth: 30px;\n        }\n        .rasc-thumb-right img {\n            width: 400px;\n            height: 250px;\n            object-fit: cover;\n    margin-right: 30px;\n        }\n        .rasc-texto {\n            flex: 1;\n        }\n        .rasc-titulo a {\n            font-family: Arial, sans-serif;\n            color: #002147;\n            text-decoration: none;\n            font-size: 0.9em;\n        }\n        .rasc-titulo a:hover {\n            text-decoration: underline;\n        }\n        .rasc-meta {\n            font-size: 1.1em;\n            color: #333;\n        }\n        .rasc-extracto {\n            font-size: 1em;\n            margin: 10px 0;\n            color: #444;\n        }\n    <\/style><\/div>\n\t\t\t\t\t\t<\/div>\n\t\t\t\t<\/div>\n\t\t\t\t<\/div>\n\t\t<div class=\"elementor-element elementor-element-3eaa283 e-con-full e-flex e-con e-child\" data-id=\"3eaa283\" data-element_type=\"container\">\n\t\t\t\t<div class=\"elementor-element elementor-element-0d765b8 elementor-widget elementor-widget-sidebar\" data-id=\"0d765b8\" data-element_type=\"widget\" data-widget_type=\"sidebar.default\">\n\t\t\t\t<div class=\"elementor-widget-container\">\n\t\t\t\t\t<aside id=\"search-2\" class=\"widget widget_search\"><form role=\"search\" method=\"get\" class=\"search-form\" action=\"https:\/\/www.rasc.es\/blogacademia\/\">\n\t<label for=\"search-field\">\n\t\t<span class=\"screen-reader-text\">Buscar por:<\/span>\n\t\t<input type=\"search\" id=\"search-field\" class=\"search-field\"   placeholder=\"Buscar...\" value=\"\" name=\"s\" tabindex=\"-1\">\n\t\t\t\t\t<button class=\"search-submit ast-search-submit\" aria-label=\"Enviar la b\u00fasqueda\">\n\t\t\t\t<span hidden>Buscar<\/span>\n\t\t\t\t<i><span class=\"ast-icon icon-search\"><svg xmlns=\"http:\/\/www.w3.org\/2000\/svg\" xmlns:xlink=\"http:\/\/www.w3.org\/1999\/xlink\" version=\"1.1\" x=\"0px\" y=\"0px\" viewBox=\"-893 477 142 142\" enable-background=\"new -888 480 142 142\" xml:space=\"preserve\">\n\t\t\t\t\t\t  <path d=\"M-787.4,568.7h-6.3l-2.4-2.4c7.9-8.7,12.6-20.5,12.6-33.1c0-28.4-22.9-51.3-51.3-51.3  c-28.4,0-51.3,22.9-51.3,51.3c0,28.4,22.9,51.3,51.3,51.3c12.6,0,24.4-4.7,33.1-12.6l2.4,2.4v6.3l39.4,39.4l11.8-11.8L-787.4,568.7  L-787.4,568.7z M-834.7,568.7c-19.7,0-35.5-15.8-35.5-35.5c0-19.7,15.8-35.5,35.5-35.5c19.7,0,35.5,15.8,35.5,35.5  C-799.3,553-815,568.7-834.7,568.7L-834.7,568.7z\" \/>\n\t\t\t\t\t\t  <\/svg><\/span><\/i>\n\t\t\t<\/button>\n\t\t\t<\/label>\n\t\t\t<input type=\"submit\" class=\"search-submit\" value=\"Buscar\">\n\t<\/form>\n<\/aside><aside id=\"archives-2\" class=\"widget widget_archive\"><h2 class=\"widget-title\">Archivos<\/h2><nav aria-label=\"Archivos\">\n\t\t\t<ul>\n\t\t\t\t\t<li><a href='https:\/\/www.rasc.es\/blogacademia\/?m=202604'>abril 2026<\/a><\/li>\n\t<li><a href='https:\/\/www.rasc.es\/blogacademia\/?m=202603'>marzo 2026<\/a><\/li>\n\t<li><a href='https:\/\/www.rasc.es\/blogacademia\/?m=202602'>febrero 2026<\/a><\/li>\n\t<li><a href='https:\/\/www.rasc.es\/blogacademia\/?m=202601'>enero 2026<\/a><\/li>\n\t<li><a href='https:\/\/www.rasc.es\/blogacademia\/?m=202512'>diciembre 2025<\/a><\/li>\n\t<li><a href='https:\/\/www.rasc.es\/blogacademia\/?m=202511'>noviembre 2025<\/a><\/li>\n\t<li><a href='https:\/\/www.rasc.es\/blogacademia\/?m=202510'>octubre 2025<\/a><\/li>\n\t<li><a href='https:\/\/www.rasc.es\/blogacademia\/?m=202509'>septiembre 2025<\/a><\/li>\n\t<li><a href='https:\/\/www.rasc.es\/blogacademia\/?m=202508'>agosto 2025<\/a><\/li>\n\t<li><a href='https:\/\/www.rasc.es\/blogacademia\/?m=202507'>julio 2025<\/a><\/li>\n\t<li><a href='https:\/\/www.rasc.es\/blogacademia\/?m=202506'>junio 2025<\/a><\/li>\n\t<li><a href='https:\/\/www.rasc.es\/blogacademia\/?m=202505'>mayo 2025<\/a><\/li>\n\t<li><a href='https:\/\/www.rasc.es\/blogacademia\/?m=202504'>abril 2025<\/a><\/li>\n\t<li><a href='https:\/\/www.rasc.es\/blogacademia\/?m=202503'>marzo 2025<\/a><\/li>\n\t\t\t<\/ul>\n\n\t\t\t<\/nav><\/aside><aside id=\"media_image-6\" class=\"widget widget_media_image\"><img loading=\"lazy\" decoding=\"async\" width=\"300\" height=\"87\" src=\"https:\/\/www.rasc.es\/blogacademia\/wp-content\/uploads\/2025\/03\/logo_antiguo_vectorizado2-328x95.png\" class=\"image wp-image-22987  attachment-medium size-medium\" alt=\"\" style=\"max-width: 100%; height: auto;\" srcset=\"https:\/\/www.rasc.es\/blogacademia\/wp-content\/uploads\/2025\/03\/logo_antiguo_vectorizado2.png 1x, http:\/\/www.rasc.es\/blogacademia\/wp-content\/uploads\/2025\/03\/logo_antiguo_vectorizado2.png 2x\" sizes=\"(max-width: 300px) 100vw, 300px\" \/><\/aside>\t\t\t\t<\/div>\n\t\t\t\t<\/div>\n\t\t\t\t<\/div>\n\t\t\t\t\t<\/div>\n\t\t\t\t<\/div>\n\t\t<div class=\"elementor-element elementor-element-eeec793 elementor-hidden-desktop elementor-hidden-tablet e-flex e-con-boxed e-con e-parent\" data-id=\"eeec793\" data-element_type=\"container\">\n\t\t\t\t\t<div class=\"e-con-inner\">\n\t\t<div class=\"elementor-element elementor-element-d66bd65 e-con-full e-flex e-con e-child\" data-id=\"d66bd65\" data-element_type=\"container\">\n\t\t\t\t<div class=\"elementor-element elementor-element-0c39de6 elementor-widget elementor-widget-wp-widget-imuspostwidget\" data-id=\"0c39de6\" data-element_type=\"widget\" data-widget_type=\"wp-widget-imuspostwidget.default\">\n\t\t\t\t<div class=\"elementor-widget-container\">\n\t\t\t\t\t<h5> <\/h5><div class=\"widget_imus_posts\"><div class=\"upw-post\"><img loading=\"lazy\" decoding=\"async\" width=\"300\" height=\"203\" src=\"https:\/\/www.rasc.es\/blogacademia\/wp-content\/uploads\/2026\/03\/riemanns-300x203.jpg\" class=\"attachment-medium size-medium wp-post-image\" alt=\"\" srcset=\"https:\/\/www.rasc.es\/blogacademia\/wp-content\/uploads\/2026\/03\/riemanns-300x203.jpg 300w, https:\/\/www.rasc.es\/blogacademia\/wp-content\/uploads\/2026\/03\/riemanns-1024x692.jpg 1024w, https:\/\/www.rasc.es\/blogacademia\/wp-content\/uploads\/2026\/03\/riemanns-768x519.jpg 768w, https:\/\/www.rasc.es\/blogacademia\/wp-content\/uploads\/2026\/03\/riemanns.jpg 1156w\" sizes=\"(max-width: 300px) 100vw, 300px\" \/><div class=\"upw-content\"><p class=\"post-cats\"><a href=\"https:\/\/www.rasc.es\/blogacademia\/?cat=2802\" rel=\"category\">Mathema<\/a><\/p><p class=\"titulo-entradas\"><a href=https:\/\/www.rasc.es\/blogacademia\/?p=24777>Riemann y el camino hacia la relatividad general, II<\/a><p class=\"post-date\">30 abril, 2026<\/p><p class=\"post-authors\">Antonio J. Dur\u00e1n<\/p><\/div><\/div><div class=\"upw-post\"><img loading=\"lazy\" decoding=\"async\" width=\"300\" height=\"201\" src=\"https:\/\/www.rasc.es\/blogacademia\/wp-content\/uploads\/2026\/04\/luna-tierra-300x201.jpg\" class=\"attachment-medium size-medium wp-post-image\" alt=\"\" srcset=\"https:\/\/www.rasc.es\/blogacademia\/wp-content\/uploads\/2026\/04\/luna-tierra-300x201.jpg 300w, https:\/\/www.rasc.es\/blogacademia\/wp-content\/uploads\/2026\/04\/luna-tierra-1024x685.jpg 1024w, https:\/\/www.rasc.es\/blogacademia\/wp-content\/uploads\/2026\/04\/luna-tierra-768x514.jpg 768w, https:\/\/www.rasc.es\/blogacademia\/wp-content\/uploads\/2026\/04\/luna-tierra-1536x1028.jpg 1536w, https:\/\/www.rasc.es\/blogacademia\/wp-content\/uploads\/2026\/04\/luna-tierra.jpg 1598w\" sizes=\"(max-width: 300px) 100vw, 300px\" \/><div class=\"upw-content\"><p class=\"post-cats\"><a href=\"https:\/\/www.rasc.es\/blogacademia\/?cat=2798\" rel=\"category\">Actualidad<\/a><\/p><p class=\"titulo-entradas\"><a href=https:\/\/www.rasc.es\/blogacademia\/?p=25004>Tordesillas en versi\u00f3n espacial<\/a><p class=\"post-date\">28 abril, 2026<\/p><p class=\"post-authors\">Miguel \u00c1ngel De la Rosa<\/p><\/div><\/div><div class=\"upw-post\"><img loading=\"lazy\" decoding=\"async\" width=\"300\" height=\"200\" src=\"https:\/\/www.rasc.es\/blogacademia\/wp-content\/uploads\/2026\/04\/TransEnergeticaID-300x200.jpg\" class=\"attachment-medium size-medium wp-post-image\" alt=\"\" srcset=\"https:\/\/www.rasc.es\/blogacademia\/wp-content\/uploads\/2026\/04\/TransEnergeticaID-300x200.jpg 300w, https:\/\/www.rasc.es\/blogacademia\/wp-content\/uploads\/2026\/04\/TransEnergeticaID-768x512.jpg 768w, https:\/\/www.rasc.es\/blogacademia\/wp-content\/uploads\/2026\/04\/TransEnergeticaID.jpg 1024w\" sizes=\"(max-width: 300px) 100vw, 300px\" \/><div class=\"upw-content\"><p class=\"post-cats\"><a href=\"https:\/\/www.rasc.es\/blogacademia\/?cat=2804\" rel=\"category\">T\u00e9cnica<\/a><\/p><p class=\"titulo-entradas\"><a href=https:\/\/www.rasc.es\/blogacademia\/?p=24979>La transici\u00f3n energ\u00e9tica en Espa\u00f1a ante el reto de la seguridad de abastecimiento<\/a><p class=\"post-date\">14 abril, 2026<\/p><p class=\"post-authors\">Vicente J. Cort\u00e9s<\/p><\/div><\/div><div class=\"upw-post\"><img loading=\"lazy\" decoding=\"async\" width=\"300\" height=\"200\" src=\"https:\/\/www.rasc.es\/blogacademia\/wp-content\/uploads\/2026\/03\/eclips4-300x200.jpg\" class=\"attachment-medium size-medium wp-post-image\" alt=\"\" srcset=\"https:\/\/www.rasc.es\/blogacademia\/wp-content\/uploads\/2026\/03\/eclips4-300x200.jpg 300w, https:\/\/www.rasc.es\/blogacademia\/wp-content\/uploads\/2026\/03\/eclips4-768x512.jpg 768w, https:\/\/www.rasc.es\/blogacademia\/wp-content\/uploads\/2026\/03\/eclips4.jpg 828w\" sizes=\"(max-width: 300px) 100vw, 300px\" \/><div class=\"upw-content\"><p class=\"post-cats\"><a href=\"https:\/\/www.rasc.es\/blogacademia\/?cat=2800\" rel=\"category\">Materia<\/a><\/p><p class=\"titulo-entradas\"><a href=https:\/\/www.rasc.es\/blogacademia\/?p=24863>El Tr\u00edo Ib\u00e9rico de Eclipses 2026-27-28:  Belleza sobrenatural y rareza estad\u00edstica<\/a><p class=\"post-date\">8 abril, 2026<\/p><p class=\"post-authors\">Fernando Ord\u00f3\u00f1ez Monteagudo<\/p><\/div><\/div><div class=\"upw-post\"><img loading=\"lazy\" decoding=\"async\" width=\"300\" height=\"201\" src=\"https:\/\/www.rasc.es\/blogacademia\/wp-content\/uploads\/2026\/03\/Ivana_Kobilca_-_Kofetarica-300x201.jpg\" class=\"attachment-medium size-medium wp-post-image\" alt=\"\" srcset=\"https:\/\/www.rasc.es\/blogacademia\/wp-content\/uploads\/2026\/03\/Ivana_Kobilca_-_Kofetarica-300x201.jpg 300w, https:\/\/www.rasc.es\/blogacademia\/wp-content\/uploads\/2026\/03\/Ivana_Kobilca_-_Kofetarica-768x515.jpg 768w, https:\/\/www.rasc.es\/blogacademia\/wp-content\/uploads\/2026\/03\/Ivana_Kobilca_-_Kofetarica.jpg 960w\" sizes=\"(max-width: 300px) 100vw, 300px\" \/><div class=\"upw-content\"><p class=\"post-cats\"><a href=\"https:\/\/www.rasc.es\/blogacademia\/?cat=2806\" rel=\"category\">Vida<\/a><\/p><p class=\"titulo-entradas\"><a href=https:\/\/www.rasc.es\/blogacademia\/?p=24923>El caf\u00e9 (y II)<\/a><p class=\"post-date\">25 marzo, 2026<\/p><p class=\"post-authors\">Benito Vald\u00e9s<\/p><\/div><\/div><\/div>\t\t\t\t<\/div>\n\t\t\t\t<\/div>\n\t\t\t\t<\/div>\n\t\t<div class=\"elementor-element elementor-element-f482305 e-con-full e-flex e-con e-child\" data-id=\"f482305\" data-element_type=\"container\">\n\t\t\t\t<div class=\"elementor-element elementor-element-49c5396 elementor-widget elementor-widget-sidebar\" data-id=\"49c5396\" data-element_type=\"widget\" data-widget_type=\"sidebar.default\">\n\t\t\t\t<div class=\"elementor-widget-container\">\n\t\t\t\t\t<aside id=\"search-2\" class=\"widget widget_search\"><form role=\"search\" method=\"get\" class=\"search-form\" action=\"https:\/\/www.rasc.es\/blogacademia\/\">\n\t<label for=\"search-field\">\n\t\t<span class=\"screen-reader-text\">Buscar por:<\/span>\n\t\t<input type=\"search\" id=\"search-field\" class=\"search-field\"   placeholder=\"Buscar...\" value=\"\" name=\"s\" tabindex=\"-1\">\n\t\t\t\t\t<button class=\"search-submit ast-search-submit\" aria-label=\"Enviar la b\u00fasqueda\">\n\t\t\t\t<span hidden>Buscar<\/span>\n\t\t\t\t<i><span class=\"ast-icon icon-search\"><svg xmlns=\"http:\/\/www.w3.org\/2000\/svg\" xmlns:xlink=\"http:\/\/www.w3.org\/1999\/xlink\" version=\"1.1\" x=\"0px\" y=\"0px\" viewBox=\"-893 477 142 142\" enable-background=\"new -888 480 142 142\" xml:space=\"preserve\">\n\t\t\t\t\t\t  <path d=\"M-787.4,568.7h-6.3l-2.4-2.4c7.9-8.7,12.6-20.5,12.6-33.1c0-28.4-22.9-51.3-51.3-51.3  c-28.4,0-51.3,22.9-51.3,51.3c0,28.4,22.9,51.3,51.3,51.3c12.6,0,24.4-4.7,33.1-12.6l2.4,2.4v6.3l39.4,39.4l11.8-11.8L-787.4,568.7  L-787.4,568.7z M-834.7,568.7c-19.7,0-35.5-15.8-35.5-35.5c0-19.7,15.8-35.5,35.5-35.5c19.7,0,35.5,15.8,35.5,35.5  C-799.3,553-815,568.7-834.7,568.7L-834.7,568.7z\" \/>\n\t\t\t\t\t\t  <\/svg><\/span><\/i>\n\t\t\t<\/button>\n\t\t\t<\/label>\n\t\t\t<input type=\"submit\" class=\"search-submit\" value=\"Buscar\">\n\t<\/form>\n<\/aside><aside id=\"archives-2\" class=\"widget widget_archive\"><h2 class=\"widget-title\">Archivos<\/h2><nav aria-label=\"Archivos\">\n\t\t\t<ul>\n\t\t\t\t\t<li><a href='https:\/\/www.rasc.es\/blogacademia\/?m=202604'>abril 2026<\/a><\/li>\n\t<li><a href='https:\/\/www.rasc.es\/blogacademia\/?m=202603'>marzo 2026<\/a><\/li>\n\t<li><a href='https:\/\/www.rasc.es\/blogacademia\/?m=202602'>febrero 2026<\/a><\/li>\n\t<li><a href='https:\/\/www.rasc.es\/blogacademia\/?m=202601'>enero 2026<\/a><\/li>\n\t<li><a href='https:\/\/www.rasc.es\/blogacademia\/?m=202512'>diciembre 2025<\/a><\/li>\n\t<li><a href='https:\/\/www.rasc.es\/blogacademia\/?m=202511'>noviembre 2025<\/a><\/li>\n\t<li><a href='https:\/\/www.rasc.es\/blogacademia\/?m=202510'>octubre 2025<\/a><\/li>\n\t<li><a href='https:\/\/www.rasc.es\/blogacademia\/?m=202509'>septiembre 2025<\/a><\/li>\n\t<li><a href='https:\/\/www.rasc.es\/blogacademia\/?m=202508'>agosto 2025<\/a><\/li>\n\t<li><a href='https:\/\/www.rasc.es\/blogacademia\/?m=202507'>julio 2025<\/a><\/li>\n\t<li><a href='https:\/\/www.rasc.es\/blogacademia\/?m=202506'>junio 2025<\/a><\/li>\n\t<li><a href='https:\/\/www.rasc.es\/blogacademia\/?m=202505'>mayo 2025<\/a><\/li>\n\t<li><a href='https:\/\/www.rasc.es\/blogacademia\/?m=202504'>abril 2025<\/a><\/li>\n\t<li><a href='https:\/\/www.rasc.es\/blogacademia\/?m=202503'>marzo 2025<\/a><\/li>\n\t\t\t<\/ul>\n\n\t\t\t<\/nav><\/aside><aside id=\"media_image-6\" class=\"widget widget_media_image\"><img loading=\"lazy\" decoding=\"async\" width=\"300\" height=\"87\" src=\"https:\/\/www.rasc.es\/blogacademia\/wp-content\/uploads\/2025\/03\/logo_antiguo_vectorizado2-328x95.png\" class=\"image wp-image-22987  attachment-medium size-medium\" alt=\"\" style=\"max-width: 100%; height: auto;\" srcset=\"https:\/\/www.rasc.es\/blogacademia\/wp-content\/uploads\/2025\/03\/logo_antiguo_vectorizado2.png 1x, http:\/\/www.rasc.es\/blogacademia\/wp-content\/uploads\/2025\/03\/logo_antiguo_vectorizado2.png 2x\" sizes=\"(max-width: 300px) 100vw, 300px\" \/><\/aside>\t\t\t\t<\/div>\n\t\t\t\t<\/div>\n\t\t\t\t<\/div>\n\t\t\t\t\t<\/div>\n\t\t\t\t<\/div>\n\t\t<div class=\"elementor-element elementor-element-97ecee3 e-flex e-con-boxed e-con e-parent\" data-id=\"97ecee3\" data-element_type=\"container\">\n\t\t\t\t\t<div class=\"e-con-inner\">\n\t\t\t\t\t<\/div>\n\t\t\t\t<\/div>\n\t\t<div class=\"elementor-element elementor-element-bda02c9 e-flex e-con-boxed e-con e-parent\" data-id=\"bda02c9\" data-element_type=\"container\">\n\t\t\t\t\t<div class=\"e-con-inner\">\n\t\t\t\t<div class=\"elementor-element elementor-element-4f0ac93 elementor-shape-rounded elementor-grid-0 e-grid-align-center elementor-widget elementor-widget-social-icons\" data-id=\"4f0ac93\" data-element_type=\"widget\" data-widget_type=\"social-icons.default\">\n\t\t\t\t<div class=\"elementor-widget-container\">\n\t\t\t\t\t\t\t<div class=\"elementor-social-icons-wrapper elementor-grid\" role=\"list\">\n\t\t\t\t\t\t\t<span class=\"elementor-grid-item\" role=\"listitem\">\n\t\t\t\t\t<a class=\"elementor-icon elementor-social-icon elementor-social-icon-facebook elementor-repeater-item-f1a202c\" href=\"https:\/\/www.facebook.com\/realacademiasevillanadeciencias\" target=\"_blank\">\n\t\t\t\t\t\t<span class=\"elementor-screen-only\">Facebook<\/span>\n\t\t\t\t\t\t<svg aria-hidden=\"true\" class=\"e-font-icon-svg e-fab-facebook\" viewBox=\"0 0 512 512\" xmlns=\"http:\/\/www.w3.org\/2000\/svg\"><path d=\"M504 256C504 119 393 8 256 8S8 119 8 256c0 123.78 90.69 226.38 209.25 245V327.69h-63V256h63v-54.64c0-62.15 37-96.48 93.67-96.48 27.14 0 55.52 4.84 55.52 4.84v61h-31.28c-30.8 0-40.41 19.12-40.41 38.73V256h68.78l-11 71.69h-57.78V501C413.31 482.38 504 379.78 504 256z\"><\/path><\/svg>\t\t\t\t\t<\/a>\n\t\t\t\t<\/span>\n\t\t\t\t\t\t\t<span class=\"elementor-grid-item\" role=\"listitem\">\n\t\t\t\t\t<a class=\"elementor-icon elementor-social-icon elementor-social-icon-instagram elementor-repeater-item-af82a6e\" href=\"https:\/\/www.instagram.com\/rasc_sevilla\/\" target=\"_blank\">\n\t\t\t\t\t\t<span class=\"elementor-screen-only\">Instagram<\/span>\n\t\t\t\t\t\t<svg aria-hidden=\"true\" class=\"e-font-icon-svg e-fab-instagram\" viewBox=\"0 0 448 512\" xmlns=\"http:\/\/www.w3.org\/2000\/svg\"><path d=\"M224.1 141c-63.6 0-114.9 51.3-114.9 114.9s51.3 114.9 114.9 114.9S339 319.5 339 255.9 287.7 141 224.1 141zm0 189.6c-41.1 0-74.7-33.5-74.7-74.7s33.5-74.7 74.7-74.7 74.7 33.5 74.7 74.7-33.6 74.7-74.7 74.7zm146.4-194.3c0 14.9-12 26.8-26.8 26.8-14.9 0-26.8-12-26.8-26.8s12-26.8 26.8-26.8 26.8 12 26.8 26.8zm76.1 27.2c-1.7-35.9-9.9-67.7-36.2-93.9-26.2-26.2-58-34.4-93.9-36.2-37-2.1-147.9-2.1-184.9 0-35.8 1.7-67.6 9.9-93.9 36.1s-34.4 58-36.2 93.9c-2.1 37-2.1 147.9 0 184.9 1.7 35.9 9.9 67.7 36.2 93.9s58 34.4 93.9 36.2c37 2.1 147.9 2.1 184.9 0 35.9-1.7 67.7-9.9 93.9-36.2 26.2-26.2 34.4-58 36.2-93.9 2.1-37 2.1-147.8 0-184.8zM398.8 388c-7.8 19.6-22.9 34.7-42.6 42.6-29.5 11.7-99.5 9-132.1 9s-102.7 2.6-132.1-9c-19.6-7.8-34.7-22.9-42.6-42.6-11.7-29.5-9-99.5-9-132.1s-2.6-102.7 9-132.1c7.8-19.6 22.9-34.7 42.6-42.6 29.5-11.7 99.5-9 132.1-9s102.7-2.6 132.1 9c19.6 7.8 34.7 22.9 42.6 42.6 11.7 29.5 9 99.5 9 132.1s2.7 102.7-9 132.1z\"><\/path><\/svg>\t\t\t\t\t<\/a>\n\t\t\t\t<\/span>\n\t\t\t\t\t\t\t<span class=\"elementor-grid-item\" role=\"listitem\">\n\t\t\t\t\t<a class=\"elementor-icon elementor-social-icon elementor-social-icon-youtube elementor-repeater-item-b489614\" href=\"https:\/\/www.youtube.com\/@rasc_sevilla\" target=\"_blank\">\n\t\t\t\t\t\t<span class=\"elementor-screen-only\">Youtube<\/span>\n\t\t\t\t\t\t<svg aria-hidden=\"true\" class=\"e-font-icon-svg e-fab-youtube\" viewBox=\"0 0 576 512\" xmlns=\"http:\/\/www.w3.org\/2000\/svg\"><path d=\"M549.655 124.083c-6.281-23.65-24.787-42.276-48.284-48.597C458.781 64 288 64 288 64S117.22 64 74.629 75.486c-23.497 6.322-42.003 24.947-48.284 48.597-11.412 42.867-11.412 132.305-11.412 132.305s0 89.438 11.412 132.305c6.281 23.65 24.787 41.5 48.284 47.821C117.22 448 288 448 288 448s170.78 0 213.371-11.486c23.497-6.321 42.003-24.171 48.284-47.821 11.412-42.867 11.412-132.305 11.412-132.305s0-89.438-11.412-132.305zm-317.51 213.508V175.185l142.739 81.205-142.739 81.201z\"><\/path><\/svg>\t\t\t\t\t<\/a>\n\t\t\t\t<\/span>\n\t\t\t\t\t<\/div>\n\t\t\t\t\t\t<\/div>\n\t\t\t\t<\/div>\n\t\t\t\t\t<\/div>\n\t\t\t\t<\/div>\n\t\t\t\t<\/div>\n\t\t","protected":false},"excerpt":{"rendered":"<p>Facebook Instagram Youtube<\/p>\n","protected":false},"author":44,"featured_media":0,"parent":0,"menu_order":0,"comment_status":"closed","ping_status":"closed","template":"","meta":{"_uag_custom_page_level_css":"","site-sidebar-layout":"no-sidebar","site-content-layout":"page-builder","ast-site-content-layout":"full-width-container","site-content-style":"unboxed","site-sidebar-style":"unboxed","ast-global-header-display":"","ast-banner-title-visibility":"","ast-main-header-display":"","ast-hfb-above-header-display":"","ast-hfb-below-header-display":"","ast-hfb-mobile-header-display":"","site-post-title":"disabled","ast-breadcrumbs-content":"","ast-featured-img":"disabled","footer-sml-layout":"","theme-transparent-header-meta":"","adv-header-id-meta":"","stick-header-meta":"","header-above-stick-meta":"","header-main-stick-meta":"","header-below-stick-meta":"","astra-migrate-meta-layouts":"set","ast-page-background-enabled":"default","ast-page-background-meta":{"desktop":{"background-color":"","background-image":"","background-repeat":"repeat","background-position":"center center","background-size":"auto","background-attachment":"scroll","background-type":"","background-media":"","overlay-type":"","overlay-color":"","overlay-opacity":"","overlay-gradient":""},"tablet":{"background-color":"","background-image":"","background-repeat":"repeat","background-position":"center center","background-size":"auto","background-attachment":"scroll","background-type":"","background-media":"","overlay-type":"","overlay-color":"","overlay-opacity":"","overlay-gradient":""},"mobile":{"background-color":"","background-image":"","background-repeat":"repeat","background-position":"center center","background-size":"auto","background-attachment":"scroll","background-type":"","background-media":"","overlay-type":"","overlay-color":"","overlay-opacity":"","overlay-gradient":""}},"ast-content-background-meta":{"desktop":{"background-color":"var(--ast-global-color-5)","background-image":"","background-repeat":"repeat","background-position":"center center","background-size":"auto","background-attachment":"scroll","background-type":"","background-media":"","overlay-type":"","overlay-color":"","overlay-opacity":"","overlay-gradient":""},"tablet":{"background-color":"var(--ast-global-color-5)","background-image":"","background-repeat":"repeat","background-position":"center center","background-size":"auto","background-attachment":"scroll","background-type":"","background-media":"","overlay-type":"","overlay-color":"","overlay-opacity":"","overlay-gradient":""},"mobile":{"background-color":"var(--ast-global-color-5)","background-image":"","background-repeat":"repeat","background-position":"center center","background-size":"auto","background-attachment":"scroll","background-type":"","background-media":"","overlay-type":"","overlay-color":"","overlay-opacity":"","overlay-gradient":""}},"footnotes":""},"class_list":["post-24711","page","type-page","status-publish","hentry"],"uagb_featured_image_src":{"full":false,"thumbnail":false,"medium":false,"medium_large":false,"large":false,"1536x1536":false,"2048x2048":false,"bdpp-medium":false},"uagb_author_info":{"display_name":"aggnet12","author_link":"https:\/\/www.rasc.es\/blogacademia\/?author=44"},"uagb_comment_info":0,"uagb_excerpt":"Facebook Instagram Youtube","jetpack_sharing_enabled":true,"_links":{"self":[{"href":"https:\/\/www.rasc.es\/blogacademia\/index.php?rest_route=\/wp\/v2\/pages\/24711","targetHints":{"allow":["GET"]}}],"collection":[{"href":"https:\/\/www.rasc.es\/blogacademia\/index.php?rest_route=\/wp\/v2\/pages"}],"about":[{"href":"https:\/\/www.rasc.es\/blogacademia\/index.php?rest_route=\/wp\/v2\/types\/page"}],"author":[{"embeddable":true,"href":"https:\/\/www.rasc.es\/blogacademia\/index.php?rest_route=\/wp\/v2\/users\/44"}],"replies":[{"embeddable":true,"href":"https:\/\/www.rasc.es\/blogacademia\/index.php?rest_route=%2Fwp%2Fv2%2Fcomments&post=24711"}],"version-history":[{"count":4,"href":"https:\/\/www.rasc.es\/blogacademia\/index.php?rest_route=\/wp\/v2\/pages\/24711\/revisions"}],"predecessor-version":[{"id":24715,"href":"https:\/\/www.rasc.es\/blogacademia\/index.php?rest_route=\/wp\/v2\/pages\/24711\/revisions\/24715"}],"wp:attachment":[{"href":"https:\/\/www.rasc.es\/blogacademia\/index.php?rest_route=%2Fwp%2Fv2%2Fmedia&parent=24711"}],"curies":[{"name":"wp","href":"https:\/\/api.w.org\/{rel}","templated":true}]}}